{"id":929,"date":"2015-07-02T15:44:56","date_gmt":"2015-07-02T15:44:56","guid":{"rendered":"http:\/\/www.atus-koeflach.at\/2019\/?page_id=929"},"modified":"2019-04-15T19:29:34","modified_gmt":"2019-04-15T17:29:34","slug":"news","status":"publish","type":"page","link":"https:\/\/www.atus-koeflach.at\/2019\/news\/","title":{"rendered":"News"},"content":{"rendered":"<div class=\"fusion-fullwidth fullwidth-box fusion-builder-row-1 fusion-flex-container nonhundred-percent-fullwidth non-hundred-percent-height-scrolling\" style=\"--awb-background-position:left top;--awb-border-radius-top-left:0px;--awb-border-radius-top-right:0px;--awb-border-radius-bottom-right:0px;--awb-border-radius-bottom-left:0px;--awb-padding-top:100px;--awb-padding-bottom:80px;--awb-border-sizes-top:0px;--awb-border-sizes-bottom:0px;--awb-flex-wrap:wrap;\" ><div class=\"fusion-builder-row fusion-row fusion-flex-align-items-flex-start fusion-flex-content-wrap\" style=\"max-width:1216.8px;margin-left: calc(-4% \/ 2 );margin-right: calc(-4% \/ 2 );\"><div class=\"fusion-layout-column fusion_builder_column fusion-builder-column-0 fusion_builder_column_1_1 1_1 fusion-flex-column\" style=\"--awb-bg-size:cover;--awb-width-large:100%;--awb-margin-top-large:0px;--awb-spacing-right-large:1.92%;--awb-margin-bottom-large:20px;--awb-spacing-left-large:1.92%;--awb-width-medium:100%;--awb-spacing-right-medium:1.92%;--awb-spacing-left-medium:1.92%;--awb-width-small:100%;--awb-spacing-right-small:1.92%;--awb-spacing-left-small:1.92%;\"><div class=\"fusion-column-wrapper fusion-column-has-shadow fusion-flex-justify-content-flex-start fusion-content-layout-column\"><div class=\"fusion-title title fusion-title-1 fusion-title-center fusion-title-text fusion-title-size-one\" style=\"--awb-margin-top-small:0px;--awb-margin-right-small:0px;--awb-margin-bottom-small:20px;--awb-margin-left-small:0px;\"><div class=\"title-sep-container title-sep-container-left\"><div class=\"title-sep sep-single sep-solid\" style=\"border-color:#e0dede;\"><\/div><\/div><span class=\"awb-title-spacer\"><\/span><h1 class=\"fusion-title-heading title-heading-center\" style=\"margin:0;\">News<\/h1><span class=\"awb-title-spacer\"><\/span><div class=\"title-sep-container title-sep-container-right\"><div class=\"title-sep sep-single sep-solid\" style=\"border-color:#e0dede;\"><\/div><\/div><\/div><\/div><\/div><div class=\"fusion-layout-column fusion_builder_column fusion-builder-column-1 fusion_builder_column_3_4 3_4 fusion-flex-column green-border rounded-border\" style=\"--awb-padding-top:60px;--awb-padding-right:60px;--awb-padding-bottom:0px;;--awb-padding-left:60px;--awb-bg-color:#ffffff;--awb-bg-color-hover:#ffffff;--awb-bg-size:cover;--awb-border-color:#e2e2e2;--awb-border-style:solid;--awb-width-large:75%;--awb-margin-top-large:0px;--awb-spacing-right-large:3.84%;--awb-margin-bottom-large:45px;--awb-spacing-left-large:2.56%;--awb-width-medium:100%;--awb-spacing-right-medium:1.92%;--awb-spacing-left-medium:1.92%;--awb-width-small:100%;--awb-spacing-right-small:1.92%;--awb-spacing-left-small:1.92%;\"><div class=\"fusion-column-wrapper fusion-column-has-shadow fusion-flex-justify-content-flex-start fusion-content-layout-column\"><div class=\"fusion-recent-posts fusion-recent-posts-1 avada-container layout-thumbnails-on-side layout-columns-1\"><section class=\"fusion-columns columns fusion-columns-1 columns-1\"><article class=\"post fusion-column column col col-lg-12 col-md-12 col-sm-12\"><div class=\"fusion-flexslider fusion-flexslider-loading flexslider floated-slideshow flexslider-hover-type-zoomin\"><ul class=\"slides\"><li><a href=\"https:\/\/www.atus-koeflach.at\/2019\/koeflacher-faschingsumzug-2\/\" aria-label=\"K\u00f6flacher Faschingsumzug!\" class=\"hover-type-zoomin\"><img fetchpriority=\"high\" decoding=\"async\" width=\"1321\" height=\"2048\" src=\"https:\/\/www.atus-koeflach.at\/2019\/wp-content\/uploads\/2026\/02\/Koeflacher-Faschingsumzug-7.jpeg\" data-orig-src=\"https:\/\/www.atus-koeflach.at\/2019\/wp-content\/uploads\/2026\/02\/Koeflacher-Faschingsumzug-7.jpeg\" class=\"lazyload attachment-portfolio-five size-portfolio-five\" alt=\"\" srcset=\"data:image\/svg+xml,%3Csvg%20xmlns%3D%27http%3A%2F%2Fwww.w3.org%2F2000%2Fsvg%27%20width%3D%271321%27%20height%3D%272048%27%20viewBox%3D%270%200%201321%202048%27%3E%3Crect%20width%3D%271321%27%20height%3D%272048%27%20fill-opacity%3D%220%22%2F%3E%3C%2Fsvg%3E\" data-srcset=\"https:\/\/www.atus-koeflach.at\/2019\/wp-content\/uploads\/2026\/02\/Koeflacher-Faschingsumzug-7-194x300.jpeg 194w, https:\/\/www.atus-koeflach.at\/2019\/wp-content\/uploads\/2026\/02\/Koeflacher-Faschingsumzug-7-200x310.jpeg 200w, https:\/\/www.atus-koeflach.at\/2019\/wp-content\/uploads\/2026\/02\/Koeflacher-Faschingsumzug-7-400x620.jpeg 400w, https:\/\/www.atus-koeflach.at\/2019\/wp-content\/uploads\/2026\/02\/Koeflacher-Faschingsumzug-7-600x930.jpeg 600w, https:\/\/www.atus-koeflach.at\/2019\/wp-content\/uploads\/2026\/02\/Koeflacher-Faschingsumzug-7-661x1024.jpeg 661w, https:\/\/www.atus-koeflach.at\/2019\/wp-content\/uploads\/2026\/02\/Koeflacher-Faschingsumzug-7-768x1191.jpeg 768w, https:\/\/www.atus-koeflach.at\/2019\/wp-content\/uploads\/2026\/02\/Koeflacher-Faschingsumzug-7-800x1240.jpeg 800w, https:\/\/www.atus-koeflach.at\/2019\/wp-content\/uploads\/2026\/02\/Koeflacher-Faschingsumzug-7-991x1536.jpeg 991w, https:\/\/www.atus-koeflach.at\/2019\/wp-content\/uploads\/2026\/02\/Koeflacher-Faschingsumzug-7-1200x1860.jpeg 1200w, https:\/\/www.atus-koeflach.at\/2019\/wp-content\/uploads\/2026\/02\/Koeflacher-Faschingsumzug-7.jpeg 1321w\" data-sizes=\"auto\" data-orig-sizes=\"(max-width: 1321px) 100vw, 1321px\" \/><\/a><\/li><\/ul><\/div><div class=\"recent-posts-content\"><span class=\"vcard\" style=\"display: none;\"><span class=\"fn\"><a href=\"https:\/\/www.atus-koeflach.at\/2019\/author\/karin\/\" title=\"Beitr\u00e4ge von Karin Krauthackl\" rel=\"author\">Karin Krauthackl<\/a><\/span><\/span><span class=\"updated\" style=\"display:none;\">2026-02-21T10:33:41+01:00<\/span><h4 class=\"entry-title\"><a href=\"https:\/\/www.atus-koeflach.at\/2019\/koeflacher-faschingsumzug-2\/\">K\u00f6flacher Faschingsumzug!<\/a><\/h4><p class=\"meta\"><span class=\"vcard\" style=\"display: none;\"><span class=\"fn\"><a href=\"https:\/\/www.atus-koeflach.at\/2019\/author\/karin\/\" title=\"Beitr\u00e4ge von Karin Krauthackl\" rel=\"author\">Karin Krauthackl<\/a><\/span><\/span><span class=\"updated\" style=\"display:none;\">2026-02-21T10:33:41+01:00<\/span><span>Februar 14th, 2026<\/span><span class=\"fusion-inline-sep\">|<\/span><\/p><p> Am 14. Februar hielt es kaum jemanden zu Hause \u2013 der Turnverein ATUS K\u00f6flach war nat\u00fcrlich mittendrin statt nur dabei! Unsere kleinen und gro\u00dfen ATUS-Kinder nahmen [...]<\/p><\/div><\/article><article class=\"post fusion-column column col col-lg-12 col-md-12 col-sm-12\"><div class=\"fusion-flexslider fusion-flexslider-loading flexslider floated-slideshow flexslider-hover-type-zoomin\"><ul class=\"slides\"><li><a href=\"https:\/\/www.atus-koeflach.at\/2019\/bericht-jump25\/\" aria-label=\"Bericht Jump25\" class=\"hover-type-zoomin\"><img decoding=\"async\" width=\"1200\" height=\"1600\" src=\"https:\/\/www.atus-koeflach.at\/2019\/wp-content\/uploads\/2026\/02\/jump25-3.jpeg\" data-orig-src=\"https:\/\/www.atus-koeflach.at\/2019\/wp-content\/uploads\/2026\/02\/jump25-3.jpeg\" class=\"lazyload attachment-portfolio-five size-portfolio-five\" alt=\"\" srcset=\"data:image\/svg+xml,%3Csvg%20xmlns%3D%27http%3A%2F%2Fwww.w3.org%2F2000%2Fsvg%27%20width%3D%271200%27%20height%3D%271600%27%20viewBox%3D%270%200%201200%201600%27%3E%3Crect%20width%3D%271200%27%20height%3D%271600%27%20fill-opacity%3D%220%22%2F%3E%3C%2Fsvg%3E\" data-srcset=\"https:\/\/www.atus-koeflach.at\/2019\/wp-content\/uploads\/2026\/02\/jump25-3-200x267.jpeg 200w, https:\/\/www.atus-koeflach.at\/2019\/wp-content\/uploads\/2026\/02\/jump25-3-225x300.jpeg 225w, https:\/\/www.atus-koeflach.at\/2019\/wp-content\/uploads\/2026\/02\/jump25-3-400x533.jpeg 400w, https:\/\/www.atus-koeflach.at\/2019\/wp-content\/uploads\/2026\/02\/jump25-3-600x800.jpeg 600w, https:\/\/www.atus-koeflach.at\/2019\/wp-content\/uploads\/2026\/02\/jump25-3-768x1024.jpeg 768w, https:\/\/www.atus-koeflach.at\/2019\/wp-content\/uploads\/2026\/02\/jump25-3-800x1067.jpeg 800w, https:\/\/www.atus-koeflach.at\/2019\/wp-content\/uploads\/2026\/02\/jump25-3-1152x1536.jpeg 1152w, https:\/\/www.atus-koeflach.at\/2019\/wp-content\/uploads\/2026\/02\/jump25-3.jpeg 1200w\" data-sizes=\"auto\" data-orig-sizes=\"(max-width: 1200px) 100vw, 1200px\" \/><\/a><\/li><\/ul><\/div><div class=\"recent-posts-content\"><span class=\"vcard\" style=\"display: none;\"><span class=\"fn\"><a href=\"https:\/\/www.atus-koeflach.at\/2019\/author\/karin\/\" title=\"Beitr\u00e4ge von Karin Krauthackl\" rel=\"author\">Karin Krauthackl<\/a><\/span><\/span><span class=\"updated\" style=\"display:none;\">2026-02-21T10:33:33+01:00<\/span><h4 class=\"entry-title\"><a href=\"https:\/\/www.atus-koeflach.at\/2019\/bericht-jump25\/\">Bericht Jump25<\/a><\/h4><p class=\"meta\"><span class=\"vcard\" style=\"display: none;\"><span class=\"fn\"><a href=\"https:\/\/www.atus-koeflach.at\/2019\/author\/karin\/\" title=\"Beitr\u00e4ge von Karin Krauthackl\" rel=\"author\">Karin Krauthackl<\/a><\/span><\/span><span class=\"updated\" style=\"display:none;\">2026-02-21T10:33:33+01:00<\/span><span>Februar 12th, 2026<\/span><span class=\"fusion-inline-sep\">|<\/span><\/p><p> Am Donnerstag, dem 12.02.2026, besuchten wir mit 16 Kindern die Trampolinhalle Jump25. Schon beim Ankommen war die Vorfreude gro\u00df. Nach einer kurzen Einf\u00fchrung zu den Sicherheitsregeln [...]<\/p><\/div><\/article><article class=\"post fusion-column column col col-lg-12 col-md-12 col-sm-12\"><div class=\"fusion-flexslider fusion-flexslider-loading flexslider floated-slideshow flexslider-hover-type-zoomin\"><ul class=\"slides\"><li><a href=\"https:\/\/www.atus-koeflach.at\/2019\/auftritt-beim-70-ball\/\" aria-label=\"Auftritt beim 70. Ball\" class=\"hover-type-zoomin\"><img decoding=\"async\" width=\"2000\" height=\"1126\" src=\"https:\/\/www.atus-koeflach.at\/2019\/wp-content\/uploads\/2026\/02\/70-ball-3.jpeg\" data-orig-src=\"https:\/\/www.atus-koeflach.at\/2019\/wp-content\/uploads\/2026\/02\/70-ball-3.jpeg\" class=\"lazyload attachment-portfolio-five size-portfolio-five\" alt=\"\" srcset=\"data:image\/svg+xml,%3Csvg%20xmlns%3D%27http%3A%2F%2Fwww.w3.org%2F2000%2Fsvg%27%20width%3D%272000%27%20height%3D%271126%27%20viewBox%3D%270%200%202000%201126%27%3E%3Crect%20width%3D%272000%27%20height%3D%271126%27%20fill-opacity%3D%220%22%2F%3E%3C%2Fsvg%3E\" data-srcset=\"https:\/\/www.atus-koeflach.at\/2019\/wp-content\/uploads\/2026\/02\/70-ball-3-200x113.jpeg 200w, https:\/\/www.atus-koeflach.at\/2019\/wp-content\/uploads\/2026\/02\/70-ball-3-300x169.jpeg 300w, https:\/\/www.atus-koeflach.at\/2019\/wp-content\/uploads\/2026\/02\/70-ball-3-400x225.jpeg 400w, https:\/\/www.atus-koeflach.at\/2019\/wp-content\/uploads\/2026\/02\/70-ball-3-600x338.jpeg 600w, https:\/\/www.atus-koeflach.at\/2019\/wp-content\/uploads\/2026\/02\/70-ball-3-768x432.jpeg 768w, https:\/\/www.atus-koeflach.at\/2019\/wp-content\/uploads\/2026\/02\/70-ball-3-800x450.jpeg 800w, https:\/\/www.atus-koeflach.at\/2019\/wp-content\/uploads\/2026\/02\/70-ball-3-1024x577.jpeg 1024w, https:\/\/www.atus-koeflach.at\/2019\/wp-content\/uploads\/2026\/02\/70-ball-3-1200x676.jpeg 1200w, https:\/\/www.atus-koeflach.at\/2019\/wp-content\/uploads\/2026\/02\/70-ball-3-1536x865.jpeg 1536w, https:\/\/www.atus-koeflach.at\/2019\/wp-content\/uploads\/2026\/02\/70-ball-3.jpeg 2000w\" data-sizes=\"auto\" data-orig-sizes=\"(max-width: 2000px) 100vw, 2000px\" \/><\/a><\/li><\/ul><\/div><div class=\"recent-posts-content\"><span class=\"vcard\" style=\"display: none;\"><span class=\"fn\"><a href=\"https:\/\/www.atus-koeflach.at\/2019\/author\/karin\/\" title=\"Beitr\u00e4ge von Karin Krauthackl\" rel=\"author\">Karin Krauthackl<\/a><\/span><\/span><span class=\"updated\" style=\"display:none;\">2026-02-21T10:33:24+01:00<\/span><h4 class=\"entry-title\"><a href=\"https:\/\/www.atus-koeflach.at\/2019\/auftritt-beim-70-ball\/\">Auftritt beim 70. Ball<\/a><\/h4><p class=\"meta\"><span class=\"vcard\" style=\"display: none;\"><span class=\"fn\"><a href=\"https:\/\/www.atus-koeflach.at\/2019\/author\/karin\/\" title=\"Beitr\u00e4ge von Karin Krauthackl\" rel=\"author\">Karin Krauthackl<\/a><\/span><\/span><span class=\"updated\" style=\"display:none;\">2026-02-21T10:33:24+01:00<\/span><span>Februar 11th, 2026<\/span><span class=\"fusion-inline-sep\">|<\/span><\/p><p> Nach l\u00e4ngerer Pause betrat der ATUS K\u00f6flach am 11. Februar 2026 wieder die B\u00fchne des 70. Balls. Mit viel Begeisterung und Ausstrahlung pr\u00e4sentierten zw\u00f6lf junge M\u00e4dchen [...]<\/p><\/div><\/article><article class=\"post fusion-column column col col-lg-12 col-md-12 col-sm-12\"><div class=\"fusion-flexslider fusion-flexslider-loading flexslider floated-slideshow flexslider-hover-type-zoomin\"><ul class=\"slides\"><li><a href=\"https:\/\/www.atus-koeflach.at\/2019\/eine-neu-ausgebildete-b-trainerin-fuer-den-atus-koeflach-turnen\/\" aria-label=\"Eine neu ausgebildete B-Trainerin f\u00fcr den ATUS K\u00f6flach Turnen\" class=\"hover-type-zoomin\"><img loading=\"lazy\" decoding=\"async\" width=\"431\" height=\"722\" src=\"https:\/\/www.atus-koeflach.at\/2019\/wp-content\/uploads\/2026\/02\/Foto-Pirker-Viktoria-B-Trainer-2026.jpeg\" data-orig-src=\"https:\/\/www.atus-koeflach.at\/2019\/wp-content\/uploads\/2026\/02\/Foto-Pirker-Viktoria-B-Trainer-2026.jpeg\" class=\"lazyload attachment-portfolio-five size-portfolio-five\" alt=\"\" srcset=\"data:image\/svg+xml,%3Csvg%20xmlns%3D%27http%3A%2F%2Fwww.w3.org%2F2000%2Fsvg%27%20width%3D%27431%27%20height%3D%27722%27%20viewBox%3D%270%200%20431%20722%27%3E%3Crect%20width%3D%27431%27%20height%3D%27722%27%20fill-opacity%3D%220%22%2F%3E%3C%2Fsvg%3E\" data-srcset=\"https:\/\/www.atus-koeflach.at\/2019\/wp-content\/uploads\/2026\/02\/Foto-Pirker-Viktoria-B-Trainer-2026-179x300.jpeg 179w, https:\/\/www.atus-koeflach.at\/2019\/wp-content\/uploads\/2026\/02\/Foto-Pirker-Viktoria-B-Trainer-2026-200x335.jpeg 200w, https:\/\/www.atus-koeflach.at\/2019\/wp-content\/uploads\/2026\/02\/Foto-Pirker-Viktoria-B-Trainer-2026-400x670.jpeg 400w, https:\/\/www.atus-koeflach.at\/2019\/wp-content\/uploads\/2026\/02\/Foto-Pirker-Viktoria-B-Trainer-2026.jpeg 431w\" data-sizes=\"auto\" data-orig-sizes=\"(max-width: 431px) 100vw, 431px\" \/><\/a><\/li><\/ul><\/div><div class=\"recent-posts-content\"><span class=\"vcard\" style=\"display: none;\"><span class=\"fn\"><a href=\"https:\/\/www.atus-koeflach.at\/2019\/author\/daniel-krauthackl\/\" title=\"Beitr\u00e4ge von Daniel Krauthackl\" rel=\"author\">Daniel Krauthackl<\/a><\/span><\/span><span class=\"updated\" style=\"display:none;\">2026-02-10T14:51:57+01:00<\/span><h4 class=\"entry-title\"><a href=\"https:\/\/www.atus-koeflach.at\/2019\/eine-neu-ausgebildete-b-trainerin-fuer-den-atus-koeflach-turnen\/\">Eine neu ausgebildete B-Trainerin f\u00fcr den ATUS K\u00f6flach Turnen<\/a><\/h4><p class=\"meta\"><span class=\"vcard\" style=\"display: none;\"><span class=\"fn\"><a href=\"https:\/\/www.atus-koeflach.at\/2019\/author\/daniel-krauthackl\/\" title=\"Beitr\u00e4ge von Daniel Krauthackl\" rel=\"author\">Daniel Krauthackl<\/a><\/span><\/span><span class=\"updated\" style=\"display:none;\">2026-02-10T14:51:57+01:00<\/span><span>Februar 10th, 2026<\/span><span class=\"fusion-inline-sep\">|<\/span><\/p><p> Seit Juli 2025 absolvierte Viktoria Pirker den Instruktorenkurs in der Sparte Kunstturnen weiblich und stellte sich damit einer intensiven und anspruchsvollen Ausbildung. In insgesamt drei Ausbildungsbl\u00f6cken [...]<\/p><\/div><\/article><article class=\"post fusion-column column col col-lg-12 col-md-12 col-sm-12\"><div class=\"fusion-flexslider fusion-flexslider-loading flexslider floated-slideshow flexslider-hover-type-zoomin\"><ul class=\"slides\"><li><a href=\"https:\/\/www.atus-koeflach.at\/2019\/atus-koeflach-bei-der-15-oesterreichischen-turn10-meisterschaft-in-ried-im-innkreis-am-8-9-nov-2025\/\" aria-label=\"ATUS K\u00f6flach bei der 15. \u00d6sterreichischen Turn10-Meisterschaft in Ried im Innkreis am 8.\/9. Nov. 2025\" class=\"hover-type-zoomin\"><img loading=\"lazy\" decoding=\"async\" width=\"1366\" height=\"615\" src=\"https:\/\/www.atus-koeflach.at\/2019\/wp-content\/uploads\/2025\/11\/20251108_210959-1.jpg\" data-orig-src=\"https:\/\/www.atus-koeflach.at\/2019\/wp-content\/uploads\/2025\/11\/20251108_210959-1.jpg\" class=\"lazyload attachment-portfolio-five size-portfolio-five\" alt=\"\" srcset=\"data:image\/svg+xml,%3Csvg%20xmlns%3D%27http%3A%2F%2Fwww.w3.org%2F2000%2Fsvg%27%20width%3D%271366%27%20height%3D%27615%27%20viewBox%3D%270%200%201366%20615%27%3E%3Crect%20width%3D%271366%27%20height%3D%27615%27%20fill-opacity%3D%220%22%2F%3E%3C%2Fsvg%3E\" data-srcset=\"https:\/\/www.atus-koeflach.at\/2019\/wp-content\/uploads\/2025\/11\/20251108_210959-1-200x90.jpg 200w, https:\/\/www.atus-koeflach.at\/2019\/wp-content\/uploads\/2025\/11\/20251108_210959-1-300x135.jpg 300w, https:\/\/www.atus-koeflach.at\/2019\/wp-content\/uploads\/2025\/11\/20251108_210959-1-400x180.jpg 400w, https:\/\/www.atus-koeflach.at\/2019\/wp-content\/uploads\/2025\/11\/20251108_210959-1-600x270.jpg 600w, https:\/\/www.atus-koeflach.at\/2019\/wp-content\/uploads\/2025\/11\/20251108_210959-1-768x346.jpg 768w, https:\/\/www.atus-koeflach.at\/2019\/wp-content\/uploads\/2025\/11\/20251108_210959-1-800x360.jpg 800w, https:\/\/www.atus-koeflach.at\/2019\/wp-content\/uploads\/2025\/11\/20251108_210959-1-1024x461.jpg 1024w, https:\/\/www.atus-koeflach.at\/2019\/wp-content\/uploads\/2025\/11\/20251108_210959-1-1200x540.jpg 1200w, https:\/\/www.atus-koeflach.at\/2019\/wp-content\/uploads\/2025\/11\/20251108_210959-1.jpg 1366w\" data-sizes=\"auto\" data-orig-sizes=\"(max-width: 1366px) 100vw, 1366px\" \/><\/a><\/li><\/ul><\/div><div class=\"recent-posts-content\"><span class=\"vcard\" style=\"display: none;\"><span class=\"fn\"><a href=\"https:\/\/www.atus-koeflach.at\/2019\/author\/daniel-krauthackl\/\" title=\"Beitr\u00e4ge von Daniel Krauthackl\" rel=\"author\">Daniel Krauthackl<\/a><\/span><\/span><span class=\"updated\" style=\"display:none;\">2025-11-11T16:29:57+01:00<\/span><h4 class=\"entry-title\"><a href=\"https:\/\/www.atus-koeflach.at\/2019\/atus-koeflach-bei-der-15-oesterreichischen-turn10-meisterschaft-in-ried-im-innkreis-am-8-9-nov-2025\/\">ATUS K\u00f6flach bei der 15. \u00d6sterreichischen Turn10-Meisterschaft in Ried im Innkreis am 8.\/9. Nov. 2025<\/a><\/h4><p class=\"meta\"><span class=\"vcard\" style=\"display: none;\"><span class=\"fn\"><a href=\"https:\/\/www.atus-koeflach.at\/2019\/author\/daniel-krauthackl\/\" title=\"Beitr\u00e4ge von Daniel Krauthackl\" rel=\"author\">Daniel Krauthackl<\/a><\/span><\/span><span class=\"updated\" style=\"display:none;\">2025-11-11T16:29:57+01:00<\/span><span>November 11th, 2025<\/span><span class=\"fusion-inline-sep\">|<\/span><\/p><p> Knapp am Podest vorbei: ATUS K\u00f6flach bei der 15. \u00d6sterreichischen Turn10-Meisterschaft in Ried im Innkreis am 8.\/9. Nov. 2025: Mehr als 1.000 Aktive aus allen neun [...]<\/p><\/div><\/article><article class=\"post fusion-column column col col-lg-12 col-md-12 col-sm-12\"><div class=\"fusion-flexslider fusion-flexslider-loading flexslider floated-slideshow flexslider-hover-type-zoomin\"><ul class=\"slides\"><li><a href=\"https:\/\/www.atus-koeflach.at\/2019\/medaillenreiche-herbstmeisterschaft-turn-10-und-grundlagenstufe\/\" aria-label=\"Medaillenreiche Herbstmeisterschaft Turn 10 und Grundlagenstufe\" class=\"hover-type-zoomin\"><img loading=\"lazy\" decoding=\"async\" width=\"2000\" height=\"1500\" src=\"https:\/\/www.atus-koeflach.at\/2019\/wp-content\/uploads\/2025\/11\/573576868_1356698876248966_8028867433378307291_n.jpg\" data-orig-src=\"https:\/\/www.atus-koeflach.at\/2019\/wp-content\/uploads\/2025\/11\/573576868_1356698876248966_8028867433378307291_n.jpg\" class=\"lazyload attachment-portfolio-five size-portfolio-five\" alt=\"\" srcset=\"data:image\/svg+xml,%3Csvg%20xmlns%3D%27http%3A%2F%2Fwww.w3.org%2F2000%2Fsvg%27%20width%3D%272000%27%20height%3D%271500%27%20viewBox%3D%270%200%202000%201500%27%3E%3Crect%20width%3D%272000%27%20height%3D%271500%27%20fill-opacity%3D%220%22%2F%3E%3C%2Fsvg%3E\" data-srcset=\"https:\/\/www.atus-koeflach.at\/2019\/wp-content\/uploads\/2025\/11\/573576868_1356698876248966_8028867433378307291_n-200x150.jpg 200w, https:\/\/www.atus-koeflach.at\/2019\/wp-content\/uploads\/2025\/11\/573576868_1356698876248966_8028867433378307291_n-300x225.jpg 300w, https:\/\/www.atus-koeflach.at\/2019\/wp-content\/uploads\/2025\/11\/573576868_1356698876248966_8028867433378307291_n-400x300.jpg 400w, https:\/\/www.atus-koeflach.at\/2019\/wp-content\/uploads\/2025\/11\/573576868_1356698876248966_8028867433378307291_n-600x450.jpg 600w, https:\/\/www.atus-koeflach.at\/2019\/wp-content\/uploads\/2025\/11\/573576868_1356698876248966_8028867433378307291_n-768x576.jpg 768w, https:\/\/www.atus-koeflach.at\/2019\/wp-content\/uploads\/2025\/11\/573576868_1356698876248966_8028867433378307291_n-800x600.jpg 800w, https:\/\/www.atus-koeflach.at\/2019\/wp-content\/uploads\/2025\/11\/573576868_1356698876248966_8028867433378307291_n-1024x768.jpg 1024w, https:\/\/www.atus-koeflach.at\/2019\/wp-content\/uploads\/2025\/11\/573576868_1356698876248966_8028867433378307291_n-1200x900.jpg 1200w, https:\/\/www.atus-koeflach.at\/2019\/wp-content\/uploads\/2025\/11\/573576868_1356698876248966_8028867433378307291_n-1536x1152.jpg 1536w, https:\/\/www.atus-koeflach.at\/2019\/wp-content\/uploads\/2025\/11\/573576868_1356698876248966_8028867433378307291_n.jpg 2000w\" data-sizes=\"auto\" data-orig-sizes=\"(max-width: 2000px) 100vw, 2000px\" \/><\/a><\/li><\/ul><\/div><div class=\"recent-posts-content\"><span class=\"vcard\" style=\"display: none;\"><span class=\"fn\"><a href=\"https:\/\/www.atus-koeflach.at\/2019\/author\/daniel-krauthackl\/\" title=\"Beitr\u00e4ge von Daniel Krauthackl\" rel=\"author\">Daniel Krauthackl<\/a><\/span><\/span><span class=\"updated\" style=\"display:none;\">2025-11-10T10:35:41+01:00<\/span><h4 class=\"entry-title\"><a href=\"https:\/\/www.atus-koeflach.at\/2019\/medaillenreiche-herbstmeisterschaft-turn-10-und-grundlagenstufe\/\">Medaillenreiche Herbstmeisterschaft Turn 10 und Grundlagenstufe<\/a><\/h4><p class=\"meta\"><span class=\"vcard\" style=\"display: none;\"><span class=\"fn\"><a href=\"https:\/\/www.atus-koeflach.at\/2019\/author\/daniel-krauthackl\/\" title=\"Beitr\u00e4ge von Daniel Krauthackl\" rel=\"author\">Daniel Krauthackl<\/a><\/span><\/span><span class=\"updated\" style=\"display:none;\">2025-11-10T10:35:41+01:00<\/span><span>November 3rd, 2025<\/span><span class=\"fusion-inline-sep\">|<\/span><\/p><p> Am Samstag, dem 25. Oktober 2025, fand in Graz erneut die Herbstmeisterschaft statt, bei der die Turnsparten Turn10 und Kunstturnen (Grundlagenstufe) gleichzeitig ausgetragen wurden In der [...]<\/p><\/div><\/article><article class=\"post fusion-column column col col-lg-12 col-md-12 col-sm-12\"><div class=\"fusion-flexslider fusion-flexslider-loading flexslider floated-slideshow flexslider-hover-type-zoomin\"><ul class=\"slides\"><li><a href=\"https:\/\/www.atus-koeflach.at\/2019\/halbjahresbericht-2025-turn10-kunstturnen\/\" aria-label=\"Halbjahresbericht 2025: Turn10 &#038; Kunstturnen\" class=\"hover-type-zoomin\"><img loading=\"lazy\" decoding=\"async\" width=\"2048\" height=\"1057\" src=\"https:\/\/www.atus-koeflach.at\/2019\/wp-content\/uploads\/2025\/08\/Halbjahresbericht-5.jpg\" data-orig-src=\"https:\/\/www.atus-koeflach.at\/2019\/wp-content\/uploads\/2025\/08\/Halbjahresbericht-5.jpg\" class=\"lazyload attachment-portfolio-five size-portfolio-five\" alt=\"\" srcset=\"data:image\/svg+xml,%3Csvg%20xmlns%3D%27http%3A%2F%2Fwww.w3.org%2F2000%2Fsvg%27%20width%3D%272048%27%20height%3D%271057%27%20viewBox%3D%270%200%202048%201057%27%3E%3Crect%20width%3D%272048%27%20height%3D%271057%27%20fill-opacity%3D%220%22%2F%3E%3C%2Fsvg%3E\" data-srcset=\"https:\/\/www.atus-koeflach.at\/2019\/wp-content\/uploads\/2025\/08\/Halbjahresbericht-5-200x103.jpg 200w, https:\/\/www.atus-koeflach.at\/2019\/wp-content\/uploads\/2025\/08\/Halbjahresbericht-5-300x155.jpg 300w, https:\/\/www.atus-koeflach.at\/2019\/wp-content\/uploads\/2025\/08\/Halbjahresbericht-5-400x206.jpg 400w, https:\/\/www.atus-koeflach.at\/2019\/wp-content\/uploads\/2025\/08\/Halbjahresbericht-5-600x310.jpg 600w, https:\/\/www.atus-koeflach.at\/2019\/wp-content\/uploads\/2025\/08\/Halbjahresbericht-5-768x396.jpg 768w, https:\/\/www.atus-koeflach.at\/2019\/wp-content\/uploads\/2025\/08\/Halbjahresbericht-5-800x413.jpg 800w, https:\/\/www.atus-koeflach.at\/2019\/wp-content\/uploads\/2025\/08\/Halbjahresbericht-5-1024x529.jpg 1024w, https:\/\/www.atus-koeflach.at\/2019\/wp-content\/uploads\/2025\/08\/Halbjahresbericht-5-1200x619.jpg 1200w, https:\/\/www.atus-koeflach.at\/2019\/wp-content\/uploads\/2025\/08\/Halbjahresbericht-5-1536x793.jpg 1536w, https:\/\/www.atus-koeflach.at\/2019\/wp-content\/uploads\/2025\/08\/Halbjahresbericht-5.jpg 2048w\" data-sizes=\"auto\" data-orig-sizes=\"(max-width: 2048px) 100vw, 2048px\" \/><\/a><\/li><\/ul><\/div><div class=\"recent-posts-content\"><span class=\"vcard\" style=\"display: none;\"><span class=\"fn\"><a href=\"https:\/\/www.atus-koeflach.at\/2019\/author\/daniel-krauthackl\/\" title=\"Beitr\u00e4ge von Daniel Krauthackl\" rel=\"author\">Daniel Krauthackl<\/a><\/span><\/span><span class=\"updated\" style=\"display:none;\">2025-08-07T08:25:19+02:00<\/span><h4 class=\"entry-title\"><a href=\"https:\/\/www.atus-koeflach.at\/2019\/halbjahresbericht-2025-turn10-kunstturnen\/\">Halbjahresbericht 2025: Turn10 &#038; Kunstturnen<\/a><\/h4><p class=\"meta\"><span class=\"vcard\" style=\"display: none;\"><span class=\"fn\"><a href=\"https:\/\/www.atus-koeflach.at\/2019\/author\/daniel-krauthackl\/\" title=\"Beitr\u00e4ge von Daniel Krauthackl\" rel=\"author\">Daniel Krauthackl<\/a><\/span><\/span><span class=\"updated\" style=\"display:none;\">2025-08-07T08:25:19+02:00<\/span><span>August 7th, 2025<\/span><span class=\"fusion-inline-sep\">|<\/span><\/p><p> ATUS K\u00f6flach triumphiert auf allen Ebenen Zw\u00f6lf Bewerbe, zahlreiche Podestpl\u00e4tze und gro\u00dfe Erfolge im Turn10 und Kunstturnen Ein sportlich intensives erstes Halbjahr 2025 liegt hinter den [...]<\/p><\/div><\/article><article class=\"post fusion-column column col col-lg-12 col-md-12 col-sm-12\"><div class=\"fusion-flexslider fusion-flexslider-loading flexslider floated-slideshow flexslider-hover-type-zoomin\"><ul class=\"slides\"><li><a href=\"https:\/\/www.atus-koeflach.at\/2019\/drei-neu-ausgebildete-c-trainerinnen-fuer-den-atus-koeflach-turnen\/\" aria-label=\"Drei neu ausgebildete C-Trainerinnen f\u00fcr den ATUS K\u00f6flach Turnen.\" class=\"hover-type-zoomin\"><img loading=\"lazy\" decoding=\"async\" width=\"505\" height=\"540\" src=\"https:\/\/www.atus-koeflach.at\/2019\/wp-content\/uploads\/2025\/08\/trainerkurs.jpg\" data-orig-src=\"https:\/\/www.atus-koeflach.at\/2019\/wp-content\/uploads\/2025\/08\/trainerkurs.jpg\" class=\"lazyload attachment-portfolio-five size-portfolio-five\" alt=\"\" srcset=\"data:image\/svg+xml,%3Csvg%20xmlns%3D%27http%3A%2F%2Fwww.w3.org%2F2000%2Fsvg%27%20width%3D%27505%27%20height%3D%27540%27%20viewBox%3D%270%200%20505%20540%27%3E%3Crect%20width%3D%27505%27%20height%3D%27540%27%20fill-opacity%3D%220%22%2F%3E%3C%2Fsvg%3E\" data-srcset=\"https:\/\/www.atus-koeflach.at\/2019\/wp-content\/uploads\/2025\/08\/trainerkurs-200x214.jpg 200w, https:\/\/www.atus-koeflach.at\/2019\/wp-content\/uploads\/2025\/08\/trainerkurs-281x300.jpg 281w, https:\/\/www.atus-koeflach.at\/2019\/wp-content\/uploads\/2025\/08\/trainerkurs-400x428.jpg 400w, https:\/\/www.atus-koeflach.at\/2019\/wp-content\/uploads\/2025\/08\/trainerkurs.jpg 505w\" data-sizes=\"auto\" data-orig-sizes=\"(max-width: 505px) 100vw, 505px\" \/><\/a><\/li><\/ul><\/div><div class=\"recent-posts-content\"><span class=\"vcard\" style=\"display: none;\"><span class=\"fn\"><a href=\"https:\/\/www.atus-koeflach.at\/2019\/author\/daniel-krauthackl\/\" title=\"Beitr\u00e4ge von Daniel Krauthackl\" rel=\"author\">Daniel Krauthackl<\/a><\/span><\/span><span class=\"updated\" style=\"display:none;\">2025-08-07T08:22:25+02:00<\/span><h4 class=\"entry-title\"><a href=\"https:\/\/www.atus-koeflach.at\/2019\/drei-neu-ausgebildete-c-trainerinnen-fuer-den-atus-koeflach-turnen\/\">Drei neu ausgebildete C-Trainerinnen f\u00fcr den ATUS K\u00f6flach Turnen.<\/a><\/h4><p class=\"meta\"><span class=\"vcard\" style=\"display: none;\"><span class=\"fn\"><a href=\"https:\/\/www.atus-koeflach.at\/2019\/author\/daniel-krauthackl\/\" title=\"Beitr\u00e4ge von Daniel Krauthackl\" rel=\"author\">Daniel Krauthackl<\/a><\/span><\/span><span class=\"updated\" style=\"display:none;\">2025-08-07T08:22:25+02:00<\/span><span>Juli 30th, 2025<\/span><span class=\"fusion-inline-sep\">|<\/span><\/p><p>Im September letzten Jahres absolvierten Kerstin B\u00fcchsenmeister, Corinna Goisjak und Verena Tragut die Basisausbildung der Turnsport Austria C-Trainer*innen Ausbildung samt theoretischer Pr\u00fcfung und stellten sich im Juni [...]<\/p><\/div><\/article><article class=\"post fusion-column column col col-lg-12 col-md-12 col-sm-12\"><div class=\"fusion-flexslider fusion-flexslider-loading flexslider floated-slideshow flexslider-hover-type-zoomin\"><ul class=\"slides\"><li><a href=\"https:\/\/www.atus-koeflach.at\/2019\/sommerturncamp-2025-eine-woche-voller-energie-teamgeist-und-bewegung\/\" aria-label=\"Sommerturncamp 2025 \u2013 eine Woche voller Energie, Teamgeist und Bewegung\" class=\"hover-type-zoomin\"><img loading=\"lazy\" decoding=\"async\" width=\"2560\" height=\"1153\" src=\"https:\/\/www.atus-koeflach.at\/2019\/wp-content\/uploads\/2025\/08\/sommercamp2025-1-scaled.png\" data-orig-src=\"https:\/\/www.atus-koeflach.at\/2019\/wp-content\/uploads\/2025\/08\/sommercamp2025-1-scaled.png\" class=\"lazyload attachment-portfolio-five size-portfolio-five\" alt=\"\" srcset=\"data:image\/svg+xml,%3Csvg%20xmlns%3D%27http%3A%2F%2Fwww.w3.org%2F2000%2Fsvg%27%20width%3D%272560%27%20height%3D%271153%27%20viewBox%3D%270%200%202560%201153%27%3E%3Crect%20width%3D%272560%27%20height%3D%271153%27%20fill-opacity%3D%220%22%2F%3E%3C%2Fsvg%3E\" data-srcset=\"https:\/\/www.atus-koeflach.at\/2019\/wp-content\/uploads\/2025\/08\/sommercamp2025-1-200x90.png 200w, https:\/\/www.atus-koeflach.at\/2019\/wp-content\/uploads\/2025\/08\/sommercamp2025-1-300x135.png 300w, https:\/\/www.atus-koeflach.at\/2019\/wp-content\/uploads\/2025\/08\/sommercamp2025-1-400x180.png 400w, https:\/\/www.atus-koeflach.at\/2019\/wp-content\/uploads\/2025\/08\/sommercamp2025-1-600x270.png 600w, https:\/\/www.atus-koeflach.at\/2019\/wp-content\/uploads\/2025\/08\/sommercamp2025-1-768x346.png 768w, https:\/\/www.atus-koeflach.at\/2019\/wp-content\/uploads\/2025\/08\/sommercamp2025-1-800x360.png 800w, https:\/\/www.atus-koeflach.at\/2019\/wp-content\/uploads\/2025\/08\/sommercamp2025-1-1024x461.png 1024w, https:\/\/www.atus-koeflach.at\/2019\/wp-content\/uploads\/2025\/08\/sommercamp2025-1-1200x540.png 1200w, https:\/\/www.atus-koeflach.at\/2019\/wp-content\/uploads\/2025\/08\/sommercamp2025-1-1536x692.png 1536w, https:\/\/www.atus-koeflach.at\/2019\/wp-content\/uploads\/2025\/08\/sommercamp2025-1-scaled.png 2560w\" data-sizes=\"auto\" data-orig-sizes=\"(max-width: 2560px) 100vw, 2560px\" \/><\/a><\/li><\/ul><\/div><div class=\"recent-posts-content\"><span class=\"vcard\" style=\"display: none;\"><span class=\"fn\"><a href=\"https:\/\/www.atus-koeflach.at\/2019\/author\/daniel-krauthackl\/\" title=\"Beitr\u00e4ge von Daniel Krauthackl\" rel=\"author\">Daniel Krauthackl<\/a><\/span><\/span><span class=\"updated\" style=\"display:none;\">2025-08-07T08:21:06+02:00<\/span><h4 class=\"entry-title\"><a href=\"https:\/\/www.atus-koeflach.at\/2019\/sommerturncamp-2025-eine-woche-voller-energie-teamgeist-und-bewegung\/\">Sommerturncamp 2025 \u2013 eine Woche voller Energie, Teamgeist und Bewegung<\/a><\/h4><p class=\"meta\"><span class=\"vcard\" style=\"display: none;\"><span class=\"fn\"><a href=\"https:\/\/www.atus-koeflach.at\/2019\/author\/daniel-krauthackl\/\" title=\"Beitr\u00e4ge von Daniel Krauthackl\" rel=\"author\">Daniel Krauthackl<\/a><\/span><\/span><span class=\"updated\" style=\"display:none;\">2025-08-07T08:21:06+02:00<\/span><span>Juli 28th, 2025<\/span><span class=\"fusion-inline-sep\">|<\/span><\/p><p> Sommerturncamp 2025 \u2013 eine Woche voller Energie, Teamgeist und Bewegung Das Sommerturncamp 2025, das von 21. bis 25. Juli in K\u00f6flach stattfand, war erneut ein voller [...]<\/p><\/div><\/article><article class=\"post fusion-column column col col-lg-12 col-md-12 col-sm-12\"><div class=\"fusion-flexslider fusion-flexslider-loading flexslider floated-slideshow flexslider-hover-type-zoomin\"><ul class=\"slides\"><li><a href=\"https:\/\/www.atus-koeflach.at\/2019\/oesterreichischen-jugendmeisterschaft-kunstturnen\/\" aria-label=\"\u00d6sterreichischen Jugendmeisterschaft &#8222;Kunstturnen&#8220;\" class=\"hover-type-zoomin\"><img loading=\"lazy\" decoding=\"async\" width=\"2048\" height=\"1177\" src=\"https:\/\/www.atus-koeflach.at\/2019\/wp-content\/uploads\/2025\/06\/506930862_1243827560869432_7195865320001175210_n.jpg\" data-orig-src=\"https:\/\/www.atus-koeflach.at\/2019\/wp-content\/uploads\/2025\/06\/506930862_1243827560869432_7195865320001175210_n.jpg\" class=\"lazyload attachment-portfolio-five size-portfolio-five\" alt=\"\" srcset=\"data:image\/svg+xml,%3Csvg%20xmlns%3D%27http%3A%2F%2Fwww.w3.org%2F2000%2Fsvg%27%20width%3D%272048%27%20height%3D%271177%27%20viewBox%3D%270%200%202048%201177%27%3E%3Crect%20width%3D%272048%27%20height%3D%271177%27%20fill-opacity%3D%220%22%2F%3E%3C%2Fsvg%3E\" data-srcset=\"https:\/\/www.atus-koeflach.at\/2019\/wp-content\/uploads\/2025\/06\/506930862_1243827560869432_7195865320001175210_n-200x115.jpg 200w, https:\/\/www.atus-koeflach.at\/2019\/wp-content\/uploads\/2025\/06\/506930862_1243827560869432_7195865320001175210_n-300x172.jpg 300w, https:\/\/www.atus-koeflach.at\/2019\/wp-content\/uploads\/2025\/06\/506930862_1243827560869432_7195865320001175210_n-400x230.jpg 400w, https:\/\/www.atus-koeflach.at\/2019\/wp-content\/uploads\/2025\/06\/506930862_1243827560869432_7195865320001175210_n-600x345.jpg 600w, https:\/\/www.atus-koeflach.at\/2019\/wp-content\/uploads\/2025\/06\/506930862_1243827560869432_7195865320001175210_n-768x441.jpg 768w, https:\/\/www.atus-koeflach.at\/2019\/wp-content\/uploads\/2025\/06\/506930862_1243827560869432_7195865320001175210_n-800x460.jpg 800w, https:\/\/www.atus-koeflach.at\/2019\/wp-content\/uploads\/2025\/06\/506930862_1243827560869432_7195865320001175210_n-1024x589.jpg 1024w, https:\/\/www.atus-koeflach.at\/2019\/wp-content\/uploads\/2025\/06\/506930862_1243827560869432_7195865320001175210_n-1200x690.jpg 1200w, https:\/\/www.atus-koeflach.at\/2019\/wp-content\/uploads\/2025\/06\/506930862_1243827560869432_7195865320001175210_n-1536x883.jpg 1536w, https:\/\/www.atus-koeflach.at\/2019\/wp-content\/uploads\/2025\/06\/506930862_1243827560869432_7195865320001175210_n.jpg 2048w\" data-sizes=\"auto\" data-orig-sizes=\"(max-width: 2048px) 100vw, 2048px\" \/><\/a><\/li><\/ul><\/div><div class=\"recent-posts-content\"><span class=\"vcard\" style=\"display: none;\"><span class=\"fn\"><a href=\"https:\/\/www.atus-koeflach.at\/2019\/author\/daniel-krauthackl\/\" title=\"Beitr\u00e4ge von Daniel Krauthackl\" rel=\"author\">Daniel Krauthackl<\/a><\/span><\/span><span class=\"updated\" style=\"display:none;\">2025-06-19T07:18:40+02:00<\/span><h4 class=\"entry-title\"><a href=\"https:\/\/www.atus-koeflach.at\/2019\/oesterreichischen-jugendmeisterschaft-kunstturnen\/\">\u00d6sterreichischen Jugendmeisterschaft &#8222;Kunstturnen&#8220;<\/a><\/h4><p class=\"meta\"><span class=\"vcard\" style=\"display: none;\"><span class=\"fn\"><a href=\"https:\/\/www.atus-koeflach.at\/2019\/author\/daniel-krauthackl\/\" title=\"Beitr\u00e4ge von Daniel Krauthackl\" rel=\"author\">Daniel Krauthackl<\/a><\/span><\/span><span class=\"updated\" style=\"display:none;\">2025-06-19T07:18:40+02:00<\/span><span>Juni 14th, 2025<\/span><span class=\"fusion-inline-sep\">|<\/span><\/p><p> Am 14. und 15. Juni 2025 fand in Innsbruck die \u00d6sterreichische Jugendmeisterschaft im Kunstturnen statt \u2013 der kr\u00f6nende Abschluss einer intensiven Wettkampfsaison. Mit dabei: Zwei Nachwuchstalente [...]<\/p><\/div><\/article><article class=\"post fusion-column column col col-lg-12 col-md-12 col-sm-12\"><div class=\"fusion-flexslider fusion-flexslider-loading flexslider floated-slideshow flexslider-hover-type-zoomin\"><ul class=\"slides\"><li><a href=\"https:\/\/www.atus-koeflach.at\/2019\/internationale-kunstturn-meisterschaft-in-maribor-4-9-juni-2025\/\" aria-label=\"Internationale Kunstturn-Meisterschaft in Maribor (4.\u20139. Juni 2025)\" class=\"hover-type-zoomin\"><img loading=\"lazy\" decoding=\"async\" width=\"2560\" height=\"1153\" src=\"https:\/\/www.atus-koeflach.at\/2019\/wp-content\/uploads\/2025\/06\/508353448_1243429550909233_4350666464819528457_n-scaled.jpg\" data-orig-src=\"https:\/\/www.atus-koeflach.at\/2019\/wp-content\/uploads\/2025\/06\/508353448_1243429550909233_4350666464819528457_n-scaled.jpg\" class=\"lazyload attachment-portfolio-five size-portfolio-five\" alt=\"\" srcset=\"data:image\/svg+xml,%3Csvg%20xmlns%3D%27http%3A%2F%2Fwww.w3.org%2F2000%2Fsvg%27%20width%3D%272560%27%20height%3D%271153%27%20viewBox%3D%270%200%202560%201153%27%3E%3Crect%20width%3D%272560%27%20height%3D%271153%27%20fill-opacity%3D%220%22%2F%3E%3C%2Fsvg%3E\" data-srcset=\"https:\/\/www.atus-koeflach.at\/2019\/wp-content\/uploads\/2025\/06\/508353448_1243429550909233_4350666464819528457_n-200x90.jpg 200w, https:\/\/www.atus-koeflach.at\/2019\/wp-content\/uploads\/2025\/06\/508353448_1243429550909233_4350666464819528457_n-300x135.jpg 300w, https:\/\/www.atus-koeflach.at\/2019\/wp-content\/uploads\/2025\/06\/508353448_1243429550909233_4350666464819528457_n-400x180.jpg 400w, https:\/\/www.atus-koeflach.at\/2019\/wp-content\/uploads\/2025\/06\/508353448_1243429550909233_4350666464819528457_n-600x270.jpg 600w, https:\/\/www.atus-koeflach.at\/2019\/wp-content\/uploads\/2025\/06\/508353448_1243429550909233_4350666464819528457_n-768x346.jpg 768w, https:\/\/www.atus-koeflach.at\/2019\/wp-content\/uploads\/2025\/06\/508353448_1243429550909233_4350666464819528457_n-800x360.jpg 800w, https:\/\/www.atus-koeflach.at\/2019\/wp-content\/uploads\/2025\/06\/508353448_1243429550909233_4350666464819528457_n-1024x461.jpg 1024w, https:\/\/www.atus-koeflach.at\/2019\/wp-content\/uploads\/2025\/06\/508353448_1243429550909233_4350666464819528457_n-1200x540.jpg 1200w, https:\/\/www.atus-koeflach.at\/2019\/wp-content\/uploads\/2025\/06\/508353448_1243429550909233_4350666464819528457_n-1536x692.jpg 1536w, https:\/\/www.atus-koeflach.at\/2019\/wp-content\/uploads\/2025\/06\/508353448_1243429550909233_4350666464819528457_n-scaled.jpg 2560w\" data-sizes=\"auto\" data-orig-sizes=\"(max-width: 2560px) 100vw, 2560px\" \/><\/a><\/li><\/ul><\/div><div class=\"recent-posts-content\"><span class=\"vcard\" style=\"display: none;\"><span class=\"fn\"><a href=\"https:\/\/www.atus-koeflach.at\/2019\/author\/daniel-krauthackl\/\" title=\"Beitr\u00e4ge von Daniel Krauthackl\" rel=\"author\">Daniel Krauthackl<\/a><\/span><\/span><span class=\"updated\" style=\"display:none;\">2025-06-19T07:14:38+02:00<\/span><h4 class=\"entry-title\"><a href=\"https:\/\/www.atus-koeflach.at\/2019\/internationale-kunstturn-meisterschaft-in-maribor-4-9-juni-2025\/\">Internationale Kunstturn-Meisterschaft in Maribor (4.\u20139. Juni 2025)<\/a><\/h4><p class=\"meta\"><span class=\"vcard\" style=\"display: none;\"><span class=\"fn\"><a href=\"https:\/\/www.atus-koeflach.at\/2019\/author\/daniel-krauthackl\/\" title=\"Beitr\u00e4ge von Daniel Krauthackl\" rel=\"author\">Daniel Krauthackl<\/a><\/span><\/span><span class=\"updated\" style=\"display:none;\">2025-06-19T07:14:38+02:00<\/span><span>Juni 4th, 2025<\/span><span class=\"fusion-inline-sep\">|<\/span><\/p><p> Erfolgreicher Auftritt f\u00fcr Lilian Lamperter beim renommierten Salamunov Memorial Vom 5. bis 8. Juni 2025 fand in Maribor (Slowenien) die 56. Auflage des internationalen \u201eSalamunov Memorials\u201c [...]<\/p><\/div><\/article><article class=\"post fusion-column column col col-lg-12 col-md-12 col-sm-12\"><div class=\"fusion-flexslider fusion-flexslider-loading flexslider floated-slideshow flexslider-hover-type-zoomin\"><ul class=\"slides\"><li><a href=\"https:\/\/www.atus-koeflach.at\/2019\/koeflacher-turnerinnen-glaenzen-bei-der-landesmeisterschaft-in-graz-titel-medaillen-und-qualifikationen\/\" aria-label=\"K\u00f6flacher Turnerinnen gl\u00e4nzen bei der Landesmeisterschaft in Graz \u2013 Titel, Medaillen und Qualifikationen\" class=\"hover-type-zoomin\"><img loading=\"lazy\" decoding=\"async\" width=\"2048\" height=\"1218\" src=\"https:\/\/www.atus-koeflach.at\/2019\/wp-content\/uploads\/2025\/05\/495010292_1211120460806809_2113249808345133852_n.jpg\" data-orig-src=\"https:\/\/www.atus-koeflach.at\/2019\/wp-content\/uploads\/2025\/05\/495010292_1211120460806809_2113249808345133852_n.jpg\" class=\"lazyload attachment-portfolio-five size-portfolio-five\" alt=\"\" srcset=\"data:image\/svg+xml,%3Csvg%20xmlns%3D%27http%3A%2F%2Fwww.w3.org%2F2000%2Fsvg%27%20width%3D%272048%27%20height%3D%271218%27%20viewBox%3D%270%200%202048%201218%27%3E%3Crect%20width%3D%272048%27%20height%3D%271218%27%20fill-opacity%3D%220%22%2F%3E%3C%2Fsvg%3E\" data-srcset=\"https:\/\/www.atus-koeflach.at\/2019\/wp-content\/uploads\/2025\/05\/495010292_1211120460806809_2113249808345133852_n-200x119.jpg 200w, https:\/\/www.atus-koeflach.at\/2019\/wp-content\/uploads\/2025\/05\/495010292_1211120460806809_2113249808345133852_n-300x178.jpg 300w, https:\/\/www.atus-koeflach.at\/2019\/wp-content\/uploads\/2025\/05\/495010292_1211120460806809_2113249808345133852_n-400x238.jpg 400w, https:\/\/www.atus-koeflach.at\/2019\/wp-content\/uploads\/2025\/05\/495010292_1211120460806809_2113249808345133852_n-600x357.jpg 600w, https:\/\/www.atus-koeflach.at\/2019\/wp-content\/uploads\/2025\/05\/495010292_1211120460806809_2113249808345133852_n-768x457.jpg 768w, https:\/\/www.atus-koeflach.at\/2019\/wp-content\/uploads\/2025\/05\/495010292_1211120460806809_2113249808345133852_n-800x476.jpg 800w, https:\/\/www.atus-koeflach.at\/2019\/wp-content\/uploads\/2025\/05\/495010292_1211120460806809_2113249808345133852_n-1024x609.jpg 1024w, https:\/\/www.atus-koeflach.at\/2019\/wp-content\/uploads\/2025\/05\/495010292_1211120460806809_2113249808345133852_n-1200x714.jpg 1200w, https:\/\/www.atus-koeflach.at\/2019\/wp-content\/uploads\/2025\/05\/495010292_1211120460806809_2113249808345133852_n-1536x914.jpg 1536w, https:\/\/www.atus-koeflach.at\/2019\/wp-content\/uploads\/2025\/05\/495010292_1211120460806809_2113249808345133852_n.jpg 2048w\" data-sizes=\"auto\" data-orig-sizes=\"(max-width: 2048px) 100vw, 2048px\" \/><\/a><\/li><\/ul><\/div><div class=\"recent-posts-content\"><span class=\"vcard\" style=\"display: none;\"><span class=\"fn\"><a href=\"https:\/\/www.atus-koeflach.at\/2019\/author\/daniel-krauthackl\/\" title=\"Beitr\u00e4ge von Daniel Krauthackl\" rel=\"author\">Daniel Krauthackl<\/a><\/span><\/span><span class=\"updated\" style=\"display:none;\">2025-05-05T11:55:24+02:00<\/span><h4 class=\"entry-title\"><a href=\"https:\/\/www.atus-koeflach.at\/2019\/koeflacher-turnerinnen-glaenzen-bei-der-landesmeisterschaft-in-graz-titel-medaillen-und-qualifikationen\/\">K\u00f6flacher Turnerinnen gl\u00e4nzen bei der Landesmeisterschaft in Graz \u2013 Titel, Medaillen und Qualifikationen<\/a><\/h4><p class=\"meta\"><span class=\"vcard\" style=\"display: none;\"><span class=\"fn\"><a href=\"https:\/\/www.atus-koeflach.at\/2019\/author\/daniel-krauthackl\/\" title=\"Beitr\u00e4ge von Daniel Krauthackl\" rel=\"author\">Daniel Krauthackl<\/a><\/span><\/span><span class=\"updated\" style=\"display:none;\">2025-05-05T11:55:24+02:00<\/span><span>Mai 3rd, 2025<\/span><span class=\"fusion-inline-sep\">|<\/span><\/p><p> Am Samstag, den 3. Mai 2025, wurde in Graz die Landesmeisterschaft im Kunstturnen der Jugend-, Juniorinnen-, Elite und Allgemeinen Klassen ausgetragen. Nach dem erfolgreichen Auftakt am [...]<\/p><\/div><\/article><article class=\"post fusion-column column col col-lg-12 col-md-12 col-sm-12\"><div class=\"fusion-flexslider fusion-flexslider-loading flexslider floated-slideshow flexslider-hover-type-zoomin\"><ul class=\"slides\"><li><a href=\"https:\/\/www.atus-koeflach.at\/2019\/landesmeisterschaft-kunstturnen-gl-1-mini\/\" aria-label=\"Landesmeisterschaft Kunstturnen GL 1 Mini\" class=\"hover-type-zoomin\"><img loading=\"lazy\" decoding=\"async\" width=\"359\" height=\"302\" src=\"https:\/\/www.atus-koeflach.at\/2019\/wp-content\/uploads\/2025\/05\/494910858_1210884524163736_1381918712668421706_n-1.jpg\" data-orig-src=\"https:\/\/www.atus-koeflach.at\/2019\/wp-content\/uploads\/2025\/05\/494910858_1210884524163736_1381918712668421706_n-1.jpg\" class=\"lazyload attachment-portfolio-five size-portfolio-five\" alt=\"\" srcset=\"data:image\/svg+xml,%3Csvg%20xmlns%3D%27http%3A%2F%2Fwww.w3.org%2F2000%2Fsvg%27%20width%3D%27359%27%20height%3D%27302%27%20viewBox%3D%270%200%20359%20302%27%3E%3Crect%20width%3D%27359%27%20height%3D%27302%27%20fill-opacity%3D%220%22%2F%3E%3C%2Fsvg%3E\" data-srcset=\"https:\/\/www.atus-koeflach.at\/2019\/wp-content\/uploads\/2025\/05\/494910858_1210884524163736_1381918712668421706_n-1-200x168.jpg 200w, https:\/\/www.atus-koeflach.at\/2019\/wp-content\/uploads\/2025\/05\/494910858_1210884524163736_1381918712668421706_n-1-300x252.jpg 300w, https:\/\/www.atus-koeflach.at\/2019\/wp-content\/uploads\/2025\/05\/494910858_1210884524163736_1381918712668421706_n-1.jpg 359w\" data-sizes=\"auto\" data-orig-sizes=\"(max-width: 359px) 100vw, 359px\" \/><\/a><\/li><\/ul><\/div><div class=\"recent-posts-content\"><span class=\"vcard\" style=\"display: none;\"><span class=\"fn\"><a href=\"https:\/\/www.atus-koeflach.at\/2019\/author\/daniel-krauthackl\/\" title=\"Beitr\u00e4ge von Daniel Krauthackl\" rel=\"author\">Daniel Krauthackl<\/a><\/span><\/span><span class=\"updated\" style=\"display:none;\">2025-05-05T11:49:58+02:00<\/span><h4 class=\"entry-title\"><a href=\"https:\/\/www.atus-koeflach.at\/2019\/landesmeisterschaft-kunstturnen-gl-1-mini\/\">Landesmeisterschaft Kunstturnen GL 1 Mini<\/a><\/h4><p class=\"meta\"><span class=\"vcard\" style=\"display: none;\"><span class=\"fn\"><a href=\"https:\/\/www.atus-koeflach.at\/2019\/author\/daniel-krauthackl\/\" title=\"Beitr\u00e4ge von Daniel Krauthackl\" rel=\"author\">Daniel Krauthackl<\/a><\/span><\/span><span class=\"updated\" style=\"display:none;\">2025-05-05T11:49:58+02:00<\/span><span>Mai 2nd, 2025<\/span><span class=\"fusion-inline-sep\">|<\/span><\/p><p>Am Freitag, dem 2. Mai, fanden in Graz die Landesmeisterschaften im Kunstturnen unserer J\u00fcngsten in der Altersklasse 2019-2018 Grundlagenstufe 1 Minis statt.F\u00fcr den ATUS K\u00f6flach gingen vier [...]<\/p><\/div><\/article><article class=\"post fusion-column column col col-lg-12 col-md-12 col-sm-12\"><div class=\"fusion-flexslider fusion-flexslider-loading flexslider floated-slideshow flexslider-hover-type-zoomin\"><ul class=\"slides\"><li><a href=\"https:\/\/www.atus-koeflach.at\/2019\/grosser-erfolg-fuer-den-atus-koeflach-bei-der-turn10-landesmeisterschaft\/\" aria-label=\"Gro\u00dfer Erfolg f\u00fcr den ATUS K\u00f6flach bei der Turn10-Landesmeisterschaft\" class=\"hover-type-zoomin\"><img loading=\"lazy\" decoding=\"async\" width=\"2029\" height=\"1160\" src=\"https:\/\/www.atus-koeflach.at\/2019\/wp-content\/uploads\/2025\/05\/495901465_1213416023910586_1290344086817486511_n.jpg\" data-orig-src=\"https:\/\/www.atus-koeflach.at\/2019\/wp-content\/uploads\/2025\/05\/495901465_1213416023910586_1290344086817486511_n.jpg\" class=\"lazyload attachment-portfolio-five size-portfolio-five\" alt=\"\" srcset=\"data:image\/svg+xml,%3Csvg%20xmlns%3D%27http%3A%2F%2Fwww.w3.org%2F2000%2Fsvg%27%20width%3D%272029%27%20height%3D%271160%27%20viewBox%3D%270%200%202029%201160%27%3E%3Crect%20width%3D%272029%27%20height%3D%271160%27%20fill-opacity%3D%220%22%2F%3E%3C%2Fsvg%3E\" data-srcset=\"https:\/\/www.atus-koeflach.at\/2019\/wp-content\/uploads\/2025\/05\/495901465_1213416023910586_1290344086817486511_n-200x114.jpg 200w, https:\/\/www.atus-koeflach.at\/2019\/wp-content\/uploads\/2025\/05\/495901465_1213416023910586_1290344086817486511_n-300x172.jpg 300w, https:\/\/www.atus-koeflach.at\/2019\/wp-content\/uploads\/2025\/05\/495901465_1213416023910586_1290344086817486511_n-400x229.jpg 400w, https:\/\/www.atus-koeflach.at\/2019\/wp-content\/uploads\/2025\/05\/495901465_1213416023910586_1290344086817486511_n-600x343.jpg 600w, https:\/\/www.atus-koeflach.at\/2019\/wp-content\/uploads\/2025\/05\/495901465_1213416023910586_1290344086817486511_n-768x439.jpg 768w, https:\/\/www.atus-koeflach.at\/2019\/wp-content\/uploads\/2025\/05\/495901465_1213416023910586_1290344086817486511_n-800x457.jpg 800w, https:\/\/www.atus-koeflach.at\/2019\/wp-content\/uploads\/2025\/05\/495901465_1213416023910586_1290344086817486511_n-1024x585.jpg 1024w, https:\/\/www.atus-koeflach.at\/2019\/wp-content\/uploads\/2025\/05\/495901465_1213416023910586_1290344086817486511_n-1200x686.jpg 1200w, https:\/\/www.atus-koeflach.at\/2019\/wp-content\/uploads\/2025\/05\/495901465_1213416023910586_1290344086817486511_n-1536x878.jpg 1536w, https:\/\/www.atus-koeflach.at\/2019\/wp-content\/uploads\/2025\/05\/495901465_1213416023910586_1290344086817486511_n.jpg 2029w\" data-sizes=\"auto\" data-orig-sizes=\"(max-width: 2029px) 100vw, 2029px\" \/><\/a><\/li><\/ul><\/div><div class=\"recent-posts-content\"><span class=\"vcard\" style=\"display: none;\"><span class=\"fn\"><a href=\"https:\/\/www.atus-koeflach.at\/2019\/author\/daniel-krauthackl\/\" title=\"Beitr\u00e4ge von Daniel Krauthackl\" rel=\"author\">Daniel Krauthackl<\/a><\/span><\/span><span class=\"updated\" style=\"display:none;\">2025-05-13T10:28:33+02:00<\/span><h4 class=\"entry-title\"><a href=\"https:\/\/www.atus-koeflach.at\/2019\/grosser-erfolg-fuer-den-atus-koeflach-bei-der-turn10-landesmeisterschaft\/\">Gro\u00dfer Erfolg f\u00fcr den ATUS K\u00f6flach bei der Turn10-Landesmeisterschaft<\/a><\/h4><p class=\"meta\"><span class=\"vcard\" style=\"display: none;\"><span class=\"fn\"><a href=\"https:\/\/www.atus-koeflach.at\/2019\/author\/daniel-krauthackl\/\" title=\"Beitr\u00e4ge von Daniel Krauthackl\" rel=\"author\">Daniel Krauthackl<\/a><\/span><\/span><span class=\"updated\" style=\"display:none;\">2025-05-13T10:28:33+02:00<\/span><span>Mai 1st, 2025<\/span><span class=\"fusion-inline-sep\">|<\/span><\/p><p> Am 1. Mai 2025 fand in Graz der zweite Wettkampf der Turn10-Saison statt \u2013 die steirische Turn10-Landesmeisterschaft. \u00dcber 320 Teilnehmerinnen und Teilnehmer aus 14 steirischen Vereinen [...]<\/p><\/div><\/article><article class=\"post fusion-column column col col-lg-12 col-md-12 col-sm-12\"><div class=\"fusion-flexslider fusion-flexslider-loading flexslider floated-slideshow flexslider-hover-type-zoomin\"><ul class=\"slides\"><li><a href=\"https:\/\/www.atus-koeflach.at\/2019\/medaillenregen-zum-saisonauftakt-5x-gold-3x-silber-und-4x-bronze\/\" aria-label=\"Medaillenregen zum Saisonauftakt: 5\u00d7 Gold, 3\u00d7 Silber und 4\u00d7 Bronze\" class=\"hover-type-zoomin\"><img loading=\"lazy\" decoding=\"async\" width=\"2048\" height=\"1536\" src=\"https:\/\/www.atus-koeflach.at\/2019\/wp-content\/uploads\/2025\/04\/492077737_1197941275458061_7988197572284886526_n.jpg\" data-orig-src=\"https:\/\/www.atus-koeflach.at\/2019\/wp-content\/uploads\/2025\/04\/492077737_1197941275458061_7988197572284886526_n.jpg\" class=\"lazyload attachment-portfolio-five size-portfolio-five\" alt=\"\" srcset=\"data:image\/svg+xml,%3Csvg%20xmlns%3D%27http%3A%2F%2Fwww.w3.org%2F2000%2Fsvg%27%20width%3D%272048%27%20height%3D%271536%27%20viewBox%3D%270%200%202048%201536%27%3E%3Crect%20width%3D%272048%27%20height%3D%271536%27%20fill-opacity%3D%220%22%2F%3E%3C%2Fsvg%3E\" data-srcset=\"https:\/\/www.atus-koeflach.at\/2019\/wp-content\/uploads\/2025\/04\/492077737_1197941275458061_7988197572284886526_n-200x150.jpg 200w, https:\/\/www.atus-koeflach.at\/2019\/wp-content\/uploads\/2025\/04\/492077737_1197941275458061_7988197572284886526_n-300x225.jpg 300w, https:\/\/www.atus-koeflach.at\/2019\/wp-content\/uploads\/2025\/04\/492077737_1197941275458061_7988197572284886526_n-400x300.jpg 400w, https:\/\/www.atus-koeflach.at\/2019\/wp-content\/uploads\/2025\/04\/492077737_1197941275458061_7988197572284886526_n-600x450.jpg 600w, https:\/\/www.atus-koeflach.at\/2019\/wp-content\/uploads\/2025\/04\/492077737_1197941275458061_7988197572284886526_n-768x576.jpg 768w, https:\/\/www.atus-koeflach.at\/2019\/wp-content\/uploads\/2025\/04\/492077737_1197941275458061_7988197572284886526_n-800x600.jpg 800w, https:\/\/www.atus-koeflach.at\/2019\/wp-content\/uploads\/2025\/04\/492077737_1197941275458061_7988197572284886526_n-1024x768.jpg 1024w, https:\/\/www.atus-koeflach.at\/2019\/wp-content\/uploads\/2025\/04\/492077737_1197941275458061_7988197572284886526_n-1200x900.jpg 1200w, https:\/\/www.atus-koeflach.at\/2019\/wp-content\/uploads\/2025\/04\/492077737_1197941275458061_7988197572284886526_n-1536x1152.jpg 1536w, https:\/\/www.atus-koeflach.at\/2019\/wp-content\/uploads\/2025\/04\/492077737_1197941275458061_7988197572284886526_n.jpg 2048w\" data-sizes=\"auto\" data-orig-sizes=\"(max-width: 2048px) 100vw, 2048px\" \/><\/a><\/li><\/ul><\/div><div class=\"recent-posts-content\"><span class=\"vcard\" style=\"display: none;\"><span class=\"fn\"><a href=\"https:\/\/www.atus-koeflach.at\/2019\/author\/daniel-krauthackl\/\" title=\"Beitr\u00e4ge von Daniel Krauthackl\" rel=\"author\">Daniel Krauthackl<\/a><\/span><\/span><span class=\"updated\" style=\"display:none;\">2025-04-20T07:55:37+02:00<\/span><h4 class=\"entry-title\"><a href=\"https:\/\/www.atus-koeflach.at\/2019\/medaillenregen-zum-saisonauftakt-5x-gold-3x-silber-und-4x-bronze\/\">Medaillenregen zum Saisonauftakt: 5\u00d7 Gold, 3\u00d7 Silber und 4\u00d7 Bronze<\/a><\/h4><p class=\"meta\"><span class=\"vcard\" style=\"display: none;\"><span class=\"fn\"><a href=\"https:\/\/www.atus-koeflach.at\/2019\/author\/daniel-krauthackl\/\" title=\"Beitr\u00e4ge von Daniel Krauthackl\" rel=\"author\">Daniel Krauthackl<\/a><\/span><\/span><span class=\"updated\" style=\"display:none;\">2025-04-20T07:55:37+02:00<\/span><span>April 5th, 2025<\/span><span class=\"fusion-inline-sep\">|<\/span><\/p><p> Der ATUS K\u00f6flach\u2013Turnen startete am 5. April 2025 erfolgreich in die Turn10-Wettkampfsaison beim Girls Cup. Veranstaltet wurde der Bewerb vom Turnteam Kindberg unter der Leitung von [...]<\/p><\/div><\/article><article class=\"post fusion-column column col col-lg-12 col-md-12 col-sm-12\"><div class=\"fusion-flexslider fusion-flexslider-loading flexslider floated-slideshow flexslider-hover-type-zoomin\"><ul class=\"slides\"><li><a href=\"https:\/\/www.atus-koeflach.at\/2019\/starker-auftritt-beim-asvoe-jugendcup\/\" aria-label=\"Starker Auftritt beim ASV\u00d6-Jugendcup!\" class=\"hover-type-zoomin\"><img loading=\"lazy\" decoding=\"async\" width=\"924\" height=\"2000\" src=\"https:\/\/www.atus-koeflach.at\/2019\/wp-content\/uploads\/2025\/03\/491755046_1197951842123671_5618257228209732952_n.jpg\" data-orig-src=\"https:\/\/www.atus-koeflach.at\/2019\/wp-content\/uploads\/2025\/03\/491755046_1197951842123671_5618257228209732952_n.jpg\" class=\"lazyload attachment-portfolio-five size-portfolio-five\" alt=\"\" srcset=\"data:image\/svg+xml,%3Csvg%20xmlns%3D%27http%3A%2F%2Fwww.w3.org%2F2000%2Fsvg%27%20width%3D%27924%27%20height%3D%272000%27%20viewBox%3D%270%200%20924%202000%27%3E%3Crect%20width%3D%27924%27%20height%3D%272000%27%20fill-opacity%3D%220%22%2F%3E%3C%2Fsvg%3E\" data-srcset=\"https:\/\/www.atus-koeflach.at\/2019\/wp-content\/uploads\/2025\/03\/491755046_1197951842123671_5618257228209732952_n-139x300.jpg 139w, https:\/\/www.atus-koeflach.at\/2019\/wp-content\/uploads\/2025\/03\/491755046_1197951842123671_5618257228209732952_n-200x433.jpg 200w, https:\/\/www.atus-koeflach.at\/2019\/wp-content\/uploads\/2025\/03\/491755046_1197951842123671_5618257228209732952_n-400x866.jpg 400w, https:\/\/www.atus-koeflach.at\/2019\/wp-content\/uploads\/2025\/03\/491755046_1197951842123671_5618257228209732952_n-473x1024.jpg 473w, https:\/\/www.atus-koeflach.at\/2019\/wp-content\/uploads\/2025\/03\/491755046_1197951842123671_5618257228209732952_n-600x1299.jpg 600w, https:\/\/www.atus-koeflach.at\/2019\/wp-content\/uploads\/2025\/03\/491755046_1197951842123671_5618257228209732952_n-710x1536.jpg 710w, https:\/\/www.atus-koeflach.at\/2019\/wp-content\/uploads\/2025\/03\/491755046_1197951842123671_5618257228209732952_n-768x1662.jpg 768w, https:\/\/www.atus-koeflach.at\/2019\/wp-content\/uploads\/2025\/03\/491755046_1197951842123671_5618257228209732952_n-800x1732.jpg 800w, https:\/\/www.atus-koeflach.at\/2019\/wp-content\/uploads\/2025\/03\/491755046_1197951842123671_5618257228209732952_n.jpg 924w\" data-sizes=\"auto\" data-orig-sizes=\"(max-width: 924px) 100vw, 924px\" \/><\/a><\/li><\/ul><\/div><div class=\"recent-posts-content\"><span class=\"vcard\" style=\"display: none;\"><span class=\"fn\"><a href=\"https:\/\/www.atus-koeflach.at\/2019\/author\/daniel-krauthackl\/\" title=\"Beitr\u00e4ge von Daniel Krauthackl\" rel=\"author\">Daniel Krauthackl<\/a><\/span><\/span><span class=\"updated\" style=\"display:none;\">2025-04-20T07:49:28+02:00<\/span><h4 class=\"entry-title\"><a href=\"https:\/\/www.atus-koeflach.at\/2019\/starker-auftritt-beim-asvoe-jugendcup\/\">Starker Auftritt beim ASV\u00d6-Jugendcup!<\/a><\/h4><p class=\"meta\"><span class=\"vcard\" style=\"display: none;\"><span class=\"fn\"><a href=\"https:\/\/www.atus-koeflach.at\/2019\/author\/daniel-krauthackl\/\" title=\"Beitr\u00e4ge von Daniel Krauthackl\" rel=\"author\">Daniel Krauthackl<\/a><\/span><\/span><span class=\"updated\" style=\"display:none;\">2025-04-20T07:49:28+02:00<\/span><span>M\u00e4rz 29th, 2025<\/span><span class=\"fusion-inline-sep\">|<\/span><\/p><p> Am 29. M\u00e4rz 2025 fand in Innsbruck der 27. ASV\u00d6-Jugendcup statt \u2013 zum sechsten Mal im Gedenken an Hanspeter Demetz. \u00dcber 150 Nachwuchs-Turnerinnen, -Turner und Gymnastinnen [...]<\/p><\/div><\/article><article class=\"post fusion-column column col col-lg-12 col-md-12 col-sm-12\"><div class=\"fusion-flexslider fusion-flexslider-loading flexslider floated-slideshow flexslider-hover-type-zoomin\"><ul class=\"slides\"><li><a href=\"https:\/\/www.atus-koeflach.at\/2019\/impressionen-kadertraining-trainingsstuetzpunkt-linz-mit-lilian-lamperter\/\" aria-label=\"Impressionen Kadertraining Trainingsst\u00fctzpunkt Linz mit Lilian Lamperter\" class=\"hover-type-zoomin\"><img loading=\"lazy\" decoding=\"async\" width=\"2048\" height=\"1132\" src=\"https:\/\/www.atus-koeflach.at\/2019\/wp-content\/uploads\/2025\/03\/485398780_1173135321271990_1067333924719378381_n.jpg\" data-orig-src=\"https:\/\/www.atus-koeflach.at\/2019\/wp-content\/uploads\/2025\/03\/485398780_1173135321271990_1067333924719378381_n.jpg\" class=\"lazyload attachment-portfolio-five size-portfolio-five\" alt=\"\" srcset=\"data:image\/svg+xml,%3Csvg%20xmlns%3D%27http%3A%2F%2Fwww.w3.org%2F2000%2Fsvg%27%20width%3D%272048%27%20height%3D%271132%27%20viewBox%3D%270%200%202048%201132%27%3E%3Crect%20width%3D%272048%27%20height%3D%271132%27%20fill-opacity%3D%220%22%2F%3E%3C%2Fsvg%3E\" data-srcset=\"https:\/\/www.atus-koeflach.at\/2019\/wp-content\/uploads\/2025\/03\/485398780_1173135321271990_1067333924719378381_n-200x111.jpg 200w, https:\/\/www.atus-koeflach.at\/2019\/wp-content\/uploads\/2025\/03\/485398780_1173135321271990_1067333924719378381_n-300x166.jpg 300w, https:\/\/www.atus-koeflach.at\/2019\/wp-content\/uploads\/2025\/03\/485398780_1173135321271990_1067333924719378381_n-400x221.jpg 400w, https:\/\/www.atus-koeflach.at\/2019\/wp-content\/uploads\/2025\/03\/485398780_1173135321271990_1067333924719378381_n-600x332.jpg 600w, https:\/\/www.atus-koeflach.at\/2019\/wp-content\/uploads\/2025\/03\/485398780_1173135321271990_1067333924719378381_n-768x425.jpg 768w, https:\/\/www.atus-koeflach.at\/2019\/wp-content\/uploads\/2025\/03\/485398780_1173135321271990_1067333924719378381_n-800x442.jpg 800w, https:\/\/www.atus-koeflach.at\/2019\/wp-content\/uploads\/2025\/03\/485398780_1173135321271990_1067333924719378381_n-1024x566.jpg 1024w, https:\/\/www.atus-koeflach.at\/2019\/wp-content\/uploads\/2025\/03\/485398780_1173135321271990_1067333924719378381_n-1200x663.jpg 1200w, https:\/\/www.atus-koeflach.at\/2019\/wp-content\/uploads\/2025\/03\/485398780_1173135321271990_1067333924719378381_n-1536x849.jpg 1536w, https:\/\/www.atus-koeflach.at\/2019\/wp-content\/uploads\/2025\/03\/485398780_1173135321271990_1067333924719378381_n.jpg 2048w\" data-sizes=\"auto\" data-orig-sizes=\"(max-width: 2048px) 100vw, 2048px\" \/><\/a><\/li><\/ul><\/div><div class=\"recent-posts-content\"><span class=\"vcard\" style=\"display: none;\"><span class=\"fn\"><a href=\"https:\/\/www.atus-koeflach.at\/2019\/author\/daniel-krauthackl\/\" title=\"Beitr\u00e4ge von Daniel Krauthackl\" rel=\"author\">Daniel Krauthackl<\/a><\/span><\/span><span class=\"updated\" style=\"display:none;\">2025-03-20T15:50:49+01:00<\/span><h4 class=\"entry-title\"><a href=\"https:\/\/www.atus-koeflach.at\/2019\/impressionen-kadertraining-trainingsstuetzpunkt-linz-mit-lilian-lamperter\/\">Impressionen  Kadertraining Trainingsst\u00fctzpunkt Linz mit Lilian Lamperter<\/a><\/h4><p class=\"meta\"><span class=\"vcard\" style=\"display: none;\"><span class=\"fn\"><a href=\"https:\/\/www.atus-koeflach.at\/2019\/author\/daniel-krauthackl\/\" title=\"Beitr\u00e4ge von Daniel Krauthackl\" rel=\"author\">Daniel Krauthackl<\/a><\/span><\/span><span class=\"updated\" style=\"display:none;\">2025-03-20T15:50:49+01:00<\/span><span>M\u00e4rz 20th, 2025<\/span><span class=\"fusion-inline-sep\">|<\/span><\/p><p>            <\/p><\/div><\/article><article class=\"post fusion-column column col col-lg-12 col-md-12 col-sm-12\"><div class=\"fusion-flexslider fusion-flexslider-loading flexslider floated-slideshow flexslider-hover-type-zoomin\"><ul class=\"slides\"><li><a href=\"https:\/\/www.atus-koeflach.at\/2019\/goldenes-sportehrenzeichen-fuer-funktionaerin-karin-konrad-krauthackl-und-turnerin-lilian-lamperter\/\" aria-label=\"Goldenes Sportehrenzeichen f\u00fcr Funktion\u00e4rin Karin Konrad-Krauthackl und Turnerin Lilian Lamperter.\" class=\"hover-type-zoomin\"><img loading=\"lazy\" decoding=\"async\" width=\"1163\" height=\"1419\" src=\"https:\/\/www.atus-koeflach.at\/2019\/wp-content\/uploads\/2025\/03\/485043653_1173115007940688_6491756998129048180_n.jpg\" data-orig-src=\"https:\/\/www.atus-koeflach.at\/2019\/wp-content\/uploads\/2025\/03\/485043653_1173115007940688_6491756998129048180_n.jpg\" class=\"lazyload attachment-portfolio-five size-portfolio-five\" alt=\"\" srcset=\"data:image\/svg+xml,%3Csvg%20xmlns%3D%27http%3A%2F%2Fwww.w3.org%2F2000%2Fsvg%27%20width%3D%271163%27%20height%3D%271419%27%20viewBox%3D%270%200%201163%201419%27%3E%3Crect%20width%3D%271163%27%20height%3D%271419%27%20fill-opacity%3D%220%22%2F%3E%3C%2Fsvg%3E\" data-srcset=\"https:\/\/www.atus-koeflach.at\/2019\/wp-content\/uploads\/2025\/03\/485043653_1173115007940688_6491756998129048180_n-200x244.jpg 200w, https:\/\/www.atus-koeflach.at\/2019\/wp-content\/uploads\/2025\/03\/485043653_1173115007940688_6491756998129048180_n-246x300.jpg 246w, https:\/\/www.atus-koeflach.at\/2019\/wp-content\/uploads\/2025\/03\/485043653_1173115007940688_6491756998129048180_n-400x488.jpg 400w, https:\/\/www.atus-koeflach.at\/2019\/wp-content\/uploads\/2025\/03\/485043653_1173115007940688_6491756998129048180_n-600x732.jpg 600w, https:\/\/www.atus-koeflach.at\/2019\/wp-content\/uploads\/2025\/03\/485043653_1173115007940688_6491756998129048180_n-768x937.jpg 768w, https:\/\/www.atus-koeflach.at\/2019\/wp-content\/uploads\/2025\/03\/485043653_1173115007940688_6491756998129048180_n-800x976.jpg 800w, https:\/\/www.atus-koeflach.at\/2019\/wp-content\/uploads\/2025\/03\/485043653_1173115007940688_6491756998129048180_n-839x1024.jpg 839w, https:\/\/www.atus-koeflach.at\/2019\/wp-content\/uploads\/2025\/03\/485043653_1173115007940688_6491756998129048180_n.jpg 1163w\" data-sizes=\"auto\" data-orig-sizes=\"(max-width: 1163px) 100vw, 1163px\" \/><\/a><\/li><\/ul><\/div><div class=\"recent-posts-content\"><span class=\"vcard\" style=\"display: none;\"><span class=\"fn\"><a href=\"https:\/\/www.atus-koeflach.at\/2019\/author\/daniel-krauthackl\/\" title=\"Beitr\u00e4ge von Daniel Krauthackl\" rel=\"author\">Daniel Krauthackl<\/a><\/span><\/span><span class=\"updated\" style=\"display:none;\">2025-03-20T15:55:17+01:00<\/span><h4 class=\"entry-title\"><a href=\"https:\/\/www.atus-koeflach.at\/2019\/goldenes-sportehrenzeichen-fuer-funktionaerin-karin-konrad-krauthackl-und-turnerin-lilian-lamperter\/\">Goldenes Sportehrenzeichen f\u00fcr Funktion\u00e4rin Karin Konrad-Krauthackl und Turnerin Lilian Lamperter.<\/a><\/h4><p class=\"meta\"><span class=\"vcard\" style=\"display: none;\"><span class=\"fn\"><a href=\"https:\/\/www.atus-koeflach.at\/2019\/author\/daniel-krauthackl\/\" title=\"Beitr\u00e4ge von Daniel Krauthackl\" rel=\"author\">Daniel Krauthackl<\/a><\/span><\/span><span class=\"updated\" style=\"display:none;\">2025-03-20T15:55:17+01:00<\/span><span>M\u00e4rz 20th, 2025<\/span><span class=\"fusion-inline-sep\">|<\/span><\/p><p> Am 14. M\u00e4rz 2025 wurden Karin Konrad-Krauthackl und Lilian Lamperter im Rahmen einer feierlichen Veranstaltung im Volkshaus K\u00f6flach f\u00fcr ihre au\u00dfergew\u00f6hnlichen Verdienste um den Sport mit [...]<\/p><\/div><\/article><article class=\"post fusion-column column col col-lg-12 col-md-12 col-sm-12\"><div class=\"fusion-flexslider fusion-flexslider-loading flexslider floated-slideshow flexslider-hover-type-zoomin\"><ul class=\"slides\"><li><a href=\"https:\/\/www.atus-koeflach.at\/2019\/impressionen-vom-koeflacher-faschingsumzug-unserer-linedance-gruppe\/\" aria-label=\"Impressionen vom K\u00f6flacher Faschingsumzug unserer Linedance-Gruppe.\" class=\"hover-type-zoomin\"><img loading=\"lazy\" decoding=\"async\" width=\"1080\" height=\"718\" src=\"https:\/\/www.atus-koeflach.at\/2019\/wp-content\/uploads\/2025\/03\/485723117_1173113081274214_1707665169401314349_n.jpg\" data-orig-src=\"https:\/\/www.atus-koeflach.at\/2019\/wp-content\/uploads\/2025\/03\/485723117_1173113081274214_1707665169401314349_n.jpg\" class=\"lazyload attachment-portfolio-five size-portfolio-five\" alt=\"\" srcset=\"data:image\/svg+xml,%3Csvg%20xmlns%3D%27http%3A%2F%2Fwww.w3.org%2F2000%2Fsvg%27%20width%3D%271080%27%20height%3D%27718%27%20viewBox%3D%270%200%201080%20718%27%3E%3Crect%20width%3D%271080%27%20height%3D%27718%27%20fill-opacity%3D%220%22%2F%3E%3C%2Fsvg%3E\" data-srcset=\"https:\/\/www.atus-koeflach.at\/2019\/wp-content\/uploads\/2025\/03\/485723117_1173113081274214_1707665169401314349_n-200x133.jpg 200w, https:\/\/www.atus-koeflach.at\/2019\/wp-content\/uploads\/2025\/03\/485723117_1173113081274214_1707665169401314349_n-300x199.jpg 300w, https:\/\/www.atus-koeflach.at\/2019\/wp-content\/uploads\/2025\/03\/485723117_1173113081274214_1707665169401314349_n-400x266.jpg 400w, https:\/\/www.atus-koeflach.at\/2019\/wp-content\/uploads\/2025\/03\/485723117_1173113081274214_1707665169401314349_n-600x399.jpg 600w, https:\/\/www.atus-koeflach.at\/2019\/wp-content\/uploads\/2025\/03\/485723117_1173113081274214_1707665169401314349_n-768x511.jpg 768w, https:\/\/www.atus-koeflach.at\/2019\/wp-content\/uploads\/2025\/03\/485723117_1173113081274214_1707665169401314349_n-800x532.jpg 800w, https:\/\/www.atus-koeflach.at\/2019\/wp-content\/uploads\/2025\/03\/485723117_1173113081274214_1707665169401314349_n-1024x681.jpg 1024w, https:\/\/www.atus-koeflach.at\/2019\/wp-content\/uploads\/2025\/03\/485723117_1173113081274214_1707665169401314349_n.jpg 1080w\" data-sizes=\"auto\" data-orig-sizes=\"(max-width: 1080px) 100vw, 1080px\" \/><\/a><\/li><\/ul><\/div><div class=\"recent-posts-content\"><span class=\"vcard\" style=\"display: none;\"><span class=\"fn\"><a href=\"https:\/\/www.atus-koeflach.at\/2019\/author\/daniel-krauthackl\/\" title=\"Beitr\u00e4ge von Daniel Krauthackl\" rel=\"author\">Daniel Krauthackl<\/a><\/span><\/span><span class=\"updated\" style=\"display:none;\">2025-03-20T15:56:11+01:00<\/span><h4 class=\"entry-title\"><a href=\"https:\/\/www.atus-koeflach.at\/2019\/impressionen-vom-koeflacher-faschingsumzug-unserer-linedance-gruppe\/\">Impressionen vom K\u00f6flacher Faschingsumzug unserer Linedance-Gruppe.<\/a><\/h4><p class=\"meta\"><span class=\"vcard\" style=\"display: none;\"><span class=\"fn\"><a href=\"https:\/\/www.atus-koeflach.at\/2019\/author\/daniel-krauthackl\/\" title=\"Beitr\u00e4ge von Daniel Krauthackl\" rel=\"author\">Daniel Krauthackl<\/a><\/span><\/span><span class=\"updated\" style=\"display:none;\">2025-03-20T15:56:11+01:00<\/span><span>M\u00e4rz 20th, 2025<\/span><span class=\"fusion-inline-sep\">|<\/span><\/p><p>        <\/p><\/div><\/article><article class=\"post fusion-column column col col-lg-12 col-md-12 col-sm-12\"><div class=\"fusion-flexslider fusion-flexslider-loading flexslider floated-slideshow flexslider-hover-type-zoomin\"><ul class=\"slides\"><li><a href=\"https:\/\/www.atus-koeflach.at\/2019\/weihnachtsschauturnen-weihnachtswunder-vom-purzelbaum-zum-salto\/\" aria-label=\"Weihnachtsschauturnen: \u201eWeihnachtswunder &#8211; vom Purzelbaum zum Salto\u201c\" class=\"hover-type-zoomin\"><img loading=\"lazy\" decoding=\"async\" width=\"2048\" height=\"1366\" src=\"https:\/\/www.atus-koeflach.at\/2019\/wp-content\/uploads\/2024\/12\/470199928_1104251658160357_7598548895813321979_n.jpg\" data-orig-src=\"https:\/\/www.atus-koeflach.at\/2019\/wp-content\/uploads\/2024\/12\/470199928_1104251658160357_7598548895813321979_n.jpg\" class=\"lazyload attachment-portfolio-five size-portfolio-five\" alt=\"\" srcset=\"data:image\/svg+xml,%3Csvg%20xmlns%3D%27http%3A%2F%2Fwww.w3.org%2F2000%2Fsvg%27%20width%3D%272048%27%20height%3D%271366%27%20viewBox%3D%270%200%202048%201366%27%3E%3Crect%20width%3D%272048%27%20height%3D%271366%27%20fill-opacity%3D%220%22%2F%3E%3C%2Fsvg%3E\" data-srcset=\"https:\/\/www.atus-koeflach.at\/2019\/wp-content\/uploads\/2024\/12\/470199928_1104251658160357_7598548895813321979_n-200x133.jpg 200w, https:\/\/www.atus-koeflach.at\/2019\/wp-content\/uploads\/2024\/12\/470199928_1104251658160357_7598548895813321979_n-300x200.jpg 300w, https:\/\/www.atus-koeflach.at\/2019\/wp-content\/uploads\/2024\/12\/470199928_1104251658160357_7598548895813321979_n-400x267.jpg 400w, https:\/\/www.atus-koeflach.at\/2019\/wp-content\/uploads\/2024\/12\/470199928_1104251658160357_7598548895813321979_n-600x400.jpg 600w, https:\/\/www.atus-koeflach.at\/2019\/wp-content\/uploads\/2024\/12\/470199928_1104251658160357_7598548895813321979_n-768x512.jpg 768w, https:\/\/www.atus-koeflach.at\/2019\/wp-content\/uploads\/2024\/12\/470199928_1104251658160357_7598548895813321979_n-800x534.jpg 800w, https:\/\/www.atus-koeflach.at\/2019\/wp-content\/uploads\/2024\/12\/470199928_1104251658160357_7598548895813321979_n-1024x683.jpg 1024w, https:\/\/www.atus-koeflach.at\/2019\/wp-content\/uploads\/2024\/12\/470199928_1104251658160357_7598548895813321979_n-1200x800.jpg 1200w, https:\/\/www.atus-koeflach.at\/2019\/wp-content\/uploads\/2024\/12\/470199928_1104251658160357_7598548895813321979_n-1536x1025.jpg 1536w, https:\/\/www.atus-koeflach.at\/2019\/wp-content\/uploads\/2024\/12\/470199928_1104251658160357_7598548895813321979_n.jpg 2048w\" data-sizes=\"auto\" data-orig-sizes=\"(max-width: 2048px) 100vw, 2048px\" \/><\/a><\/li><\/ul><\/div><div class=\"recent-posts-content\"><span class=\"vcard\" style=\"display: none;\"><span class=\"fn\"><a href=\"https:\/\/www.atus-koeflach.at\/2019\/author\/daniel-krauthackl\/\" title=\"Beitr\u00e4ge von Daniel Krauthackl\" rel=\"author\">Daniel Krauthackl<\/a><\/span><\/span><span class=\"updated\" style=\"display:none;\">2025-03-20T15:57:11+01:00<\/span><h4 class=\"entry-title\"><a href=\"https:\/\/www.atus-koeflach.at\/2019\/weihnachtsschauturnen-weihnachtswunder-vom-purzelbaum-zum-salto\/\">Weihnachtsschauturnen: \u201eWeihnachtswunder &#8211; vom Purzelbaum zum Salto\u201c<\/a><\/h4><p class=\"meta\"><span class=\"vcard\" style=\"display: none;\"><span class=\"fn\"><a href=\"https:\/\/www.atus-koeflach.at\/2019\/author\/daniel-krauthackl\/\" title=\"Beitr\u00e4ge von Daniel Krauthackl\" rel=\"author\">Daniel Krauthackl<\/a><\/span><\/span><span class=\"updated\" style=\"display:none;\">2025-03-20T15:57:11+01:00<\/span><span>Dezember 19th, 2024<\/span><span class=\"fusion-inline-sep\">|<\/span><\/p><p>Am Samstag, 14. Dez. 2024 lud der Turnverein ATUS K\u00f6flach zu seinem traditionellen Weihnachtsschauturnen in die Sporthalle K\u00f6flach ein \u2013 eine Veranstaltung, die nicht nur die sportlichen [...]<\/p><\/div><\/article><article class=\"post fusion-column column col col-lg-12 col-md-12 col-sm-12\"><div class=\"fusion-flexslider fusion-flexslider-loading flexslider floated-slideshow flexslider-hover-type-zoomin\"><ul class=\"slides\"><li><a href=\"https:\/\/www.atus-koeflach.at\/2019\/turnerin-lilian-lamperter-vom-atus-koeflach-fuer-den-nationalkader-nominiert\/\" aria-label=\"Turnerin Lilian Lamperter vom ATUS K\u00f6flach f\u00fcr den Nationalkader nominiert\" class=\"hover-type-zoomin\"><img loading=\"lazy\" decoding=\"async\" width=\"2048\" height=\"1354\" src=\"https:\/\/www.atus-koeflach.at\/2019\/wp-content\/uploads\/2024\/12\/470181675_1104384898147033_5423639604838664663_n.jpg\" data-orig-src=\"https:\/\/www.atus-koeflach.at\/2019\/wp-content\/uploads\/2024\/12\/470181675_1104384898147033_5423639604838664663_n.jpg\" class=\"lazyload attachment-portfolio-five size-portfolio-five\" alt=\"\" srcset=\"data:image\/svg+xml,%3Csvg%20xmlns%3D%27http%3A%2F%2Fwww.w3.org%2F2000%2Fsvg%27%20width%3D%272048%27%20height%3D%271354%27%20viewBox%3D%270%200%202048%201354%27%3E%3Crect%20width%3D%272048%27%20height%3D%271354%27%20fill-opacity%3D%220%22%2F%3E%3C%2Fsvg%3E\" data-srcset=\"https:\/\/www.atus-koeflach.at\/2019\/wp-content\/uploads\/2024\/12\/470181675_1104384898147033_5423639604838664663_n-200x132.jpg 200w, https:\/\/www.atus-koeflach.at\/2019\/wp-content\/uploads\/2024\/12\/470181675_1104384898147033_5423639604838664663_n-300x198.jpg 300w, https:\/\/www.atus-koeflach.at\/2019\/wp-content\/uploads\/2024\/12\/470181675_1104384898147033_5423639604838664663_n-400x264.jpg 400w, https:\/\/www.atus-koeflach.at\/2019\/wp-content\/uploads\/2024\/12\/470181675_1104384898147033_5423639604838664663_n-600x397.jpg 600w, https:\/\/www.atus-koeflach.at\/2019\/wp-content\/uploads\/2024\/12\/470181675_1104384898147033_5423639604838664663_n-768x508.jpg 768w, https:\/\/www.atus-koeflach.at\/2019\/wp-content\/uploads\/2024\/12\/470181675_1104384898147033_5423639604838664663_n-800x529.jpg 800w, https:\/\/www.atus-koeflach.at\/2019\/wp-content\/uploads\/2024\/12\/470181675_1104384898147033_5423639604838664663_n-1024x677.jpg 1024w, https:\/\/www.atus-koeflach.at\/2019\/wp-content\/uploads\/2024\/12\/470181675_1104384898147033_5423639604838664663_n-1200x793.jpg 1200w, https:\/\/www.atus-koeflach.at\/2019\/wp-content\/uploads\/2024\/12\/470181675_1104384898147033_5423639604838664663_n-1536x1016.jpg 1536w, https:\/\/www.atus-koeflach.at\/2019\/wp-content\/uploads\/2024\/12\/470181675_1104384898147033_5423639604838664663_n.jpg 2048w\" data-sizes=\"auto\" data-orig-sizes=\"(max-width: 2048px) 100vw, 2048px\" \/><\/a><\/li><\/ul><\/div><div class=\"recent-posts-content\"><span class=\"vcard\" style=\"display: none;\"><span class=\"fn\"><a href=\"https:\/\/www.atus-koeflach.at\/2019\/author\/daniel-krauthackl\/\" title=\"Beitr\u00e4ge von Daniel Krauthackl\" rel=\"author\">Daniel Krauthackl<\/a><\/span><\/span><span class=\"updated\" style=\"display:none;\">2024-12-19T20:28:50+01:00<\/span><h4 class=\"entry-title\"><a href=\"https:\/\/www.atus-koeflach.at\/2019\/turnerin-lilian-lamperter-vom-atus-koeflach-fuer-den-nationalkader-nominiert\/\">Turnerin Lilian Lamperter vom ATUS K\u00f6flach f\u00fcr den  Nationalkader nominiert<\/a><\/h4><p class=\"meta\"><span class=\"vcard\" style=\"display: none;\"><span class=\"fn\"><a href=\"https:\/\/www.atus-koeflach.at\/2019\/author\/daniel-krauthackl\/\" title=\"Beitr\u00e4ge von Daniel Krauthackl\" rel=\"author\">Daniel Krauthackl<\/a><\/span><\/span><span class=\"updated\" style=\"display:none;\">2024-12-19T20:28:50+01:00<\/span><span>Dezember 19th, 2024<\/span><span class=\"fusion-inline-sep\">|<\/span><\/p><p>Mit gro\u00dfer Freude haben wir die Nachricht erhalten, dass Lilian Lamperter in den Nationalkader von Turnsport Austria aufgenommen wurde. Dieser Erfolg stellt einen herausragenden Meilenstein f\u00fcr die [...]<\/p><\/div><\/article><article class=\"post fusion-column column col col-lg-12 col-md-12 col-sm-12\"><div class=\"fusion-flexslider fusion-flexslider-loading flexslider floated-slideshow flexslider-hover-type-zoomin\"><ul class=\"slides\"><li><a href=\"https:\/\/www.atus-koeflach.at\/2019\/atus-koeflach-turnen-bei-der-oesterreichischen-turn10-meisterschaft-in-innsbruck\/\" aria-label=\"ATUS K\u00f6flach-Turnen bei der \u00d6sterreichischen Turn10-Meisterschaft in Innsbruck\" class=\"hover-type-zoomin\"><img loading=\"lazy\" decoding=\"async\" width=\"2560\" height=\"1153\" src=\"https:\/\/www.atus-koeflach.at\/2019\/wp-content\/uploads\/2024\/12\/468717495_1095585592360297_3222264635708651271_n-scaled.jpg\" data-orig-src=\"https:\/\/www.atus-koeflach.at\/2019\/wp-content\/uploads\/2024\/12\/468717495_1095585592360297_3222264635708651271_n-scaled.jpg\" class=\"lazyload attachment-portfolio-five size-portfolio-five\" alt=\"\" srcset=\"data:image\/svg+xml,%3Csvg%20xmlns%3D%27http%3A%2F%2Fwww.w3.org%2F2000%2Fsvg%27%20width%3D%272560%27%20height%3D%271153%27%20viewBox%3D%270%200%202560%201153%27%3E%3Crect%20width%3D%272560%27%20height%3D%271153%27%20fill-opacity%3D%220%22%2F%3E%3C%2Fsvg%3E\" data-srcset=\"https:\/\/www.atus-koeflach.at\/2019\/wp-content\/uploads\/2024\/12\/468717495_1095585592360297_3222264635708651271_n-200x90.jpg 200w, https:\/\/www.atus-koeflach.at\/2019\/wp-content\/uploads\/2024\/12\/468717495_1095585592360297_3222264635708651271_n-300x135.jpg 300w, https:\/\/www.atus-koeflach.at\/2019\/wp-content\/uploads\/2024\/12\/468717495_1095585592360297_3222264635708651271_n-400x180.jpg 400w, https:\/\/www.atus-koeflach.at\/2019\/wp-content\/uploads\/2024\/12\/468717495_1095585592360297_3222264635708651271_n-600x270.jpg 600w, https:\/\/www.atus-koeflach.at\/2019\/wp-content\/uploads\/2024\/12\/468717495_1095585592360297_3222264635708651271_n-768x346.jpg 768w, https:\/\/www.atus-koeflach.at\/2019\/wp-content\/uploads\/2024\/12\/468717495_1095585592360297_3222264635708651271_n-800x360.jpg 800w, https:\/\/www.atus-koeflach.at\/2019\/wp-content\/uploads\/2024\/12\/468717495_1095585592360297_3222264635708651271_n-1024x461.jpg 1024w, https:\/\/www.atus-koeflach.at\/2019\/wp-content\/uploads\/2024\/12\/468717495_1095585592360297_3222264635708651271_n-1200x540.jpg 1200w, https:\/\/www.atus-koeflach.at\/2019\/wp-content\/uploads\/2024\/12\/468717495_1095585592360297_3222264635708651271_n-1536x692.jpg 1536w, https:\/\/www.atus-koeflach.at\/2019\/wp-content\/uploads\/2024\/12\/468717495_1095585592360297_3222264635708651271_n-scaled.jpg 2560w\" data-sizes=\"auto\" data-orig-sizes=\"(max-width: 2560px) 100vw, 2560px\" \/><\/a><\/li><\/ul><\/div><div class=\"recent-posts-content\"><span class=\"vcard\" style=\"display: none;\"><span class=\"fn\"><a href=\"https:\/\/www.atus-koeflach.at\/2019\/author\/daniel-krauthackl\/\" title=\"Beitr\u00e4ge von Daniel Krauthackl\" rel=\"author\">Daniel Krauthackl<\/a><\/span><\/span><span class=\"updated\" style=\"display:none;\">2024-12-09T19:54:06+01:00<\/span><h4 class=\"entry-title\"><a href=\"https:\/\/www.atus-koeflach.at\/2019\/atus-koeflach-turnen-bei-der-oesterreichischen-turn10-meisterschaft-in-innsbruck\/\">ATUS K\u00f6flach-Turnen bei der \u00d6sterreichischen Turn10-Meisterschaft in Innsbruck<\/a><\/h4><p class=\"meta\"><span class=\"vcard\" style=\"display: none;\"><span class=\"fn\"><a href=\"https:\/\/www.atus-koeflach.at\/2019\/author\/daniel-krauthackl\/\" title=\"Beitr\u00e4ge von Daniel Krauthackl\" rel=\"author\">Daniel Krauthackl<\/a><\/span><\/span><span class=\"updated\" style=\"display:none;\">2024-12-09T19:54:06+01:00<\/span><span>November 23rd, 2024<\/span><span class=\"fusion-inline-sep\">|<\/span><\/p><p>Mehr als 720 Turnerinnen und Turner aus 99 Vereinen aller neun Bundesl\u00e4nder versammelten sich am 23. November 2024 in Innsbruck, um bei der \u00d6sterreichischen Turn10-Meisterschaft ihre Leistungen [...]<\/p><\/div><\/article><article class=\"post fusion-column column col col-lg-12 col-md-12 col-sm-12\"><div class=\"fusion-flexslider fusion-flexslider-loading flexslider floated-slideshow flexslider-hover-type-zoomin\"><ul class=\"slides\"><li><a href=\"https:\/\/www.atus-koeflach.at\/2019\/goldene-auszeichnung-fuer-karl-und-ingrid-hartinger\/\" aria-label=\"Goldene Auszeichnung f\u00fcr Karl und Ingrid Hartinger\" class=\"hover-type-zoomin\"><img loading=\"lazy\" decoding=\"async\" width=\"1153\" height=\"2560\" src=\"https:\/\/www.atus-koeflach.at\/2019\/wp-content\/uploads\/2024\/12\/468565087_1092834329302090_1965353562134925859_n-scaled.jpg\" data-orig-src=\"https:\/\/www.atus-koeflach.at\/2019\/wp-content\/uploads\/2024\/12\/468565087_1092834329302090_1965353562134925859_n-scaled.jpg\" class=\"lazyload attachment-portfolio-five size-portfolio-five\" alt=\"\" srcset=\"data:image\/svg+xml,%3Csvg%20xmlns%3D%27http%3A%2F%2Fwww.w3.org%2F2000%2Fsvg%27%20width%3D%271153%27%20height%3D%272560%27%20viewBox%3D%270%200%201153%202560%27%3E%3Crect%20width%3D%271153%27%20height%3D%272560%27%20fill-opacity%3D%220%22%2F%3E%3C%2Fsvg%3E\" data-srcset=\"https:\/\/www.atus-koeflach.at\/2019\/wp-content\/uploads\/2024\/12\/468565087_1092834329302090_1965353562134925859_n-135x300.jpg 135w, https:\/\/www.atus-koeflach.at\/2019\/wp-content\/uploads\/2024\/12\/468565087_1092834329302090_1965353562134925859_n-200x444.jpg 200w, https:\/\/www.atus-koeflach.at\/2019\/wp-content\/uploads\/2024\/12\/468565087_1092834329302090_1965353562134925859_n-400x888.jpg 400w, https:\/\/www.atus-koeflach.at\/2019\/wp-content\/uploads\/2024\/12\/468565087_1092834329302090_1965353562134925859_n-461x1024.jpg 461w, https:\/\/www.atus-koeflach.at\/2019\/wp-content\/uploads\/2024\/12\/468565087_1092834329302090_1965353562134925859_n-600x1332.jpg 600w, https:\/\/www.atus-koeflach.at\/2019\/wp-content\/uploads\/2024\/12\/468565087_1092834329302090_1965353562134925859_n-692x1536.jpg 692w, https:\/\/www.atus-koeflach.at\/2019\/wp-content\/uploads\/2024\/12\/468565087_1092834329302090_1965353562134925859_n-768x1705.jpg 768w, https:\/\/www.atus-koeflach.at\/2019\/wp-content\/uploads\/2024\/12\/468565087_1092834329302090_1965353562134925859_n-800x1776.jpg 800w, https:\/\/www.atus-koeflach.at\/2019\/wp-content\/uploads\/2024\/12\/468565087_1092834329302090_1965353562134925859_n-922x2048.jpg 922w, https:\/\/www.atus-koeflach.at\/2019\/wp-content\/uploads\/2024\/12\/468565087_1092834329302090_1965353562134925859_n-scaled.jpg 1153w, https:\/\/www.atus-koeflach.at\/2019\/wp-content\/uploads\/2024\/12\/468565087_1092834329302090_1965353562134925859_n-1200x2665.jpg 1200w\" data-sizes=\"auto\" data-orig-sizes=\"(max-width: 1153px) 100vw, 1153px\" \/><\/a><\/li><\/ul><\/div><div class=\"recent-posts-content\"><span class=\"vcard\" style=\"display: none;\"><span class=\"fn\"><a href=\"https:\/\/www.atus-koeflach.at\/2019\/author\/daniel-krauthackl\/\" title=\"Beitr\u00e4ge von Daniel Krauthackl\" rel=\"author\">Daniel Krauthackl<\/a><\/span><\/span><span class=\"updated\" style=\"display:none;\">2024-12-09T19:59:51+01:00<\/span><h4 class=\"entry-title\"><a href=\"https:\/\/www.atus-koeflach.at\/2019\/goldene-auszeichnung-fuer-karl-und-ingrid-hartinger\/\">Goldene Auszeichnung f\u00fcr Karl und Ingrid Hartinger<\/a><\/h4><p class=\"meta\"><span class=\"vcard\" style=\"display: none;\"><span class=\"fn\"><a href=\"https:\/\/www.atus-koeflach.at\/2019\/author\/daniel-krauthackl\/\" title=\"Beitr\u00e4ge von Daniel Krauthackl\" rel=\"author\">Daniel Krauthackl<\/a><\/span><\/span><span class=\"updated\" style=\"display:none;\">2024-12-09T19:59:51+01:00<\/span><span>November 20th, 2024<\/span><span class=\"fusion-inline-sep\">|<\/span><\/p><p>Gro\u00dfe Ehre f\u00fcr das Ehepaar Karl und Ingrid Hartinger vom Turnverein ATUS K\u00f6flach: Beide wurden von der Steierm\u00e4rkischen Landesregierung mit dem Sportverdienstzeichen in Gold ausgezeichnet. Diese hohe [...]<\/p><\/div><\/article><article class=\"post fusion-column column col col-lg-12 col-md-12 col-sm-12\"><div class=\"fusion-flexslider fusion-flexslider-loading flexslider floated-slideshow flexslider-hover-type-zoomin\"><ul class=\"slides\"><li><a href=\"https:\/\/www.atus-koeflach.at\/2019\/erfolgreiche-herbstmeisterschaft-fuer-den-atus-koeflach\/\" aria-label=\"Erfolgreiche Herbstmeisterschaft f\u00fcr den ATUS K\u00f6flach\" class=\"hover-type-zoomin\"><img loading=\"lazy\" decoding=\"async\" width=\"2040\" height=\"1530\" src=\"https:\/\/www.atus-koeflach.at\/2019\/wp-content\/uploads\/2024\/12\/468188955_1091459836106206_8616483464948296724_n.jpg\" data-orig-src=\"https:\/\/www.atus-koeflach.at\/2019\/wp-content\/uploads\/2024\/12\/468188955_1091459836106206_8616483464948296724_n.jpg\" class=\"lazyload attachment-portfolio-five size-portfolio-five\" alt=\"\" srcset=\"data:image\/svg+xml,%3Csvg%20xmlns%3D%27http%3A%2F%2Fwww.w3.org%2F2000%2Fsvg%27%20width%3D%272040%27%20height%3D%271530%27%20viewBox%3D%270%200%202040%201530%27%3E%3Crect%20width%3D%272040%27%20height%3D%271530%27%20fill-opacity%3D%220%22%2F%3E%3C%2Fsvg%3E\" data-srcset=\"https:\/\/www.atus-koeflach.at\/2019\/wp-content\/uploads\/2024\/12\/468188955_1091459836106206_8616483464948296724_n-200x150.jpg 200w, https:\/\/www.atus-koeflach.at\/2019\/wp-content\/uploads\/2024\/12\/468188955_1091459836106206_8616483464948296724_n-300x225.jpg 300w, https:\/\/www.atus-koeflach.at\/2019\/wp-content\/uploads\/2024\/12\/468188955_1091459836106206_8616483464948296724_n-400x300.jpg 400w, https:\/\/www.atus-koeflach.at\/2019\/wp-content\/uploads\/2024\/12\/468188955_1091459836106206_8616483464948296724_n-600x450.jpg 600w, https:\/\/www.atus-koeflach.at\/2019\/wp-content\/uploads\/2024\/12\/468188955_1091459836106206_8616483464948296724_n-768x576.jpg 768w, https:\/\/www.atus-koeflach.at\/2019\/wp-content\/uploads\/2024\/12\/468188955_1091459836106206_8616483464948296724_n-800x600.jpg 800w, https:\/\/www.atus-koeflach.at\/2019\/wp-content\/uploads\/2024\/12\/468188955_1091459836106206_8616483464948296724_n-1024x768.jpg 1024w, https:\/\/www.atus-koeflach.at\/2019\/wp-content\/uploads\/2024\/12\/468188955_1091459836106206_8616483464948296724_n-1200x900.jpg 1200w, https:\/\/www.atus-koeflach.at\/2019\/wp-content\/uploads\/2024\/12\/468188955_1091459836106206_8616483464948296724_n-1536x1152.jpg 1536w, https:\/\/www.atus-koeflach.at\/2019\/wp-content\/uploads\/2024\/12\/468188955_1091459836106206_8616483464948296724_n.jpg 2040w\" data-sizes=\"auto\" data-orig-sizes=\"(max-width: 2040px) 100vw, 2040px\" \/><\/a><\/li><\/ul><\/div><div class=\"recent-posts-content\"><span class=\"vcard\" style=\"display: none;\"><span class=\"fn\"><a href=\"https:\/\/www.atus-koeflach.at\/2019\/author\/daniel-krauthackl\/\" title=\"Beitr\u00e4ge von Daniel Krauthackl\" rel=\"author\">Daniel Krauthackl<\/a><\/span><\/span><span class=\"updated\" style=\"display:none;\">2024-12-09T19:54:23+01:00<\/span><h4 class=\"entry-title\"><a href=\"https:\/\/www.atus-koeflach.at\/2019\/erfolgreiche-herbstmeisterschaft-fuer-den-atus-koeflach\/\">Erfolgreiche Herbstmeisterschaft f\u00fcr den ATUS K\u00f6flach<\/a><\/h4><p class=\"meta\"><span class=\"vcard\" style=\"display: none;\"><span class=\"fn\"><a href=\"https:\/\/www.atus-koeflach.at\/2019\/author\/daniel-krauthackl\/\" title=\"Beitr\u00e4ge von Daniel Krauthackl\" rel=\"author\">Daniel Krauthackl<\/a><\/span><\/span><span class=\"updated\" style=\"display:none;\">2024-12-09T19:54:23+01:00<\/span><span>November 17th, 2024<\/span><span class=\"fusion-inline-sep\">|<\/span><\/p><p>Erfolgreiche Herbstmeisterschaft f\u00fcr den ATUS K\u00f6flach Der ATUS K\u00f6flach zeigte bei der steirischen Herbstmeisterschaft in Graz am 17. Nov. 2024 wieder herausragende Leistungen und konnte insgesamt 15 [...]<\/p><\/div><\/article><article class=\"post fusion-column column col col-lg-12 col-md-12 col-sm-12\"><div class=\"fusion-flexslider fusion-flexslider-loading flexslider floated-slideshow flexslider-hover-type-zoomin\"><ul class=\"slides\"><li><a href=\"https:\/\/www.atus-koeflach.at\/2019\/leonie-lamperter-ist-neu-ausgebildete-c-trainerin-im-geraetturnen-kunstturnen\/\" aria-label=\"Leonie Lamperter ist neu ausgebildete C-Trainerin im Ger\u00e4tturnen + Kunstturnen\" class=\"hover-type-zoomin\"><img loading=\"lazy\" decoding=\"async\" width=\"1536\" height=\"2048\" src=\"https:\/\/www.atus-koeflach.at\/2019\/wp-content\/uploads\/2024\/11\/Leonie.jpg\" data-orig-src=\"https:\/\/www.atus-koeflach.at\/2019\/wp-content\/uploads\/2024\/11\/Leonie.jpg\" class=\"lazyload attachment-portfolio-five size-portfolio-five\" alt=\"\" srcset=\"data:image\/svg+xml,%3Csvg%20xmlns%3D%27http%3A%2F%2Fwww.w3.org%2F2000%2Fsvg%27%20width%3D%271536%27%20height%3D%272048%27%20viewBox%3D%270%200%201536%202048%27%3E%3Crect%20width%3D%271536%27%20height%3D%272048%27%20fill-opacity%3D%220%22%2F%3E%3C%2Fsvg%3E\" data-srcset=\"https:\/\/www.atus-koeflach.at\/2019\/wp-content\/uploads\/2024\/11\/Leonie-200x267.jpg 200w, https:\/\/www.atus-koeflach.at\/2019\/wp-content\/uploads\/2024\/11\/Leonie-225x300.jpg 225w, https:\/\/www.atus-koeflach.at\/2019\/wp-content\/uploads\/2024\/11\/Leonie-400x533.jpg 400w, https:\/\/www.atus-koeflach.at\/2019\/wp-content\/uploads\/2024\/11\/Leonie-600x800.jpg 600w, https:\/\/www.atus-koeflach.at\/2019\/wp-content\/uploads\/2024\/11\/Leonie-768x1024.jpg 768w, https:\/\/www.atus-koeflach.at\/2019\/wp-content\/uploads\/2024\/11\/Leonie-800x1067.jpg 800w, https:\/\/www.atus-koeflach.at\/2019\/wp-content\/uploads\/2024\/11\/Leonie-1152x1536.jpg 1152w, https:\/\/www.atus-koeflach.at\/2019\/wp-content\/uploads\/2024\/11\/Leonie-1200x1600.jpg 1200w, https:\/\/www.atus-koeflach.at\/2019\/wp-content\/uploads\/2024\/11\/Leonie.jpg 1536w\" data-sizes=\"auto\" data-orig-sizes=\"(max-width: 1536px) 100vw, 1536px\" \/><\/a><\/li><li><a href=\"https:\/\/www.atus-koeflach.at\/2019\/leonie-lamperter-ist-neu-ausgebildete-c-trainerin-im-geraetturnen-kunstturnen\/\" aria-label=\"Leonie Lamperter ist neu ausgebildete C-Trainerin im Ger\u00e4tturnen + Kunstturnen\" class=\"hover-type-zoomin\"><img loading=\"lazy\" decoding=\"async\" width=\"946\" height=\"1255\" src=\"https:\/\/www.atus-koeflach.at\/2019\/wp-content\/uploads\/2024\/11\/WhatsApp-Bild-2024-11-03-um-12.05.14_c2f9d78a.jpg\" data-orig-src=\"https:\/\/www.atus-koeflach.at\/2019\/wp-content\/uploads\/2024\/11\/WhatsApp-Bild-2024-11-03-um-12.05.14_c2f9d78a.jpg\" class=\"lazyload attachment-portfolio-five size-portfolio-five\" alt=\"\" srcset=\"data:image\/svg+xml,%3Csvg%20xmlns%3D%27http%3A%2F%2Fwww.w3.org%2F2000%2Fsvg%27%20width%3D%27946%27%20height%3D%271255%27%20viewBox%3D%270%200%20946%201255%27%3E%3Crect%20width%3D%27946%27%20height%3D%271255%27%20fill-opacity%3D%220%22%2F%3E%3C%2Fsvg%3E\" data-srcset=\"https:\/\/www.atus-koeflach.at\/2019\/wp-content\/uploads\/2024\/11\/WhatsApp-Bild-2024-11-03-um-12.05.14_c2f9d78a-200x265.jpg 200w, https:\/\/www.atus-koeflach.at\/2019\/wp-content\/uploads\/2024\/11\/WhatsApp-Bild-2024-11-03-um-12.05.14_c2f9d78a-226x300.jpg 226w, https:\/\/www.atus-koeflach.at\/2019\/wp-content\/uploads\/2024\/11\/WhatsApp-Bild-2024-11-03-um-12.05.14_c2f9d78a-400x531.jpg 400w, https:\/\/www.atus-koeflach.at\/2019\/wp-content\/uploads\/2024\/11\/WhatsApp-Bild-2024-11-03-um-12.05.14_c2f9d78a-600x796.jpg 600w, https:\/\/www.atus-koeflach.at\/2019\/wp-content\/uploads\/2024\/11\/WhatsApp-Bild-2024-11-03-um-12.05.14_c2f9d78a-768x1019.jpg 768w, https:\/\/www.atus-koeflach.at\/2019\/wp-content\/uploads\/2024\/11\/WhatsApp-Bild-2024-11-03-um-12.05.14_c2f9d78a-772x1024.jpg 772w, https:\/\/www.atus-koeflach.at\/2019\/wp-content\/uploads\/2024\/11\/WhatsApp-Bild-2024-11-03-um-12.05.14_c2f9d78a-800x1061.jpg 800w, https:\/\/www.atus-koeflach.at\/2019\/wp-content\/uploads\/2024\/11\/WhatsApp-Bild-2024-11-03-um-12.05.14_c2f9d78a.jpg 946w\" data-sizes=\"auto\" data-orig-sizes=\"(max-width: 946px) 100vw, 946px\" \/><\/a><\/li><li><a href=\"https:\/\/www.atus-koeflach.at\/2019\/leonie-lamperter-ist-neu-ausgebildete-c-trainerin-im-geraetturnen-kunstturnen\/\" aria-label=\"Leonie Lamperter ist neu ausgebildete C-Trainerin im Ger\u00e4tturnen + Kunstturnen\" class=\"hover-type-zoomin\"><img loading=\"lazy\" decoding=\"async\" width=\"2560\" height=\"1554\" src=\"https:\/\/www.atus-koeflach.at\/2019\/wp-content\/uploads\/2024\/11\/20221001_172037-scaled.jpg\" data-orig-src=\"https:\/\/www.atus-koeflach.at\/2019\/wp-content\/uploads\/2024\/11\/20221001_172037-scaled.jpg\" class=\"lazyload attachment-portfolio-five size-portfolio-five\" alt=\"\" srcset=\"data:image\/svg+xml,%3Csvg%20xmlns%3D%27http%3A%2F%2Fwww.w3.org%2F2000%2Fsvg%27%20width%3D%272560%27%20height%3D%271554%27%20viewBox%3D%270%200%202560%201554%27%3E%3Crect%20width%3D%272560%27%20height%3D%271554%27%20fill-opacity%3D%220%22%2F%3E%3C%2Fsvg%3E\" data-srcset=\"https:\/\/www.atus-koeflach.at\/2019\/wp-content\/uploads\/2024\/11\/20221001_172037-200x121.jpg 200w, https:\/\/www.atus-koeflach.at\/2019\/wp-content\/uploads\/2024\/11\/20221001_172037-300x182.jpg 300w, https:\/\/www.atus-koeflach.at\/2019\/wp-content\/uploads\/2024\/11\/20221001_172037-400x243.jpg 400w, https:\/\/www.atus-koeflach.at\/2019\/wp-content\/uploads\/2024\/11\/20221001_172037-600x364.jpg 600w, https:\/\/www.atus-koeflach.at\/2019\/wp-content\/uploads\/2024\/11\/20221001_172037-768x466.jpg 768w, https:\/\/www.atus-koeflach.at\/2019\/wp-content\/uploads\/2024\/11\/20221001_172037-800x486.jpg 800w, https:\/\/www.atus-koeflach.at\/2019\/wp-content\/uploads\/2024\/11\/20221001_172037-1024x622.jpg 1024w, https:\/\/www.atus-koeflach.at\/2019\/wp-content\/uploads\/2024\/11\/20221001_172037-1200x728.jpg 1200w, https:\/\/www.atus-koeflach.at\/2019\/wp-content\/uploads\/2024\/11\/20221001_172037-1536x932.jpg 1536w, https:\/\/www.atus-koeflach.at\/2019\/wp-content\/uploads\/2024\/11\/20221001_172037-scaled.jpg 2560w\" data-sizes=\"auto\" data-orig-sizes=\"(max-width: 2560px) 100vw, 2560px\" \/><\/a><\/li><li><a href=\"https:\/\/www.atus-koeflach.at\/2019\/leonie-lamperter-ist-neu-ausgebildete-c-trainerin-im-geraetturnen-kunstturnen\/\" aria-label=\"Leonie Lamperter ist neu ausgebildete C-Trainerin im Ger\u00e4tturnen + Kunstturnen\" class=\"hover-type-zoomin\"><img loading=\"lazy\" decoding=\"async\" width=\"788\" height=\"1265\" src=\"https:\/\/www.atus-koeflach.at\/2019\/wp-content\/uploads\/2024\/11\/WhatsApp-Bild-2024-11-03-um-12.05.14_6c76c9e6.jpg\" data-orig-src=\"https:\/\/www.atus-koeflach.at\/2019\/wp-content\/uploads\/2024\/11\/WhatsApp-Bild-2024-11-03-um-12.05.14_6c76c9e6.jpg\" class=\"lazyload attachment-portfolio-five size-portfolio-five\" alt=\"\" srcset=\"data:image\/svg+xml,%3Csvg%20xmlns%3D%27http%3A%2F%2Fwww.w3.org%2F2000%2Fsvg%27%20width%3D%27788%27%20height%3D%271265%27%20viewBox%3D%270%200%20788%201265%27%3E%3Crect%20width%3D%27788%27%20height%3D%271265%27%20fill-opacity%3D%220%22%2F%3E%3C%2Fsvg%3E\" data-srcset=\"https:\/\/www.atus-koeflach.at\/2019\/wp-content\/uploads\/2024\/11\/WhatsApp-Bild-2024-11-03-um-12.05.14_6c76c9e6-187x300.jpg 187w, https:\/\/www.atus-koeflach.at\/2019\/wp-content\/uploads\/2024\/11\/WhatsApp-Bild-2024-11-03-um-12.05.14_6c76c9e6-200x321.jpg 200w, https:\/\/www.atus-koeflach.at\/2019\/wp-content\/uploads\/2024\/11\/WhatsApp-Bild-2024-11-03-um-12.05.14_6c76c9e6-400x642.jpg 400w, https:\/\/www.atus-koeflach.at\/2019\/wp-content\/uploads\/2024\/11\/WhatsApp-Bild-2024-11-03-um-12.05.14_6c76c9e6-600x963.jpg 600w, https:\/\/www.atus-koeflach.at\/2019\/wp-content\/uploads\/2024\/11\/WhatsApp-Bild-2024-11-03-um-12.05.14_6c76c9e6-638x1024.jpg 638w, https:\/\/www.atus-koeflach.at\/2019\/wp-content\/uploads\/2024\/11\/WhatsApp-Bild-2024-11-03-um-12.05.14_6c76c9e6-768x1233.jpg 768w, https:\/\/www.atus-koeflach.at\/2019\/wp-content\/uploads\/2024\/11\/WhatsApp-Bild-2024-11-03-um-12.05.14_6c76c9e6.jpg 788w\" data-sizes=\"auto\" data-orig-sizes=\"(max-width: 788px) 100vw, 788px\" \/><\/a><\/li><\/ul><\/div><div class=\"recent-posts-content\"><span class=\"vcard\" style=\"display: none;\"><span class=\"fn\"><a href=\"https:\/\/www.atus-koeflach.at\/2019\/author\/karin\/\" title=\"Beitr\u00e4ge von Karin Krauthackl\" rel=\"author\">Karin Krauthackl<\/a><\/span><\/span><span class=\"updated\" style=\"display:none;\">2024-11-03T12:22:59+01:00<\/span><h4 class=\"entry-title\"><a href=\"https:\/\/www.atus-koeflach.at\/2019\/leonie-lamperter-ist-neu-ausgebildete-c-trainerin-im-geraetturnen-kunstturnen\/\">Leonie Lamperter ist neu ausgebildete C-Trainerin im Ger\u00e4tturnen + Kunstturnen<\/a><\/h4><p class=\"meta\"><span class=\"vcard\" style=\"display: none;\"><span class=\"fn\"><a href=\"https:\/\/www.atus-koeflach.at\/2019\/author\/karin\/\" title=\"Beitr\u00e4ge von Karin Krauthackl\" rel=\"author\">Karin Krauthackl<\/a><\/span><\/span><span class=\"updated\" style=\"display:none;\">2024-11-03T12:22:59+01:00<\/span><span>November 3rd, 2024<\/span><span class=\"fusion-inline-sep\">|<\/span><\/p><p>Der ATUS K\u00f6flach Turnen freut sich, seine neue ausgebildete junge C-Trainerin im Ger\u00e4t- und Kunstturnen bekanntzugeben! Leonie Lamperter, 16 Jahre, selbst aktive Turnerin und engagierte Vorturnerin in [...]<\/p><\/div><\/article><article class=\"post fusion-column column col col-lg-12 col-md-12 col-sm-12\"><div class=\"fusion-flexslider fusion-flexslider-loading flexslider floated-slideshow flexslider-hover-type-zoomin\"><ul class=\"slides\"><li><a href=\"https:\/\/www.atus-koeflach.at\/2019\/erfolgreicher-einstieg-unserer-turn10-vorturnerinnen-in-die-c-trainerinnen-ausbildung\/\" aria-label=\"Erfolgreicher Einstieg unserer Turn10-Vorturnerinnen in die C-Trainer*innen-Ausbildung\" class=\"hover-type-zoomin\"><img loading=\"lazy\" decoding=\"async\" width=\"1600\" height=\"1231\" src=\"https:\/\/www.atus-koeflach.at\/2019\/wp-content\/uploads\/2024\/11\/Basismodul-Verena-Corry-Kerstin-2024.jpg\" data-orig-src=\"https:\/\/www.atus-koeflach.at\/2019\/wp-content\/uploads\/2024\/11\/Basismodul-Verena-Corry-Kerstin-2024.jpg\" class=\"lazyload attachment-portfolio-five size-portfolio-five\" alt=\"\" srcset=\"data:image\/svg+xml,%3Csvg%20xmlns%3D%27http%3A%2F%2Fwww.w3.org%2F2000%2Fsvg%27%20width%3D%271600%27%20height%3D%271231%27%20viewBox%3D%270%200%201600%201231%27%3E%3Crect%20width%3D%271600%27%20height%3D%271231%27%20fill-opacity%3D%220%22%2F%3E%3C%2Fsvg%3E\" data-srcset=\"https:\/\/www.atus-koeflach.at\/2019\/wp-content\/uploads\/2024\/11\/Basismodul-Verena-Corry-Kerstin-2024-200x154.jpg 200w, https:\/\/www.atus-koeflach.at\/2019\/wp-content\/uploads\/2024\/11\/Basismodul-Verena-Corry-Kerstin-2024-300x231.jpg 300w, https:\/\/www.atus-koeflach.at\/2019\/wp-content\/uploads\/2024\/11\/Basismodul-Verena-Corry-Kerstin-2024-400x308.jpg 400w, https:\/\/www.atus-koeflach.at\/2019\/wp-content\/uploads\/2024\/11\/Basismodul-Verena-Corry-Kerstin-2024-600x462.jpg 600w, https:\/\/www.atus-koeflach.at\/2019\/wp-content\/uploads\/2024\/11\/Basismodul-Verena-Corry-Kerstin-2024-768x591.jpg 768w, https:\/\/www.atus-koeflach.at\/2019\/wp-content\/uploads\/2024\/11\/Basismodul-Verena-Corry-Kerstin-2024-800x616.jpg 800w, https:\/\/www.atus-koeflach.at\/2019\/wp-content\/uploads\/2024\/11\/Basismodul-Verena-Corry-Kerstin-2024-1024x788.jpg 1024w, https:\/\/www.atus-koeflach.at\/2019\/wp-content\/uploads\/2024\/11\/Basismodul-Verena-Corry-Kerstin-2024-1200x923.jpg 1200w, https:\/\/www.atus-koeflach.at\/2019\/wp-content\/uploads\/2024\/11\/Basismodul-Verena-Corry-Kerstin-2024-1536x1182.jpg 1536w, https:\/\/www.atus-koeflach.at\/2019\/wp-content\/uploads\/2024\/11\/Basismodul-Verena-Corry-Kerstin-2024.jpg 1600w\" data-sizes=\"auto\" data-orig-sizes=\"(max-width: 1600px) 100vw, 1600px\" \/><\/a><\/li><li><a href=\"https:\/\/www.atus-koeflach.at\/2019\/erfolgreicher-einstieg-unserer-turn10-vorturnerinnen-in-die-c-trainerinnen-ausbildung\/\" aria-label=\"Erfolgreicher Einstieg unserer Turn10-Vorturnerinnen in die C-Trainer*innen-Ausbildung\" class=\"hover-type-zoomin\"><img loading=\"lazy\" decoding=\"async\" width=\"1600\" height=\"1231\" src=\"https:\/\/www.atus-koeflach.at\/2019\/wp-content\/uploads\/2024\/11\/Basismodul-Verena-Corry-Kerstin-2024.jpg\" data-orig-src=\"https:\/\/www.atus-koeflach.at\/2019\/wp-content\/uploads\/2024\/11\/Basismodul-Verena-Corry-Kerstin-2024.jpg\" class=\"lazyload attachment-portfolio-five size-portfolio-five\" alt=\"\" srcset=\"data:image\/svg+xml,%3Csvg%20xmlns%3D%27http%3A%2F%2Fwww.w3.org%2F2000%2Fsvg%27%20width%3D%271600%27%20height%3D%271231%27%20viewBox%3D%270%200%201600%201231%27%3E%3Crect%20width%3D%271600%27%20height%3D%271231%27%20fill-opacity%3D%220%22%2F%3E%3C%2Fsvg%3E\" data-srcset=\"https:\/\/www.atus-koeflach.at\/2019\/wp-content\/uploads\/2024\/11\/Basismodul-Verena-Corry-Kerstin-2024-200x154.jpg 200w, https:\/\/www.atus-koeflach.at\/2019\/wp-content\/uploads\/2024\/11\/Basismodul-Verena-Corry-Kerstin-2024-300x231.jpg 300w, https:\/\/www.atus-koeflach.at\/2019\/wp-content\/uploads\/2024\/11\/Basismodul-Verena-Corry-Kerstin-2024-400x308.jpg 400w, https:\/\/www.atus-koeflach.at\/2019\/wp-content\/uploads\/2024\/11\/Basismodul-Verena-Corry-Kerstin-2024-600x462.jpg 600w, https:\/\/www.atus-koeflach.at\/2019\/wp-content\/uploads\/2024\/11\/Basismodul-Verena-Corry-Kerstin-2024-768x591.jpg 768w, https:\/\/www.atus-koeflach.at\/2019\/wp-content\/uploads\/2024\/11\/Basismodul-Verena-Corry-Kerstin-2024-800x616.jpg 800w, https:\/\/www.atus-koeflach.at\/2019\/wp-content\/uploads\/2024\/11\/Basismodul-Verena-Corry-Kerstin-2024-1024x788.jpg 1024w, https:\/\/www.atus-koeflach.at\/2019\/wp-content\/uploads\/2024\/11\/Basismodul-Verena-Corry-Kerstin-2024-1200x923.jpg 1200w, https:\/\/www.atus-koeflach.at\/2019\/wp-content\/uploads\/2024\/11\/Basismodul-Verena-Corry-Kerstin-2024-1536x1182.jpg 1536w, https:\/\/www.atus-koeflach.at\/2019\/wp-content\/uploads\/2024\/11\/Basismodul-Verena-Corry-Kerstin-2024.jpg 1600w\" data-sizes=\"auto\" data-orig-sizes=\"(max-width: 1600px) 100vw, 1600px\" \/><\/a><\/li><\/ul><\/div><div class=\"recent-posts-content\"><span class=\"vcard\" style=\"display: none;\"><span class=\"fn\"><a href=\"https:\/\/www.atus-koeflach.at\/2019\/author\/karin\/\" title=\"Beitr\u00e4ge von Karin Krauthackl\" rel=\"author\">Karin Krauthackl<\/a><\/span><\/span><span class=\"updated\" style=\"display:none;\">2024-11-03T11:36:05+01:00<\/span><h4 class=\"entry-title\"><a href=\"https:\/\/www.atus-koeflach.at\/2019\/erfolgreicher-einstieg-unserer-turn10-vorturnerinnen-in-die-c-trainerinnen-ausbildung\/\">Erfolgreicher Einstieg unserer Turn10-Vorturnerinnen in die C-Trainer*innen-Ausbildung<\/a><\/h4><p class=\"meta\"><span class=\"vcard\" style=\"display: none;\"><span class=\"fn\"><a href=\"https:\/\/www.atus-koeflach.at\/2019\/author\/karin\/\" title=\"Beitr\u00e4ge von Karin Krauthackl\" rel=\"author\">Karin Krauthackl<\/a><\/span><\/span><span class=\"updated\" style=\"display:none;\">2024-11-03T11:36:05+01:00<\/span><span>November 3rd, 2024<\/span><span class=\"fusion-inline-sep\">|<\/span><\/p><p>Am 8. September 2024 haben unsere Vorturnerinnen Verena Tragut, Corinna Goisjak und Kerstin B\u00fcchsenmeister den ersten Teil des Online-Basismoduls der Turnsport Austria C-Trainer*innen-Ausbildung erfolgreich abgeschlossen und die [...]<\/p><\/div><\/article><article class=\"post fusion-column column col col-lg-12 col-md-12 col-sm-12\"><div class=\"fusion-flexslider fusion-flexslider-loading flexslider floated-slideshow flexslider-hover-type-zoomin\"><ul class=\"slides\"><li><a href=\"https:\/\/www.atus-koeflach.at\/2019\/steirische-jugend-3-herbstmeisterschaft-der-kunstturnerinnen\/\" aria-label=\"Steirische Jugend-3-Herbstmeisterschaft der Kunstturnerinnen\" class=\"hover-type-zoomin\"><img loading=\"lazy\" decoding=\"async\" width=\"1600\" height=\"1200\" src=\"https:\/\/www.atus-koeflach.at\/2019\/wp-content\/uploads\/2024\/11\/465063092_1072310538021136_5576610784333066267_n.jpg\" data-orig-src=\"https:\/\/www.atus-koeflach.at\/2019\/wp-content\/uploads\/2024\/11\/465063092_1072310538021136_5576610784333066267_n.jpg\" class=\"lazyload attachment-portfolio-five size-portfolio-five\" alt=\"\" srcset=\"data:image\/svg+xml,%3Csvg%20xmlns%3D%27http%3A%2F%2Fwww.w3.org%2F2000%2Fsvg%27%20width%3D%271600%27%20height%3D%271200%27%20viewBox%3D%270%200%201600%201200%27%3E%3Crect%20width%3D%271600%27%20height%3D%271200%27%20fill-opacity%3D%220%22%2F%3E%3C%2Fsvg%3E\" data-srcset=\"https:\/\/www.atus-koeflach.at\/2019\/wp-content\/uploads\/2024\/11\/465063092_1072310538021136_5576610784333066267_n-200x150.jpg 200w, https:\/\/www.atus-koeflach.at\/2019\/wp-content\/uploads\/2024\/11\/465063092_1072310538021136_5576610784333066267_n-300x225.jpg 300w, https:\/\/www.atus-koeflach.at\/2019\/wp-content\/uploads\/2024\/11\/465063092_1072310538021136_5576610784333066267_n-400x300.jpg 400w, https:\/\/www.atus-koeflach.at\/2019\/wp-content\/uploads\/2024\/11\/465063092_1072310538021136_5576610784333066267_n-600x450.jpg 600w, https:\/\/www.atus-koeflach.at\/2019\/wp-content\/uploads\/2024\/11\/465063092_1072310538021136_5576610784333066267_n-768x576.jpg 768w, https:\/\/www.atus-koeflach.at\/2019\/wp-content\/uploads\/2024\/11\/465063092_1072310538021136_5576610784333066267_n-800x600.jpg 800w, https:\/\/www.atus-koeflach.at\/2019\/wp-content\/uploads\/2024\/11\/465063092_1072310538021136_5576610784333066267_n-1024x768.jpg 1024w, https:\/\/www.atus-koeflach.at\/2019\/wp-content\/uploads\/2024\/11\/465063092_1072310538021136_5576610784333066267_n-1200x900.jpg 1200w, https:\/\/www.atus-koeflach.at\/2019\/wp-content\/uploads\/2024\/11\/465063092_1072310538021136_5576610784333066267_n-1536x1152.jpg 1536w, https:\/\/www.atus-koeflach.at\/2019\/wp-content\/uploads\/2024\/11\/465063092_1072310538021136_5576610784333066267_n.jpg 1600w\" data-sizes=\"auto\" data-orig-sizes=\"(max-width: 1600px) 100vw, 1600px\" \/><\/a><\/li><\/ul><\/div><div class=\"recent-posts-content\"><span class=\"vcard\" style=\"display: none;\"><span class=\"fn\"><a href=\"https:\/\/www.atus-koeflach.at\/2019\/author\/daniel-krauthackl\/\" title=\"Beitr\u00e4ge von Daniel Krauthackl\" rel=\"author\">Daniel Krauthackl<\/a><\/span><\/span><span class=\"updated\" style=\"display:none;\">2024-11-01T19:13:22+01:00<\/span><h4 class=\"entry-title\"><a href=\"https:\/\/www.atus-koeflach.at\/2019\/steirische-jugend-3-herbstmeisterschaft-der-kunstturnerinnen\/\">Steirische Jugend-3-Herbstmeisterschaft der Kunstturnerinnen<\/a><\/h4><p class=\"meta\"><span class=\"vcard\" style=\"display: none;\"><span class=\"fn\"><a href=\"https:\/\/www.atus-koeflach.at\/2019\/author\/daniel-krauthackl\/\" title=\"Beitr\u00e4ge von Daniel Krauthackl\" rel=\"author\">Daniel Krauthackl<\/a><\/span><\/span><span class=\"updated\" style=\"display:none;\">2024-11-01T19:13:22+01:00<\/span><span>November 1st, 2024<\/span><span class=\"fusion-inline-sep\">|<\/span><\/p><p> Am 26. Oktober 2024 fand in Graz die offene Steirische Jugend-3-Herbstmeisterschaft der Kunstturnerinnen statt, die gleichzeitig als Vorbereitung f\u00fcr die kommende Saison 2025 diente. F\u00fcr den [...]<\/p><\/div><\/article><article class=\"post fusion-column column col col-lg-12 col-md-12 col-sm-12\"><div class=\"fusion-flexslider fusion-flexslider-loading flexslider floated-slideshow flexslider-hover-type-zoomin\"><ul class=\"slides\"><li><a href=\"https:\/\/www.atus-koeflach.at\/2019\/askoe-landestag-2024\/\" aria-label=\"ASK\u00d6-Landestag 2024\" class=\"hover-type-zoomin\"><img loading=\"lazy\" decoding=\"async\" width=\"1600\" height=\"720\" src=\"https:\/\/www.atus-koeflach.at\/2019\/wp-content\/uploads\/2024\/10\/462112589_1054246923160831_644534887144275505_n.jpg\" data-orig-src=\"https:\/\/www.atus-koeflach.at\/2019\/wp-content\/uploads\/2024\/10\/462112589_1054246923160831_644534887144275505_n.jpg\" class=\"lazyload attachment-portfolio-five size-portfolio-five\" alt=\"\" srcset=\"data:image\/svg+xml,%3Csvg%20xmlns%3D%27http%3A%2F%2Fwww.w3.org%2F2000%2Fsvg%27%20width%3D%271600%27%20height%3D%27720%27%20viewBox%3D%270%200%201600%20720%27%3E%3Crect%20width%3D%271600%27%20height%3D%27720%27%20fill-opacity%3D%220%22%2F%3E%3C%2Fsvg%3E\" data-srcset=\"https:\/\/www.atus-koeflach.at\/2019\/wp-content\/uploads\/2024\/10\/462112589_1054246923160831_644534887144275505_n-200x90.jpg 200w, https:\/\/www.atus-koeflach.at\/2019\/wp-content\/uploads\/2024\/10\/462112589_1054246923160831_644534887144275505_n-300x135.jpg 300w, https:\/\/www.atus-koeflach.at\/2019\/wp-content\/uploads\/2024\/10\/462112589_1054246923160831_644534887144275505_n-400x180.jpg 400w, https:\/\/www.atus-koeflach.at\/2019\/wp-content\/uploads\/2024\/10\/462112589_1054246923160831_644534887144275505_n-600x270.jpg 600w, https:\/\/www.atus-koeflach.at\/2019\/wp-content\/uploads\/2024\/10\/462112589_1054246923160831_644534887144275505_n-768x346.jpg 768w, https:\/\/www.atus-koeflach.at\/2019\/wp-content\/uploads\/2024\/10\/462112589_1054246923160831_644534887144275505_n-800x360.jpg 800w, https:\/\/www.atus-koeflach.at\/2019\/wp-content\/uploads\/2024\/10\/462112589_1054246923160831_644534887144275505_n-1024x461.jpg 1024w, https:\/\/www.atus-koeflach.at\/2019\/wp-content\/uploads\/2024\/10\/462112589_1054246923160831_644534887144275505_n-1200x540.jpg 1200w, https:\/\/www.atus-koeflach.at\/2019\/wp-content\/uploads\/2024\/10\/462112589_1054246923160831_644534887144275505_n-1536x691.jpg 1536w, https:\/\/www.atus-koeflach.at\/2019\/wp-content\/uploads\/2024\/10\/462112589_1054246923160831_644534887144275505_n.jpg 1600w\" data-sizes=\"auto\" data-orig-sizes=\"(max-width: 1600px) 100vw, 1600px\" \/><\/a><\/li><\/ul><\/div><div class=\"recent-posts-content\"><span class=\"vcard\" style=\"display: none;\"><span class=\"fn\"><a href=\"https:\/\/www.atus-koeflach.at\/2019\/author\/daniel-krauthackl\/\" title=\"Beitr\u00e4ge von Daniel Krauthackl\" rel=\"author\">Daniel Krauthackl<\/a><\/span><\/span><span class=\"updated\" style=\"display:none;\">2024-10-15T10:01:25+02:00<\/span><h4 class=\"entry-title\"><a href=\"https:\/\/www.atus-koeflach.at\/2019\/askoe-landestag-2024\/\">ASK\u00d6-Landestag 2024<\/a><\/h4><p class=\"meta\"><span class=\"vcard\" style=\"display: none;\"><span class=\"fn\"><a href=\"https:\/\/www.atus-koeflach.at\/2019\/author\/daniel-krauthackl\/\" title=\"Beitr\u00e4ge von Daniel Krauthackl\" rel=\"author\">Daniel Krauthackl<\/a><\/span><\/span><span class=\"updated\" style=\"display:none;\">2024-10-15T10:01:25+02:00<\/span><span>September 22nd, 2024<\/span><span class=\"fusion-inline-sep\">|<\/span><\/p><p> Am Samstag, dem 21. September 2024, fand der ASK\u00d6 Steiermark Landestag im neuen Live Congress Leoben statt. Zahlreiche Vereinsfunktion\u00e4rInnen aus der ganzen Steiermark folgten der Einladung, [...]<\/p><\/div><\/article><article class=\"post fusion-column column col col-lg-12 col-md-12 col-sm-12\"><div class=\"fusion-flexslider fusion-flexslider-loading flexslider floated-slideshow flexslider-hover-type-zoomin\"><ul class=\"slides\"><li><a href=\"https:\/\/www.atus-koeflach.at\/2019\/askoe-jugendfoerderpreis-2024\/\" aria-label=\"ASK\u00d6-Jugendf\u00f6rderpreis 2024\" class=\"hover-type-zoomin\"><img loading=\"lazy\" decoding=\"async\" width=\"2048\" height=\"1536\" src=\"https:\/\/www.atus-koeflach.at\/2019\/wp-content\/uploads\/2024\/10\/462135342_1054245679827622_7749847033558171395_n.jpg\" data-orig-src=\"https:\/\/www.atus-koeflach.at\/2019\/wp-content\/uploads\/2024\/10\/462135342_1054245679827622_7749847033558171395_n.jpg\" class=\"lazyload attachment-portfolio-five size-portfolio-five\" alt=\"\" srcset=\"data:image\/svg+xml,%3Csvg%20xmlns%3D%27http%3A%2F%2Fwww.w3.org%2F2000%2Fsvg%27%20width%3D%272048%27%20height%3D%271536%27%20viewBox%3D%270%200%202048%201536%27%3E%3Crect%20width%3D%272048%27%20height%3D%271536%27%20fill-opacity%3D%220%22%2F%3E%3C%2Fsvg%3E\" data-srcset=\"https:\/\/www.atus-koeflach.at\/2019\/wp-content\/uploads\/2024\/10\/462135342_1054245679827622_7749847033558171395_n-200x150.jpg 200w, https:\/\/www.atus-koeflach.at\/2019\/wp-content\/uploads\/2024\/10\/462135342_1054245679827622_7749847033558171395_n-300x225.jpg 300w, https:\/\/www.atus-koeflach.at\/2019\/wp-content\/uploads\/2024\/10\/462135342_1054245679827622_7749847033558171395_n-400x300.jpg 400w, https:\/\/www.atus-koeflach.at\/2019\/wp-content\/uploads\/2024\/10\/462135342_1054245679827622_7749847033558171395_n-600x450.jpg 600w, https:\/\/www.atus-koeflach.at\/2019\/wp-content\/uploads\/2024\/10\/462135342_1054245679827622_7749847033558171395_n-768x576.jpg 768w, https:\/\/www.atus-koeflach.at\/2019\/wp-content\/uploads\/2024\/10\/462135342_1054245679827622_7749847033558171395_n-800x600.jpg 800w, https:\/\/www.atus-koeflach.at\/2019\/wp-content\/uploads\/2024\/10\/462135342_1054245679827622_7749847033558171395_n-1024x768.jpg 1024w, https:\/\/www.atus-koeflach.at\/2019\/wp-content\/uploads\/2024\/10\/462135342_1054245679827622_7749847033558171395_n-1200x900.jpg 1200w, https:\/\/www.atus-koeflach.at\/2019\/wp-content\/uploads\/2024\/10\/462135342_1054245679827622_7749847033558171395_n-1536x1152.jpg 1536w, https:\/\/www.atus-koeflach.at\/2019\/wp-content\/uploads\/2024\/10\/462135342_1054245679827622_7749847033558171395_n.jpg 2048w\" data-sizes=\"auto\" data-orig-sizes=\"(max-width: 2048px) 100vw, 2048px\" \/><\/a><\/li><\/ul><\/div><div class=\"recent-posts-content\"><span class=\"vcard\" style=\"display: none;\"><span class=\"fn\"><a href=\"https:\/\/www.atus-koeflach.at\/2019\/author\/daniel-krauthackl\/\" title=\"Beitr\u00e4ge von Daniel Krauthackl\" rel=\"author\">Daniel Krauthackl<\/a><\/span><\/span><span class=\"updated\" style=\"display:none;\">2024-10-15T10:03:35+02:00<\/span><h4 class=\"entry-title\"><a href=\"https:\/\/www.atus-koeflach.at\/2019\/askoe-jugendfoerderpreis-2024\/\">ASK\u00d6-Jugendf\u00f6rderpreis 2024<\/a><\/h4><p class=\"meta\"><span class=\"vcard\" style=\"display: none;\"><span class=\"fn\"><a href=\"https:\/\/www.atus-koeflach.at\/2019\/author\/daniel-krauthackl\/\" title=\"Beitr\u00e4ge von Daniel Krauthackl\" rel=\"author\">Daniel Krauthackl<\/a><\/span><\/span><span class=\"updated\" style=\"display:none;\">2024-10-15T10:03:35+02:00<\/span><span>September 15th, 2024<\/span><span class=\"fusion-inline-sep\">|<\/span><\/p><p> Der ATUS K\u00f6flach wurde am 13. September von der ASK\u00d6-Bundesorganisation Sportvereine im Haus des Sports in Wien f\u00fcr sein herausragendes Engagement in der Nachwuchsarbeit sowie die [...]<\/p><\/div><\/article><article class=\"post fusion-column column col col-lg-12 col-md-12 col-sm-12\"><div class=\"fusion-flexslider fusion-flexslider-loading flexslider floated-slideshow flexslider-hover-type-zoomin\"><ul class=\"slides\"><li><a href=\"https:\/\/www.atus-koeflach.at\/2019\/sommerturncamp-2024\/\" aria-label=\"Sommerturncamp 2024\" class=\"hover-type-zoomin\"><img loading=\"lazy\" decoding=\"async\" width=\"1920\" height=\"1280\" src=\"https:\/\/www.atus-koeflach.at\/2019\/wp-content\/uploads\/2024\/08\/453032963_10211261701055131_6727345293187653155_n.jpg\" data-orig-src=\"https:\/\/www.atus-koeflach.at\/2019\/wp-content\/uploads\/2024\/08\/453032963_10211261701055131_6727345293187653155_n.jpg\" class=\"lazyload attachment-portfolio-five size-portfolio-five\" alt=\"\" srcset=\"data:image\/svg+xml,%3Csvg%20xmlns%3D%27http%3A%2F%2Fwww.w3.org%2F2000%2Fsvg%27%20width%3D%271920%27%20height%3D%271280%27%20viewBox%3D%270%200%201920%201280%27%3E%3Crect%20width%3D%271920%27%20height%3D%271280%27%20fill-opacity%3D%220%22%2F%3E%3C%2Fsvg%3E\" data-srcset=\"https:\/\/www.atus-koeflach.at\/2019\/wp-content\/uploads\/2024\/08\/453032963_10211261701055131_6727345293187653155_n-66x44.jpg 66w, https:\/\/www.atus-koeflach.at\/2019\/wp-content\/uploads\/2024\/08\/453032963_10211261701055131_6727345293187653155_n-200x133.jpg 200w, https:\/\/www.atus-koeflach.at\/2019\/wp-content\/uploads\/2024\/08\/453032963_10211261701055131_6727345293187653155_n-300x200.jpg 300w, https:\/\/www.atus-koeflach.at\/2019\/wp-content\/uploads\/2024\/08\/453032963_10211261701055131_6727345293187653155_n-320x213.jpg 320w, https:\/\/www.atus-koeflach.at\/2019\/wp-content\/uploads\/2024\/08\/453032963_10211261701055131_6727345293187653155_n-400x267.jpg 400w, https:\/\/www.atus-koeflach.at\/2019\/wp-content\/uploads\/2024\/08\/453032963_10211261701055131_6727345293187653155_n-600x400.jpg 600w, https:\/\/www.atus-koeflach.at\/2019\/wp-content\/uploads\/2024\/08\/453032963_10211261701055131_6727345293187653155_n-669x446.jpg 669w, https:\/\/www.atus-koeflach.at\/2019\/wp-content\/uploads\/2024\/08\/453032963_10211261701055131_6727345293187653155_n-700x467.jpg 700w, https:\/\/www.atus-koeflach.at\/2019\/wp-content\/uploads\/2024\/08\/453032963_10211261701055131_6727345293187653155_n-768x512.jpg 768w, https:\/\/www.atus-koeflach.at\/2019\/wp-content\/uploads\/2024\/08\/453032963_10211261701055131_6727345293187653155_n-800x533.jpg 800w, https:\/\/www.atus-koeflach.at\/2019\/wp-content\/uploads\/2024\/08\/453032963_10211261701055131_6727345293187653155_n-1024x683.jpg 1024w, https:\/\/www.atus-koeflach.at\/2019\/wp-content\/uploads\/2024\/08\/453032963_10211261701055131_6727345293187653155_n-1200x800.jpg 1200w, https:\/\/www.atus-koeflach.at\/2019\/wp-content\/uploads\/2024\/08\/453032963_10211261701055131_6727345293187653155_n-1536x1024.jpg 1536w, https:\/\/www.atus-koeflach.at\/2019\/wp-content\/uploads\/2024\/08\/453032963_10211261701055131_6727345293187653155_n.jpg 1920w\" data-sizes=\"auto\" data-orig-sizes=\"(max-width: 1920px) 100vw, 1920px\" \/><\/a><\/li><\/ul><\/div><div class=\"recent-posts-content\"><span class=\"vcard\" style=\"display: none;\"><span class=\"fn\"><a href=\"https:\/\/www.atus-koeflach.at\/2019\/author\/daniel-krauthackl\/\" title=\"Beitr\u00e4ge von Daniel Krauthackl\" rel=\"author\">Daniel Krauthackl<\/a><\/span><\/span><span class=\"updated\" style=\"display:none;\">2024-08-14T06:45:20+02:00<\/span><h4 class=\"entry-title\"><a href=\"https:\/\/www.atus-koeflach.at\/2019\/sommerturncamp-2024\/\">Sommerturncamp 2024<\/a><\/h4><p class=\"meta\"><span class=\"vcard\" style=\"display: none;\"><span class=\"fn\"><a href=\"https:\/\/www.atus-koeflach.at\/2019\/author\/daniel-krauthackl\/\" title=\"Beitr\u00e4ge von Daniel Krauthackl\" rel=\"author\">Daniel Krauthackl<\/a><\/span><\/span><span class=\"updated\" style=\"display:none;\">2024-08-14T06:45:20+02:00<\/span><span>August 14th, 2024<\/span><span class=\"fusion-inline-sep\">|<\/span><\/p><p> Das Sommerturncamp 2024, welches vom 22. Juli bis 26. Juli 2024 stattfand, war erneut ein gro\u00dfer Erfolg! Rund 30 TurnerInnen im Alter von 4 bis 16 [...]<\/p><\/div><\/article><article class=\"post fusion-column column col col-lg-12 col-md-12 col-sm-12\"><div class=\"fusion-flexslider fusion-flexslider-loading flexslider floated-slideshow flexslider-hover-type-zoomin\"><ul class=\"slides\"><li><a href=\"https:\/\/www.atus-koeflach.at\/2019\/oesterreichische-jugendmeisterschaft-im-kunstturnen-2\/\" aria-label=\"\u00d6sterreichische Jugendmeisterschaft im Kunstturnen:\" class=\"hover-type-zoomin\"><img loading=\"lazy\" decoding=\"async\" width=\"1152\" height=\"1348\" src=\"https:\/\/www.atus-koeflach.at\/2019\/wp-content\/uploads\/2024\/06\/20240622_162503-scaled-e1719417465578.jpg\" data-orig-src=\"https:\/\/www.atus-koeflach.at\/2019\/wp-content\/uploads\/2024\/06\/20240622_162503-scaled-e1719417465578.jpg\" class=\"lazyload attachment-portfolio-five size-portfolio-five\" alt=\"\" srcset=\"data:image\/svg+xml,%3Csvg%20xmlns%3D%27http%3A%2F%2Fwww.w3.org%2F2000%2Fsvg%27%20width%3D%271152%27%20height%3D%271348%27%20viewBox%3D%270%200%201152%201348%27%3E%3Crect%20width%3D%271152%27%20height%3D%271348%27%20fill-opacity%3D%220%22%2F%3E%3C%2Fsvg%3E\" data-srcset=\"https:\/\/www.atus-koeflach.at\/2019\/wp-content\/uploads\/2024\/06\/20240622_162503-scaled-e1719417465578-66x77.jpg 66w, https:\/\/www.atus-koeflach.at\/2019\/wp-content\/uploads\/2024\/06\/20240622_162503-scaled-e1719417465578-200x234.jpg 200w, https:\/\/www.atus-koeflach.at\/2019\/wp-content\/uploads\/2024\/06\/20240622_162503-scaled-e1719417465578-256x300.jpg 256w, https:\/\/www.atus-koeflach.at\/2019\/wp-content\/uploads\/2024\/06\/20240622_162503-scaled-e1719417465578-320x374.jpg 320w, https:\/\/www.atus-koeflach.at\/2019\/wp-content\/uploads\/2024\/06\/20240622_162503-scaled-e1719417465578-400x468.jpg 400w, https:\/\/www.atus-koeflach.at\/2019\/wp-content\/uploads\/2024\/06\/20240622_162503-scaled-e1719417465578-600x702.jpg 600w, https:\/\/www.atus-koeflach.at\/2019\/wp-content\/uploads\/2024\/06\/20240622_162503-scaled-e1719417465578-669x783.jpg 669w, https:\/\/www.atus-koeflach.at\/2019\/wp-content\/uploads\/2024\/06\/20240622_162503-scaled-e1719417465578-700x819.jpg 700w, https:\/\/www.atus-koeflach.at\/2019\/wp-content\/uploads\/2024\/06\/20240622_162503-scaled-e1719417465578-768x899.jpg 768w, https:\/\/www.atus-koeflach.at\/2019\/wp-content\/uploads\/2024\/06\/20240622_162503-scaled-e1719417465578-800x936.jpg 800w, https:\/\/www.atus-koeflach.at\/2019\/wp-content\/uploads\/2024\/06\/20240622_162503-scaled-e1719417465578-875x1024.jpg 875w, https:\/\/www.atus-koeflach.at\/2019\/wp-content\/uploads\/2024\/06\/20240622_162503-scaled-e1719417465578.jpg 1152w\" data-sizes=\"auto\" data-orig-sizes=\"(max-width: 1152px) 100vw, 1152px\" \/><\/a><\/li><\/ul><\/div><div class=\"recent-posts-content\"><span class=\"vcard\" style=\"display: none;\"><span class=\"fn\"><a href=\"https:\/\/www.atus-koeflach.at\/2019\/author\/daniel-krauthackl\/\" title=\"Beitr\u00e4ge von Daniel Krauthackl\" rel=\"author\">Daniel Krauthackl<\/a><\/span><\/span><span class=\"updated\" style=\"display:none;\">2024-06-26T17:57:56+02:00<\/span><h4 class=\"entry-title\"><a href=\"https:\/\/www.atus-koeflach.at\/2019\/oesterreichische-jugendmeisterschaft-im-kunstturnen-2\/\">\u00d6sterreichische Jugendmeisterschaft im Kunstturnen:<\/a><\/h4><p class=\"meta\"><span class=\"vcard\" style=\"display: none;\"><span class=\"fn\"><a href=\"https:\/\/www.atus-koeflach.at\/2019\/author\/daniel-krauthackl\/\" title=\"Beitr\u00e4ge von Daniel Krauthackl\" rel=\"author\">Daniel Krauthackl<\/a><\/span><\/span><span class=\"updated\" style=\"display:none;\">2024-06-26T17:57:56+02:00<\/span><span>Juni 26th, 2024<\/span><span class=\"fusion-inline-sep\">|<\/span><\/p><p> Lilian Lamperter \u00fcberzeugte gegen starke Konkurrenz Am 22. Juni 2024 traten in Traun (O\u00d6) \u00d6sterreichs 78 talentierteste Kunstturnerinnen zum hochkar\u00e4tigen Abschluss der langen Fr\u00fchjahrssaison an. F\u00fcr [...]<\/p><\/div><\/article><article class=\"post fusion-column column col col-lg-12 col-md-12 col-sm-12\"><div class=\"fusion-flexslider fusion-flexslider-loading flexslider floated-slideshow flexslider-hover-type-zoomin\"><ul class=\"slides\"><li><a href=\"https:\/\/www.atus-koeflach.at\/2019\/offenen-kaerntner-landesmeisterschaften-im-kunstturnen-in-klagenfurt\/\" aria-label=\"Offenen K\u00e4rntner Landesmeisterschaften im Kunstturnen in Klagenfurt\" class=\"hover-type-zoomin\"><img loading=\"lazy\" decoding=\"async\" width=\"1816\" height=\"2086\" src=\"https:\/\/www.atus-koeflach.at\/2019\/wp-content\/uploads\/2024\/06\/20240530_115528.jpg\" data-orig-src=\"https:\/\/www.atus-koeflach.at\/2019\/wp-content\/uploads\/2024\/06\/20240530_115528.jpg\" class=\"lazyload attachment-portfolio-five size-portfolio-five\" alt=\"\" srcset=\"data:image\/svg+xml,%3Csvg%20xmlns%3D%27http%3A%2F%2Fwww.w3.org%2F2000%2Fsvg%27%20width%3D%271816%27%20height%3D%272086%27%20viewBox%3D%270%200%201816%202086%27%3E%3Crect%20width%3D%271816%27%20height%3D%272086%27%20fill-opacity%3D%220%22%2F%3E%3C%2Fsvg%3E\" data-srcset=\"https:\/\/www.atus-koeflach.at\/2019\/wp-content\/uploads\/2024\/06\/20240530_115528-66x76.jpg 66w, https:\/\/www.atus-koeflach.at\/2019\/wp-content\/uploads\/2024\/06\/20240530_115528-200x230.jpg 200w, https:\/\/www.atus-koeflach.at\/2019\/wp-content\/uploads\/2024\/06\/20240530_115528-261x300.jpg 261w, https:\/\/www.atus-koeflach.at\/2019\/wp-content\/uploads\/2024\/06\/20240530_115528-320x368.jpg 320w, https:\/\/www.atus-koeflach.at\/2019\/wp-content\/uploads\/2024\/06\/20240530_115528-400x459.jpg 400w, https:\/\/www.atus-koeflach.at\/2019\/wp-content\/uploads\/2024\/06\/20240530_115528-600x689.jpg 600w, https:\/\/www.atus-koeflach.at\/2019\/wp-content\/uploads\/2024\/06\/20240530_115528-669x768.jpg 669w, https:\/\/www.atus-koeflach.at\/2019\/wp-content\/uploads\/2024\/06\/20240530_115528-700x804.jpg 700w, https:\/\/www.atus-koeflach.at\/2019\/wp-content\/uploads\/2024\/06\/20240530_115528-768x882.jpg 768w, https:\/\/www.atus-koeflach.at\/2019\/wp-content\/uploads\/2024\/06\/20240530_115528-800x919.jpg 800w, https:\/\/www.atus-koeflach.at\/2019\/wp-content\/uploads\/2024\/06\/20240530_115528-891x1024.jpg 891w, https:\/\/www.atus-koeflach.at\/2019\/wp-content\/uploads\/2024\/06\/20240530_115528-1200x1378.jpg 1200w, https:\/\/www.atus-koeflach.at\/2019\/wp-content\/uploads\/2024\/06\/20240530_115528-1337x1536.jpg 1337w, https:\/\/www.atus-koeflach.at\/2019\/wp-content\/uploads\/2024\/06\/20240530_115528-1783x2048.jpg 1783w, https:\/\/www.atus-koeflach.at\/2019\/wp-content\/uploads\/2024\/06\/20240530_115528.jpg 1816w\" data-sizes=\"auto\" data-orig-sizes=\"(max-width: 1816px) 100vw, 1816px\" \/><\/a><\/li><\/ul><\/div><div class=\"recent-posts-content\"><span class=\"vcard\" style=\"display: none;\"><span class=\"fn\"><a href=\"https:\/\/www.atus-koeflach.at\/2019\/author\/daniel-krauthackl\/\" title=\"Beitr\u00e4ge von Daniel Krauthackl\" rel=\"author\">Daniel Krauthackl<\/a><\/span><\/span><span class=\"updated\" style=\"display:none;\">2024-06-26T18:02:05+02:00<\/span><h4 class=\"entry-title\"><a href=\"https:\/\/www.atus-koeflach.at\/2019\/offenen-kaerntner-landesmeisterschaften-im-kunstturnen-in-klagenfurt\/\">Offenen K\u00e4rntner Landesmeisterschaften im Kunstturnen in Klagenfurt<\/a><\/h4><p class=\"meta\"><span class=\"vcard\" style=\"display: none;\"><span class=\"fn\"><a href=\"https:\/\/www.atus-koeflach.at\/2019\/author\/daniel-krauthackl\/\" title=\"Beitr\u00e4ge von Daniel Krauthackl\" rel=\"author\">Daniel Krauthackl<\/a><\/span><\/span><span class=\"updated\" style=\"display:none;\">2024-06-26T18:02:05+02:00<\/span><span>Mai 26th, 2024<\/span><span class=\"fusion-inline-sep\">|<\/span><\/p><p> Die offenen K\u00e4rntner Landesmeisterschaften im Kunstturnen in Klagenfurt am 30. Mai 2024 waren ein beeindruckendes Ereignis, bei dem die j\u00fcngsten Talente ihr K\u00f6nnen unter Beweis stellten. [...]<\/p><\/div><\/article><article class=\"post fusion-column column col col-lg-12 col-md-12 col-sm-12\"><div class=\"fusion-flexslider fusion-flexslider-loading flexslider floated-slideshow flexslider-hover-type-zoomin\"><ul class=\"slides\"><li><a href=\"https:\/\/www.atus-koeflach.at\/2019\/askoe-bundesmeisterschaft-turn10-in-kindberg-ein-sportereignis-der-extraklasse-mit-5-bundesmeistertitel\/\" aria-label=\"ASK\u00d6 Bundesmeisterschaft Turn10 in Kindberg: Ein Sportereignis der Extraklasse mit 5 Bundesmeistertitel\" class=\"hover-type-zoomin\"><img loading=\"lazy\" decoding=\"async\" width=\"2560\" height=\"1920\" src=\"https:\/\/www.atus-koeflach.at\/2019\/wp-content\/uploads\/2024\/06\/1716819353484-scaled.jpg\" data-orig-src=\"https:\/\/www.atus-koeflach.at\/2019\/wp-content\/uploads\/2024\/06\/1716819353484-scaled.jpg\" class=\"lazyload attachment-portfolio-five size-portfolio-five\" alt=\"\" srcset=\"data:image\/svg+xml,%3Csvg%20xmlns%3D%27http%3A%2F%2Fwww.w3.org%2F2000%2Fsvg%27%20width%3D%272560%27%20height%3D%271920%27%20viewBox%3D%270%200%202560%201920%27%3E%3Crect%20width%3D%272560%27%20height%3D%271920%27%20fill-opacity%3D%220%22%2F%3E%3C%2Fsvg%3E\" data-srcset=\"https:\/\/www.atus-koeflach.at\/2019\/wp-content\/uploads\/2024\/06\/1716819353484-66x50.jpg 66w, https:\/\/www.atus-koeflach.at\/2019\/wp-content\/uploads\/2024\/06\/1716819353484-200x150.jpg 200w, https:\/\/www.atus-koeflach.at\/2019\/wp-content\/uploads\/2024\/06\/1716819353484-300x225.jpg 300w, https:\/\/www.atus-koeflach.at\/2019\/wp-content\/uploads\/2024\/06\/1716819353484-320x240.jpg 320w, https:\/\/www.atus-koeflach.at\/2019\/wp-content\/uploads\/2024\/06\/1716819353484-400x300.jpg 400w, https:\/\/www.atus-koeflach.at\/2019\/wp-content\/uploads\/2024\/06\/1716819353484-600x450.jpg 600w, https:\/\/www.atus-koeflach.at\/2019\/wp-content\/uploads\/2024\/06\/1716819353484-669x502.jpg 669w, https:\/\/www.atus-koeflach.at\/2019\/wp-content\/uploads\/2024\/06\/1716819353484-700x525.jpg 700w, https:\/\/www.atus-koeflach.at\/2019\/wp-content\/uploads\/2024\/06\/1716819353484-768x576.jpg 768w, https:\/\/www.atus-koeflach.at\/2019\/wp-content\/uploads\/2024\/06\/1716819353484-800x600.jpg 800w, https:\/\/www.atus-koeflach.at\/2019\/wp-content\/uploads\/2024\/06\/1716819353484-1024x768.jpg 1024w, https:\/\/www.atus-koeflach.at\/2019\/wp-content\/uploads\/2024\/06\/1716819353484-1200x900.jpg 1200w, https:\/\/www.atus-koeflach.at\/2019\/wp-content\/uploads\/2024\/06\/1716819353484-1536x1152.jpg 1536w, https:\/\/www.atus-koeflach.at\/2019\/wp-content\/uploads\/2024\/06\/1716819353484-scaled.jpg 2560w\" data-sizes=\"auto\" data-orig-sizes=\"(max-width: 2560px) 100vw, 2560px\" \/><\/a><\/li><\/ul><\/div><div class=\"recent-posts-content\"><span class=\"vcard\" style=\"display: none;\"><span class=\"fn\"><a href=\"https:\/\/www.atus-koeflach.at\/2019\/author\/daniel-krauthackl\/\" title=\"Beitr\u00e4ge von Daniel Krauthackl\" rel=\"author\">Daniel Krauthackl<\/a><\/span><\/span><span class=\"updated\" style=\"display:none;\">2024-06-29T08:10:40+02:00<\/span><h4 class=\"entry-title\"><a href=\"https:\/\/www.atus-koeflach.at\/2019\/askoe-bundesmeisterschaft-turn10-in-kindberg-ein-sportereignis-der-extraklasse-mit-5-bundesmeistertitel\/\">ASK\u00d6 Bundesmeisterschaft Turn10 in Kindberg: Ein Sportereignis der Extraklasse mit 5 Bundesmeistertitel<\/a><\/h4><p class=\"meta\"><span class=\"vcard\" style=\"display: none;\"><span class=\"fn\"><a href=\"https:\/\/www.atus-koeflach.at\/2019\/author\/daniel-krauthackl\/\" title=\"Beitr\u00e4ge von Daniel Krauthackl\" rel=\"author\">Daniel Krauthackl<\/a><\/span><\/span><span class=\"updated\" style=\"display:none;\">2024-06-29T08:10:40+02:00<\/span><span>Mai 25th, 2024<\/span><span class=\"fusion-inline-sep\">|<\/span><\/p><p> Der Zulauf zu Turn10 bleibt bundesweit ungebremst. Am 25. Mai 2024 trafen sich bei der offenen ASK\u00d6-Bundesmeisterschaft in Turn10 in Kindberg \u00fcber 220 talentierte Turnerinnen und [...]<\/p><\/div><\/article><article class=\"post fusion-column column col col-lg-12 col-md-12 col-sm-12\"><div class=\"fusion-flexslider fusion-flexslider-loading flexslider floated-slideshow flexslider-hover-type-zoomin\"><ul class=\"slides\"><li><a href=\"https:\/\/www.atus-koeflach.at\/2019\/steirische-meisterschaft-im-kunstturnen-erfolgsserie-des-atus-koeflach-turnen-mit-landesmeistertiteln-setzt-sich-fort\/\" aria-label=\"Steirische Meisterschaft im Kunstturnen: Erfolgsserie des ATUS K\u00f6flach-Turnen mit Landesmeistertiteln setzt sich fort.\" class=\"hover-type-zoomin\"><img loading=\"lazy\" decoding=\"async\" width=\"2016\" height=\"1512\" src=\"https:\/\/www.atus-koeflach.at\/2019\/wp-content\/uploads\/2024\/06\/IMG-20240519-WA0000.jpg\" data-orig-src=\"https:\/\/www.atus-koeflach.at\/2019\/wp-content\/uploads\/2024\/06\/IMG-20240519-WA0000.jpg\" class=\"lazyload attachment-portfolio-five size-portfolio-five\" alt=\"\" srcset=\"data:image\/svg+xml,%3Csvg%20xmlns%3D%27http%3A%2F%2Fwww.w3.org%2F2000%2Fsvg%27%20width%3D%272016%27%20height%3D%271512%27%20viewBox%3D%270%200%202016%201512%27%3E%3Crect%20width%3D%272016%27%20height%3D%271512%27%20fill-opacity%3D%220%22%2F%3E%3C%2Fsvg%3E\" data-srcset=\"https:\/\/www.atus-koeflach.at\/2019\/wp-content\/uploads\/2024\/06\/IMG-20240519-WA0000-66x50.jpg 66w, https:\/\/www.atus-koeflach.at\/2019\/wp-content\/uploads\/2024\/06\/IMG-20240519-WA0000-200x150.jpg 200w, https:\/\/www.atus-koeflach.at\/2019\/wp-content\/uploads\/2024\/06\/IMG-20240519-WA0000-300x225.jpg 300w, https:\/\/www.atus-koeflach.at\/2019\/wp-content\/uploads\/2024\/06\/IMG-20240519-WA0000-320x240.jpg 320w, https:\/\/www.atus-koeflach.at\/2019\/wp-content\/uploads\/2024\/06\/IMG-20240519-WA0000-400x300.jpg 400w, https:\/\/www.atus-koeflach.at\/2019\/wp-content\/uploads\/2024\/06\/IMG-20240519-WA0000-600x450.jpg 600w, https:\/\/www.atus-koeflach.at\/2019\/wp-content\/uploads\/2024\/06\/IMG-20240519-WA0000-669x502.jpg 669w, https:\/\/www.atus-koeflach.at\/2019\/wp-content\/uploads\/2024\/06\/IMG-20240519-WA0000-700x525.jpg 700w, https:\/\/www.atus-koeflach.at\/2019\/wp-content\/uploads\/2024\/06\/IMG-20240519-WA0000-768x576.jpg 768w, https:\/\/www.atus-koeflach.at\/2019\/wp-content\/uploads\/2024\/06\/IMG-20240519-WA0000-800x600.jpg 800w, https:\/\/www.atus-koeflach.at\/2019\/wp-content\/uploads\/2024\/06\/IMG-20240519-WA0000-1024x768.jpg 1024w, https:\/\/www.atus-koeflach.at\/2019\/wp-content\/uploads\/2024\/06\/IMG-20240519-WA0000-1200x900.jpg 1200w, https:\/\/www.atus-koeflach.at\/2019\/wp-content\/uploads\/2024\/06\/IMG-20240519-WA0000-1536x1152.jpg 1536w, https:\/\/www.atus-koeflach.at\/2019\/wp-content\/uploads\/2024\/06\/IMG-20240519-WA0000.jpg 2016w\" data-sizes=\"auto\" data-orig-sizes=\"(max-width: 2016px) 100vw, 2016px\" \/><\/a><\/li><\/ul><\/div><div class=\"recent-posts-content\"><span class=\"vcard\" style=\"display: none;\"><span class=\"fn\"><a href=\"https:\/\/www.atus-koeflach.at\/2019\/author\/daniel-krauthackl\/\" title=\"Beitr\u00e4ge von Daniel Krauthackl\" rel=\"author\">Daniel Krauthackl<\/a><\/span><\/span><span class=\"updated\" style=\"display:none;\">2024-06-29T08:16:55+02:00<\/span><h4 class=\"entry-title\"><a href=\"https:\/\/www.atus-koeflach.at\/2019\/steirische-meisterschaft-im-kunstturnen-erfolgsserie-des-atus-koeflach-turnen-mit-landesmeistertiteln-setzt-sich-fort\/\">Steirische Meisterschaft im Kunstturnen: Erfolgsserie des ATUS K\u00f6flach-Turnen mit Landesmeistertiteln setzt sich fort.<\/a><\/h4><p class=\"meta\"><span class=\"vcard\" style=\"display: none;\"><span class=\"fn\"><a href=\"https:\/\/www.atus-koeflach.at\/2019\/author\/daniel-krauthackl\/\" title=\"Beitr\u00e4ge von Daniel Krauthackl\" rel=\"author\">Daniel Krauthackl<\/a><\/span><\/span><span class=\"updated\" style=\"display:none;\">2024-06-29T08:16:55+02:00<\/span><span>Mai 20th, 2024<\/span><span class=\"fusion-inline-sep\">|<\/span><\/p><p> Die Erfolgsgeschichte des ATUS K\u00f6flach im Turnsport schreibt sich weiter. Bei der offenen steirischen Landesmeisterschaft am 18.\/19. Mai 2024 in Graz konnten die M\u00e4dchen des ATUS [...]<\/p><\/div><\/article><article class=\"post fusion-column column col col-lg-12 col-md-12 col-sm-12\"><div class=\"fusion-flexslider fusion-flexslider-loading flexslider floated-slideshow flexslider-hover-type-zoomin\"><ul class=\"slides\"><li><a href=\"https:\/\/www.atus-koeflach.at\/2019\/erfolgreiche-steirische-landesmeisterschaft-turn10\/\" aria-label=\"Erfolgreiche Steirische Landesmeisterschaft &#8222;Turn10\" class=\"hover-type-zoomin\"><img loading=\"lazy\" decoding=\"async\" width=\"1561\" height=\"1180\" src=\"https:\/\/www.atus-koeflach.at\/2019\/wp-content\/uploads\/2024\/05\/IMG-20240428-WA0031.jpg\" data-orig-src=\"https:\/\/www.atus-koeflach.at\/2019\/wp-content\/uploads\/2024\/05\/IMG-20240428-WA0031.jpg\" class=\"lazyload attachment-portfolio-five size-portfolio-five\" alt=\"\" srcset=\"data:image\/svg+xml,%3Csvg%20xmlns%3D%27http%3A%2F%2Fwww.w3.org%2F2000%2Fsvg%27%20width%3D%271561%27%20height%3D%271180%27%20viewBox%3D%270%200%201561%201180%27%3E%3Crect%20width%3D%271561%27%20height%3D%271180%27%20fill-opacity%3D%220%22%2F%3E%3C%2Fsvg%3E\" data-srcset=\"https:\/\/www.atus-koeflach.at\/2019\/wp-content\/uploads\/2024\/05\/IMG-20240428-WA0031-200x151.jpg 200w, https:\/\/www.atus-koeflach.at\/2019\/wp-content\/uploads\/2024\/05\/IMG-20240428-WA0031-300x227.jpg 300w, https:\/\/www.atus-koeflach.at\/2019\/wp-content\/uploads\/2024\/05\/IMG-20240428-WA0031-400x302.jpg 400w, https:\/\/www.atus-koeflach.at\/2019\/wp-content\/uploads\/2024\/05\/IMG-20240428-WA0031-600x454.jpg 600w, https:\/\/www.atus-koeflach.at\/2019\/wp-content\/uploads\/2024\/05\/IMG-20240428-WA0031-768x581.jpg 768w, https:\/\/www.atus-koeflach.at\/2019\/wp-content\/uploads\/2024\/05\/IMG-20240428-WA0031-800x605.jpg 800w, https:\/\/www.atus-koeflach.at\/2019\/wp-content\/uploads\/2024\/05\/IMG-20240428-WA0031-1024x774.jpg 1024w, https:\/\/www.atus-koeflach.at\/2019\/wp-content\/uploads\/2024\/05\/IMG-20240428-WA0031-1200x907.jpg 1200w, https:\/\/www.atus-koeflach.at\/2019\/wp-content\/uploads\/2024\/05\/IMG-20240428-WA0031-1536x1161.jpg 1536w, https:\/\/www.atus-koeflach.at\/2019\/wp-content\/uploads\/2024\/05\/IMG-20240428-WA0031.jpg 1561w\" data-sizes=\"auto\" data-orig-sizes=\"(max-width: 1561px) 100vw, 1561px\" \/><\/a><\/li><\/ul><\/div><div class=\"recent-posts-content\"><span class=\"vcard\" style=\"display: none;\"><span class=\"fn\"><a href=\"https:\/\/www.atus-koeflach.at\/2019\/author\/karin\/\" title=\"Beitr\u00e4ge von Karin Krauthackl\" rel=\"author\">Karin Krauthackl<\/a><\/span><\/span><span class=\"updated\" style=\"display:none;\">2024-05-13T15:37:56+02:00<\/span><h4 class=\"entry-title\"><a href=\"https:\/\/www.atus-koeflach.at\/2019\/erfolgreiche-steirische-landesmeisterschaft-turn10\/\">Erfolgreiche Steirische Landesmeisterschaft &#8222;Turn10<\/a><\/h4><p class=\"meta\"><span class=\"vcard\" style=\"display: none;\"><span class=\"fn\"><a href=\"https:\/\/www.atus-koeflach.at\/2019\/author\/karin\/\" title=\"Beitr\u00e4ge von Karin Krauthackl\" rel=\"author\">Karin Krauthackl<\/a><\/span><\/span><span class=\"updated\" style=\"display:none;\">2024-05-13T15:37:56+02:00<\/span><span>Mai 12th, 2024<\/span><span class=\"fusion-inline-sep\">|<\/span><\/p><p> Erfolgreiche ATUS K\u00f6flach Turner und Turnerinnen sorgen f\u00fcr Medaillenregen, Landesmeistertitel und inklusiven Sportgeist Die Turner und Turnerinnen des ATUS K\u00f6flach kehrten von der Steirischen \u201eTurn10\u201c Landesmeisterschaft [...]<\/p><\/div><\/article><article class=\"post fusion-column column col col-lg-12 col-md-12 col-sm-12\"><div class=\"fusion-flexslider fusion-flexslider-loading flexslider floated-slideshow flexslider-hover-type-zoomin\"><ul class=\"slides\"><li><a href=\"https:\/\/www.atus-koeflach.at\/2019\/steirischer-landesmeistertitel-fuer-lilian-lamperter-vom-atus-koeflach-turnen\/\" aria-label=\"Steirischer Landesmeistertitel f\u00fcr Lilian Lamperter\" class=\"hover-type-zoomin\"><img loading=\"lazy\" decoding=\"async\" width=\"2016\" height=\"1512\" src=\"https:\/\/www.atus-koeflach.at\/2019\/wp-content\/uploads\/2024\/06\/KT_SteirLLM-2.jpg\" data-orig-src=\"https:\/\/www.atus-koeflach.at\/2019\/wp-content\/uploads\/2024\/06\/KT_SteirLLM-2.jpg\" class=\"lazyload attachment-portfolio-five size-portfolio-five\" alt=\"\" srcset=\"data:image\/svg+xml,%3Csvg%20xmlns%3D%27http%3A%2F%2Fwww.w3.org%2F2000%2Fsvg%27%20width%3D%272016%27%20height%3D%271512%27%20viewBox%3D%270%200%202016%201512%27%3E%3Crect%20width%3D%272016%27%20height%3D%271512%27%20fill-opacity%3D%220%22%2F%3E%3C%2Fsvg%3E\" data-srcset=\"https:\/\/www.atus-koeflach.at\/2019\/wp-content\/uploads\/2024\/06\/KT_SteirLLM-2-66x50.jpg 66w, https:\/\/www.atus-koeflach.at\/2019\/wp-content\/uploads\/2024\/06\/KT_SteirLLM-2-200x150.jpg 200w, https:\/\/www.atus-koeflach.at\/2019\/wp-content\/uploads\/2024\/06\/KT_SteirLLM-2-300x225.jpg 300w, https:\/\/www.atus-koeflach.at\/2019\/wp-content\/uploads\/2024\/06\/KT_SteirLLM-2-320x240.jpg 320w, https:\/\/www.atus-koeflach.at\/2019\/wp-content\/uploads\/2024\/06\/KT_SteirLLM-2-400x300.jpg 400w, https:\/\/www.atus-koeflach.at\/2019\/wp-content\/uploads\/2024\/06\/KT_SteirLLM-2-600x450.jpg 600w, https:\/\/www.atus-koeflach.at\/2019\/wp-content\/uploads\/2024\/06\/KT_SteirLLM-2-669x502.jpg 669w, https:\/\/www.atus-koeflach.at\/2019\/wp-content\/uploads\/2024\/06\/KT_SteirLLM-2-700x525.jpg 700w, https:\/\/www.atus-koeflach.at\/2019\/wp-content\/uploads\/2024\/06\/KT_SteirLLM-2-768x576.jpg 768w, https:\/\/www.atus-koeflach.at\/2019\/wp-content\/uploads\/2024\/06\/KT_SteirLLM-2-800x600.jpg 800w, https:\/\/www.atus-koeflach.at\/2019\/wp-content\/uploads\/2024\/06\/KT_SteirLLM-2-1024x768.jpg 1024w, https:\/\/www.atus-koeflach.at\/2019\/wp-content\/uploads\/2024\/06\/KT_SteirLLM-2-1200x900.jpg 1200w, https:\/\/www.atus-koeflach.at\/2019\/wp-content\/uploads\/2024\/06\/KT_SteirLLM-2-1536x1152.jpg 1536w, https:\/\/www.atus-koeflach.at\/2019\/wp-content\/uploads\/2024\/06\/KT_SteirLLM-2.jpg 2016w\" data-sizes=\"auto\" data-orig-sizes=\"(max-width: 2016px) 100vw, 2016px\" \/><\/a><\/li><\/ul><\/div><div class=\"recent-posts-content\"><span class=\"vcard\" style=\"display: none;\"><span class=\"fn\"><a href=\"https:\/\/www.atus-koeflach.at\/2019\/author\/daniel-krauthackl\/\" title=\"Beitr\u00e4ge von Daniel Krauthackl\" rel=\"author\">Daniel Krauthackl<\/a><\/span><\/span><span class=\"updated\" style=\"display:none;\">2024-06-26T17:56:40+02:00<\/span><h4 class=\"entry-title\"><a href=\"https:\/\/www.atus-koeflach.at\/2019\/steirischer-landesmeistertitel-fuer-lilian-lamperter-vom-atus-koeflach-turnen\/\">Steirischer Landesmeistertitel f\u00fcr Lilian Lamperter<\/a><\/h4><p class=\"meta\"><span class=\"vcard\" style=\"display: none;\"><span class=\"fn\"><a href=\"https:\/\/www.atus-koeflach.at\/2019\/author\/daniel-krauthackl\/\" title=\"Beitr\u00e4ge von Daniel Krauthackl\" rel=\"author\">Daniel Krauthackl<\/a><\/span><\/span><span class=\"updated\" style=\"display:none;\">2024-06-26T17:56:40+02:00<\/span><span>April 23rd, 2024<\/span><span class=\"fusion-inline-sep\">|<\/span><\/p><p> Aufgrund der kurzen Vorbereitungszeit und einiger verletzten Athletinnen gingen bei den offenen Steirischen Meisterschaften im Kunstturnen in Graz nur drei Sch\u00fctzlinge des ATUS K\u00f6flach an den [...]<\/p><\/div><\/article><article class=\"post fusion-column column col col-lg-12 col-md-12 col-sm-12\"><div class=\"fusion-flexslider fusion-flexslider-loading flexslider floated-slideshow flexslider-hover-type-zoomin\"><ul class=\"slides\"><li><a href=\"https:\/\/www.atus-koeflach.at\/2019\/lilian-lamperter-holt-ersten-oesterreichischen-juniorinnen-meistertitel-im-turnen-am-sprung-fuer-den-atus-koeflach-seit-56-jahren\/\" aria-label=\"Lilian Lamperter holt ersten \u00d6sterreichischen Juniorinnen-Meistertitel im Turnen am Sprung f\u00fcr den ATUS K\u00f6flach seit 56 Jahren\" class=\"hover-type-zoomin\"><img loading=\"lazy\" decoding=\"async\" width=\"1440\" height=\"1800\" src=\"https:\/\/www.atus-koeflach.at\/2019\/wp-content\/uploads\/2024\/04\/Siegerehrung-Sprung.jpg\" data-orig-src=\"https:\/\/www.atus-koeflach.at\/2019\/wp-content\/uploads\/2024\/04\/Siegerehrung-Sprung.jpg\" class=\"lazyload attachment-portfolio-five size-portfolio-five\" alt=\"\" srcset=\"data:image\/svg+xml,%3Csvg%20xmlns%3D%27http%3A%2F%2Fwww.w3.org%2F2000%2Fsvg%27%20width%3D%271440%27%20height%3D%271800%27%20viewBox%3D%270%200%201440%201800%27%3E%3Crect%20width%3D%271440%27%20height%3D%271800%27%20fill-opacity%3D%220%22%2F%3E%3C%2Fsvg%3E\" data-srcset=\"https:\/\/www.atus-koeflach.at\/2019\/wp-content\/uploads\/2024\/04\/Siegerehrung-Sprung-200x250.jpg 200w, https:\/\/www.atus-koeflach.at\/2019\/wp-content\/uploads\/2024\/04\/Siegerehrung-Sprung-240x300.jpg 240w, https:\/\/www.atus-koeflach.at\/2019\/wp-content\/uploads\/2024\/04\/Siegerehrung-Sprung-400x500.jpg 400w, https:\/\/www.atus-koeflach.at\/2019\/wp-content\/uploads\/2024\/04\/Siegerehrung-Sprung-600x750.jpg 600w, https:\/\/www.atus-koeflach.at\/2019\/wp-content\/uploads\/2024\/04\/Siegerehrung-Sprung-768x960.jpg 768w, https:\/\/www.atus-koeflach.at\/2019\/wp-content\/uploads\/2024\/04\/Siegerehrung-Sprung-800x1000.jpg 800w, https:\/\/www.atus-koeflach.at\/2019\/wp-content\/uploads\/2024\/04\/Siegerehrung-Sprung-819x1024.jpg 819w, https:\/\/www.atus-koeflach.at\/2019\/wp-content\/uploads\/2024\/04\/Siegerehrung-Sprung-1200x1500.jpg 1200w, https:\/\/www.atus-koeflach.at\/2019\/wp-content\/uploads\/2024\/04\/Siegerehrung-Sprung-1229x1536.jpg 1229w, https:\/\/www.atus-koeflach.at\/2019\/wp-content\/uploads\/2024\/04\/Siegerehrung-Sprung.jpg 1440w\" data-sizes=\"auto\" data-orig-sizes=\"(max-width: 1440px) 100vw, 1440px\" \/><\/a><\/li><\/ul><\/div><div class=\"recent-posts-content\"><span class=\"vcard\" style=\"display: none;\"><span class=\"fn\"><a href=\"https:\/\/www.atus-koeflach.at\/2019\/author\/daniel-krauthackl\/\" title=\"Beitr\u00e4ge von Daniel Krauthackl\" rel=\"author\">Daniel Krauthackl<\/a><\/span><\/span><span class=\"updated\" style=\"display:none;\">2024-04-18T18:46:57+02:00<\/span><h4 class=\"entry-title\"><a href=\"https:\/\/www.atus-koeflach.at\/2019\/lilian-lamperter-holt-ersten-oesterreichischen-juniorinnen-meistertitel-im-turnen-am-sprung-fuer-den-atus-koeflach-seit-56-jahren\/\">Lilian Lamperter holt ersten \u00d6sterreichischen Juniorinnen-Meistertitel im Turnen am Sprung f\u00fcr den ATUS K\u00f6flach seit 56 Jahren<\/a><\/h4><p class=\"meta\"><span class=\"vcard\" style=\"display: none;\"><span class=\"fn\"><a href=\"https:\/\/www.atus-koeflach.at\/2019\/author\/daniel-krauthackl\/\" title=\"Beitr\u00e4ge von Daniel Krauthackl\" rel=\"author\">Daniel Krauthackl<\/a><\/span><\/span><span class=\"updated\" style=\"display:none;\">2024-04-18T18:46:57+02:00<\/span><span>April 18th, 2024<\/span><span class=\"fusion-inline-sep\">|<\/span><\/p><p> Sensationelle Leistung von ATUS K\u00f6flach Sch\u00fctzling Lilian Lamperter: Die bald 14-j\u00e4hrige Athletin sicherte sich den Juniorinnen-Meistertitel am Sprung. K\u00d6FLACH\/DORNBIRN. Die besten 130 Elite- und Junioren-Kunstturner:innen trafen [...]<\/p><\/div><\/article><article class=\"post fusion-column column col col-lg-12 col-md-12 col-sm-12\"><div class=\"fusion-flexslider fusion-flexslider-loading flexslider floated-slideshow flexslider-hover-type-zoomin\"><ul class=\"slides\"><li><a href=\"https:\/\/www.atus-koeflach.at\/2019\/erfolgreicher-start-in-die-turn10-wettkampfsaison-2\/\" aria-label=\"Erfolgreicher Start in die Turn10\u00ae Wettkampfsaison\" class=\"hover-type-zoomin\"><img loading=\"lazy\" decoding=\"async\" width=\"1715\" height=\"1016\" src=\"https:\/\/www.atus-koeflach.at\/2019\/wp-content\/uploads\/2024\/04\/WhatsApp-Bild-2024-04-07-um-12.52.57_4e454e07.jpg\" data-orig-src=\"https:\/\/www.atus-koeflach.at\/2019\/wp-content\/uploads\/2024\/04\/WhatsApp-Bild-2024-04-07-um-12.52.57_4e454e07.jpg\" class=\"lazyload attachment-portfolio-five size-portfolio-five\" alt=\"\" srcset=\"data:image\/svg+xml,%3Csvg%20xmlns%3D%27http%3A%2F%2Fwww.w3.org%2F2000%2Fsvg%27%20width%3D%271715%27%20height%3D%271016%27%20viewBox%3D%270%200%201715%201016%27%3E%3Crect%20width%3D%271715%27%20height%3D%271016%27%20fill-opacity%3D%220%22%2F%3E%3C%2Fsvg%3E\" data-srcset=\"https:\/\/www.atus-koeflach.at\/2019\/wp-content\/uploads\/2024\/04\/WhatsApp-Bild-2024-04-07-um-12.52.57_4e454e07-200x118.jpg 200w, https:\/\/www.atus-koeflach.at\/2019\/wp-content\/uploads\/2024\/04\/WhatsApp-Bild-2024-04-07-um-12.52.57_4e454e07-300x178.jpg 300w, https:\/\/www.atus-koeflach.at\/2019\/wp-content\/uploads\/2024\/04\/WhatsApp-Bild-2024-04-07-um-12.52.57_4e454e07-400x237.jpg 400w, https:\/\/www.atus-koeflach.at\/2019\/wp-content\/uploads\/2024\/04\/WhatsApp-Bild-2024-04-07-um-12.52.57_4e454e07-600x355.jpg 600w, https:\/\/www.atus-koeflach.at\/2019\/wp-content\/uploads\/2024\/04\/WhatsApp-Bild-2024-04-07-um-12.52.57_4e454e07-768x455.jpg 768w, https:\/\/www.atus-koeflach.at\/2019\/wp-content\/uploads\/2024\/04\/WhatsApp-Bild-2024-04-07-um-12.52.57_4e454e07-800x474.jpg 800w, https:\/\/www.atus-koeflach.at\/2019\/wp-content\/uploads\/2024\/04\/WhatsApp-Bild-2024-04-07-um-12.52.57_4e454e07-1024x607.jpg 1024w, https:\/\/www.atus-koeflach.at\/2019\/wp-content\/uploads\/2024\/04\/WhatsApp-Bild-2024-04-07-um-12.52.57_4e454e07-1200x711.jpg 1200w, https:\/\/www.atus-koeflach.at\/2019\/wp-content\/uploads\/2024\/04\/WhatsApp-Bild-2024-04-07-um-12.52.57_4e454e07-1536x910.jpg 1536w, https:\/\/www.atus-koeflach.at\/2019\/wp-content\/uploads\/2024\/04\/WhatsApp-Bild-2024-04-07-um-12.52.57_4e454e07.jpg 1715w\" data-sizes=\"auto\" data-orig-sizes=\"(max-width: 1715px) 100vw, 1715px\" \/><\/a><\/li><\/ul><\/div><div class=\"recent-posts-content\"><span class=\"vcard\" style=\"display: none;\"><span class=\"fn\"><a href=\"https:\/\/www.atus-koeflach.at\/2019\/author\/daniel-krauthackl\/\" title=\"Beitr\u00e4ge von Daniel Krauthackl\" rel=\"author\">Daniel Krauthackl<\/a><\/span><\/span><span class=\"updated\" style=\"display:none;\">2024-04-18T18:39:51+02:00<\/span><h4 class=\"entry-title\"><a href=\"https:\/\/www.atus-koeflach.at\/2019\/erfolgreicher-start-in-die-turn10-wettkampfsaison-2\/\">Erfolgreicher Start in die Turn10\u00ae Wettkampfsaison<\/a><\/h4><p class=\"meta\"><span class=\"vcard\" style=\"display: none;\"><span class=\"fn\"><a href=\"https:\/\/www.atus-koeflach.at\/2019\/author\/daniel-krauthackl\/\" title=\"Beitr\u00e4ge von Daniel Krauthackl\" rel=\"author\">Daniel Krauthackl<\/a><\/span><\/span><span class=\"updated\" style=\"display:none;\">2024-04-18T18:39:51+02:00<\/span><span>April 18th, 2024<\/span><span class=\"fusion-inline-sep\">|<\/span><\/p><p> Am 6. April 2024 fand in Kindberg der Turn10\u00ae GirlsCup statt, der den Startschuss f\u00fcr die Wettkampfsaison setzte. Der ATUS K\u00f6flach-Turnen pr\u00e4sentierte sich dabei als wahrhaftige [...]<\/p><\/div><\/article><article class=\"post fusion-column column col col-lg-12 col-md-12 col-sm-12\"><div class=\"fusion-flexslider fusion-flexslider-loading flexslider floated-slideshow flexslider-hover-type-zoomin\"><ul class=\"slides\"><li><a href=\"https:\/\/www.atus-koeflach.at\/2019\/turnverein-guetesiegel-2024-mit-5-sternen\/\" aria-label=\"Turnverein G\u00fctesiegel 2024 mit 5 Sternen\" class=\"hover-type-zoomin\"><img loading=\"lazy\" decoding=\"async\" width=\"588\" height=\"585\" src=\"https:\/\/www.atus-koeflach.at\/2019\/wp-content\/uploads\/2024\/04\/guetesiegel2024.jpg\" data-orig-src=\"https:\/\/www.atus-koeflach.at\/2019\/wp-content\/uploads\/2024\/04\/guetesiegel2024.jpg\" class=\"lazyload attachment-portfolio-five size-portfolio-five\" alt=\"\" srcset=\"data:image\/svg+xml,%3Csvg%20xmlns%3D%27http%3A%2F%2Fwww.w3.org%2F2000%2Fsvg%27%20width%3D%27588%27%20height%3D%27585%27%20viewBox%3D%270%200%20588%20585%27%3E%3Crect%20width%3D%27588%27%20height%3D%27585%27%20fill-opacity%3D%220%22%2F%3E%3C%2Fsvg%3E\" data-srcset=\"https:\/\/www.atus-koeflach.at\/2019\/wp-content\/uploads\/2024\/04\/guetesiegel2024-66x66.jpg 66w, https:\/\/www.atus-koeflach.at\/2019\/wp-content\/uploads\/2024\/04\/guetesiegel2024-150x150.jpg 150w, https:\/\/www.atus-koeflach.at\/2019\/wp-content\/uploads\/2024\/04\/guetesiegel2024-200x199.jpg 200w, https:\/\/www.atus-koeflach.at\/2019\/wp-content\/uploads\/2024\/04\/guetesiegel2024-300x298.jpg 300w, https:\/\/www.atus-koeflach.at\/2019\/wp-content\/uploads\/2024\/04\/guetesiegel2024-400x398.jpg 400w, https:\/\/www.atus-koeflach.at\/2019\/wp-content\/uploads\/2024\/04\/guetesiegel2024.jpg 588w\" data-sizes=\"auto\" data-orig-sizes=\"(max-width: 588px) 100vw, 588px\" \/><\/a><\/li><\/ul><\/div><div class=\"recent-posts-content\"><span class=\"vcard\" style=\"display: none;\"><span class=\"fn\"><a href=\"https:\/\/www.atus-koeflach.at\/2019\/author\/daniel-krauthackl\/\" title=\"Beitr\u00e4ge von Daniel Krauthackl\" rel=\"author\">Daniel Krauthackl<\/a><\/span><\/span><span class=\"updated\" style=\"display:none;\">2024-04-10T07:40:00+02:00<\/span><h4 class=\"entry-title\"><a href=\"https:\/\/www.atus-koeflach.at\/2019\/turnverein-guetesiegel-2024-mit-5-sternen\/\">Turnverein G\u00fctesiegel 2024 mit 5 Sternen<\/a><\/h4><p class=\"meta\"><span class=\"vcard\" style=\"display: none;\"><span class=\"fn\"><a href=\"https:\/\/www.atus-koeflach.at\/2019\/author\/daniel-krauthackl\/\" title=\"Beitr\u00e4ge von Daniel Krauthackl\" rel=\"author\">Daniel Krauthackl<\/a><\/span><\/span><span class=\"updated\" style=\"display:none;\">2024-04-10T07:40:00+02:00<\/span><span>April 10th, 2024<\/span><span class=\"fusion-inline-sep\">|<\/span><\/p><p>Mit dem \u00d6FT-G\u00fctesiegel vergibt der \u00d6sterreichische Fachverband Turnen eine besondere Auszeichnung an seine engagiertesten und erfolgreichen Vereine. Je nach Performance des Vereines kann das Siegel bis zu [...]<\/p><\/div><\/article><article class=\"post fusion-column column col col-lg-12 col-md-12 col-sm-12\"><div class=\"fusion-flexslider fusion-flexslider-loading flexslider floated-slideshow flexslider-hover-type-zoomin\"><ul class=\"slides\"><li><a href=\"https:\/\/www.atus-koeflach.at\/2019\/jahreshauptversammlung-aufbruch-in-eine-neue-aera\/\" aria-label=\"Jahreshauptversammlung- Aufbruch in eine neue \u00c4ra:\" class=\"hover-type-zoomin\"><img loading=\"lazy\" decoding=\"async\" width=\"1755\" height=\"1231\" src=\"https:\/\/www.atus-koeflach.at\/2019\/wp-content\/uploads\/2024\/02\/Neuer-Vorstand-2024.jpg\" data-orig-src=\"https:\/\/www.atus-koeflach.at\/2019\/wp-content\/uploads\/2024\/02\/Neuer-Vorstand-2024.jpg\" class=\"lazyload attachment-portfolio-five size-portfolio-five\" alt=\"\" srcset=\"data:image\/svg+xml,%3Csvg%20xmlns%3D%27http%3A%2F%2Fwww.w3.org%2F2000%2Fsvg%27%20width%3D%271755%27%20height%3D%271231%27%20viewBox%3D%270%200%201755%201231%27%3E%3Crect%20width%3D%271755%27%20height%3D%271231%27%20fill-opacity%3D%220%22%2F%3E%3C%2Fsvg%3E\" data-srcset=\"https:\/\/www.atus-koeflach.at\/2019\/wp-content\/uploads\/2024\/02\/Neuer-Vorstand-2024-200x140.jpg 200w, https:\/\/www.atus-koeflach.at\/2019\/wp-content\/uploads\/2024\/02\/Neuer-Vorstand-2024-300x210.jpg 300w, https:\/\/www.atus-koeflach.at\/2019\/wp-content\/uploads\/2024\/02\/Neuer-Vorstand-2024-400x281.jpg 400w, https:\/\/www.atus-koeflach.at\/2019\/wp-content\/uploads\/2024\/02\/Neuer-Vorstand-2024-600x421.jpg 600w, https:\/\/www.atus-koeflach.at\/2019\/wp-content\/uploads\/2024\/02\/Neuer-Vorstand-2024-768x539.jpg 768w, https:\/\/www.atus-koeflach.at\/2019\/wp-content\/uploads\/2024\/02\/Neuer-Vorstand-2024-800x561.jpg 800w, https:\/\/www.atus-koeflach.at\/2019\/wp-content\/uploads\/2024\/02\/Neuer-Vorstand-2024-1024x718.jpg 1024w, https:\/\/www.atus-koeflach.at\/2019\/wp-content\/uploads\/2024\/02\/Neuer-Vorstand-2024-1200x842.jpg 1200w, https:\/\/www.atus-koeflach.at\/2019\/wp-content\/uploads\/2024\/02\/Neuer-Vorstand-2024-1536x1077.jpg 1536w, https:\/\/www.atus-koeflach.at\/2019\/wp-content\/uploads\/2024\/02\/Neuer-Vorstand-2024.jpg 1755w\" data-sizes=\"auto\" data-orig-sizes=\"(max-width: 1755px) 100vw, 1755px\" \/><\/a><\/li><\/ul><\/div><div class=\"recent-posts-content\"><span class=\"vcard\" style=\"display: none;\"><span class=\"fn\"><a href=\"https:\/\/www.atus-koeflach.at\/2019\/author\/karin\/\" title=\"Beitr\u00e4ge von Karin Krauthackl\" rel=\"author\">Karin Krauthackl<\/a><\/span><\/span><span class=\"updated\" style=\"display:none;\">2024-03-01T14:21:29+01:00<\/span><h4 class=\"entry-title\"><a href=\"https:\/\/www.atus-koeflach.at\/2019\/jahreshauptversammlung-aufbruch-in-eine-neue-aera\/\">Jahreshauptversammlung- Aufbruch in eine neue \u00c4ra:<\/a><\/h4><p class=\"meta\"><span class=\"vcard\" style=\"display: none;\"><span class=\"fn\"><a href=\"https:\/\/www.atus-koeflach.at\/2019\/author\/karin\/\" title=\"Beitr\u00e4ge von Karin Krauthackl\" rel=\"author\">Karin Krauthackl<\/a><\/span><\/span><span class=\"updated\" style=\"display:none;\">2024-03-01T14:21:29+01:00<\/span><span>Februar 28th, 2024<\/span><span class=\"fusion-inline-sep\">|<\/span><\/p><p> ATUS K\u00f6flach-Turnen: Aufbruch in eine neue \u00c4ra: \u00a0 Jahreshauptversammlung mit Neuwahl und Ehrungen Am 17. Februar 2024 fand in einer feierlichen Atmosph\u00e4re die Jahreshauptversammlung und die [...]<\/p><\/div><\/article><article class=\"post fusion-column column col col-lg-12 col-md-12 col-sm-12\"><div class=\"fusion-flexslider fusion-flexslider-loading flexslider floated-slideshow flexslider-hover-type-zoomin\"><ul class=\"slides\"><li><a href=\"https:\/\/www.atus-koeflach.at\/2019\/faschingsspektakel-des-atus-koeflach\/\" aria-label=\"Faschingsspektakel des ATUS K\u00f6flach\" class=\"hover-type-zoomin\"><img loading=\"lazy\" decoding=\"async\" width=\"1600\" height=\"1200\" src=\"https:\/\/www.atus-koeflach.at\/2019\/wp-content\/uploads\/2024\/02\/IMG-20240210-WA0005.jpg\" data-orig-src=\"https:\/\/www.atus-koeflach.at\/2019\/wp-content\/uploads\/2024\/02\/IMG-20240210-WA0005.jpg\" class=\"lazyload attachment-portfolio-five size-portfolio-five\" alt=\"\" srcset=\"data:image\/svg+xml,%3Csvg%20xmlns%3D%27http%3A%2F%2Fwww.w3.org%2F2000%2Fsvg%27%20width%3D%271600%27%20height%3D%271200%27%20viewBox%3D%270%200%201600%201200%27%3E%3Crect%20width%3D%271600%27%20height%3D%271200%27%20fill-opacity%3D%220%22%2F%3E%3C%2Fsvg%3E\" data-srcset=\"https:\/\/www.atus-koeflach.at\/2019\/wp-content\/uploads\/2024\/02\/IMG-20240210-WA0005-200x150.jpg 200w, https:\/\/www.atus-koeflach.at\/2019\/wp-content\/uploads\/2024\/02\/IMG-20240210-WA0005-300x225.jpg 300w, https:\/\/www.atus-koeflach.at\/2019\/wp-content\/uploads\/2024\/02\/IMG-20240210-WA0005-400x300.jpg 400w, https:\/\/www.atus-koeflach.at\/2019\/wp-content\/uploads\/2024\/02\/IMG-20240210-WA0005-600x450.jpg 600w, https:\/\/www.atus-koeflach.at\/2019\/wp-content\/uploads\/2024\/02\/IMG-20240210-WA0005-768x576.jpg 768w, https:\/\/www.atus-koeflach.at\/2019\/wp-content\/uploads\/2024\/02\/IMG-20240210-WA0005-800x600.jpg 800w, https:\/\/www.atus-koeflach.at\/2019\/wp-content\/uploads\/2024\/02\/IMG-20240210-WA0005-1024x768.jpg 1024w, https:\/\/www.atus-koeflach.at\/2019\/wp-content\/uploads\/2024\/02\/IMG-20240210-WA0005-1200x900.jpg 1200w, https:\/\/www.atus-koeflach.at\/2019\/wp-content\/uploads\/2024\/02\/IMG-20240210-WA0005-1536x1152.jpg 1536w, https:\/\/www.atus-koeflach.at\/2019\/wp-content\/uploads\/2024\/02\/IMG-20240210-WA0005.jpg 1600w\" data-sizes=\"auto\" data-orig-sizes=\"(max-width: 1600px) 100vw, 1600px\" \/><\/a><\/li><\/ul><\/div><div class=\"recent-posts-content\"><span class=\"vcard\" style=\"display: none;\"><span class=\"fn\"><a href=\"https:\/\/www.atus-koeflach.at\/2019\/author\/karin\/\" title=\"Beitr\u00e4ge von Karin Krauthackl\" rel=\"author\">Karin Krauthackl<\/a><\/span><\/span><span class=\"updated\" style=\"display:none;\">2024-02-24T14:19:12+01:00<\/span><h4 class=\"entry-title\"><a href=\"https:\/\/www.atus-koeflach.at\/2019\/faschingsspektakel-des-atus-koeflach\/\">Faschingsspektakel des ATUS K\u00f6flach<\/a><\/h4><p class=\"meta\"><span class=\"vcard\" style=\"display: none;\"><span class=\"fn\"><a href=\"https:\/\/www.atus-koeflach.at\/2019\/author\/karin\/\" title=\"Beitr\u00e4ge von Karin Krauthackl\" rel=\"author\">Karin Krauthackl<\/a><\/span><\/span><span class=\"updated\" style=\"display:none;\">2024-02-24T14:19:12+01:00<\/span><span>Februar 24th, 2024<\/span><span class=\"fusion-inline-sep\">|<\/span><\/p><p> \"Faschingsspektakel des ATUS K\u00f6flach mit den jungen Mitgliedern des Vereins, der ATUS Garde sowie der K\u00f6flacher Line Dance Gruppe\"        [...]<\/p><\/div><\/article><article class=\"post fusion-column column col col-lg-12 col-md-12 col-sm-12\"><div class=\"fusion-flexslider fusion-flexslider-loading flexslider floated-slideshow flexslider-hover-type-zoomin\"><ul class=\"slides\"><li><a href=\"https:\/\/www.atus-koeflach.at\/2019\/weihnachtsschauturnen-2023\/\" aria-label=\"Weihnachtsschauturnen 2023\" class=\"hover-type-zoomin\"><img loading=\"lazy\" decoding=\"async\" width=\"1200\" height=\"800\" src=\"https:\/\/www.atus-koeflach.at\/2019\/wp-content\/uploads\/2024\/02\/Schauturnen-des-ATUS-Koeflach-32.jpeg\" data-orig-src=\"https:\/\/www.atus-koeflach.at\/2019\/wp-content\/uploads\/2024\/02\/Schauturnen-des-ATUS-Koeflach-32.jpeg\" class=\"lazyload attachment-portfolio-five size-portfolio-five\" alt=\"\" srcset=\"data:image\/svg+xml,%3Csvg%20xmlns%3D%27http%3A%2F%2Fwww.w3.org%2F2000%2Fsvg%27%20width%3D%271200%27%20height%3D%27800%27%20viewBox%3D%270%200%201200%20800%27%3E%3Crect%20width%3D%271200%27%20height%3D%27800%27%20fill-opacity%3D%220%22%2F%3E%3C%2Fsvg%3E\" data-srcset=\"https:\/\/www.atus-koeflach.at\/2019\/wp-content\/uploads\/2024\/02\/Schauturnen-des-ATUS-Koeflach-32-200x133.jpeg 200w, https:\/\/www.atus-koeflach.at\/2019\/wp-content\/uploads\/2024\/02\/Schauturnen-des-ATUS-Koeflach-32-300x200.jpeg 300w, https:\/\/www.atus-koeflach.at\/2019\/wp-content\/uploads\/2024\/02\/Schauturnen-des-ATUS-Koeflach-32-400x267.jpeg 400w, https:\/\/www.atus-koeflach.at\/2019\/wp-content\/uploads\/2024\/02\/Schauturnen-des-ATUS-Koeflach-32-600x400.jpeg 600w, https:\/\/www.atus-koeflach.at\/2019\/wp-content\/uploads\/2024\/02\/Schauturnen-des-ATUS-Koeflach-32-768x512.jpeg 768w, https:\/\/www.atus-koeflach.at\/2019\/wp-content\/uploads\/2024\/02\/Schauturnen-des-ATUS-Koeflach-32-800x533.jpeg 800w, https:\/\/www.atus-koeflach.at\/2019\/wp-content\/uploads\/2024\/02\/Schauturnen-des-ATUS-Koeflach-32-1024x683.jpeg 1024w, https:\/\/www.atus-koeflach.at\/2019\/wp-content\/uploads\/2024\/02\/Schauturnen-des-ATUS-Koeflach-32.jpeg 1200w\" data-sizes=\"auto\" data-orig-sizes=\"(max-width: 1200px) 100vw, 1200px\" \/><\/a><\/li><li><a href=\"https:\/\/www.atus-koeflach.at\/2019\/weihnachtsschauturnen-2023\/\" aria-label=\"Weihnachtsschauturnen 2023\" class=\"hover-type-zoomin\"><img loading=\"lazy\" decoding=\"async\" width=\"1200\" height=\"862\" src=\"https:\/\/www.atus-koeflach.at\/2019\/wp-content\/uploads\/2024\/02\/Schauturnen-des-ATUS-Koeflach-9.jpeg\" data-orig-src=\"https:\/\/www.atus-koeflach.at\/2019\/wp-content\/uploads\/2024\/02\/Schauturnen-des-ATUS-Koeflach-9.jpeg\" class=\"lazyload attachment-portfolio-five size-portfolio-five\" alt=\"\" srcset=\"data:image\/svg+xml,%3Csvg%20xmlns%3D%27http%3A%2F%2Fwww.w3.org%2F2000%2Fsvg%27%20width%3D%271200%27%20height%3D%27862%27%20viewBox%3D%270%200%201200%20862%27%3E%3Crect%20width%3D%271200%27%20height%3D%27862%27%20fill-opacity%3D%220%22%2F%3E%3C%2Fsvg%3E\" data-srcset=\"https:\/\/www.atus-koeflach.at\/2019\/wp-content\/uploads\/2024\/02\/Schauturnen-des-ATUS-Koeflach-9-200x144.jpeg 200w, https:\/\/www.atus-koeflach.at\/2019\/wp-content\/uploads\/2024\/02\/Schauturnen-des-ATUS-Koeflach-9-300x216.jpeg 300w, https:\/\/www.atus-koeflach.at\/2019\/wp-content\/uploads\/2024\/02\/Schauturnen-des-ATUS-Koeflach-9-400x287.jpeg 400w, https:\/\/www.atus-koeflach.at\/2019\/wp-content\/uploads\/2024\/02\/Schauturnen-des-ATUS-Koeflach-9-600x431.jpeg 600w, https:\/\/www.atus-koeflach.at\/2019\/wp-content\/uploads\/2024\/02\/Schauturnen-des-ATUS-Koeflach-9-768x552.jpeg 768w, https:\/\/www.atus-koeflach.at\/2019\/wp-content\/uploads\/2024\/02\/Schauturnen-des-ATUS-Koeflach-9-800x575.jpeg 800w, https:\/\/www.atus-koeflach.at\/2019\/wp-content\/uploads\/2024\/02\/Schauturnen-des-ATUS-Koeflach-9-1024x736.jpeg 1024w, https:\/\/www.atus-koeflach.at\/2019\/wp-content\/uploads\/2024\/02\/Schauturnen-des-ATUS-Koeflach-9.jpeg 1200w\" data-sizes=\"auto\" data-orig-sizes=\"(max-width: 1200px) 100vw, 1200px\" \/><\/a><\/li><\/ul><\/div><div class=\"recent-posts-content\"><span class=\"vcard\" style=\"display: none;\"><span class=\"fn\"><a href=\"https:\/\/www.atus-koeflach.at\/2019\/author\/karin\/\" title=\"Beitr\u00e4ge von Karin Krauthackl\" rel=\"author\">Karin Krauthackl<\/a><\/span><\/span><span class=\"updated\" style=\"display:none;\">2024-02-11T17:09:51+01:00<\/span><h4 class=\"entry-title\"><a href=\"https:\/\/www.atus-koeflach.at\/2019\/weihnachtsschauturnen-2023\/\">Weihnachtsschauturnen 2023<\/a><\/h4><p class=\"meta\"><span class=\"vcard\" style=\"display: none;\"><span class=\"fn\"><a href=\"https:\/\/www.atus-koeflach.at\/2019\/author\/karin\/\" title=\"Beitr\u00e4ge von Karin Krauthackl\" rel=\"author\">Karin Krauthackl<\/a><\/span><\/span><span class=\"updated\" style=\"display:none;\">2024-02-11T17:09:51+01:00<\/span><span>Februar 11th, 2024<\/span><span class=\"fusion-inline-sep\">|<\/span><\/p><p>Unter dem Motto \u201eSportverein des Jahres\u201c lud am 16. Dezember 2023\u00a0 der ATUS K\u00f6flach-Turnen zum Schauturnen vor vollen Haus. Rund 200 aktive Turnerinnen und Turner machten das [...]<\/p><\/div><\/article><article class=\"post fusion-column column col col-lg-12 col-md-12 col-sm-12\"><div class=\"fusion-flexslider fusion-flexslider-loading flexslider floated-slideshow flexslider-hover-type-zoomin\"><ul class=\"slides\"><li><a href=\"https:\/\/www.atus-koeflach.at\/2019\/kroenender-abschluss-und-grosses-finale\/\" aria-label=\"Kr\u00f6nender Abschluss und gro\u00dfes Finale\" class=\"hover-type-zoomin\"><img loading=\"lazy\" decoding=\"async\" width=\"1024\" height=\"768\" src=\"https:\/\/www.atus-koeflach.at\/2019\/wp-content\/uploads\/2023\/12\/HMS-Gruppe-3.DG_.jpg\" data-orig-src=\"https:\/\/www.atus-koeflach.at\/2019\/wp-content\/uploads\/2023\/12\/HMS-Gruppe-3.DG_.jpg\" class=\"lazyload attachment-portfolio-five size-portfolio-five\" alt=\"\" srcset=\"data:image\/svg+xml,%3Csvg%20xmlns%3D%27http%3A%2F%2Fwww.w3.org%2F2000%2Fsvg%27%20width%3D%271024%27%20height%3D%27768%27%20viewBox%3D%270%200%201024%20768%27%3E%3Crect%20width%3D%271024%27%20height%3D%27768%27%20fill-opacity%3D%220%22%2F%3E%3C%2Fsvg%3E\" data-srcset=\"https:\/\/www.atus-koeflach.at\/2019\/wp-content\/uploads\/2023\/12\/HMS-Gruppe-3.DG_-200x150.jpg 200w, https:\/\/www.atus-koeflach.at\/2019\/wp-content\/uploads\/2023\/12\/HMS-Gruppe-3.DG_-300x225.jpg 300w, https:\/\/www.atus-koeflach.at\/2019\/wp-content\/uploads\/2023\/12\/HMS-Gruppe-3.DG_-400x300.jpg 400w, https:\/\/www.atus-koeflach.at\/2019\/wp-content\/uploads\/2023\/12\/HMS-Gruppe-3.DG_-600x450.jpg 600w, https:\/\/www.atus-koeflach.at\/2019\/wp-content\/uploads\/2023\/12\/HMS-Gruppe-3.DG_-768x576.jpg 768w, https:\/\/www.atus-koeflach.at\/2019\/wp-content\/uploads\/2023\/12\/HMS-Gruppe-3.DG_-800x600.jpg 800w, https:\/\/www.atus-koeflach.at\/2019\/wp-content\/uploads\/2023\/12\/HMS-Gruppe-3.DG_.jpg 1024w\" data-sizes=\"auto\" data-orig-sizes=\"(max-width: 1024px) 100vw, 1024px\" \/><\/a><\/li><\/ul><\/div><div class=\"recent-posts-content\"><span class=\"vcard\" style=\"display: none;\"><span class=\"fn\"><a href=\"https:\/\/www.atus-koeflach.at\/2019\/author\/daniel-krauthackl\/\" title=\"Beitr\u00e4ge von Daniel Krauthackl\" rel=\"author\">Daniel Krauthackl<\/a><\/span><\/span><span class=\"updated\" style=\"display:none;\">2023-12-03T12:54:30+01:00<\/span><h4 class=\"entry-title\"><a href=\"https:\/\/www.atus-koeflach.at\/2019\/kroenender-abschluss-und-grosses-finale\/\">Kr\u00f6nender Abschluss und gro\u00dfes Finale<\/a><\/h4><p class=\"meta\"><span class=\"vcard\" style=\"display: none;\"><span class=\"fn\"><a href=\"https:\/\/www.atus-koeflach.at\/2019\/author\/daniel-krauthackl\/\" title=\"Beitr\u00e4ge von Daniel Krauthackl\" rel=\"author\">Daniel Krauthackl<\/a><\/span><\/span><span class=\"updated\" style=\"display:none;\">2023-12-03T12:54:30+01:00<\/span><span>Dezember 3rd, 2023<\/span><span class=\"fusion-inline-sep\">|<\/span><\/p><p> Als kr\u00f6nenden Abschluss der Saison holten die Turner:innen des ATUS K\u00f6flach bei der letzten steirischen Herbstmeisterschaft in Graz gleich 16 Medaillen! Zum \u201egro\u00dfen Finale\u201c l\u00e4dt der [...]<\/p><\/div><\/article><article class=\"post fusion-column column col col-lg-12 col-md-12 col-sm-12\"><div class=\"fusion-flexslider fusion-flexslider-loading flexslider floated-slideshow flexslider-hover-type-zoomin\"><ul class=\"slides\"><li><a href=\"https:\/\/www.atus-koeflach.at\/2019\/atus-koeflach-turnen-ist-sportverein-des-jahres-2023\/\" aria-label=\"ATUS K\u00f6flach-Turnen ist \u201eSportverein des Jahres 2023\u201c\" class=\"hover-type-zoomin\"><img loading=\"lazy\" decoding=\"async\" width=\"177\" height=\"142\" src=\"data:image\/svg+xml,%3Csvg%20xmlns%3D%27http%3A%2F%2Fwww.w3.org%2F2000%2Fsvg%27%20width%3D%27177%27%20height%3D%27142%27%20viewBox%3D%270%200%20177%20142%27%3E%3Crect%20width%3D%27177%27%20height%3D%27142%27%20fill-opacity%3D%220%22%2F%3E%3C%2Fsvg%3E\" data-orig-src=\"https:\/\/www.atus-koeflach.at\/2019\/wp-content\/uploads\/2023\/11\/Scheriau_20231115UB0102-177x142.jpg\" class=\"lazyload attachment-portfolio-five size-portfolio-five\" alt=\"\" \/><\/a><\/li><li><a href=\"https:\/\/www.atus-koeflach.at\/2019\/atus-koeflach-turnen-ist-sportverein-des-jahres-2023\/\" aria-label=\"ATUS K\u00f6flach-Turnen ist \u201eSportverein des Jahres 2023\u201c\" class=\"hover-type-zoomin\"><img loading=\"lazy\" decoding=\"async\" width=\"1799\" height=\"2560\" src=\"https:\/\/www.atus-koeflach.at\/2019\/wp-content\/uploads\/2023\/11\/20231211_135702-scaled.jpg\" data-orig-src=\"https:\/\/www.atus-koeflach.at\/2019\/wp-content\/uploads\/2023\/11\/20231211_135702-scaled.jpg\" class=\"lazyload attachment-portfolio-five size-portfolio-five\" alt=\"\" srcset=\"data:image\/svg+xml,%3Csvg%20xmlns%3D%27http%3A%2F%2Fwww.w3.org%2F2000%2Fsvg%27%20width%3D%271799%27%20height%3D%272560%27%20viewBox%3D%270%200%201799%202560%27%3E%3Crect%20width%3D%271799%27%20height%3D%272560%27%20fill-opacity%3D%220%22%2F%3E%3C%2Fsvg%3E\" data-srcset=\"https:\/\/www.atus-koeflach.at\/2019\/wp-content\/uploads\/2023\/11\/20231211_135702-200x285.jpg 200w, https:\/\/www.atus-koeflach.at\/2019\/wp-content\/uploads\/2023\/11\/20231211_135702-211x300.jpg 211w, https:\/\/www.atus-koeflach.at\/2019\/wp-content\/uploads\/2023\/11\/20231211_135702-400x569.jpg 400w, https:\/\/www.atus-koeflach.at\/2019\/wp-content\/uploads\/2023\/11\/20231211_135702-600x854.jpg 600w, https:\/\/www.atus-koeflach.at\/2019\/wp-content\/uploads\/2023\/11\/20231211_135702-720x1024.jpg 720w, https:\/\/www.atus-koeflach.at\/2019\/wp-content\/uploads\/2023\/11\/20231211_135702-768x1093.jpg 768w, https:\/\/www.atus-koeflach.at\/2019\/wp-content\/uploads\/2023\/11\/20231211_135702-800x1138.jpg 800w, https:\/\/www.atus-koeflach.at\/2019\/wp-content\/uploads\/2023\/11\/20231211_135702-1079x1536.jpg 1079w, https:\/\/www.atus-koeflach.at\/2019\/wp-content\/uploads\/2023\/11\/20231211_135702-1200x1707.jpg 1200w, https:\/\/www.atus-koeflach.at\/2019\/wp-content\/uploads\/2023\/11\/20231211_135702-1439x2048.jpg 1439w, https:\/\/www.atus-koeflach.at\/2019\/wp-content\/uploads\/2023\/11\/20231211_135702-scaled.jpg 1799w\" data-sizes=\"auto\" data-orig-sizes=\"(max-width: 1799px) 100vw, 1799px\" \/><\/a><\/li><li><a href=\"https:\/\/www.atus-koeflach.at\/2019\/atus-koeflach-turnen-ist-sportverein-des-jahres-2023\/\" aria-label=\"ATUS K\u00f6flach-Turnen ist \u201eSportverein des Jahres 2023\u201c\" class=\"hover-type-zoomin\"><img loading=\"lazy\" decoding=\"async\" width=\"1483\" height=\"2187\" src=\"https:\/\/www.atus-koeflach.at\/2019\/wp-content\/uploads\/2023\/11\/20231211_140117-1.jpg\" data-orig-src=\"https:\/\/www.atus-koeflach.at\/2019\/wp-content\/uploads\/2023\/11\/20231211_140117-1.jpg\" class=\"lazyload attachment-portfolio-five size-portfolio-five\" alt=\"\" srcset=\"data:image\/svg+xml,%3Csvg%20xmlns%3D%27http%3A%2F%2Fwww.w3.org%2F2000%2Fsvg%27%20width%3D%271483%27%20height%3D%272187%27%20viewBox%3D%270%200%201483%202187%27%3E%3Crect%20width%3D%271483%27%20height%3D%272187%27%20fill-opacity%3D%220%22%2F%3E%3C%2Fsvg%3E\" data-srcset=\"https:\/\/www.atus-koeflach.at\/2019\/wp-content\/uploads\/2023\/11\/20231211_140117-1-200x295.jpg 200w, https:\/\/www.atus-koeflach.at\/2019\/wp-content\/uploads\/2023\/11\/20231211_140117-1-203x300.jpg 203w, https:\/\/www.atus-koeflach.at\/2019\/wp-content\/uploads\/2023\/11\/20231211_140117-1-400x590.jpg 400w, https:\/\/www.atus-koeflach.at\/2019\/wp-content\/uploads\/2023\/11\/20231211_140117-1-600x885.jpg 600w, https:\/\/www.atus-koeflach.at\/2019\/wp-content\/uploads\/2023\/11\/20231211_140117-1-694x1024.jpg 694w, https:\/\/www.atus-koeflach.at\/2019\/wp-content\/uploads\/2023\/11\/20231211_140117-1-768x1133.jpg 768w, https:\/\/www.atus-koeflach.at\/2019\/wp-content\/uploads\/2023\/11\/20231211_140117-1-800x1180.jpg 800w, https:\/\/www.atus-koeflach.at\/2019\/wp-content\/uploads\/2023\/11\/20231211_140117-1-1042x1536.jpg 1042w, https:\/\/www.atus-koeflach.at\/2019\/wp-content\/uploads\/2023\/11\/20231211_140117-1-1200x1770.jpg 1200w, https:\/\/www.atus-koeflach.at\/2019\/wp-content\/uploads\/2023\/11\/20231211_140117-1-1389x2048.jpg 1389w, https:\/\/www.atus-koeflach.at\/2019\/wp-content\/uploads\/2023\/11\/20231211_140117-1.jpg 1483w\" data-sizes=\"auto\" data-orig-sizes=\"(max-width: 1483px) 100vw, 1483px\" \/><\/a><\/li><\/ul><\/div><div class=\"recent-posts-content\"><span class=\"vcard\" style=\"display: none;\"><span class=\"fn\"><a href=\"https:\/\/www.atus-koeflach.at\/2019\/author\/daniel-krauthackl\/\" title=\"Beitr\u00e4ge von Daniel Krauthackl\" rel=\"author\">Daniel Krauthackl<\/a><\/span><\/span><span class=\"updated\" style=\"display:none;\">2024-02-11T17:13:42+01:00<\/span><h4 class=\"entry-title\"><a href=\"https:\/\/www.atus-koeflach.at\/2019\/atus-koeflach-turnen-ist-sportverein-des-jahres-2023\/\">ATUS K\u00f6flach-Turnen ist \u201eSportverein des Jahres 2023\u201c<\/a><\/h4><p class=\"meta\"><span class=\"vcard\" style=\"display: none;\"><span class=\"fn\"><a href=\"https:\/\/www.atus-koeflach.at\/2019\/author\/daniel-krauthackl\/\" title=\"Beitr\u00e4ge von Daniel Krauthackl\" rel=\"author\">Daniel Krauthackl<\/a><\/span><\/span><span class=\"updated\" style=\"display:none;\">2024-02-11T17:13:42+01:00<\/span><span>November 20th, 2023<\/span><span class=\"fusion-inline-sep\">|<\/span><\/p><p> Riesengro\u00dfe Freude beim ATUS K\u00f6flach! Der Turnverein aus der Lipizzanerstadt wurde vom Land Steiermark zum steirischen \u201eSportverein des Jahres 2023\u201c gek\u00fcrt. \u00a0\u201eWir wurden von der Landessportorganisation [...]<\/p><\/div><\/article><article class=\"post fusion-column column col col-lg-12 col-md-12 col-sm-12\"><div class=\"fusion-flexslider fusion-flexslider-loading flexslider floated-slideshow flexslider-hover-type-zoomin\"><ul class=\"slides\"><li><a href=\"https:\/\/www.atus-koeflach.at\/2019\/oesterreichische-jugendmeisterschaft-im-kunstturnen\/\" aria-label=\"\u00d6sterreichische Jugendmeisterschaft im Kunstturnen\" class=\"hover-type-zoomin\"><img loading=\"lazy\" decoding=\"async\" width=\"2015\" height=\"1665\" src=\"https:\/\/www.atus-koeflach.at\/2019\/wp-content\/uploads\/2023\/11\/Oesterreichische_Jugendmeisterschaft_2023_2.jpg\" data-orig-src=\"https:\/\/www.atus-koeflach.at\/2019\/wp-content\/uploads\/2023\/11\/Oesterreichische_Jugendmeisterschaft_2023_2.jpg\" class=\"lazyload attachment-portfolio-five size-portfolio-five\" alt=\"\" srcset=\"data:image\/svg+xml,%3Csvg%20xmlns%3D%27http%3A%2F%2Fwww.w3.org%2F2000%2Fsvg%27%20width%3D%272015%27%20height%3D%271665%27%20viewBox%3D%270%200%202015%201665%27%3E%3Crect%20width%3D%272015%27%20height%3D%271665%27%20fill-opacity%3D%220%22%2F%3E%3C%2Fsvg%3E\" data-srcset=\"https:\/\/www.atus-koeflach.at\/2019\/wp-content\/uploads\/2023\/11\/Oesterreichische_Jugendmeisterschaft_2023_2-200x165.jpg 200w, https:\/\/www.atus-koeflach.at\/2019\/wp-content\/uploads\/2023\/11\/Oesterreichische_Jugendmeisterschaft_2023_2-300x248.jpg 300w, https:\/\/www.atus-koeflach.at\/2019\/wp-content\/uploads\/2023\/11\/Oesterreichische_Jugendmeisterschaft_2023_2-400x331.jpg 400w, https:\/\/www.atus-koeflach.at\/2019\/wp-content\/uploads\/2023\/11\/Oesterreichische_Jugendmeisterschaft_2023_2-600x496.jpg 600w, https:\/\/www.atus-koeflach.at\/2019\/wp-content\/uploads\/2023\/11\/Oesterreichische_Jugendmeisterschaft_2023_2-768x635.jpg 768w, https:\/\/www.atus-koeflach.at\/2019\/wp-content\/uploads\/2023\/11\/Oesterreichische_Jugendmeisterschaft_2023_2-800x661.jpg 800w, https:\/\/www.atus-koeflach.at\/2019\/wp-content\/uploads\/2023\/11\/Oesterreichische_Jugendmeisterschaft_2023_2-1024x846.jpg 1024w, https:\/\/www.atus-koeflach.at\/2019\/wp-content\/uploads\/2023\/11\/Oesterreichische_Jugendmeisterschaft_2023_2-1200x992.jpg 1200w, https:\/\/www.atus-koeflach.at\/2019\/wp-content\/uploads\/2023\/11\/Oesterreichische_Jugendmeisterschaft_2023_2-1536x1269.jpg 1536w, https:\/\/www.atus-koeflach.at\/2019\/wp-content\/uploads\/2023\/11\/Oesterreichische_Jugendmeisterschaft_2023_2.jpg 2015w\" data-sizes=\"auto\" data-orig-sizes=\"(max-width: 2015px) 100vw, 2015px\" \/><\/a><\/li><\/ul><\/div><div class=\"recent-posts-content\"><span class=\"vcard\" style=\"display: none;\"><span class=\"fn\"><a href=\"https:\/\/www.atus-koeflach.at\/2019\/author\/daniel-krauthackl\/\" title=\"Beitr\u00e4ge von Daniel Krauthackl\" rel=\"author\">Daniel Krauthackl<\/a><\/span><\/span><span class=\"updated\" style=\"display:none;\">2023-11-22T11:33:19+01:00<\/span><h4 class=\"entry-title\"><a href=\"https:\/\/www.atus-koeflach.at\/2019\/oesterreichische-jugendmeisterschaft-im-kunstturnen\/\">\u00d6sterreichische Jugendmeisterschaft im Kunstturnen<\/a><\/h4><p class=\"meta\"><span class=\"vcard\" style=\"display: none;\"><span class=\"fn\"><a href=\"https:\/\/www.atus-koeflach.at\/2019\/author\/daniel-krauthackl\/\" title=\"Beitr\u00e4ge von Daniel Krauthackl\" rel=\"author\">Daniel Krauthackl<\/a><\/span><\/span><span class=\"updated\" style=\"display:none;\">2023-11-22T11:33:19+01:00<\/span><span>November 15th, 2023<\/span><span class=\"fusion-inline-sep\">|<\/span><\/p><p> Lilian Lamperter und Lana Zarfl schlugen sich wacker gegen starke Konkurrenz 153 aufstrebende Talente im Alter von 8 bis 14 Jahren k\u00e4mpften bei der 51. \u00d6sterreichischen [...]<\/p><\/div><\/article><article class=\"post fusion-column column col col-lg-12 col-md-12 col-sm-12\"><div class=\"fusion-flexslider fusion-flexslider-loading flexslider floated-slideshow flexslider-hover-type-zoomin\"><ul class=\"slides\"><li><a href=\"https:\/\/www.atus-koeflach.at\/2019\/3-platz-fuer-lilian-lamperter-bei-den-askoe-bundesmeisterschaften\/\" aria-label=\"3. Platz f\u00fcr Lilian Lamperter bei den ASK\u00d6-Bundesmeisterschaften\" class=\"hover-type-zoomin\"><img loading=\"lazy\" decoding=\"async\" width=\"177\" height=\"142\" src=\"https:\/\/www.atus-koeflach.at\/2019\/wp-content\/uploads\/2023\/10\/20231021_193943-177x142.jpg\" data-orig-src=\"https:\/\/www.atus-koeflach.at\/2019\/wp-content\/uploads\/2023\/10\/20231021_193943-177x142.jpg\" class=\"lazyload attachment-portfolio-five size-portfolio-five\" alt=\"\" srcset=\"data:image\/svg+xml,%3Csvg%20xmlns%3D%27http%3A%2F%2Fwww.w3.org%2F2000%2Fsvg%27%20width%3D%27177%27%20height%3D%27142%27%20viewBox%3D%270%200%20177%20142%27%3E%3Crect%20width%3D%27177%27%20height%3D%27142%27%20fill-opacity%3D%220%22%2F%3E%3C%2Fsvg%3E\" data-srcset=\"https:\/\/www.atus-koeflach.at\/2019\/wp-content\/uploads\/2023\/10\/20231021_193943-177x142.jpg 177w, https:\/\/www.atus-koeflach.at\/2019\/wp-content\/uploads\/2023\/10\/20231021_193943-200x160.jpg 200w, https:\/\/www.atus-koeflach.at\/2019\/wp-content\/uploads\/2023\/10\/20231021_193943-300x240.jpg 300w, https:\/\/www.atus-koeflach.at\/2019\/wp-content\/uploads\/2023\/10\/20231021_193943-400x321.jpg 400w, https:\/\/www.atus-koeflach.at\/2019\/wp-content\/uploads\/2023\/10\/20231021_193943-600x481.jpg 600w, https:\/\/www.atus-koeflach.at\/2019\/wp-content\/uploads\/2023\/10\/20231021_193943-768x615.jpg 768w, https:\/\/www.atus-koeflach.at\/2019\/wp-content\/uploads\/2023\/10\/20231021_193943-800x641.jpg 800w, https:\/\/www.atus-koeflach.at\/2019\/wp-content\/uploads\/2023\/10\/20231021_193943-1024x821.jpg 1024w, https:\/\/www.atus-koeflach.at\/2019\/wp-content\/uploads\/2023\/10\/20231021_193943-1200x962.jpg 1200w, https:\/\/www.atus-koeflach.at\/2019\/wp-content\/uploads\/2023\/10\/20231021_193943-1536x1231.jpg 1536w\" data-sizes=\"auto\" data-orig-sizes=\"(max-width: 177px) 100vw, 177px\" \/><\/a><\/li><\/ul><\/div><div class=\"recent-posts-content\"><span class=\"vcard\" style=\"display: none;\"><span class=\"fn\"><a href=\"https:\/\/www.atus-koeflach.at\/2019\/author\/daniel-krauthackl\/\" title=\"Beitr\u00e4ge von Daniel Krauthackl\" rel=\"author\">Daniel Krauthackl<\/a><\/span><\/span><span class=\"updated\" style=\"display:none;\">2023-10-29T18:57:32+01:00<\/span><h4 class=\"entry-title\"><a href=\"https:\/\/www.atus-koeflach.at\/2019\/3-platz-fuer-lilian-lamperter-bei-den-askoe-bundesmeisterschaften\/\">3. Platz f\u00fcr Lilian Lamperter bei den ASK\u00d6-Bundesmeisterschaften<\/a><\/h4><p class=\"meta\"><span class=\"vcard\" style=\"display: none;\"><span class=\"fn\"><a href=\"https:\/\/www.atus-koeflach.at\/2019\/author\/daniel-krauthackl\/\" title=\"Beitr\u00e4ge von Daniel Krauthackl\" rel=\"author\">Daniel Krauthackl<\/a><\/span><\/span><span class=\"updated\" style=\"display:none;\">2023-10-29T18:57:32+01:00<\/span><span>Oktober 29th, 2023<\/span><span class=\"fusion-inline-sep\">|<\/span><\/p><p> In Klagenfurt fanden am 21. Oktober 2023 die offenen K\u00e4rntner Landesmeisterschaften im Kunstturnen statt, die zeitgleich mit den ASK\u00d6-Bundesmeisterschaften abgehalten wurden. Ein gro\u00dfes Teilnehmerfeld aus verschiedenen [...]<\/p><\/div><\/article><article class=\"post fusion-column column col col-lg-12 col-md-12 col-sm-12\"><div class=\"fusion-flexslider fusion-flexslider-loading flexslider floated-slideshow flexslider-hover-type-zoomin\"><ul class=\"slides\"><li><a href=\"https:\/\/www.atus-koeflach.at\/2019\/1-medaille-und-2-tickets-fuer-die-staatsmeisterschaft\/\" aria-label=\"1 Medaille und 2 Tickets f\u00fcr die Staatsmeisterschaft\" class=\"hover-type-zoomin\"><img loading=\"lazy\" decoding=\"async\" width=\"177\" height=\"142\" src=\"data:image\/svg+xml,%3Csvg%20xmlns%3D%27http%3A%2F%2Fwww.w3.org%2F2000%2Fsvg%27%20width%3D%27177%27%20height%3D%27142%27%20viewBox%3D%270%200%20177%20142%27%3E%3Crect%20width%3D%27177%27%20height%3D%27142%27%20fill-opacity%3D%220%22%2F%3E%3C%2Fsvg%3E\" data-orig-src=\"https:\/\/www.atus-koeflach.at\/2019\/wp-content\/uploads\/2023\/10\/WhatsApp-Bild-2023-10-14-um-12.41.13_32552f9c-177x142.jpg\" class=\"lazyload attachment-portfolio-five size-portfolio-five\" alt=\"\" \/><\/a><\/li><\/ul><\/div><div class=\"recent-posts-content\"><span class=\"vcard\" style=\"display: none;\"><span class=\"fn\"><a href=\"https:\/\/www.atus-koeflach.at\/2019\/author\/daniel-krauthackl\/\" title=\"Beitr\u00e4ge von Daniel Krauthackl\" rel=\"author\">Daniel Krauthackl<\/a><\/span><\/span><span class=\"updated\" style=\"display:none;\">2023-10-23T17:15:13+02:00<\/span><h4 class=\"entry-title\"><a href=\"https:\/\/www.atus-koeflach.at\/2019\/1-medaille-und-2-tickets-fuer-die-staatsmeisterschaft\/\">1 Medaille und 2 Tickets f\u00fcr die Staatsmeisterschaft<\/a><\/h4><p class=\"meta\"><span class=\"vcard\" style=\"display: none;\"><span class=\"fn\"><a href=\"https:\/\/www.atus-koeflach.at\/2019\/author\/daniel-krauthackl\/\" title=\"Beitr\u00e4ge von Daniel Krauthackl\" rel=\"author\">Daniel Krauthackl<\/a><\/span><\/span><span class=\"updated\" style=\"display:none;\">2023-10-23T17:15:13+02:00<\/span><span>Oktober 23rd, 2023<\/span><span class=\"fusion-inline-sep\">|<\/span><\/p><p> Mit exzellenten Leistungen \u00fcberzeugten die Kunstturnerinnen des ATUS K\u00f6flach bei der offenen Steirischen Herbstmeisterschaft am 7. Okt. 2023 in Graz. Bei der offenen Steirischen Herbstmeisterschaft im [...]<\/p><\/div><\/article><article class=\"post fusion-column column col col-lg-12 col-md-12 col-sm-12\"><div class=\"fusion-flexslider fusion-flexslider-loading flexslider floated-slideshow flexslider-hover-type-zoomin\"><ul class=\"slides\"><li><a href=\"https:\/\/www.atus-koeflach.at\/2019\/koeflacher-sommerferienzeit-ferienspass\/\" aria-label=\"K\u00f6flacher Sommerferienzeit 2023 \u2013 Ferienspa\u00df\" class=\"hover-type-zoomin\"><img loading=\"lazy\" decoding=\"async\" width=\"177\" height=\"142\" src=\"data:image\/svg+xml,%3Csvg%20xmlns%3D%27http%3A%2F%2Fwww.w3.org%2F2000%2Fsvg%27%20width%3D%27177%27%20height%3D%27142%27%20viewBox%3D%270%200%20177%20142%27%3E%3Crect%20width%3D%27177%27%20height%3D%27142%27%20fill-opacity%3D%220%22%2F%3E%3C%2Fsvg%3E\" data-orig-src=\"https:\/\/www.atus-koeflach.at\/2019\/wp-content\/uploads\/2023\/09\/20230906_102953-177x142.jpg\" class=\"lazyload attachment-portfolio-five size-portfolio-five\" alt=\"\" \/><\/a><\/li><li><a href=\"https:\/\/www.atus-koeflach.at\/2019\/koeflacher-sommerferienzeit-ferienspass\/\" aria-label=\"K\u00f6flacher Sommerferienzeit 2023 \u2013 Ferienspa\u00df\" class=\"hover-type-zoomin\"><img loading=\"lazy\" decoding=\"async\" width=\"177\" height=\"142\" src=\"data:image\/svg+xml,%3Csvg%20xmlns%3D%27http%3A%2F%2Fwww.w3.org%2F2000%2Fsvg%27%20width%3D%27177%27%20height%3D%27142%27%20viewBox%3D%270%200%20177%20142%27%3E%3Crect%20width%3D%27177%27%20height%3D%27142%27%20fill-opacity%3D%220%22%2F%3E%3C%2Fsvg%3E\" data-orig-src=\"https:\/\/www.atus-koeflach.at\/2019\/wp-content\/uploads\/2023\/09\/20230905_151629-177x142.jpg\" class=\"lazyload attachment-portfolio-five size-portfolio-five\" alt=\"\" \/><\/a><\/li><li><a href=\"https:\/\/www.atus-koeflach.at\/2019\/koeflacher-sommerferienzeit-ferienspass\/\" aria-label=\"K\u00f6flacher Sommerferienzeit 2023 \u2013 Ferienspa\u00df\" class=\"hover-type-zoomin\"><img loading=\"lazy\" decoding=\"async\" width=\"177\" height=\"142\" src=\"data:image\/svg+xml,%3Csvg%20xmlns%3D%27http%3A%2F%2Fwww.w3.org%2F2000%2Fsvg%27%20width%3D%27177%27%20height%3D%27142%27%20viewBox%3D%270%200%20177%20142%27%3E%3Crect%20width%3D%27177%27%20height%3D%27142%27%20fill-opacity%3D%220%22%2F%3E%3C%2Fsvg%3E\" data-orig-src=\"https:\/\/www.atus-koeflach.at\/2019\/wp-content\/uploads\/2023\/09\/20230906_141126-177x142.jpg\" class=\"lazyload attachment-portfolio-five size-portfolio-five\" alt=\"\" \/><\/a><\/li><li><a href=\"https:\/\/www.atus-koeflach.at\/2019\/koeflacher-sommerferienzeit-ferienspass\/\" aria-label=\"K\u00f6flacher Sommerferienzeit 2023 \u2013 Ferienspa\u00df\" class=\"hover-type-zoomin\"><img loading=\"lazy\" decoding=\"async\" width=\"177\" height=\"142\" src=\"data:image\/svg+xml,%3Csvg%20xmlns%3D%27http%3A%2F%2Fwww.w3.org%2F2000%2Fsvg%27%20width%3D%27177%27%20height%3D%27142%27%20viewBox%3D%270%200%20177%20142%27%3E%3Crect%20width%3D%27177%27%20height%3D%27142%27%20fill-opacity%3D%220%22%2F%3E%3C%2Fsvg%3E\" data-orig-src=\"https:\/\/www.atus-koeflach.at\/2019\/wp-content\/uploads\/2023\/09\/IMG-20230721-WA0003-177x142.jpg\" class=\"lazyload attachment-portfolio-five size-portfolio-five\" alt=\"\" \/><\/a><\/li><\/ul><\/div><div class=\"recent-posts-content\"><span class=\"vcard\" style=\"display: none;\"><span class=\"fn\"><a href=\"https:\/\/www.atus-koeflach.at\/2019\/author\/karin\/\" title=\"Beitr\u00e4ge von Karin Krauthackl\" rel=\"author\">Karin Krauthackl<\/a><\/span><\/span><span class=\"updated\" style=\"display:none;\">2023-09-14T21:07:07+02:00<\/span><h4 class=\"entry-title\"><a href=\"https:\/\/www.atus-koeflach.at\/2019\/koeflacher-sommerferienzeit-ferienspass\/\">K\u00f6flacher Sommerferienzeit 2023 \u2013 Ferienspa\u00df<\/a><\/h4><p class=\"meta\"><span class=\"vcard\" style=\"display: none;\"><span class=\"fn\"><a href=\"https:\/\/www.atus-koeflach.at\/2019\/author\/karin\/\" title=\"Beitr\u00e4ge von Karin Krauthackl\" rel=\"author\">Karin Krauthackl<\/a><\/span><\/span><span class=\"updated\" style=\"display:none;\">2023-09-14T21:07:07+02:00<\/span><span>September 14th, 2023<\/span><span class=\"fusion-inline-sep\">|<\/span><\/p><p>Einen vollen Erfolg konnte der ATUS K\u00f6flach\u2013Turnen im Rahmen der \u201eK\u00f6flacher Sommerferienzeit 2023\u201c bei seinen Ferien-Turnaktionen verbuchen. \u00dcber 100 Kinder nahmen an den abwechslungsreichen Angeboten teil, die [...]<\/p><\/div><\/article><article class=\"post fusion-column column col col-lg-12 col-md-12 col-sm-12\"><div class=\"fusion-flexslider fusion-flexslider-loading flexslider floated-slideshow flexslider-hover-type-zoomin\"><ul class=\"slides\"><li><a href=\"https:\/\/www.atus-koeflach.at\/2019\/sommerturncamp-2023\/\" aria-label=\"Sommerturncamp 2023\" class=\"hover-type-zoomin\"><img loading=\"lazy\" decoding=\"async\" width=\"177\" height=\"142\" src=\"data:image\/svg+xml,%3Csvg%20xmlns%3D%27http%3A%2F%2Fwww.w3.org%2F2000%2Fsvg%27%20width%3D%27177%27%20height%3D%27142%27%20viewBox%3D%270%200%20177%20142%27%3E%3Crect%20width%3D%27177%27%20height%3D%27142%27%20fill-opacity%3D%220%22%2F%3E%3C%2Fsvg%3E\" data-orig-src=\"https:\/\/www.atus-koeflach.at\/2019\/wp-content\/uploads\/2023\/09\/20230728_125438-177x142.jpg\" class=\"lazyload attachment-portfolio-five size-portfolio-five\" alt=\"\" \/><\/a><\/li><\/ul><\/div><div class=\"recent-posts-content\"><span class=\"vcard\" style=\"display: none;\"><span class=\"fn\"><a href=\"https:\/\/www.atus-koeflach.at\/2019\/author\/karin\/\" title=\"Beitr\u00e4ge von Karin Krauthackl\" rel=\"author\">Karin Krauthackl<\/a><\/span><\/span><span class=\"updated\" style=\"display:none;\">2023-09-14T19:24:35+02:00<\/span><h4 class=\"entry-title\"><a href=\"https:\/\/www.atus-koeflach.at\/2019\/sommerturncamp-2023\/\">Sommerturncamp 2023<\/a><\/h4><p class=\"meta\"><span class=\"vcard\" style=\"display: none;\"><span class=\"fn\"><a href=\"https:\/\/www.atus-koeflach.at\/2019\/author\/karin\/\" title=\"Beitr\u00e4ge von Karin Krauthackl\" rel=\"author\">Karin Krauthackl<\/a><\/span><\/span><span class=\"updated\" style=\"display:none;\">2023-09-14T19:24:35+02:00<\/span><span>September 14th, 2023<\/span><span class=\"fusion-inline-sep\">|<\/span><\/p><p>Das Sommerturncamp\u00a0 (24.07. bis 28.07.2023) des ATUS K\u00f6flach war wieder ein voller Erfolg! Rund 30 TurnerInnen im Alter von 3 bis 15 Jahren erlebten eine spannende Woche [...]<\/p><\/div><\/article><article class=\"post fusion-column column col col-lg-12 col-md-12 col-sm-12\"><div class=\"fusion-flexslider fusion-flexslider-loading flexslider floated-slideshow flexslider-hover-type-zoomin\"><ul class=\"slides\"><li><a href=\"https:\/\/www.atus-koeflach.at\/2019\/askoe-bundesleistungskurs-turn-10-kindberg\/\" aria-label=\"ASK\u00d6 Bundesleistungskurs Turn 10 &#8211; Kindberg\" class=\"hover-type-zoomin\"><img loading=\"lazy\" decoding=\"async\" width=\"177\" height=\"142\" src=\"data:image\/svg+xml,%3Csvg%20xmlns%3D%27http%3A%2F%2Fwww.w3.org%2F2000%2Fsvg%27%20width%3D%27177%27%20height%3D%27142%27%20viewBox%3D%270%200%20177%20142%27%3E%3Crect%20width%3D%27177%27%20height%3D%27142%27%20fill-opacity%3D%220%22%2F%3E%3C%2Fsvg%3E\" data-orig-src=\"https:\/\/www.atus-koeflach.at\/2019\/wp-content\/uploads\/2023\/07\/kindber2023-177x142.jpg\" class=\"lazyload attachment-portfolio-five size-portfolio-five\" alt=\"\" \/><\/a><\/li><\/ul><\/div><div class=\"recent-posts-content\"><span class=\"vcard\" style=\"display: none;\"><span class=\"fn\"><a href=\"https:\/\/www.atus-koeflach.at\/2019\/author\/daniel-krauthackl\/\" title=\"Beitr\u00e4ge von Daniel Krauthackl\" rel=\"author\">Daniel Krauthackl<\/a><\/span><\/span><span class=\"updated\" style=\"display:none;\">2023-07-02T19:54:30+02:00<\/span><h4 class=\"entry-title\"><a href=\"https:\/\/www.atus-koeflach.at\/2019\/askoe-bundesleistungskurs-turn-10-kindberg\/\">ASK\u00d6 Bundesleistungskurs Turn 10 &#8211; Kindberg<\/a><\/h4><p class=\"meta\"><span class=\"vcard\" style=\"display: none;\"><span class=\"fn\"><a href=\"https:\/\/www.atus-koeflach.at\/2019\/author\/daniel-krauthackl\/\" title=\"Beitr\u00e4ge von Daniel Krauthackl\" rel=\"author\">Daniel Krauthackl<\/a><\/span><\/span><span class=\"updated\" style=\"display:none;\">2023-07-02T19:54:30+02:00<\/span><span>Juli 2nd, 2023<\/span><span class=\"fusion-inline-sep\">|<\/span><\/p><p>Am 17.6.2023 fand das 2. ASK\u00d6 Bundesleistungs-Training \u201eTurn10\u201c statt. Diesmal hat es die Turnerinnen und Trainer nach Kindberg verschlagen, denn der Trainingslehrgang wurde diesmal in der Steiermark [...]<\/p><\/div><\/article><article class=\"post fusion-column column col col-lg-12 col-md-12 col-sm-12\"><div class=\"fusion-flexslider fusion-flexslider-loading flexslider floated-slideshow flexslider-hover-type-zoomin\"><ul class=\"slides\"><li><a href=\"https:\/\/www.atus-koeflach.at\/2019\/debuetantin-lilian-lamperter-schlug-sich-wacker-gegen-uebermaechtige-konkurrenz\/\" aria-label=\"Deb\u00fctantin Lilian Lamperter schlug sich wacker gegen \u00fcberm\u00e4chtige Konkurrenz\" class=\"hover-type-zoomin\"><img loading=\"lazy\" decoding=\"async\" width=\"177\" height=\"142\" src=\"data:image\/svg+xml,%3Csvg%20xmlns%3D%27http%3A%2F%2Fwww.w3.org%2F2000%2Fsvg%27%20width%3D%27177%27%20height%3D%27142%27%20viewBox%3D%270%200%20177%20142%27%3E%3Crect%20width%3D%27177%27%20height%3D%27142%27%20fill-opacity%3D%220%22%2F%3E%3C%2Fsvg%3E\" data-orig-src=\"https:\/\/www.atus-koeflach.at\/2019\/wp-content\/uploads\/2023\/05\/OeM-23-MZ-21-scaled-e1685559589281-177x142.jpg\" class=\"lazyload attachment-portfolio-five size-portfolio-five\" alt=\"\" \/><\/a><\/li><\/ul><\/div><div class=\"recent-posts-content\"><span class=\"vcard\" style=\"display: none;\"><span class=\"fn\"><a href=\"https:\/\/www.atus-koeflach.at\/2019\/author\/daniel-krauthackl\/\" title=\"Beitr\u00e4ge von Daniel Krauthackl\" rel=\"author\">Daniel Krauthackl<\/a><\/span><\/span><span class=\"updated\" style=\"display:none;\">2023-05-31T20:59:59+02:00<\/span><h4 class=\"entry-title\"><a href=\"https:\/\/www.atus-koeflach.at\/2019\/debuetantin-lilian-lamperter-schlug-sich-wacker-gegen-uebermaechtige-konkurrenz\/\">Deb\u00fctantin Lilian Lamperter schlug sich wacker gegen \u00fcberm\u00e4chtige Konkurrenz<\/a><\/h4><p class=\"meta\"><span class=\"vcard\" style=\"display: none;\"><span class=\"fn\"><a href=\"https:\/\/www.atus-koeflach.at\/2019\/author\/daniel-krauthackl\/\" title=\"Beitr\u00e4ge von Daniel Krauthackl\" rel=\"author\">Daniel Krauthackl<\/a><\/span><\/span><span class=\"updated\" style=\"display:none;\">2023-05-31T20:59:59+02:00<\/span><span>Mai 31st, 2023<\/span><span class=\"fusion-inline-sep\">|<\/span><\/p><p> Die Staatsmeisterschaft ist f\u00fcr die \u00f6sterreichischen Kunsturner:innen der H\u00f6hepunkt der Wettkampfsaison. F\u00fcr die Steiermark trat in der Juniorenklasse erstmals Lilian Lamperter vom ATUS K\u00f6flach an. F\u00fcr [...]<\/p><\/div><\/article><article class=\"post fusion-column column col col-lg-12 col-md-12 col-sm-12\"><div class=\"fusion-flexslider fusion-flexslider-loading flexslider floated-slideshow flexslider-hover-type-zoomin\"><ul class=\"slides\"><li><a href=\"https:\/\/www.atus-koeflach.at\/2019\/viele-medaillen-und-gelungene-inklusion\/\" aria-label=\"Viele Medaillen und gelungene Inklusion\" class=\"hover-type-zoomin\"><img loading=\"lazy\" decoding=\"async\" width=\"177\" height=\"142\" src=\"data:image\/svg+xml,%3Csvg%20xmlns%3D%27http%3A%2F%2Fwww.w3.org%2F2000%2Fsvg%27%20width%3D%27177%27%20height%3D%27142%27%20viewBox%3D%270%200%20177%20142%27%3E%3Crect%20width%3D%27177%27%20height%3D%27142%27%20fill-opacity%3D%220%22%2F%3E%3C%2Fsvg%3E\" data-orig-src=\"https:\/\/www.atus-koeflach.at\/2019\/wp-content\/uploads\/2023\/05\/IMG-20230507-WA0114-177x142.jpg\" class=\"lazyload attachment-portfolio-five size-portfolio-five\" alt=\"\" \/><\/a><\/li><\/ul><\/div><div class=\"recent-posts-content\"><span class=\"vcard\" style=\"display: none;\"><span class=\"fn\"><a href=\"https:\/\/www.atus-koeflach.at\/2019\/author\/daniel-krauthackl\/\" title=\"Beitr\u00e4ge von Daniel Krauthackl\" rel=\"author\">Daniel Krauthackl<\/a><\/span><\/span><span class=\"updated\" style=\"display:none;\">2023-05-12T20:22:29+02:00<\/span><h4 class=\"entry-title\"><a href=\"https:\/\/www.atus-koeflach.at\/2019\/viele-medaillen-und-gelungene-inklusion\/\">Viele Medaillen und gelungene Inklusion<\/a><\/h4><p class=\"meta\"><span class=\"vcard\" style=\"display: none;\"><span class=\"fn\"><a href=\"https:\/\/www.atus-koeflach.at\/2019\/author\/daniel-krauthackl\/\" title=\"Beitr\u00e4ge von Daniel Krauthackl\" rel=\"author\">Daniel Krauthackl<\/a><\/span><\/span><span class=\"updated\" style=\"display:none;\">2023-05-12T20:22:29+02:00<\/span><span>Mai 12th, 2023<\/span><span class=\"fusion-inline-sep\">|<\/span><\/p><p> Mit nicht weniger als 7 Einzelmedaillen und 8 Teammedaillen im Gep\u00e4ck kehrten die Turner:innen des ATUS K\u00f6flach von der Steirischen Turn10 Landesmeisterschaft aus Judenburg in die [...]<\/p><\/div><\/article><article class=\"post fusion-column column col col-lg-12 col-md-12 col-sm-12\"><div class=\"fusion-flexslider fusion-flexslider-loading flexslider floated-slideshow flexslider-hover-type-zoomin\"><ul class=\"slides\"><li><a href=\"https:\/\/www.atus-koeflach.at\/2019\/erfolgreicher-start-in-die-turn10-wettkampfsaison\/\" aria-label=\"Erfolgreicher Start in die Turn10\u00ae Wettkampfsaison\" class=\"hover-type-zoomin\"><img loading=\"lazy\" decoding=\"async\" width=\"177\" height=\"142\" src=\"data:image\/svg+xml,%3Csvg%20xmlns%3D%27http%3A%2F%2Fwww.w3.org%2F2000%2Fsvg%27%20width%3D%27177%27%20height%3D%27142%27%20viewBox%3D%270%200%20177%20142%27%3E%3Crect%20width%3D%27177%27%20height%3D%27142%27%20fill-opacity%3D%220%22%2F%3E%3C%2Fsvg%3E\" data-orig-src=\"https:\/\/www.atus-koeflach.at\/2019\/wp-content\/uploads\/2023\/05\/IMG-20230422-WA0009-177x142.jpg\" class=\"lazyload attachment-portfolio-five size-portfolio-five\" alt=\"\" \/><\/a><\/li><\/ul><\/div><div class=\"recent-posts-content\"><span class=\"vcard\" style=\"display: none;\"><span class=\"fn\"><a href=\"https:\/\/www.atus-koeflach.at\/2019\/author\/daniel-krauthackl\/\" title=\"Beitr\u00e4ge von Daniel Krauthackl\" rel=\"author\">Daniel Krauthackl<\/a><\/span><\/span><span class=\"updated\" style=\"display:none;\">2023-05-03T18:21:37+02:00<\/span><h4 class=\"entry-title\"><a href=\"https:\/\/www.atus-koeflach.at\/2019\/erfolgreicher-start-in-die-turn10-wettkampfsaison\/\">Erfolgreicher Start in die Turn10\u00ae Wettkampfsaison<\/a><\/h4><p class=\"meta\"><span class=\"vcard\" style=\"display: none;\"><span class=\"fn\"><a href=\"https:\/\/www.atus-koeflach.at\/2019\/author\/daniel-krauthackl\/\" title=\"Beitr\u00e4ge von Daniel Krauthackl\" rel=\"author\">Daniel Krauthackl<\/a><\/span><\/span><span class=\"updated\" style=\"display:none;\">2023-05-03T18:21:37+02:00<\/span><span>Mai 3rd, 2023<\/span><span class=\"fusion-inline-sep\">|<\/span><\/p><p> ATUS K\u00f6flach-Turnen r\u00e4umt bei der ersten Turn10 Meisterschaft der Saison gro\u00df ab. 2x Gold, 2x Silber und 2x Bronze im Teambewerb sowie 2x Gold und 2x [...]<\/p><\/div><\/article><article class=\"post fusion-column column col col-lg-12 col-md-12 col-sm-12\"><div class=\"fusion-flexslider fusion-flexslider-loading flexslider floated-slideshow flexslider-hover-type-zoomin\"><ul class=\"slides\"><li><a href=\"https:\/\/www.atus-koeflach.at\/2019\/weitere-top-platzierungen-fuer-die-atus-koeflach-kunstturnerinnen\/\" aria-label=\"Weitere Top-Platzierungen f\u00fcr die ATUS K\u00f6flach-Kunstturnerinnen\" class=\"hover-type-zoomin\"><img loading=\"lazy\" decoding=\"async\" width=\"177\" height=\"142\" src=\"data:image\/svg+xml,%3Csvg%20xmlns%3D%27http%3A%2F%2Fwww.w3.org%2F2000%2Fsvg%27%20width%3D%27177%27%20height%3D%27142%27%20viewBox%3D%270%200%20177%20142%27%3E%3Crect%20width%3D%27177%27%20height%3D%27142%27%20fill-opacity%3D%220%22%2F%3E%3C%2Fsvg%3E\" data-orig-src=\"https:\/\/www.atus-koeflach.at\/2019\/wp-content\/uploads\/2023\/04\/20230415_175835-177x142.jpg\" class=\"lazyload attachment-portfolio-five size-portfolio-five\" alt=\"\" \/><\/a><\/li><\/ul><\/div><div class=\"recent-posts-content\"><span class=\"vcard\" style=\"display: none;\"><span class=\"fn\"><a href=\"https:\/\/www.atus-koeflach.at\/2019\/author\/karin\/\" title=\"Beitr\u00e4ge von Karin Krauthackl\" rel=\"author\">Karin Krauthackl<\/a><\/span><\/span><span class=\"updated\" style=\"display:none;\">2023-05-03T18:23:12+02:00<\/span><h4 class=\"entry-title\"><a href=\"https:\/\/www.atus-koeflach.at\/2019\/weitere-top-platzierungen-fuer-die-atus-koeflach-kunstturnerinnen\/\">Weitere Top-Platzierungen f\u00fcr die ATUS K\u00f6flach-Kunstturnerinnen<\/a><\/h4><p class=\"meta\"><span class=\"vcard\" style=\"display: none;\"><span class=\"fn\"><a href=\"https:\/\/www.atus-koeflach.at\/2019\/author\/karin\/\" title=\"Beitr\u00e4ge von Karin Krauthackl\" rel=\"author\">Karin Krauthackl<\/a><\/span><\/span><span class=\"updated\" style=\"display:none;\">2023-05-03T18:23:12+02:00<\/span><span>April 23rd, 2023<\/span><span class=\"fusion-inline-sep\">|<\/span><\/p><p> Auf den Kunstturnwettkampf in der steirischen Landeshauptstadt Graz folgte die Offene Kunstturnmeisterschaft in Rif in Salzburg. Lilian Lamperter turnte eine Qualifikationswettkampf in der Juniorinnenstufe und sicherte [...]<\/p><\/div><\/article><article class=\"post fusion-column column col col-lg-12 col-md-12 col-sm-12\"><div class=\"fusion-flexslider fusion-flexslider-loading flexslider floated-slideshow flexslider-hover-type-zoomin\"><ul class=\"slides\"><li><a href=\"https:\/\/www.atus-koeflach.at\/2019\/kunstturnen-steirischer-landesmeistertitel-fuer-lilian-lamperter-vom-atus-koeflach-turnen\/\" aria-label=\"Kunstturnen: Steirischer Landesmeistertitel f\u00fcr Lilian Lamperter vom ATUS K\u00f6flach-Turnen\" class=\"hover-type-zoomin\"><img loading=\"lazy\" decoding=\"async\" width=\"177\" height=\"142\" src=\"data:image\/svg+xml,%3Csvg%20xmlns%3D%27http%3A%2F%2Fwww.w3.org%2F2000%2Fsvg%27%20width%3D%27177%27%20height%3D%27142%27%20viewBox%3D%270%200%20177%20142%27%3E%3Crect%20width%3D%27177%27%20height%3D%27142%27%20fill-opacity%3D%220%22%2F%3E%3C%2Fsvg%3E\" data-orig-src=\"https:\/\/www.atus-koeflach.at\/2019\/wp-content\/uploads\/2023\/04\/20230401_212751-177x142.jpg\" class=\"lazyload attachment-portfolio-five size-portfolio-five\" alt=\"\" \/><\/a><\/li><\/ul><\/div><div class=\"recent-posts-content\"><span class=\"vcard\" style=\"display: none;\"><span class=\"fn\"><a href=\"https:\/\/www.atus-koeflach.at\/2019\/author\/karin\/\" title=\"Beitr\u00e4ge von Karin Krauthackl\" rel=\"author\">Karin Krauthackl<\/a><\/span><\/span><span class=\"updated\" style=\"display:none;\">2023-05-03T18:31:01+02:00<\/span><h4 class=\"entry-title\"><a href=\"https:\/\/www.atus-koeflach.at\/2019\/kunstturnen-steirischer-landesmeistertitel-fuer-lilian-lamperter-vom-atus-koeflach-turnen\/\">Kunstturnen: Steirischer Landesmeistertitel f\u00fcr Lilian Lamperter vom ATUS K\u00f6flach-Turnen<\/a><\/h4><p class=\"meta\"><span class=\"vcard\" style=\"display: none;\"><span class=\"fn\"><a href=\"https:\/\/www.atus-koeflach.at\/2019\/author\/karin\/\" title=\"Beitr\u00e4ge von Karin Krauthackl\" rel=\"author\">Karin Krauthackl<\/a><\/span><\/span><span class=\"updated\" style=\"display:none;\">2023-05-03T18:31:01+02:00<\/span><span>April 23rd, 2023<\/span><span class=\"fusion-inline-sep\">|<\/span><\/p><p> Aufgrund der kurzen Vorbereitungszeit und einiger verletzten Athletinnen gingen bei den offenen Steirischen Meisterschaften im Kunstturnen in Graz nur drei Sch\u00fctzlinge des ATUS K\u00f6flach an den [...]<\/p><\/div><\/article><article class=\"post fusion-column column col col-lg-12 col-md-12 col-sm-12\"><div class=\"fusion-flexslider fusion-flexslider-loading flexslider floated-slideshow flexslider-hover-type-zoomin\"><ul class=\"slides\"><li><a href=\"https:\/\/www.atus-koeflach.at\/2019\/atus-koeflach-turnen-freut-sich-ueber-neue-c-trainerinnen-im-geraetturnen\/\" aria-label=\"ATUS K\u00f6flach Turnen freut sich \u00fcber neue C-Trainer*innen im Ger\u00e4tturnen\" class=\"hover-type-zoomin\"><img loading=\"lazy\" decoding=\"async\" width=\"177\" height=\"142\" src=\"data:image\/svg+xml,%3Csvg%20xmlns%3D%27http%3A%2F%2Fwww.w3.org%2F2000%2Fsvg%27%20width%3D%27177%27%20height%3D%27142%27%20viewBox%3D%270%200%20177%20142%27%3E%3Crect%20width%3D%27177%27%20height%3D%27142%27%20fill-opacity%3D%220%22%2F%3E%3C%2Fsvg%3E\" data-orig-src=\"https:\/\/www.atus-koeflach.at\/2019\/wp-content\/uploads\/2023\/04\/20230303_170805-scaled-e1682084311699-177x142.jpg\" class=\"lazyload attachment-portfolio-five size-portfolio-five\" alt=\"\" \/><\/a><\/li><li><a href=\"https:\/\/www.atus-koeflach.at\/2019\/atus-koeflach-turnen-freut-sich-ueber-neue-c-trainerinnen-im-geraetturnen\/\" aria-label=\"ATUS K\u00f6flach Turnen freut sich \u00fcber neue C-Trainer*innen im Ger\u00e4tturnen\" class=\"hover-type-zoomin\"><img loading=\"lazy\" decoding=\"async\" width=\"177\" height=\"142\" src=\"data:image\/svg+xml,%3Csvg%20xmlns%3D%27http%3A%2F%2Fwww.w3.org%2F2000%2Fsvg%27%20width%3D%27177%27%20height%3D%27142%27%20viewBox%3D%270%200%20177%20142%27%3E%3Crect%20width%3D%27177%27%20height%3D%27142%27%20fill-opacity%3D%220%22%2F%3E%3C%2Fsvg%3E\" data-orig-src=\"https:\/\/www.atus-koeflach.at\/2019\/wp-content\/uploads\/2023\/04\/20230321_175612-scaled-e1682084437741-177x142.jpg\" class=\"lazyload attachment-portfolio-five size-portfolio-five\" alt=\"\" \/><\/a><\/li><\/ul><\/div><div class=\"recent-posts-content\"><span class=\"vcard\" style=\"display: none;\"><span class=\"fn\"><a href=\"https:\/\/www.atus-koeflach.at\/2019\/author\/daniel-krauthackl\/\" title=\"Beitr\u00e4ge von Daniel Krauthackl\" rel=\"author\">Daniel Krauthackl<\/a><\/span><\/span><span class=\"updated\" style=\"display:none;\">2023-04-21T15:46:07+02:00<\/span><h4 class=\"entry-title\"><a href=\"https:\/\/www.atus-koeflach.at\/2019\/atus-koeflach-turnen-freut-sich-ueber-neue-c-trainerinnen-im-geraetturnen\/\">ATUS K\u00f6flach Turnen freut sich  \u00fcber neue C-Trainer*innen im  Ger\u00e4tturnen<\/a><\/h4><p class=\"meta\"><span class=\"vcard\" style=\"display: none;\"><span class=\"fn\"><a href=\"https:\/\/www.atus-koeflach.at\/2019\/author\/daniel-krauthackl\/\" title=\"Beitr\u00e4ge von Daniel Krauthackl\" rel=\"author\">Daniel Krauthackl<\/a><\/span><\/span><span class=\"updated\" style=\"display:none;\">2023-04-21T15:46:07+02:00<\/span><span>April 19th, 2023<\/span><span class=\"fusion-inline-sep\">|<\/span><\/p><p>Nachdem der Sportverein aus der Thermen- und Lipizzanerstadt vom Turnsport Austria zum dritten Mal mit dem G\u00fctesiegel mit 5 Sternen ausgezeichnet wurde, darf sich der ATUS K\u00f6flach [...]<\/p><\/div><\/article><article class=\"post fusion-column column col col-lg-12 col-md-12 col-sm-12\"><div class=\"fusion-flexslider fusion-flexslider-loading flexslider floated-slideshow flexslider-hover-type-zoomin\"><ul class=\"slides\"><li><a href=\"https:\/\/www.atus-koeflach.at\/2019\/turnverein-guetesiegel-2023-mit-5-sternen\/\" aria-label=\"Turnverein G\u00fctesiegel 2023 mit 5 Sternen\" class=\"hover-type-zoomin\"><img loading=\"lazy\" decoding=\"async\" width=\"177\" height=\"142\" src=\"data:image\/svg+xml,%3Csvg%20xmlns%3D%27http%3A%2F%2Fwww.w3.org%2F2000%2Fsvg%27%20width%3D%27177%27%20height%3D%27142%27%20viewBox%3D%270%200%20177%20142%27%3E%3Crect%20width%3D%27177%27%20height%3D%27142%27%20fill-opacity%3D%220%22%2F%3E%3C%2Fsvg%3E\" data-orig-src=\"https:\/\/www.atus-koeflach.at\/2019\/wp-content\/uploads\/2023\/04\/Turnverein-Guetesiegel_Logo_5-Sterne_2023-177x142.jpg\" class=\"lazyload attachment-portfolio-five size-portfolio-five\" alt=\"\" \/><\/a><\/li><\/ul><\/div><div class=\"recent-posts-content\"><span class=\"vcard\" style=\"display: none;\"><span class=\"fn\"><a href=\"https:\/\/www.atus-koeflach.at\/2019\/author\/daniel-krauthackl\/\" title=\"Beitr\u00e4ge von Daniel Krauthackl\" rel=\"author\">Daniel Krauthackl<\/a><\/span><\/span><span class=\"updated\" style=\"display:none;\">2023-04-11T13:47:30+02:00<\/span><h4 class=\"entry-title\"><a href=\"https:\/\/www.atus-koeflach.at\/2019\/turnverein-guetesiegel-2023-mit-5-sternen\/\">Turnverein G\u00fctesiegel 2023 mit 5 Sternen<\/a><\/h4><p class=\"meta\"><span class=\"vcard\" style=\"display: none;\"><span class=\"fn\"><a href=\"https:\/\/www.atus-koeflach.at\/2019\/author\/daniel-krauthackl\/\" title=\"Beitr\u00e4ge von Daniel Krauthackl\" rel=\"author\">Daniel Krauthackl<\/a><\/span><\/span><span class=\"updated\" style=\"display:none;\">2023-04-11T13:47:30+02:00<\/span><span>April 11th, 2023<\/span><span class=\"fusion-inline-sep\">|<\/span><\/p><p>Mit dem \u00d6FT-G\u00fctesiegel vergibt der \u00d6sterreichische Fachverband Turnen eine besondere Auszeichnung an seine engagiertesten und erfolgreichen Vereine. Je nach Performance des Vereines kann das Siegel bis zu [...]<\/p><\/div><\/article><article class=\"post fusion-column column col col-lg-12 col-md-12 col-sm-12\"><div class=\"fusion-flexslider fusion-flexslider-loading flexslider floated-slideshow flexslider-hover-type-zoomin\"><ul class=\"slides\"><li><a href=\"https:\/\/www.atus-koeflach.at\/2019\/koeflacher-faschingsumzug\/\" aria-label=\"K\u00f6flacher Faschingsumzug\" class=\"hover-type-zoomin\"><img loading=\"lazy\" decoding=\"async\" width=\"177\" height=\"142\" src=\"data:image\/svg+xml,%3Csvg%20xmlns%3D%27http%3A%2F%2Fwww.w3.org%2F2000%2Fsvg%27%20width%3D%27177%27%20height%3D%27142%27%20viewBox%3D%270%200%20177%20142%27%3E%3Crect%20width%3D%27177%27%20height%3D%27142%27%20fill-opacity%3D%220%22%2F%3E%3C%2Fsvg%3E\" data-orig-src=\"https:\/\/www.atus-koeflach.at\/2019\/wp-content\/uploads\/2023\/02\/KOeflacher-Fasching-2023-02-15-205749-177x142.jpg\" class=\"lazyload attachment-portfolio-five size-portfolio-five\" alt=\"\" \/><\/a><\/li><li><a href=\"https:\/\/www.atus-koeflach.at\/2019\/koeflacher-faschingsumzug\/\" aria-label=\"K\u00f6flacher Faschingsumzug\" class=\"hover-type-zoomin\"><img loading=\"lazy\" decoding=\"async\" width=\"177\" height=\"142\" src=\"data:image\/svg+xml,%3Csvg%20xmlns%3D%27http%3A%2F%2Fwww.w3.org%2F2000%2Fsvg%27%20width%3D%27177%27%20height%3D%27142%27%20viewBox%3D%270%200%20177%20142%27%3E%3Crect%20width%3D%27177%27%20height%3D%27142%27%20fill-opacity%3D%220%22%2F%3E%3C%2Fsvg%3E\" data-orig-src=\"https:\/\/www.atus-koeflach.at\/2019\/wp-content\/uploads\/2023\/02\/Faschingsumzug-Koeflach-2023-akt-001-177x142.jpg\" class=\"lazyload attachment-portfolio-five size-portfolio-five\" alt=\"\" \/><\/a><\/li><\/ul><\/div><div class=\"recent-posts-content\"><span class=\"vcard\" style=\"display: none;\"><span class=\"fn\"><a href=\"https:\/\/www.atus-koeflach.at\/2019\/author\/karin\/\" title=\"Beitr\u00e4ge von Karin Krauthackl\" rel=\"author\">Karin Krauthackl<\/a><\/span><\/span><span class=\"updated\" style=\"display:none;\">2023-05-03T18:31:51+02:00<\/span><h4 class=\"entry-title\"><a href=\"https:\/\/www.atus-koeflach.at\/2019\/koeflacher-faschingsumzug\/\">K\u00f6flacher Faschingsumzug<\/a><\/h4><p class=\"meta\"><span class=\"vcard\" style=\"display: none;\"><span class=\"fn\"><a href=\"https:\/\/www.atus-koeflach.at\/2019\/author\/karin\/\" title=\"Beitr\u00e4ge von Karin Krauthackl\" rel=\"author\">Karin Krauthackl<\/a><\/span><\/span><span class=\"updated\" style=\"display:none;\">2023-05-03T18:31:51+02:00<\/span><span>Februar 15th, 2023<\/span><span class=\"fusion-inline-sep\">|<\/span><\/p><p>Mach mit beim K\u00f6flacher Faschingsumzug! Wir freuen uns auf viele maskierte Turnmitglieder!<\/p><\/div><\/article><article class=\"post fusion-column column col col-lg-12 col-md-12 col-sm-12\"><div class=\"fusion-flexslider fusion-flexslider-loading flexslider floated-slideshow flexslider-hover-type-zoomin\"><ul class=\"slides\"><li><a href=\"https:\/\/www.atus-koeflach.at\/2019\/weihnachtsschauturnen-102-jahre-atus-koeflach\/\" aria-label=\"Weihnachtsschauturnen &#8222;102 Jahre ATUS K\u00f6flach&#8220;\" class=\"hover-type-zoomin\"><img loading=\"lazy\" decoding=\"async\" width=\"177\" height=\"142\" src=\"data:image\/svg+xml,%3Csvg%20xmlns%3D%27http%3A%2F%2Fwww.w3.org%2F2000%2Fsvg%27%20width%3D%27177%27%20height%3D%27142%27%20viewBox%3D%270%200%20177%20142%27%3E%3Crect%20width%3D%27177%27%20height%3D%27142%27%20fill-opacity%3D%220%22%2F%3E%3C%2Fsvg%3E\" data-orig-src=\"https:\/\/www.atus-koeflach.at\/2019\/wp-content\/uploads\/2022\/12\/Wh-Turnen-Collage-1-177x142.jpg\" class=\"lazyload attachment-portfolio-five size-portfolio-five\" alt=\"\" \/><\/a><\/li><li><a href=\"https:\/\/www.atus-koeflach.at\/2019\/weihnachtsschauturnen-102-jahre-atus-koeflach\/\" aria-label=\"Weihnachtsschauturnen &#8222;102 Jahre ATUS K\u00f6flach&#8220;\" class=\"hover-type-zoomin\"><img loading=\"lazy\" decoding=\"async\" width=\"177\" height=\"142\" src=\"data:image\/svg+xml,%3Csvg%20xmlns%3D%27http%3A%2F%2Fwww.w3.org%2F2000%2Fsvg%27%20width%3D%27177%27%20height%3D%27142%27%20viewBox%3D%270%200%20177%20142%27%3E%3Crect%20width%3D%27177%27%20height%3D%27142%27%20fill-opacity%3D%220%22%2F%3E%3C%2Fsvg%3E\" data-orig-src=\"https:\/\/www.atus-koeflach.at\/2019\/wp-content\/uploads\/2022\/12\/Wh-Turnen-Collage-2-177x142.jpg\" class=\"lazyload attachment-portfolio-five size-portfolio-five\" alt=\"\" \/><\/a><\/li><li><a href=\"https:\/\/www.atus-koeflach.at\/2019\/weihnachtsschauturnen-102-jahre-atus-koeflach\/\" aria-label=\"Weihnachtsschauturnen &#8222;102 Jahre ATUS K\u00f6flach&#8220;\" class=\"hover-type-zoomin\"><img loading=\"lazy\" decoding=\"async\" width=\"177\" height=\"142\" src=\"data:image\/svg+xml,%3Csvg%20xmlns%3D%27http%3A%2F%2Fwww.w3.org%2F2000%2Fsvg%27%20width%3D%27177%27%20height%3D%27142%27%20viewBox%3D%270%200%20177%20142%27%3E%3Crect%20width%3D%27177%27%20height%3D%27142%27%20fill-opacity%3D%220%22%2F%3E%3C%2Fsvg%3E\" data-orig-src=\"https:\/\/www.atus-koeflach.at\/2019\/wp-content\/uploads\/2022\/12\/Wh-Turnen-Homepage-3-177x142.jpg\" class=\"lazyload attachment-portfolio-five size-portfolio-five\" alt=\"Weihnachtsschauturnen\" \/><\/a><\/li><\/ul><\/div><div class=\"recent-posts-content\"><span class=\"vcard\" style=\"display: none;\"><span class=\"fn\"><a href=\"https:\/\/www.atus-koeflach.at\/2019\/author\/karin\/\" title=\"Beitr\u00e4ge von Karin Krauthackl\" rel=\"author\">Karin Krauthackl<\/a><\/span><\/span><span class=\"updated\" style=\"display:none;\">2023-05-03T18:32:01+02:00<\/span><h4 class=\"entry-title\"><a href=\"https:\/\/www.atus-koeflach.at\/2019\/weihnachtsschauturnen-102-jahre-atus-koeflach\/\">Weihnachtsschauturnen &#8222;102 Jahre ATUS K\u00f6flach&#8220;<\/a><\/h4><p class=\"meta\"><span class=\"vcard\" style=\"display: none;\"><span class=\"fn\"><a href=\"https:\/\/www.atus-koeflach.at\/2019\/author\/karin\/\" title=\"Beitr\u00e4ge von Karin Krauthackl\" rel=\"author\">Karin Krauthackl<\/a><\/span><\/span><span class=\"updated\" style=\"display:none;\">2023-05-03T18:32:01+02:00<\/span><span>Dezember 25th, 2022<\/span><span class=\"fusion-inline-sep\">|<\/span><\/p><p>Impressionen vom Weihnachtsschauturnen ...<\/p><\/div><\/article><article class=\"post fusion-column column col col-lg-12 col-md-12 col-sm-12\"><div class=\"fusion-flexslider fusion-flexslider-loading flexslider floated-slideshow flexslider-hover-type-zoomin\"><ul class=\"slides\"><li><a href=\"https:\/\/www.atus-koeflach.at\/2019\/wir-wuenschen-frohe-weihnachten\/\" aria-label=\"Wir w\u00fcnschen frohe Weihnachten\" class=\"hover-type-zoomin\"><img loading=\"lazy\" decoding=\"async\" width=\"177\" height=\"142\" src=\"data:image\/svg+xml,%3Csvg%20xmlns%3D%27http%3A%2F%2Fwww.w3.org%2F2000%2Fsvg%27%20width%3D%27177%27%20height%3D%27142%27%20viewBox%3D%270%200%20177%20142%27%3E%3Crect%20width%3D%27177%27%20height%3D%27142%27%20fill-opacity%3D%220%22%2F%3E%3C%2Fsvg%3E\" data-orig-src=\"https:\/\/www.atus-koeflach.at\/2019\/wp-content\/uploads\/2022\/12\/Foto-28-177x142.jpg\" class=\"lazyload attachment-portfolio-five size-portfolio-five\" alt=\"\" \/><\/a><\/li><\/ul><\/div><div class=\"recent-posts-content\"><span class=\"vcard\" style=\"display: none;\"><span class=\"fn\"><a href=\"https:\/\/www.atus-koeflach.at\/2019\/author\/karin\/\" title=\"Beitr\u00e4ge von Karin Krauthackl\" rel=\"author\">Karin Krauthackl<\/a><\/span><\/span><span class=\"updated\" style=\"display:none;\">2023-05-03T18:32:12+02:00<\/span><h4 class=\"entry-title\"><a href=\"https:\/\/www.atus-koeflach.at\/2019\/wir-wuenschen-frohe-weihnachten\/\">Wir w\u00fcnschen frohe Weihnachten<\/a><\/h4><p class=\"meta\"><span class=\"vcard\" style=\"display: none;\"><span class=\"fn\"><a href=\"https:\/\/www.atus-koeflach.at\/2019\/author\/karin\/\" title=\"Beitr\u00e4ge von Karin Krauthackl\" rel=\"author\">Karin Krauthackl<\/a><\/span><\/span><span class=\"updated\" style=\"display:none;\">2023-05-03T18:32:12+02:00<\/span><span>Dezember 25th, 2022<\/span><span class=\"fusion-inline-sep\">|<\/span><\/p><p>Die Mitglieder des ATUS K\u00f6flach w\u00fcnschen frohe Weihnachten und einen guten Rutsch ins Jahr 2023!<\/p><\/div><\/article><article class=\"post fusion-column column col col-lg-12 col-md-12 col-sm-12\"><div class=\"fusion-flexslider fusion-flexslider-loading flexslider floated-slideshow flexslider-hover-type-zoomin\"><ul class=\"slides\"><li><a href=\"https:\/\/www.atus-koeflach.at\/2019\/stolze-leistungen-der-atus-koeflach-turn10-maedchen-in-tirol\/\" aria-label=\"Stolze Leistungen der ATUS K\u00f6flach Turn10 M\u00e4dchen in Tirol\" class=\"hover-type-zoomin\"><img loading=\"lazy\" decoding=\"async\" width=\"177\" height=\"142\" src=\"data:image\/svg+xml,%3Csvg%20xmlns%3D%27http%3A%2F%2Fwww.w3.org%2F2000%2Fsvg%27%20width%3D%27177%27%20height%3D%27142%27%20viewBox%3D%270%200%20177%20142%27%3E%3Crect%20width%3D%27177%27%20height%3D%27142%27%20fill-opacity%3D%220%22%2F%3E%3C%2Fsvg%3E\" data-orig-src=\"https:\/\/www.atus-koeflach.at\/2019\/wp-content\/uploads\/2022\/10\/20221022_161134-177x142.jpg\" class=\"lazyload attachment-portfolio-five size-portfolio-five\" alt=\"\" \/><\/a><\/li><li><a href=\"https:\/\/www.atus-koeflach.at\/2019\/stolze-leistungen-der-atus-koeflach-turn10-maedchen-in-tirol\/\" aria-label=\"Stolze Leistungen der ATUS K\u00f6flach Turn10 M\u00e4dchen in Tirol\" class=\"hover-type-zoomin\"><img loading=\"lazy\" decoding=\"async\" width=\"177\" height=\"142\" src=\"data:image\/svg+xml,%3Csvg%20xmlns%3D%27http%3A%2F%2Fwww.w3.org%2F2000%2Fsvg%27%20width%3D%27177%27%20height%3D%27142%27%20viewBox%3D%270%200%20177%20142%27%3E%3Crect%20width%3D%27177%27%20height%3D%27142%27%20fill-opacity%3D%220%22%2F%3E%3C%2Fsvg%3E\" data-orig-src=\"https:\/\/www.atus-koeflach.at\/2019\/wp-content\/uploads\/2022\/10\/OeM-T10-Schwaz-Okt-222-177x142.jpg\" class=\"lazyload attachment-portfolio-five size-portfolio-five\" alt=\"\" \/><\/a><\/li><li><a href=\"https:\/\/www.atus-koeflach.at\/2019\/stolze-leistungen-der-atus-koeflach-turn10-maedchen-in-tirol\/\" aria-label=\"Stolze Leistungen der ATUS K\u00f6flach Turn10 M\u00e4dchen in Tirol\" class=\"hover-type-zoomin\"><img loading=\"lazy\" decoding=\"async\" width=\"177\" height=\"142\" src=\"data:image\/svg+xml,%3Csvg%20xmlns%3D%27http%3A%2F%2Fwww.w3.org%2F2000%2Fsvg%27%20width%3D%27177%27%20height%3D%27142%27%20viewBox%3D%270%200%20177%20142%27%3E%3Crect%20width%3D%27177%27%20height%3D%27142%27%20fill-opacity%3D%220%22%2F%3E%3C%2Fsvg%3E\" data-orig-src=\"https:\/\/www.atus-koeflach.at\/2019\/wp-content\/uploads\/2022\/10\/OeM-T10-Schwaz-Okt-223-1-177x142.jpg\" class=\"lazyload attachment-portfolio-five size-portfolio-five\" alt=\"\" \/><\/a><\/li><li><a href=\"https:\/\/www.atus-koeflach.at\/2019\/stolze-leistungen-der-atus-koeflach-turn10-maedchen-in-tirol\/\" aria-label=\"Stolze Leistungen der ATUS K\u00f6flach Turn10 M\u00e4dchen in Tirol\" class=\"hover-type-zoomin\"><img loading=\"lazy\" decoding=\"async\" width=\"177\" height=\"142\" src=\"data:image\/svg+xml,%3Csvg%20xmlns%3D%27http%3A%2F%2Fwww.w3.org%2F2000%2Fsvg%27%20width%3D%27177%27%20height%3D%27142%27%20viewBox%3D%270%200%20177%20142%27%3E%3Crect%20width%3D%27177%27%20height%3D%27142%27%20fill-opacity%3D%220%22%2F%3E%3C%2Fsvg%3E\" data-orig-src=\"https:\/\/www.atus-koeflach.at\/2019\/wp-content\/uploads\/2022\/10\/OeM-T10-Schwaz-Okt-22-177x142.jpg\" class=\"lazyload attachment-portfolio-five size-portfolio-five\" alt=\"\" \/><\/a><\/li><li><a href=\"https:\/\/www.atus-koeflach.at\/2019\/stolze-leistungen-der-atus-koeflach-turn10-maedchen-in-tirol\/\" aria-label=\"Stolze Leistungen der ATUS K\u00f6flach Turn10 M\u00e4dchen in Tirol\" class=\"hover-type-zoomin\"><img loading=\"lazy\" decoding=\"async\" width=\"177\" height=\"142\" src=\"data:image\/svg+xml,%3Csvg%20xmlns%3D%27http%3A%2F%2Fwww.w3.org%2F2000%2Fsvg%27%20width%3D%27177%27%20height%3D%27142%27%20viewBox%3D%270%200%20177%20142%27%3E%3Crect%20width%3D%27177%27%20height%3D%27142%27%20fill-opacity%3D%220%22%2F%3E%3C%2Fsvg%3E\" data-orig-src=\"https:\/\/www.atus-koeflach.at\/2019\/wp-content\/uploads\/2022\/10\/OeM-T10-Schwaz-Okt-22-4-177x142.jpg\" class=\"lazyload attachment-portfolio-five size-portfolio-five\" alt=\"\" \/><\/a><\/li><\/ul><\/div><div class=\"recent-posts-content\"><span class=\"vcard\" style=\"display: none;\"><span class=\"fn\"><a href=\"https:\/\/www.atus-koeflach.at\/2019\/author\/karin\/\" title=\"Beitr\u00e4ge von Karin Krauthackl\" rel=\"author\">Karin Krauthackl<\/a><\/span><\/span><span class=\"updated\" style=\"display:none;\">2023-05-03T18:32:17+02:00<\/span><h4 class=\"entry-title\"><a href=\"https:\/\/www.atus-koeflach.at\/2019\/stolze-leistungen-der-atus-koeflach-turn10-maedchen-in-tirol\/\">Stolze Leistungen der ATUS K\u00f6flach Turn10 M\u00e4dchen in Tirol<\/a><\/h4><p class=\"meta\"><span class=\"vcard\" style=\"display: none;\"><span class=\"fn\"><a href=\"https:\/\/www.atus-koeflach.at\/2019\/author\/karin\/\" title=\"Beitr\u00e4ge von Karin Krauthackl\" rel=\"author\">Karin Krauthackl<\/a><\/span><\/span><span class=\"updated\" style=\"display:none;\">2023-05-03T18:32:17+02:00<\/span><span>Oktober 27th, 2022<\/span><span class=\"fusion-inline-sep\">|<\/span><\/p><p>Zur \u00d6sterreichischen Turn 10 Meisterschaft nach Schwaz in Tirol ging k\u00fcrzlich am 22.\/23. Oktober 2022 die Reise f\u00fcr 14 Turnerinnen des ATUS K\u00f6flach. Die M\u00e4dchen aus der [...]<\/p><\/div><\/article><article class=\"post fusion-column column col col-lg-12 col-md-12 col-sm-12\"><div class=\"fusion-flexslider fusion-flexslider-loading flexslider floated-slideshow flexslider-hover-type-zoomin\"><ul class=\"slides\"><li><a href=\"https:\/\/www.atus-koeflach.at\/2019\/askoe-trainingslehrgang-turn-10\/\" aria-label=\"ASK\u00d6 Trainingslehrgang Turn 10\" class=\"hover-type-zoomin\"><img loading=\"lazy\" decoding=\"async\" width=\"177\" height=\"142\" src=\"data:image\/svg+xml,%3Csvg%20xmlns%3D%27http%3A%2F%2Fwww.w3.org%2F2000%2Fsvg%27%20width%3D%27177%27%20height%3D%27142%27%20viewBox%3D%270%200%20177%20142%27%3E%3Crect%20width%3D%27177%27%20height%3D%27142%27%20fill-opacity%3D%220%22%2F%3E%3C%2Fsvg%3E\" data-orig-src=\"https:\/\/www.atus-koeflach.at\/2019\/wp-content\/uploads\/2022\/10\/Trainingslehrgang-Mattersburg-1.10-177x142.jpg\" class=\"lazyload attachment-portfolio-five size-portfolio-five\" alt=\"\" \/><\/a><\/li><li><a href=\"https:\/\/www.atus-koeflach.at\/2019\/askoe-trainingslehrgang-turn-10\/\" aria-label=\"ASK\u00d6 Trainingslehrgang Turn 10\" class=\"hover-type-zoomin\"><img loading=\"lazy\" decoding=\"async\" width=\"177\" height=\"142\" src=\"data:image\/svg+xml,%3Csvg%20xmlns%3D%27http%3A%2F%2Fwww.w3.org%2F2000%2Fsvg%27%20width%3D%27177%27%20height%3D%27142%27%20viewBox%3D%270%200%20177%20142%27%3E%3Crect%20width%3D%27177%27%20height%3D%27142%27%20fill-opacity%3D%220%22%2F%3E%3C%2Fsvg%3E\" data-orig-src=\"https:\/\/www.atus-koeflach.at\/2019\/wp-content\/uploads\/2022\/10\/Trainingslehrgang-Mattersburg-1.10-177x142.jpg\" class=\"lazyload attachment-portfolio-five size-portfolio-five\" alt=\"\" \/><\/a><\/li><\/ul><\/div><div class=\"recent-posts-content\"><span class=\"vcard\" style=\"display: none;\"><span class=\"fn\"><a href=\"https:\/\/www.atus-koeflach.at\/2019\/author\/karin\/\" title=\"Beitr\u00e4ge von Karin Krauthackl\" rel=\"author\">Karin Krauthackl<\/a><\/span><\/span><span class=\"updated\" style=\"display:none;\">2023-05-03T18:32:21+02:00<\/span><h4 class=\"entry-title\"><a href=\"https:\/\/www.atus-koeflach.at\/2019\/askoe-trainingslehrgang-turn-10\/\">ASK\u00d6 Trainingslehrgang Turn 10<\/a><\/h4><p class=\"meta\"><span class=\"vcard\" style=\"display: none;\"><span class=\"fn\"><a href=\"https:\/\/www.atus-koeflach.at\/2019\/author\/karin\/\" title=\"Beitr\u00e4ge von Karin Krauthackl\" rel=\"author\">Karin Krauthackl<\/a><\/span><\/span><span class=\"updated\" style=\"display:none;\">2023-05-03T18:32:21+02:00<\/span><span>Oktober 17th, 2022<\/span><span class=\"fusion-inline-sep\">|<\/span><\/p><p>Am 1. Oktober fand in Mattersburg\/Bgl.\u00a0 ein ASK\u00d6-Trainingslehrgang statt, der vom ASK\u00d6 Bund aus organisiert wurde.\u00a0 \u00a0Von unserem Verein sind Jana Hiebler, Kerstin Sidar, Sophia Buchegger und [...]<\/p><\/div><\/article><article class=\"post fusion-column column col col-lg-12 col-md-12 col-sm-12\"><div class=\"fusion-flexslider fusion-flexslider-loading flexslider floated-slideshow flexslider-hover-type-zoomin\"><ul class=\"slides\"><li><a href=\"https:\/\/www.atus-koeflach.at\/2019\/3-medaillen-und-ticket-fuer-die-staatsmeisterschaft\/\" aria-label=\"3 Medaillen und Ticket f\u00fcr die Staatsmeisterschaft\" class=\"hover-type-zoomin\"><img loading=\"lazy\" decoding=\"async\" width=\"177\" height=\"142\" src=\"data:image\/svg+xml,%3Csvg%20xmlns%3D%27http%3A%2F%2Fwww.w3.org%2F2000%2Fsvg%27%20width%3D%27177%27%20height%3D%27142%27%20viewBox%3D%270%200%20177%20142%27%3E%3Crect%20width%3D%27177%27%20height%3D%27142%27%20fill-opacity%3D%220%22%2F%3E%3C%2Fsvg%3E\" data-orig-src=\"https:\/\/www.atus-koeflach.at\/2019\/wp-content\/uploads\/2022\/10\/20221001_171151-177x142.jpg\" class=\"lazyload attachment-portfolio-five size-portfolio-five\" alt=\"\" \/><\/a><\/li><\/ul><\/div><div class=\"recent-posts-content\"><span class=\"vcard\" style=\"display: none;\"><span class=\"fn\"><a href=\"https:\/\/www.atus-koeflach.at\/2019\/author\/daniel-krauthackl\/\" title=\"Beitr\u00e4ge von Daniel Krauthackl\" rel=\"author\">Daniel Krauthackl<\/a><\/span><\/span><span class=\"updated\" style=\"display:none;\">2022-10-08T08:32:51+02:00<\/span><h4 class=\"entry-title\"><a href=\"https:\/\/www.atus-koeflach.at\/2019\/3-medaillen-und-ticket-fuer-die-staatsmeisterschaft\/\">3 Medaillen und Ticket f\u00fcr die Staatsmeisterschaft<\/a><\/h4><p class=\"meta\"><span class=\"vcard\" style=\"display: none;\"><span class=\"fn\"><a href=\"https:\/\/www.atus-koeflach.at\/2019\/author\/daniel-krauthackl\/\" title=\"Beitr\u00e4ge von Daniel Krauthackl\" rel=\"author\">Daniel Krauthackl<\/a><\/span><\/span><span class=\"updated\" style=\"display:none;\">2022-10-08T08:32:51+02:00<\/span><span>Oktober 8th, 2022<\/span><span class=\"fusion-inline-sep\">|<\/span><\/p><p> Mit exzellenten Leistungen \u00fcberzeugten die Kunstturnerinnen des ATUS K\u00f6flach bei der offenen Steirischen Herbstmeisterschaft in Graz. GRAZ\/K\u00d6FLACH. Leonie Lamperter (Jugend 1) brillierte in der Landeshauptstadt an [...]<\/p><\/div><\/article><article class=\"post fusion-column column col col-lg-12 col-md-12 col-sm-12\"><div class=\"fusion-flexslider fusion-flexslider-loading flexslider floated-slideshow flexslider-hover-type-zoomin\"><ul class=\"slides\"><li><a href=\"https:\/\/www.atus-koeflach.at\/2019\/atus-koeflach-mit-askoe-jugendfoerderpreis-und-askoe-nachwuchspreis-ausgezeichnet\/\" aria-label=\"ATUS K\u00f6flach mit ASK\u00d6-Jugendf\u00f6rderpreis und ASK\u00d6-Nachwuchspreis ausgezeichnet\" class=\"hover-type-zoomin\"><img loading=\"lazy\" decoding=\"async\" width=\"177\" height=\"142\" src=\"data:image\/svg+xml,%3Csvg%20xmlns%3D%27http%3A%2F%2Fwww.w3.org%2F2000%2Fsvg%27%20width%3D%27177%27%20height%3D%27142%27%20viewBox%3D%270%200%20177%20142%27%3E%3Crect%20width%3D%27177%27%20height%3D%27142%27%20fill-opacity%3D%220%22%2F%3E%3C%2Fsvg%3E\" data-orig-src=\"https:\/\/www.atus-koeflach.at\/2019\/wp-content\/uploads\/2022\/10\/IMG_0243-177x142.jpg\" class=\"lazyload attachment-portfolio-five size-portfolio-five\" alt=\"\" \/><\/a><\/li><li><a href=\"https:\/\/www.atus-koeflach.at\/2019\/atus-koeflach-mit-askoe-jugendfoerderpreis-und-askoe-nachwuchspreis-ausgezeichnet\/\" aria-label=\"ATUS K\u00f6flach mit ASK\u00d6-Jugendf\u00f6rderpreis und ASK\u00d6-Nachwuchspreis ausgezeichnet\" class=\"hover-type-zoomin\"><img loading=\"lazy\" decoding=\"async\" width=\"177\" height=\"142\" src=\"data:image\/svg+xml,%3Csvg%20xmlns%3D%27http%3A%2F%2Fwww.w3.org%2F2000%2Fsvg%27%20width%3D%27177%27%20height%3D%27142%27%20viewBox%3D%270%200%20177%20142%27%3E%3Crect%20width%3D%27177%27%20height%3D%27142%27%20fill-opacity%3D%220%22%2F%3E%3C%2Fsvg%3E\" data-orig-src=\"https:\/\/www.atus-koeflach.at\/2019\/wp-content\/uploads\/2022\/10\/Jugendfoerderpreis2022-alle-IMG_0467-177x142.jpg\" class=\"lazyload attachment-portfolio-five size-portfolio-five\" alt=\"\" \/><\/a><\/li><\/ul><\/div><div class=\"recent-posts-content\"><span class=\"vcard\" style=\"display: none;\"><span class=\"fn\"><a href=\"https:\/\/www.atus-koeflach.at\/2019\/author\/daniel-krauthackl\/\" title=\"Beitr\u00e4ge von Daniel Krauthackl\" rel=\"author\">Daniel Krauthackl<\/a><\/span><\/span><span class=\"updated\" style=\"display:none;\">2022-10-08T08:31:03+02:00<\/span><h4 class=\"entry-title\"><a href=\"https:\/\/www.atus-koeflach.at\/2019\/atus-koeflach-mit-askoe-jugendfoerderpreis-und-askoe-nachwuchspreis-ausgezeichnet\/\">ATUS K\u00f6flach mit ASK\u00d6-Jugendf\u00f6rderpreis  und ASK\u00d6-Nachwuchspreis ausgezeichnet<\/a><\/h4><p class=\"meta\"><span class=\"vcard\" style=\"display: none;\"><span class=\"fn\"><a href=\"https:\/\/www.atus-koeflach.at\/2019\/author\/daniel-krauthackl\/\" title=\"Beitr\u00e4ge von Daniel Krauthackl\" rel=\"author\">Daniel Krauthackl<\/a><\/span><\/span><span class=\"updated\" style=\"display:none;\">2022-10-08T08:31:03+02:00<\/span><span>Oktober 8th, 2022<\/span><span class=\"fusion-inline-sep\">|<\/span><\/p><p>Gro\u00dfe Freude beim ATUS K\u00f6flach-Turnen: Der aktive Verein aus der Thermen- und Lipizzanerstadt K\u00f6flach wurde gleich mit zwei hohen Preisen ausgezeichnet. \u00a0 SALZBURG\\K\u00d6FLACH. So wurde die hervorragende [...]<\/p><\/div><\/article><article class=\"post fusion-column column col col-lg-12 col-md-12 col-sm-12\"><div class=\"fusion-flexslider fusion-flexslider-loading flexslider floated-slideshow flexslider-hover-type-zoomin\"><ul class=\"slides\"><li><a href=\"https:\/\/www.atus-koeflach.at\/2019\/schulbeginn-ist-turnbeginn\/\" aria-label=\"Schulbeginn ist Turnbeginn\" class=\"hover-type-zoomin\"><img loading=\"lazy\" decoding=\"async\" width=\"177\" height=\"142\" src=\"data:image\/svg+xml,%3Csvg%20xmlns%3D%27http%3A%2F%2Fwww.w3.org%2F2000%2Fsvg%27%20width%3D%27177%27%20height%3D%27142%27%20viewBox%3D%270%200%20177%20142%27%3E%3Crect%20width%3D%27177%27%20height%3D%27142%27%20fill-opacity%3D%220%22%2F%3E%3C%2Fsvg%3E\" data-orig-src=\"https:\/\/www.atus-koeflach.at\/2019\/wp-content\/uploads\/2022\/08\/Turnen-1-177x142.jpg\" class=\"lazyload attachment-portfolio-five size-portfolio-five\" alt=\"\" \/><\/a><\/li><li><a href=\"https:\/\/www.atus-koeflach.at\/2019\/schulbeginn-ist-turnbeginn\/\" aria-label=\"Schulbeginn ist Turnbeginn\" class=\"hover-type-zoomin\"><img loading=\"lazy\" decoding=\"async\" width=\"177\" height=\"142\" src=\"data:image\/svg+xml,%3Csvg%20xmlns%3D%27http%3A%2F%2Fwww.w3.org%2F2000%2Fsvg%27%20width%3D%27177%27%20height%3D%27142%27%20viewBox%3D%270%200%20177%20142%27%3E%3Crect%20width%3D%27177%27%20height%3D%27142%27%20fill-opacity%3D%220%22%2F%3E%3C%2Fsvg%3E\" data-orig-src=\"https:\/\/www.atus-koeflach.at\/2019\/wp-content\/uploads\/2022\/08\/Turnen-2-177x142.jpg\" class=\"lazyload attachment-portfolio-five size-portfolio-five\" alt=\"\" \/><\/a><\/li><\/ul><\/div><div class=\"recent-posts-content\"><span class=\"vcard\" style=\"display: none;\"><span class=\"fn\"><a href=\"https:\/\/www.atus-koeflach.at\/2019\/author\/karin\/\" title=\"Beitr\u00e4ge von Karin Krauthackl\" rel=\"author\">Karin Krauthackl<\/a><\/span><\/span><span class=\"updated\" style=\"display:none;\">2023-05-03T18:32:25+02:00<\/span><h4 class=\"entry-title\"><a href=\"https:\/\/www.atus-koeflach.at\/2019\/schulbeginn-ist-turnbeginn\/\">Schulbeginn ist Turnbeginn<\/a><\/h4><p class=\"meta\"><span class=\"vcard\" style=\"display: none;\"><span class=\"fn\"><a href=\"https:\/\/www.atus-koeflach.at\/2019\/author\/karin\/\" title=\"Beitr\u00e4ge von Karin Krauthackl\" rel=\"author\">Karin Krauthackl<\/a><\/span><\/span><span class=\"updated\" style=\"display:none;\">2023-05-03T18:32:25+02:00<\/span><span>September 11th, 2022<\/span><span class=\"fusion-inline-sep\">|<\/span><\/p><p>Liebe Turnfreunde! Es geht wieder los! N\u00e4here Infos zu Turnzeiten und Beginn findet du bei den Angeboten. Wir w\u00fcnschen einen guten Start! Eure Vorturner<\/p><\/div><\/article><article class=\"post fusion-column column col col-lg-12 col-md-12 col-sm-12\"><div class=\"fusion-flexslider fusion-flexslider-loading flexslider floated-slideshow flexslider-hover-type-zoomin\"><ul class=\"slides\"><li><a href=\"https:\/\/www.atus-koeflach.at\/2019\/sommertraining-in-klagenfurt\/\" aria-label=\"Sommertraining in Klagenfurt\" class=\"hover-type-zoomin\"><img loading=\"lazy\" decoding=\"async\" width=\"177\" height=\"142\" src=\"data:image\/svg+xml,%3Csvg%20xmlns%3D%27http%3A%2F%2Fwww.w3.org%2F2000%2Fsvg%27%20width%3D%27177%27%20height%3D%27142%27%20viewBox%3D%270%200%20177%20142%27%3E%3Crect%20width%3D%27177%27%20height%3D%27142%27%20fill-opacity%3D%220%22%2F%3E%3C%2Fsvg%3E\" data-orig-src=\"https:\/\/www.atus-koeflach.at\/2019\/wp-content\/uploads\/2022\/08\/Klg.-Trainingscamp-11-177x142.jpg\" class=\"lazyload attachment-portfolio-five size-portfolio-five\" alt=\"\" \/><\/a><\/li><li><a href=\"https:\/\/www.atus-koeflach.at\/2019\/sommertraining-in-klagenfurt\/\" aria-label=\"Sommertraining in Klagenfurt\" class=\"hover-type-zoomin\"><img loading=\"lazy\" decoding=\"async\" width=\"177\" height=\"142\" src=\"data:image\/svg+xml,%3Csvg%20xmlns%3D%27http%3A%2F%2Fwww.w3.org%2F2000%2Fsvg%27%20width%3D%27177%27%20height%3D%27142%27%20viewBox%3D%270%200%20177%20142%27%3E%3Crect%20width%3D%27177%27%20height%3D%27142%27%20fill-opacity%3D%220%22%2F%3E%3C%2Fsvg%3E\" data-orig-src=\"https:\/\/www.atus-koeflach.at\/2019\/wp-content\/uploads\/2022\/08\/Klg.-Trainingscamp-1-177x142.jpg\" class=\"lazyload attachment-portfolio-five size-portfolio-five\" alt=\"\" \/><\/a><\/li><\/ul><\/div><div class=\"recent-posts-content\"><span class=\"vcard\" style=\"display: none;\"><span class=\"fn\"><a href=\"https:\/\/www.atus-koeflach.at\/2019\/author\/karin\/\" title=\"Beitr\u00e4ge von Karin Krauthackl\" rel=\"author\">Karin Krauthackl<\/a><\/span><\/span><span class=\"updated\" style=\"display:none;\">2023-05-03T18:32:51+02:00<\/span><h4 class=\"entry-title\"><a href=\"https:\/\/www.atus-koeflach.at\/2019\/sommertraining-in-klagenfurt\/\">Sommertraining in Klagenfurt<\/a><\/h4><p class=\"meta\"><span class=\"vcard\" style=\"display: none;\"><span class=\"fn\"><a href=\"https:\/\/www.atus-koeflach.at\/2019\/author\/karin\/\" title=\"Beitr\u00e4ge von Karin Krauthackl\" rel=\"author\">Karin Krauthackl<\/a><\/span><\/span><span class=\"updated\" style=\"display:none;\">2023-05-03T18:32:51+02:00<\/span><span>August 16th, 2022<\/span><span class=\"fusion-inline-sep\">|<\/span><\/p><p>Vom 1. - 5. August 2022 fand in Klagenfurt ein Konditions- und Aufbautraining f\u00fcr die Kunstturnerinnen statt. Unsere Trainer Maze\u00a0 (Mathias) aus Klagenfurt und Heinz aus Graz [...]<\/p><\/div><\/article><article class=\"post fusion-column column col col-lg-12 col-md-12 col-sm-12\"><div class=\"fusion-flexslider fusion-flexslider-loading flexslider floated-slideshow flexslider-hover-type-zoomin\"><ul class=\"slides\"><li><a href=\"https:\/\/www.atus-koeflach.at\/2019\/erlebnis-sommerturncamp-2022\/\" aria-label=\"Erlebnis Sommerturncamp 2022\" class=\"hover-type-zoomin\"><img loading=\"lazy\" decoding=\"async\" width=\"177\" height=\"142\" src=\"data:image\/svg+xml,%3Csvg%20xmlns%3D%27http%3A%2F%2Fwww.w3.org%2F2000%2Fsvg%27%20width%3D%27177%27%20height%3D%27142%27%20viewBox%3D%270%200%20177%20142%27%3E%3Crect%20width%3D%27177%27%20height%3D%27142%27%20fill-opacity%3D%220%22%2F%3E%3C%2Fsvg%3E\" data-orig-src=\"https:\/\/www.atus-koeflach.at\/2019\/wp-content\/uploads\/2022\/08\/20220729_133945-177x142.jpg\" class=\"lazyload attachment-portfolio-five size-portfolio-five\" alt=\"\" \/><\/a><\/li><\/ul><\/div><div class=\"recent-posts-content\"><span class=\"vcard\" style=\"display: none;\"><span class=\"fn\"><a href=\"https:\/\/www.atus-koeflach.at\/2019\/author\/karin\/\" title=\"Beitr\u00e4ge von Karin Krauthackl\" rel=\"author\">Karin Krauthackl<\/a><\/span><\/span><span class=\"updated\" style=\"display:none;\">2023-05-03T18:32:29+02:00<\/span><h4 class=\"entry-title\"><a href=\"https:\/\/www.atus-koeflach.at\/2019\/erlebnis-sommerturncamp-2022\/\">Erlebnis Sommerturncamp 2022<\/a><\/h4><p class=\"meta\"><span class=\"vcard\" style=\"display: none;\"><span class=\"fn\"><a href=\"https:\/\/www.atus-koeflach.at\/2019\/author\/karin\/\" title=\"Beitr\u00e4ge von Karin Krauthackl\" rel=\"author\">Karin Krauthackl<\/a><\/span><\/span><span class=\"updated\" style=\"display:none;\">2023-05-03T18:32:29+02:00<\/span><span>August 7th, 2022<\/span><span class=\"fusion-inline-sep\">|<\/span><\/p><p> Ende Juli 2022 richtete der ATUS K\u00f6flach ein Sommerturncamp aus. 32 Turnerinnen im Alter von 6 bis 16 Jahren erlebten eine fantastische Woche voller Bewegung, Sport [...]<\/p><\/div><\/article><article class=\"post fusion-column column col col-lg-12 col-md-12 col-sm-12\"><div class=\"fusion-flexslider fusion-flexslider-loading flexslider floated-slideshow flexslider-hover-type-zoomin\"><ul class=\"slides\"><li><a href=\"https:\/\/www.atus-koeflach.at\/2019\/wir-trauern-um-ernst-potocan\/\" aria-label=\"Wir trauern um Ernst Potocan (1944-2022)\" class=\"hover-type-zoomin\"><img loading=\"lazy\" decoding=\"async\" width=\"177\" height=\"142\" src=\"data:image\/svg+xml,%3Csvg%20xmlns%3D%27http%3A%2F%2Fwww.w3.org%2F2000%2Fsvg%27%20width%3D%27177%27%20height%3D%27142%27%20viewBox%3D%270%200%20177%20142%27%3E%3Crect%20width%3D%27177%27%20height%3D%27142%27%20fill-opacity%3D%220%22%2F%3E%3C%2Fsvg%3E\" data-orig-src=\"https:\/\/www.atus-koeflach.at\/2019\/wp-content\/uploads\/2022\/07\/Bild13-177x142.jpg\" class=\"lazyload attachment-portfolio-five size-portfolio-five\" alt=\"\" \/><\/a><\/li><li><a href=\"https:\/\/www.atus-koeflach.at\/2019\/wir-trauern-um-ernst-potocan\/\" aria-label=\"Wir trauern um Ernst Potocan (1944-2022)\" class=\"hover-type-zoomin\"><img loading=\"lazy\" decoding=\"async\" width=\"177\" height=\"142\" src=\"data:image\/svg+xml,%3Csvg%20xmlns%3D%27http%3A%2F%2Fwww.w3.org%2F2000%2Fsvg%27%20width%3D%27177%27%20height%3D%27142%27%20viewBox%3D%270%200%20177%20142%27%3E%3Crect%20width%3D%27177%27%20height%3D%27142%27%20fill-opacity%3D%220%22%2F%3E%3C%2Fsvg%3E\" data-orig-src=\"https:\/\/www.atus-koeflach.at\/2019\/wp-content\/uploads\/2022\/07\/Ernst-Potocan-29.6-177x142.jpg\" class=\"lazyload attachment-portfolio-five size-portfolio-five\" alt=\"Potocan Ersnt\" \/><\/a><\/li><\/ul><\/div><div class=\"recent-posts-content\"><span class=\"vcard\" style=\"display: none;\"><span class=\"fn\"><a href=\"https:\/\/www.atus-koeflach.at\/2019\/author\/karin\/\" title=\"Beitr\u00e4ge von Karin Krauthackl\" rel=\"author\">Karin Krauthackl<\/a><\/span><\/span><span class=\"updated\" style=\"display:none;\">2023-05-03T18:32:39+02:00<\/span><h4 class=\"entry-title\"><a href=\"https:\/\/www.atus-koeflach.at\/2019\/wir-trauern-um-ernst-potocan\/\">Wir trauern um Ernst Potocan (1944-2022)<\/a><\/h4><p class=\"meta\"><span class=\"vcard\" style=\"display: none;\"><span class=\"fn\"><a href=\"https:\/\/www.atus-koeflach.at\/2019\/author\/karin\/\" title=\"Beitr\u00e4ge von Karin Krauthackl\" rel=\"author\">Karin Krauthackl<\/a><\/span><\/span><span class=\"updated\" style=\"display:none;\">2023-05-03T18:32:39+02:00<\/span><span>Juli 3rd, 2022<\/span><span class=\"fusion-inline-sep\">|<\/span><\/p><p>Am vergangenen Mittwoch, am 29. Juni 2022, ist\u00a0 Ernst Potocan im 78. Lebensjahr v\u00f6llig unerwartet verstorben. Mit ihm verliert der ATUS K\u00f6flach\u2013Turnen eine jahrzehntelang als Sportler, Trainer [...]<\/p><\/div><\/article><article class=\"post fusion-column column col col-lg-12 col-md-12 col-sm-12\"><div class=\"fusion-flexslider fusion-flexslider-loading flexslider floated-slideshow flexslider-hover-type-zoomin\"><ul class=\"slides\"><li><a href=\"https:\/\/www.atus-koeflach.at\/2019\/erfolgslauf-im-burgenland-prolongiert\/\" aria-label=\"Erfolgslauf im Burgenland prolongiert\" class=\"hover-type-zoomin\"><img loading=\"lazy\" decoding=\"async\" width=\"177\" height=\"142\" src=\"data:image\/svg+xml,%3Csvg%20xmlns%3D%27http%3A%2F%2Fwww.w3.org%2F2000%2Fsvg%27%20width%3D%27177%27%20height%3D%27142%27%20viewBox%3D%270%200%20177%20142%27%3E%3Crect%20width%3D%27177%27%20height%3D%27142%27%20fill-opacity%3D%220%22%2F%3E%3C%2Fsvg%3E\" data-orig-src=\"https:\/\/www.atus-koeflach.at\/2019\/wp-content\/uploads\/2022\/06\/ASKO_BM_2022_1-177x142.jpg\" class=\"lazyload attachment-portfolio-five size-portfolio-five\" alt=\"\" \/><\/a><\/li><\/ul><\/div><div class=\"recent-posts-content\"><span class=\"vcard\" style=\"display: none;\"><span class=\"fn\"><a href=\"https:\/\/www.atus-koeflach.at\/2019\/author\/daniel-krauthackl\/\" title=\"Beitr\u00e4ge von Daniel Krauthackl\" rel=\"author\">Daniel Krauthackl<\/a><\/span><\/span><span class=\"updated\" style=\"display:none;\">2022-06-03T17:36:00+02:00<\/span><h4 class=\"entry-title\"><a href=\"https:\/\/www.atus-koeflach.at\/2019\/erfolgslauf-im-burgenland-prolongiert\/\">Erfolgslauf im Burgenland prolongiert<\/a><\/h4><p class=\"meta\"><span class=\"vcard\" style=\"display: none;\"><span class=\"fn\"><a href=\"https:\/\/www.atus-koeflach.at\/2019\/author\/daniel-krauthackl\/\" title=\"Beitr\u00e4ge von Daniel Krauthackl\" rel=\"author\">Daniel Krauthackl<\/a><\/span><\/span><span class=\"updated\" style=\"display:none;\">2022-06-03T17:36:00+02:00<\/span><span>Juni 3rd, 2022<\/span><span class=\"fusion-inline-sep\">|<\/span><\/p><p> \u00dcber einen echten Erfolgslauf darf sich der ATUS K\u00f6flach freuen. Nach der Medaillenflut bei den Landesmeisterschaften in Turn10 in Kindberg und den Kunstturnmeisterschaften in Graz \u2013 [...]<\/p><\/div><\/article><article class=\"post fusion-column column col col-lg-12 col-md-12 col-sm-12\"><div class=\"fusion-flexslider fusion-flexslider-loading flexslider floated-slideshow flexslider-hover-type-zoomin\"><ul class=\"slides\"><li><a href=\"https:\/\/www.atus-koeflach.at\/2019\/gold-silber-und-bronze-fuer-die-koeflacher-kunstturnerinnen\/\" aria-label=\"Gold, Silber und Bronze f\u00fcr die K\u00f6flacher Kunstturnerinnen\" class=\"hover-type-zoomin\"><img loading=\"lazy\" decoding=\"async\" width=\"177\" height=\"142\" src=\"data:image\/svg+xml,%3Csvg%20xmlns%3D%27http%3A%2F%2Fwww.w3.org%2F2000%2Fsvg%27%20width%3D%27177%27%20height%3D%27142%27%20viewBox%3D%270%200%20177%20142%27%3E%3Crect%20width%3D%27177%27%20height%3D%27142%27%20fill-opacity%3D%220%22%2F%3E%3C%2Fsvg%3E\" data-orig-src=\"https:\/\/www.atus-koeflach.at\/2019\/wp-content\/uploads\/2022\/06\/LM_Kunst_2022-177x142.jpg\" class=\"lazyload attachment-portfolio-five size-portfolio-five\" alt=\"\" \/><\/a><\/li><\/ul><\/div><div class=\"recent-posts-content\"><span class=\"vcard\" style=\"display: none;\"><span class=\"fn\"><a href=\"https:\/\/www.atus-koeflach.at\/2019\/author\/daniel-krauthackl\/\" title=\"Beitr\u00e4ge von Daniel Krauthackl\" rel=\"author\">Daniel Krauthackl<\/a><\/span><\/span><span class=\"updated\" style=\"display:none;\">2022-06-03T17:30:07+02:00<\/span><h4 class=\"entry-title\"><a href=\"https:\/\/www.atus-koeflach.at\/2019\/gold-silber-und-bronze-fuer-die-koeflacher-kunstturnerinnen\/\">Gold, Silber und Bronze f\u00fcr die K\u00f6flacher Kunstturnerinnen<\/a><\/h4><p class=\"meta\"><span class=\"vcard\" style=\"display: none;\"><span class=\"fn\"><a href=\"https:\/\/www.atus-koeflach.at\/2019\/author\/daniel-krauthackl\/\" title=\"Beitr\u00e4ge von Daniel Krauthackl\" rel=\"author\">Daniel Krauthackl<\/a><\/span><\/span><span class=\"updated\" style=\"display:none;\">2022-06-03T17:30:07+02:00<\/span><span>Juni 3rd, 2022<\/span><span class=\"fusion-inline-sep\">|<\/span><\/p><p> Unsere 5 Kunstturnm\u00e4dchen \u00fcberzeugten bei der Steirischen Landesmeisterschaft am 26. Mai 2022 erneut mit ihren turnerischen Leistungen. Jeweils den steirischen Meistertitel holten sich Anna Pl\u00f6bst in [...]<\/p><\/div><\/article><article class=\"post fusion-column column col col-lg-12 col-md-12 col-sm-12\"><div class=\"fusion-flexslider fusion-flexslider-loading flexslider floated-slideshow flexslider-hover-type-zoomin\"><ul class=\"slides\"><li><a href=\"https:\/\/www.atus-koeflach.at\/2019\/bewegt-im-park-2\/\" aria-label=\"BEWEGT IM PARK\" class=\"hover-type-zoomin\"><img loading=\"lazy\" decoding=\"async\" width=\"177\" height=\"142\" src=\"data:image\/svg+xml,%3Csvg%20xmlns%3D%27http%3A%2F%2Fwww.w3.org%2F2000%2Fsvg%27%20width%3D%27177%27%20height%3D%27142%27%20viewBox%3D%270%200%20177%20142%27%3E%3Crect%20width%3D%27177%27%20height%3D%27142%27%20fill-opacity%3D%220%22%2F%3E%3C%2Fsvg%3E\" data-orig-src=\"https:\/\/www.atus-koeflach.at\/2019\/wp-content\/uploads\/2021\/05\/bip-177x142.png\" class=\"lazyload attachment-portfolio-five size-portfolio-five\" alt=\"\" \/><\/a><\/li><\/ul><\/div><div class=\"recent-posts-content\"><span class=\"vcard\" style=\"display: none;\"><span class=\"fn\"><a href=\"https:\/\/www.atus-koeflach.at\/2019\/author\/daniel-krauthackl\/\" title=\"Beitr\u00e4ge von Daniel Krauthackl\" rel=\"author\">Daniel Krauthackl<\/a><\/span><\/span><span class=\"updated\" style=\"display:none;\">2022-05-29T18:18:41+02:00<\/span><h4 class=\"entry-title\"><a href=\"https:\/\/www.atus-koeflach.at\/2019\/bewegt-im-park-2\/\">BEWEGT IM PARK<\/a><\/h4><p class=\"meta\"><span class=\"vcard\" style=\"display: none;\"><span class=\"fn\"><a href=\"https:\/\/www.atus-koeflach.at\/2019\/author\/daniel-krauthackl\/\" title=\"Beitr\u00e4ge von Daniel Krauthackl\" rel=\"author\">Daniel Krauthackl<\/a><\/span><\/span><span class=\"updated\" style=\"display:none;\">2022-05-29T18:18:41+02:00<\/span><span>Mai 29th, 2022<\/span><span class=\"fusion-inline-sep\">|<\/span><\/p><p> bietet ein vielf\u00e4ltiges Bewegungsprogramm in \u00f6ffentlichen Parkanlagen \u2013 kostenlos und unverbindlich. Das vom Dachverband der Sozialversicherungstr\u00e4ger und vom Bundesministerium f\u00fcr Kunst, Kultur, \u00f6ffentlicher Dienst und Sport [...]<\/p><\/div><\/article><article class=\"post fusion-column column col col-lg-12 col-md-12 col-sm-12\"><div class=\"fusion-flexslider fusion-flexslider-loading flexslider floated-slideshow flexslider-hover-type-zoomin\"><ul class=\"slides\"><li><a href=\"https:\/\/www.atus-koeflach.at\/2019\/atus-koeflach-medaillen-landesmeisterin-und-gelungene-inklusion\/\" aria-label=\"ATUS K\u00f6flach: Medaillen, Landesmeisterin und gelungene Inklusion\" class=\"hover-type-zoomin\"><img loading=\"lazy\" decoding=\"async\" width=\"177\" height=\"142\" src=\"data:image\/svg+xml,%3Csvg%20xmlns%3D%27http%3A%2F%2Fwww.w3.org%2F2000%2Fsvg%27%20width%3D%27177%27%20height%3D%27142%27%20viewBox%3D%270%200%20177%20142%27%3E%3Crect%20width%3D%27177%27%20height%3D%27142%27%20fill-opacity%3D%220%22%2F%3E%3C%2Fsvg%3E\" data-orig-src=\"https:\/\/www.atus-koeflach.at\/2019\/wp-content\/uploads\/2022\/05\/Gruppenfoto-mit-Vorturner-177x142.jpg\" class=\"lazyload attachment-portfolio-five size-portfolio-five\" alt=\"\" \/><\/a><\/li><li><a href=\"https:\/\/www.atus-koeflach.at\/2019\/atus-koeflach-medaillen-landesmeisterin-und-gelungene-inklusion\/\" aria-label=\"ATUS K\u00f6flach: Medaillen, Landesmeisterin und gelungene Inklusion\" class=\"hover-type-zoomin\"><img loading=\"lazy\" decoding=\"async\" width=\"177\" height=\"142\" src=\"data:image\/svg+xml,%3Csvg%20xmlns%3D%27http%3A%2F%2Fwww.w3.org%2F2000%2Fsvg%27%20width%3D%27177%27%20height%3D%27142%27%20viewBox%3D%270%200%20177%20142%27%3E%3Crect%20width%3D%27177%27%20height%3D%27142%27%20fill-opacity%3D%220%22%2F%3E%3C%2Fsvg%3E\" data-orig-src=\"https:\/\/www.atus-koeflach.at\/2019\/wp-content\/uploads\/2022\/05\/image0-177x142.jpeg\" class=\"lazyload attachment-portfolio-five size-portfolio-five\" alt=\"\" \/><\/a><\/li><li><a href=\"https:\/\/www.atus-koeflach.at\/2019\/atus-koeflach-medaillen-landesmeisterin-und-gelungene-inklusion\/\" aria-label=\"ATUS K\u00f6flach: Medaillen, Landesmeisterin und gelungene Inklusion\" class=\"hover-type-zoomin\"><img loading=\"lazy\" decoding=\"async\" width=\"177\" height=\"142\" src=\"data:image\/svg+xml,%3Csvg%20xmlns%3D%27http%3A%2F%2Fwww.w3.org%2F2000%2Fsvg%27%20width%3D%27177%27%20height%3D%27142%27%20viewBox%3D%270%200%20177%20142%27%3E%3Crect%20width%3D%27177%27%20height%3D%27142%27%20fill-opacity%3D%220%22%2F%3E%3C%2Fsvg%3E\" data-orig-src=\"https:\/\/www.atus-koeflach.at\/2019\/wp-content\/uploads\/2022\/05\/IMG-20220507-WA0023-177x142.jpg\" class=\"lazyload attachment-portfolio-five size-portfolio-five\" alt=\"\" \/><\/a><\/li><li><a href=\"https:\/\/www.atus-koeflach.at\/2019\/atus-koeflach-medaillen-landesmeisterin-und-gelungene-inklusion\/\" aria-label=\"ATUS K\u00f6flach: Medaillen, Landesmeisterin und gelungene Inklusion\" class=\"hover-type-zoomin\"><img loading=\"lazy\" decoding=\"async\" width=\"177\" height=\"142\" src=\"data:image\/svg+xml,%3Csvg%20xmlns%3D%27http%3A%2F%2Fwww.w3.org%2F2000%2Fsvg%27%20width%3D%27177%27%20height%3D%27142%27%20viewBox%3D%270%200%20177%20142%27%3E%3Crect%20width%3D%27177%27%20height%3D%27142%27%20fill-opacity%3D%220%22%2F%3E%3C%2Fsvg%3E\" data-orig-src=\"https:\/\/www.atus-koeflach.at\/2019\/wp-content\/uploads\/2022\/05\/20220507_140753-1-177x142.jpg\" class=\"lazyload attachment-portfolio-five size-portfolio-five\" alt=\"\" \/><\/a><\/li><li><a href=\"https:\/\/www.atus-koeflach.at\/2019\/atus-koeflach-medaillen-landesmeisterin-und-gelungene-inklusion\/\" aria-label=\"ATUS K\u00f6flach: Medaillen, Landesmeisterin und gelungene Inklusion\" class=\"hover-type-zoomin\"><img loading=\"lazy\" decoding=\"async\" width=\"177\" height=\"142\" src=\"data:image\/svg+xml,%3Csvg%20xmlns%3D%27http%3A%2F%2Fwww.w3.org%2F2000%2Fsvg%27%20width%3D%27177%27%20height%3D%27142%27%20viewBox%3D%270%200%20177%20142%27%3E%3Crect%20width%3D%27177%27%20height%3D%27142%27%20fill-opacity%3D%220%22%2F%3E%3C%2Fsvg%3E\" data-orig-src=\"https:\/\/www.atus-koeflach.at\/2019\/wp-content\/uploads\/2022\/05\/Siegerehrung-gesamtVereine-177x142.jpg\" class=\"lazyload attachment-portfolio-five size-portfolio-five\" alt=\"\" \/><\/a><\/li><\/ul><\/div><div class=\"recent-posts-content\"><span class=\"vcard\" style=\"display: none;\"><span class=\"fn\"><a href=\"https:\/\/www.atus-koeflach.at\/2019\/author\/karin\/\" title=\"Beitr\u00e4ge von Karin Krauthackl\" rel=\"author\">Karin Krauthackl<\/a><\/span><\/span><span class=\"updated\" style=\"display:none;\">2023-05-03T18:32:46+02:00<\/span><h4 class=\"entry-title\"><a href=\"https:\/\/www.atus-koeflach.at\/2019\/atus-koeflach-medaillen-landesmeisterin-und-gelungene-inklusion\/\">ATUS K\u00f6flach: Medaillen, Landesmeisterin und gelungene Inklusion<\/a><\/h4><p class=\"meta\"><span class=\"vcard\" style=\"display: none;\"><span class=\"fn\"><a href=\"https:\/\/www.atus-koeflach.at\/2019\/author\/karin\/\" title=\"Beitr\u00e4ge von Karin Krauthackl\" rel=\"author\">Karin Krauthackl<\/a><\/span><\/span><span class=\"updated\" style=\"display:none;\">2023-05-03T18:32:46+02:00<\/span><span>Mai 11th, 2022<\/span><span class=\"fusion-inline-sep\">|<\/span><\/p><p>Nicht weniger als 18 Medaillen entf\u00fchrten die Turner*innen des ATUS K\u00f6flach k\u00fcrzlich im Rahmen der Steirischen Turn10 Landesmeisterschaft am 7. Mai 2022 aus der Obersteiermark. \u00a0Mit 56 [...]<\/p><\/div><\/article><article class=\"post fusion-column column col col-lg-12 col-md-12 col-sm-12\"><div class=\"fusion-flexslider fusion-flexslider-loading flexslider floated-slideshow flexslider-hover-type-zoomin\"><ul class=\"slides\"><li><a href=\"https:\/\/www.atus-koeflach.at\/2019\/3068-2\/\" aria-label=\"ASK\u00d6-Ehrenamtspreis \u201emove\u201c\" class=\"hover-type-zoomin\"><img loading=\"lazy\" decoding=\"async\" width=\"177\" height=\"142\" src=\"data:image\/svg+xml,%3Csvg%20xmlns%3D%27http%3A%2F%2Fwww.w3.org%2F2000%2Fsvg%27%20width%3D%27177%27%20height%3D%27142%27%20viewBox%3D%270%200%20177%20142%27%3E%3Crect%20width%3D%27177%27%20height%3D%27142%27%20fill-opacity%3D%220%22%2F%3E%3C%2Fsvg%3E\" data-orig-src=\"https:\/\/www.atus-koeflach.at\/2019\/wp-content\/uploads\/2022\/05\/ASKOe-Ehrenpreis-Move-KKK-I-177x142.jpg\" class=\"lazyload attachment-portfolio-five size-portfolio-five\" alt=\"\" \/><\/a><\/li><\/ul><\/div><div class=\"recent-posts-content\"><span class=\"vcard\" style=\"display: none;\"><span class=\"fn\"><a href=\"https:\/\/www.atus-koeflach.at\/2019\/author\/karin\/\" title=\"Beitr\u00e4ge von Karin Krauthackl\" rel=\"author\">Karin Krauthackl<\/a><\/span><\/span><span class=\"updated\" style=\"display:none;\">2022-05-11T20:52:35+02:00<\/span><h4 class=\"entry-title\"><a href=\"https:\/\/www.atus-koeflach.at\/2019\/3068-2\/\">ASK\u00d6-Ehrenamtspreis \u201emove\u201c<\/a><\/h4><p class=\"meta\"><span class=\"vcard\" style=\"display: none;\"><span class=\"fn\"><a href=\"https:\/\/www.atus-koeflach.at\/2019\/author\/karin\/\" title=\"Beitr\u00e4ge von Karin Krauthackl\" rel=\"author\">Karin Krauthackl<\/a><\/span><\/span><span class=\"updated\" style=\"display:none;\">2022-05-11T20:52:35+02:00<\/span><span>Mai 11th, 2022<\/span><span class=\"fusion-inline-sep\">|<\/span><\/p><p>Im Rahmen seines Bundestages zeichnete der ASK\u00d6 Steiermark im April 2022 die K\u00f6flacherin Karin Konrad-Krauthackl mit dem ASK\u00d6-Ehrenamtspreis \u201emove\u201c aus. Hat die ASK\u00d6-Funktion\u00e4rin doch so einiges bewegt [...]<\/p><\/div><\/article><article class=\"post fusion-column column col col-lg-12 col-md-12 col-sm-12\"><div class=\"fusion-flexslider fusion-flexslider-loading flexslider floated-slideshow flexslider-hover-type-zoomin\"><ul class=\"slides\"><li><a href=\"https:\/\/www.atus-koeflach.at\/2019\/turnverein-guetesiegel-2022-mit-5-sternen\/\" aria-label=\"Turnverein G\u00fctesiegel 2022 mit 5 Sternen\" class=\"hover-type-zoomin\"><img loading=\"lazy\" decoding=\"async\" width=\"177\" height=\"142\" src=\"data:image\/svg+xml,%3Csvg%20xmlns%3D%27http%3A%2F%2Fwww.w3.org%2F2000%2Fsvg%27%20width%3D%27177%27%20height%3D%27142%27%20viewBox%3D%270%200%20177%20142%27%3E%3Crect%20width%3D%27177%27%20height%3D%27142%27%20fill-opacity%3D%220%22%2F%3E%3C%2Fsvg%3E\" data-orig-src=\"https:\/\/www.atus-koeflach.at\/2019\/wp-content\/uploads\/2022\/03\/siegel2022-177x142.png\" class=\"lazyload attachment-portfolio-five size-portfolio-five\" alt=\"\" \/><\/a><\/li><li><a href=\"https:\/\/www.atus-koeflach.at\/2019\/turnverein-guetesiegel-2022-mit-5-sternen\/\" aria-label=\"Turnverein G\u00fctesiegel 2022 mit 5 Sternen\" class=\"hover-type-zoomin\"><\/a><\/li><\/ul><\/div><div class=\"recent-posts-content\"><span class=\"vcard\" style=\"display: none;\"><span class=\"fn\"><a href=\"https:\/\/www.atus-koeflach.at\/2019\/author\/daniel-krauthackl\/\" title=\"Beitr\u00e4ge von Daniel Krauthackl\" rel=\"author\">Daniel Krauthackl<\/a><\/span><\/span><span class=\"updated\" style=\"display:none;\">2022-05-11T20:53:38+02:00<\/span><h4 class=\"entry-title\"><a href=\"https:\/\/www.atus-koeflach.at\/2019\/turnverein-guetesiegel-2022-mit-5-sternen\/\">Turnverein G\u00fctesiegel 2022 mit 5 Sternen<\/a><\/h4><p class=\"meta\"><span class=\"vcard\" style=\"display: none;\"><span class=\"fn\"><a href=\"https:\/\/www.atus-koeflach.at\/2019\/author\/daniel-krauthackl\/\" title=\"Beitr\u00e4ge von Daniel Krauthackl\" rel=\"author\">Daniel Krauthackl<\/a><\/span><\/span><span class=\"updated\" style=\"display:none;\">2022-05-11T20:53:38+02:00<\/span><span>M\u00e4rz 6th, 2022<\/span><span class=\"fusion-inline-sep\">|<\/span><\/p><p>Mit dem \u00d6FT-G\u00fctesiegel vergibt der \u00d6sterreichische Fachverband Turnen eine besondere Auszeichnung an seine engagiertesten und erfolgreichen Vereine. Je nach Performance des Vereines kann das Siegel bis zu [...]<\/p><\/div><\/article><article class=\"post fusion-column column col col-lg-12 col-md-12 col-sm-12\"><div class=\"fusion-flexslider fusion-flexslider-loading flexslider floated-slideshow flexslider-hover-type-zoomin\"><ul class=\"slides\"><li><a href=\"https:\/\/www.atus-koeflach.at\/2019\/gesegnetes-weihnachtsfes\/\" aria-label=\"Gesegnetes Weihnachtsfest\" class=\"hover-type-zoomin\"><img loading=\"lazy\" decoding=\"async\" width=\"177\" height=\"142\" src=\"data:image\/svg+xml,%3Csvg%20xmlns%3D%27http%3A%2F%2Fwww.w3.org%2F2000%2Fsvg%27%20width%3D%27177%27%20height%3D%27142%27%20viewBox%3D%270%200%20177%20142%27%3E%3Crect%20width%3D%27177%27%20height%3D%27142%27%20fill-opacity%3D%220%22%2F%3E%3C%2Fsvg%3E\" data-orig-src=\"https:\/\/www.atus-koeflach.at\/2019\/wp-content\/uploads\/2021\/12\/WW_2022_kl-177x142.jpg\" class=\"lazyload attachment-portfolio-five size-portfolio-five\" alt=\"\" \/><\/a><\/li><\/ul><\/div><div class=\"recent-posts-content\"><span class=\"vcard\" style=\"display: none;\"><span class=\"fn\"><a href=\"https:\/\/www.atus-koeflach.at\/2019\/author\/daniel-krauthackl\/\" title=\"Beitr\u00e4ge von Daniel Krauthackl\" rel=\"author\">Daniel Krauthackl<\/a><\/span><\/span><span class=\"updated\" style=\"display:none;\">2021-12-20T22:10:08+01:00<\/span><h4 class=\"entry-title\"><a href=\"https:\/\/www.atus-koeflach.at\/2019\/gesegnetes-weihnachtsfes\/\">Gesegnetes Weihnachtsfest<\/a><\/h4><p class=\"meta\"><span class=\"vcard\" style=\"display: none;\"><span class=\"fn\"><a href=\"https:\/\/www.atus-koeflach.at\/2019\/author\/daniel-krauthackl\/\" title=\"Beitr\u00e4ge von Daniel Krauthackl\" rel=\"author\">Daniel Krauthackl<\/a><\/span><\/span><span class=\"updated\" style=\"display:none;\">2021-12-20T22:10:08+01:00<\/span><span>Dezember 20th, 2021<\/span><span class=\"fusion-inline-sep\">|<\/span><\/p><p>Liebe Turnfreunde! Nur mehr wenige Tage und das Jahr 2021 ist Geschichte! Zw\u00f6lf Monate, die f\u00fcr den ATUS K\u00f6flach Turnen wieder sehr fordernd waren. Die Corona-Krise schr\u00e4nkte [...]<\/p><\/div><\/article><article class=\"post fusion-column column col col-lg-12 col-md-12 col-sm-12\"><div class=\"fusion-flexslider fusion-flexslider-loading flexslider floated-slideshow flexslider-hover-type-zoomin\"><ul class=\"slides\"><li><a href=\"https:\/\/www.atus-koeflach.at\/2019\/lilian-lamperter-vom-atus-koeflach-vertrat-das-team-steiermark-bei-den-oesterrei-chischen-jugendmeisterschaften-in-innsbruck\/\" aria-label=\"Lilian Lamperter vom ATUS K\u00f6flach vertrat das Team Steiermark bei den \u00d6sterreichischen Jugendmeisterschaften in Innsbruck\" class=\"hover-type-zoomin\"><img loading=\"lazy\" decoding=\"async\" width=\"177\" height=\"142\" src=\"data:image\/svg+xml,%3Csvg%20xmlns%3D%27http%3A%2F%2Fwww.w3.org%2F2000%2Fsvg%27%20width%3D%27177%27%20height%3D%27142%27%20viewBox%3D%270%200%20177%20142%27%3E%3Crect%20width%3D%27177%27%20height%3D%27142%27%20fill-opacity%3D%220%22%2F%3E%3C%2Fsvg%3E\" data-orig-src=\"https:\/\/www.atus-koeflach.at\/2019\/wp-content\/uploads\/2021\/11\/OeJM-MZ-220-177x142.jpg\" class=\"lazyload attachment-portfolio-five size-portfolio-five\" alt=\"\" \/><\/a><\/li><li><a href=\"https:\/\/www.atus-koeflach.at\/2019\/lilian-lamperter-vom-atus-koeflach-vertrat-das-team-steiermark-bei-den-oesterrei-chischen-jugendmeisterschaften-in-innsbruck\/\" aria-label=\"Lilian Lamperter vom ATUS K\u00f6flach vertrat das Team Steiermark bei den \u00d6sterreichischen Jugendmeisterschaften in Innsbruck\" class=\"hover-type-zoomin\"><img loading=\"lazy\" decoding=\"async\" width=\"177\" height=\"142\" src=\"data:image\/svg+xml,%3Csvg%20xmlns%3D%27http%3A%2F%2Fwww.w3.org%2F2000%2Fsvg%27%20width%3D%27177%27%20height%3D%27142%27%20viewBox%3D%270%200%20177%20142%27%3E%3Crect%20width%3D%27177%27%20height%3D%27142%27%20fill-opacity%3D%220%22%2F%3E%3C%2Fsvg%3E\" data-orig-src=\"https:\/\/www.atus-koeflach.at\/2019\/wp-content\/uploads\/2021\/11\/Lilian-Schwebebalken--177x142.jpg\" class=\"lazyload attachment-portfolio-five size-portfolio-five\" alt=\"LIlian\" \/><\/a><\/li><li><a href=\"https:\/\/www.atus-koeflach.at\/2019\/lilian-lamperter-vom-atus-koeflach-vertrat-das-team-steiermark-bei-den-oesterrei-chischen-jugendmeisterschaften-in-innsbruck\/\" aria-label=\"Lilian Lamperter vom ATUS K\u00f6flach vertrat das Team Steiermark bei den \u00d6sterreichischen Jugendmeisterschaften in Innsbruck\" class=\"hover-type-zoomin\"><img loading=\"lazy\" decoding=\"async\" width=\"177\" height=\"142\" src=\"data:image\/svg+xml,%3Csvg%20xmlns%3D%27http%3A%2F%2Fwww.w3.org%2F2000%2Fsvg%27%20width%3D%27177%27%20height%3D%27142%27%20viewBox%3D%270%200%20177%20142%27%3E%3Crect%20width%3D%27177%27%20height%3D%27142%27%20fill-opacity%3D%220%22%2F%3E%3C%2Fsvg%3E\" data-orig-src=\"https:\/\/www.atus-koeflach.at\/2019\/wp-content\/uploads\/2021\/11\/LIlien-Boden-Spagatsprung-177x142.jpg\" class=\"lazyload attachment-portfolio-five size-portfolio-five\" alt=\"lilian\" \/><\/a><\/li><\/ul><\/div><div class=\"recent-posts-content\"><span class=\"vcard\" style=\"display: none;\"><span class=\"fn\"><a href=\"https:\/\/www.atus-koeflach.at\/2019\/author\/daniel-krauthackl\/\" title=\"Beitr\u00e4ge von Daniel Krauthackl\" rel=\"author\">Daniel Krauthackl<\/a><\/span><\/span><span class=\"updated\" style=\"display:none;\">2021-12-01T16:57:13+01:00<\/span><h4 class=\"entry-title\"><a href=\"https:\/\/www.atus-koeflach.at\/2019\/lilian-lamperter-vom-atus-koeflach-vertrat-das-team-steiermark-bei-den-oesterrei-chischen-jugendmeisterschaften-in-innsbruck\/\">Lilian Lamperter vom ATUS K\u00f6flach vertrat das Team Steiermark bei den \u00d6sterreichischen Jugendmeisterschaften in Innsbruck<\/a><\/h4><p class=\"meta\"><span class=\"vcard\" style=\"display: none;\"><span class=\"fn\"><a href=\"https:\/\/www.atus-koeflach.at\/2019\/author\/daniel-krauthackl\/\" title=\"Beitr\u00e4ge von Daniel Krauthackl\" rel=\"author\">Daniel Krauthackl<\/a><\/span><\/span><span class=\"updated\" style=\"display:none;\">2021-12-01T16:57:13+01:00<\/span><span>November 10th, 2021<\/span><span class=\"fusion-inline-sep\">|<\/span><\/p><p> Lilian Lamperter (ATUS K\u00f6flach) schaffte es dank hervorragender Leistungen im Qualifikations-Training (Jugend3 Stufe) in das f\u00fcnfk\u00f6pfige Team, welches die Steiermark bei den \u00d6sterreichischen Jugendmeisterschaften am 6. [...]<\/p><\/div><\/article><article class=\"post fusion-column column col col-lg-12 col-md-12 col-sm-12\"><div class=\"fusion-flexslider fusion-flexslider-loading flexslider floated-slideshow flexslider-hover-type-zoomin\"><ul class=\"slides\"><li><a href=\"https:\/\/www.atus-koeflach.at\/2019\/atus-koeflach-turnen-holt-verlaesslich-medaillen-in-die-lipizzanerheimat\/\" aria-label=\"ATUS K\u00f6flach-Turnen holt \u201everl\u00e4sslich\u201c Medaillen in die Lipizzanerheimat\" class=\"hover-type-zoomin\"><img loading=\"lazy\" decoding=\"async\" width=\"177\" height=\"142\" src=\"data:image\/svg+xml,%3Csvg%20xmlns%3D%27http%3A%2F%2Fwww.w3.org%2F2000%2Fsvg%27%20width%3D%27177%27%20height%3D%27142%27%20viewBox%3D%270%200%20177%20142%27%3E%3Crect%20width%3D%27177%27%20height%3D%27142%27%20fill-opacity%3D%220%22%2F%3E%3C%2Fsvg%3E\" data-orig-src=\"https:\/\/www.atus-koeflach.at\/2019\/wp-content\/uploads\/2021\/10\/20211023_162727-177x142.jpg\" class=\"lazyload attachment-portfolio-five size-portfolio-five\" alt=\"\" \/><\/a><\/li><\/ul><\/div><div class=\"recent-posts-content\"><span class=\"vcard\" style=\"display: none;\"><span class=\"fn\"><a href=\"https:\/\/www.atus-koeflach.at\/2019\/author\/daniel-krauthackl\/\" title=\"Beitr\u00e4ge von Daniel Krauthackl\" rel=\"author\">Daniel Krauthackl<\/a><\/span><\/span><span class=\"updated\" style=\"display:none;\">2021-10-27T20:47:58+02:00<\/span><h4 class=\"entry-title\"><a href=\"https:\/\/www.atus-koeflach.at\/2019\/atus-koeflach-turnen-holt-verlaesslich-medaillen-in-die-lipizzanerheimat\/\">ATUS K\u00f6flach-Turnen holt \u201everl\u00e4sslich\u201c  Medaillen in die Lipizzanerheimat<\/a><\/h4><p class=\"meta\"><span class=\"vcard\" style=\"display: none;\"><span class=\"fn\"><a href=\"https:\/\/www.atus-koeflach.at\/2019\/author\/daniel-krauthackl\/\" title=\"Beitr\u00e4ge von Daniel Krauthackl\" rel=\"author\">Daniel Krauthackl<\/a><\/span><\/span><span class=\"updated\" style=\"display:none;\">2021-10-27T20:47:58+02:00<\/span><span>Oktober 27th, 2021<\/span><span class=\"fusion-inline-sep\">|<\/span><\/p><p> Auf den ATUS K\u00f6flach ist Verlass, wenn es gilt, \u201eEdelmetall\u201c in die Lipizzanerheimat zu holen. So konnten die Turnerinnen bei der Landesmeisterschaft im Kunstturnen der Frauen [...]<\/p><\/div><\/article><article class=\"post fusion-column column col col-lg-12 col-md-12 col-sm-12\"><div class=\"fusion-flexslider fusion-flexslider-loading flexslider floated-slideshow flexslider-hover-type-zoomin\"><ul class=\"slides\"><li><a href=\"https:\/\/www.atus-koeflach.at\/2019\/atus-koeflach-turnen-wieder-stark-im-rennen-2-x-gold-1-x-silber-und-3-x-bronze-in-salzburg\/\" aria-label=\"ATUS K\u00f6flach-Turnen wieder stark im Rennen: 2 x Gold, 1 x Silber und 3 x Bronze in Salzburg.\" class=\"hover-type-zoomin\"><img loading=\"lazy\" decoding=\"async\" width=\"177\" height=\"142\" src=\"data:image\/svg+xml,%3Csvg%20xmlns%3D%27http%3A%2F%2Fwww.w3.org%2F2000%2Fsvg%27%20width%3D%27177%27%20height%3D%27142%27%20viewBox%3D%270%200%20177%20142%27%3E%3Crect%20width%3D%27177%27%20height%3D%27142%27%20fill-opacity%3D%220%22%2F%3E%3C%2Fsvg%3E\" data-orig-src=\"https:\/\/www.atus-koeflach.at\/2019\/wp-content\/uploads\/2021\/10\/20211010_134044-177x142.jpg\" class=\"lazyload attachment-portfolio-five size-portfolio-five\" alt=\"\" \/><\/a><\/li><li><a href=\"https:\/\/www.atus-koeflach.at\/2019\/atus-koeflach-turnen-wieder-stark-im-rennen-2-x-gold-1-x-silber-und-3-x-bronze-in-salzburg\/\" aria-label=\"ATUS K\u00f6flach-Turnen wieder stark im Rennen: 2 x Gold, 1 x Silber und 3 x Bronze in Salzburg.\" class=\"hover-type-zoomin\"><img loading=\"lazy\" decoding=\"async\" width=\"177\" height=\"142\" src=\"data:image\/svg+xml,%3Csvg%20xmlns%3D%27http%3A%2F%2Fwww.w3.org%2F2000%2Fsvg%27%20width%3D%27177%27%20height%3D%27142%27%20viewBox%3D%270%200%20177%20142%27%3E%3Crect%20width%3D%27177%27%20height%3D%27142%27%20fill-opacity%3D%220%22%2F%3E%3C%2Fsvg%3E\" data-orig-src=\"https:\/\/www.atus-koeflach.at\/2019\/wp-content\/uploads\/2021\/10\/20211009_165935-177x142.jpg\" class=\"lazyload attachment-portfolio-five size-portfolio-five\" alt=\"\" \/><\/a><\/li><\/ul><\/div><div class=\"recent-posts-content\"><span class=\"vcard\" style=\"display: none;\"><span class=\"fn\"><a href=\"https:\/\/www.atus-koeflach.at\/2019\/author\/karin\/\" title=\"Beitr\u00e4ge von Karin Krauthackl\" rel=\"author\">Karin Krauthackl<\/a><\/span><\/span><span class=\"updated\" style=\"display:none;\">2021-10-18T18:27:16+02:00<\/span><h4 class=\"entry-title\"><a href=\"https:\/\/www.atus-koeflach.at\/2019\/atus-koeflach-turnen-wieder-stark-im-rennen-2-x-gold-1-x-silber-und-3-x-bronze-in-salzburg\/\">ATUS K\u00f6flach-Turnen wieder stark im Rennen: 2 x Gold, 1 x Silber und 3 x Bronze in Salzburg.<\/a><\/h4><p class=\"meta\"><span class=\"vcard\" style=\"display: none;\"><span class=\"fn\"><a href=\"https:\/\/www.atus-koeflach.at\/2019\/author\/karin\/\" title=\"Beitr\u00e4ge von Karin Krauthackl\" rel=\"author\">Karin Krauthackl<\/a><\/span><\/span><span class=\"updated\" style=\"display:none;\">2021-10-18T18:27:16+02:00<\/span><span>Oktober 18th, 2021<\/span><span class=\"fusion-inline-sep\">|<\/span><\/p><p> Trotz der durch die Pandemie eingeschr\u00e4nkten Trainingsm\u00f6glichkeiten erbrachten die Turner*innen des ATUS K\u00f6flach bei den ASK\u00d6 Bundesmeisterschaft am 9.\/10. Oktober 2021 starke Leistungen. Alle 9 Bundesl\u00e4nder [...]<\/p><\/div><\/article><article class=\"post fusion-column column col col-lg-12 col-md-12 col-sm-12\"><div class=\"fusion-flexslider fusion-flexslider-loading flexslider floated-slideshow flexslider-hover-type-zoomin\"><ul class=\"slides\"><li><a href=\"https:\/\/www.atus-koeflach.at\/2019\/impressionen-vom-schnuppertag\/\" aria-label=\"Impressionen vom \u201eSchnuppertag\u201c\" class=\"hover-type-zoomin\"><img loading=\"lazy\" decoding=\"async\" width=\"177\" height=\"142\" src=\"data:image\/svg+xml,%3Csvg%20xmlns%3D%27http%3A%2F%2Fwww.w3.org%2F2000%2Fsvg%27%20width%3D%27177%27%20height%3D%27142%27%20viewBox%3D%270%200%20177%20142%27%3E%3Crect%20width%3D%27177%27%20height%3D%27142%27%20fill-opacity%3D%220%22%2F%3E%3C%2Fsvg%3E\" data-orig-src=\"https:\/\/www.atus-koeflach.at\/2019\/wp-content\/uploads\/2021\/09\/20210910_164452-177x142.jpg\" class=\"lazyload attachment-portfolio-five size-portfolio-five\" alt=\"\" \/><\/a><\/li><\/ul><\/div><div class=\"recent-posts-content\"><span class=\"vcard\" style=\"display: none;\"><span class=\"fn\"><a href=\"https:\/\/www.atus-koeflach.at\/2019\/author\/daniel-krauthackl\/\" title=\"Beitr\u00e4ge von Daniel Krauthackl\" rel=\"author\">Daniel Krauthackl<\/a><\/span><\/span><span class=\"updated\" style=\"display:none;\">2021-09-24T18:04:56+02:00<\/span><h4 class=\"entry-title\"><a href=\"https:\/\/www.atus-koeflach.at\/2019\/impressionen-vom-schnuppertag\/\">Impressionen vom \u201eSchnuppertag\u201c<\/a><\/h4><p class=\"meta\"><span class=\"vcard\" style=\"display: none;\"><span class=\"fn\"><a href=\"https:\/\/www.atus-koeflach.at\/2019\/author\/daniel-krauthackl\/\" title=\"Beitr\u00e4ge von Daniel Krauthackl\" rel=\"author\">Daniel Krauthackl<\/a><\/span><\/span><span class=\"updated\" style=\"display:none;\">2021-09-24T18:04:56+02:00<\/span><span>September 24th, 2021<\/span><span class=\"fusion-inline-sep\">|<\/span><\/p><p> Viel Andrang gab es beim Schnuppertag beim \u201eATUS K\u00f6flach\u201c, denn es hie\u00df \u201eAusprobieren, bevor es zur verbindlichen Anmeldung kommt\u201c Laufen, h\u00fcpfen, springen, tanzen und auf den [...]<\/p><\/div><\/article><article class=\"post fusion-column column col col-lg-12 col-md-12 col-sm-12\"><div class=\"fusion-flexslider fusion-flexslider-loading flexslider floated-slideshow flexslider-hover-type-zoomin\"><ul class=\"slides\"><li><a href=\"https:\/\/www.atus-koeflach.at\/2019\/schnupperstunden\/\" aria-label=\"Schnupperstunden\" class=\"hover-type-zoomin\"><img loading=\"lazy\" decoding=\"async\" width=\"177\" height=\"142\" src=\"data:image\/svg+xml,%3Csvg%20xmlns%3D%27http%3A%2F%2Fwww.w3.org%2F2000%2Fsvg%27%20width%3D%27177%27%20height%3D%27142%27%20viewBox%3D%270%200%20177%20142%27%3E%3Crect%20width%3D%27177%27%20height%3D%27142%27%20fill-opacity%3D%220%22%2F%3E%3C%2Fsvg%3E\" data-orig-src=\"https:\/\/www.atus-koeflach.at\/2019\/wp-content\/uploads\/2021\/08\/shutterstock_95075494-177x142.jpg\" class=\"lazyload attachment-portfolio-five size-portfolio-five\" alt=\"\" \/><\/a><\/li><\/ul><\/div><div class=\"recent-posts-content\"><span class=\"vcard\" style=\"display: none;\"><span class=\"fn\"><a href=\"https:\/\/www.atus-koeflach.at\/2019\/author\/karin\/\" title=\"Beitr\u00e4ge von Karin Krauthackl\" rel=\"author\">Karin Krauthackl<\/a><\/span><\/span><span class=\"updated\" style=\"display:none;\">2021-08-23T19:33:33+02:00<\/span><h4 class=\"entry-title\"><a href=\"https:\/\/www.atus-koeflach.at\/2019\/schnupperstunden\/\">Schnupperstunden<\/a><\/h4><p class=\"meta\"><span class=\"vcard\" style=\"display: none;\"><span class=\"fn\"><a href=\"https:\/\/www.atus-koeflach.at\/2019\/author\/karin\/\" title=\"Beitr\u00e4ge von Karin Krauthackl\" rel=\"author\">Karin Krauthackl<\/a><\/span><\/span><span class=\"updated\" style=\"display:none;\">2021-08-23T19:33:33+02:00<\/span><span>August 22nd, 2021<\/span><span class=\"fusion-inline-sep\">|<\/span><\/p><p>Der ATUS K\u00f6flach beendet seine Sommerpause und startet, sofern es Corona zul\u00e4sst,\u00a0 in eine neue bewegte Turnsaison. Wir laden alle Neueinsteiger zu unseren\u00a0 \"kostenlosen Schnupperstunden\" ein.\u00a0\u00a0 Du [...]<\/p><\/div><\/article><article class=\"post fusion-column column col col-lg-12 col-md-12 col-sm-12\"><div class=\"fusion-flexslider fusion-flexslider-loading flexslider floated-slideshow flexslider-hover-type-zoomin\"><ul class=\"slides\"><li><a href=\"https:\/\/www.atus-koeflach.at\/2019\/sommertrainingscamp-2021-mit-geraeturnen-tanz-ballett-spiel-und-spass\/\" aria-label=\"Sommertrainingscamp 2021 mit Ger\u00e4tturnen, Tanz, Ballett, Spiel und Spa\u00df!\" class=\"hover-type-zoomin\"><img loading=\"lazy\" decoding=\"async\" width=\"177\" height=\"142\" src=\"data:image\/svg+xml,%3Csvg%20xmlns%3D%27http%3A%2F%2Fwww.w3.org%2F2000%2Fsvg%27%20width%3D%27177%27%20height%3D%27142%27%20viewBox%3D%270%200%20177%20142%27%3E%3Crect%20width%3D%27177%27%20height%3D%27142%27%20fill-opacity%3D%220%22%2F%3E%3C%2Fsvg%3E\" data-orig-src=\"https:\/\/www.atus-koeflach.at\/2019\/wp-content\/uploads\/2021\/08\/20210729_150137-177x142.jpg\" class=\"lazyload attachment-portfolio-five size-portfolio-five\" alt=\"\" \/><\/a><\/li><\/ul><\/div><div class=\"recent-posts-content\"><span class=\"vcard\" style=\"display: none;\"><span class=\"fn\"><a href=\"https:\/\/www.atus-koeflach.at\/2019\/author\/daniel-krauthackl\/\" title=\"Beitr\u00e4ge von Daniel Krauthackl\" rel=\"author\">Daniel Krauthackl<\/a><\/span><\/span><span class=\"updated\" style=\"display:none;\">2021-08-18T09:35:26+02:00<\/span><h4 class=\"entry-title\"><a href=\"https:\/\/www.atus-koeflach.at\/2019\/sommertrainingscamp-2021-mit-geraeturnen-tanz-ballett-spiel-und-spass\/\">Sommertrainingscamp 2021 mit Ger\u00e4tturnen, Tanz, Ballett, Spiel und Spa\u00df!<\/a><\/h4><p class=\"meta\"><span class=\"vcard\" style=\"display: none;\"><span class=\"fn\"><a href=\"https:\/\/www.atus-koeflach.at\/2019\/author\/daniel-krauthackl\/\" title=\"Beitr\u00e4ge von Daniel Krauthackl\" rel=\"author\">Daniel Krauthackl<\/a><\/span><\/span><span class=\"updated\" style=\"display:none;\">2021-08-18T09:35:26+02:00<\/span><span>August 16th, 2021<\/span><span class=\"fusion-inline-sep\">|<\/span><\/p><p>                           [...]<\/p><\/div><\/article><article class=\"post fusion-column column col col-lg-12 col-md-12 col-sm-12\"><div class=\"fusion-flexslider fusion-flexslider-loading flexslider floated-slideshow flexslider-hover-type-zoomin\"><ul class=\"slides\"><li><a href=\"https:\/\/www.atus-koeflach.at\/2019\/bewegt-im-park\/\" aria-label=\"BEWEGT IM PARK\" class=\"hover-type-zoomin\"><img loading=\"lazy\" decoding=\"async\" width=\"177\" height=\"142\" src=\"data:image\/svg+xml,%3Csvg%20xmlns%3D%27http%3A%2F%2Fwww.w3.org%2F2000%2Fsvg%27%20width%3D%27177%27%20height%3D%27142%27%20viewBox%3D%270%200%20177%20142%27%3E%3Crect%20width%3D%27177%27%20height%3D%27142%27%20fill-opacity%3D%220%22%2F%3E%3C%2Fsvg%3E\" data-orig-src=\"https:\/\/www.atus-koeflach.at\/2019\/wp-content\/uploads\/2021\/05\/bip-177x142.png\" class=\"lazyload attachment-portfolio-five size-portfolio-five\" alt=\"\" \/><\/a><\/li><\/ul><\/div><div class=\"recent-posts-content\"><span class=\"vcard\" style=\"display: none;\"><span class=\"fn\"><a href=\"https:\/\/www.atus-koeflach.at\/2019\/author\/daniel-krauthackl\/\" title=\"Beitr\u00e4ge von Daniel Krauthackl\" rel=\"author\">Daniel Krauthackl<\/a><\/span><\/span><span class=\"updated\" style=\"display:none;\">2021-06-06T09:55:54+02:00<\/span><h4 class=\"entry-title\"><a href=\"https:\/\/www.atus-koeflach.at\/2019\/bewegt-im-park\/\">BEWEGT IM PARK<\/a><\/h4><p class=\"meta\"><span class=\"vcard\" style=\"display: none;\"><span class=\"fn\"><a href=\"https:\/\/www.atus-koeflach.at\/2019\/author\/daniel-krauthackl\/\" title=\"Beitr\u00e4ge von Daniel Krauthackl\" rel=\"author\">Daniel Krauthackl<\/a><\/span><\/span><span class=\"updated\" style=\"display:none;\">2021-06-06T09:55:54+02:00<\/span><span>Mai 30th, 2021<\/span><span class=\"fusion-inline-sep\">|<\/span><\/p><p> bietet ein vielf\u00e4ltiges Bewegungsprogramm in \u00f6ffentlichen Parkanlagen \u2013 kostenlos und unverbindlich. Das vom Dachverband der Sozialversicherungstr\u00e4ger und vom Bundesministerium f\u00fcr Kunst, Kultur, \u00f6ffentlicher Dienst und Sport [...]<\/p><\/div><\/article><article class=\"post fusion-column column col col-lg-12 col-md-12 col-sm-12\"><div class=\"fusion-flexslider fusion-flexslider-loading flexslider floated-slideshow flexslider-hover-type-zoomin\"><ul class=\"slides\"><li><a href=\"https:\/\/www.atus-koeflach.at\/2019\/kein-turnen-bis-ende-juni-2021\/\" aria-label=\"Kein Turnen bis Ende Juni 2021!\" class=\"hover-type-zoomin\"><img loading=\"lazy\" decoding=\"async\" width=\"158\" height=\"142\" src=\"data:image\/svg+xml,%3Csvg%20xmlns%3D%27http%3A%2F%2Fwww.w3.org%2F2000%2Fsvg%27%20width%3D%27158%27%20height%3D%27142%27%20viewBox%3D%270%200%20158%20142%27%3E%3Crect%20width%3D%27158%27%20height%3D%27142%27%20fill-opacity%3D%220%22%2F%3E%3C%2Fsvg%3E\" data-orig-src=\"https:\/\/www.atus-koeflach.at\/2019\/wp-content\/uploads\/2020\/03\/Service_klein-158x142.jpg\" class=\"lazyload attachment-portfolio-five size-portfolio-five\" alt=\"\" \/><\/a><\/li><\/ul><\/div><div class=\"recent-posts-content\"><span class=\"vcard\" style=\"display: none;\"><span class=\"fn\"><a href=\"https:\/\/www.atus-koeflach.at\/2019\/author\/daniel-krauthackl\/\" title=\"Beitr\u00e4ge von Daniel Krauthackl\" rel=\"author\">Daniel Krauthackl<\/a><\/span><\/span><span class=\"updated\" style=\"display:none;\">2021-05-17T07:59:12+02:00<\/span><h4 class=\"entry-title\"><a href=\"https:\/\/www.atus-koeflach.at\/2019\/kein-turnen-bis-ende-juni-2021\/\">Kein Turnen bis Ende Juni 2021!<\/a><\/h4><p class=\"meta\"><span class=\"vcard\" style=\"display: none;\"><span class=\"fn\"><a href=\"https:\/\/www.atus-koeflach.at\/2019\/author\/daniel-krauthackl\/\" title=\"Beitr\u00e4ge von Daniel Krauthackl\" rel=\"author\">Daniel Krauthackl<\/a><\/span><\/span><span class=\"updated\" style=\"display:none;\">2021-05-17T07:59:12+02:00<\/span><span>Mai 17th, 2021<\/span><span class=\"fusion-inline-sep\">|<\/span><\/p><p> Liebe Mitglieder, liebe Turnerinnen und Turner! Heute m\u00fcssen wir euch schweren Herzens dar\u00fcber informieren, dass wir aufgrund der Corona-Lage und der dazu aktuell geltenden Ma\u00dfnahmen, das [...]<\/p><\/div><\/article><article class=\"post fusion-column column col col-lg-12 col-md-12 col-sm-12\"><div class=\"fusion-flexslider fusion-flexslider-loading flexslider floated-slideshow flexslider-hover-type-zoomin\"><ul class=\"slides\"><li><a href=\"https:\/\/www.atus-koeflach.at\/2019\/atus-koeflach-kommt-stark-zurueck\/\" aria-label=\"ATUS K\u00f6flach kommt stark zur\u00fcck!\" class=\"hover-type-zoomin\"><img loading=\"lazy\" decoding=\"async\" width=\"177\" height=\"142\" src=\"data:image\/svg+xml,%3Csvg%20xmlns%3D%27http%3A%2F%2Fwww.w3.org%2F2000%2Fsvg%27%20width%3D%27177%27%20height%3D%27142%27%20viewBox%3D%270%200%20177%20142%27%3E%3Crect%20width%3D%27177%27%20height%3D%27142%27%20fill-opacity%3D%220%22%2F%3E%3C%2Fsvg%3E\" data-orig-src=\"https:\/\/www.atus-koeflach.at\/2019\/wp-content\/uploads\/2021\/05\/20210502_190112-177x142.jpg\" class=\"lazyload attachment-portfolio-five size-portfolio-five\" alt=\"\" \/><\/a><\/li><\/ul><\/div><div class=\"recent-posts-content\"><span class=\"vcard\" style=\"display: none;\"><span class=\"fn\"><a href=\"https:\/\/www.atus-koeflach.at\/2019\/author\/daniel-krauthackl\/\" title=\"Beitr\u00e4ge von Daniel Krauthackl\" rel=\"author\">Daniel Krauthackl<\/a><\/span><\/span><span class=\"updated\" style=\"display:none;\">2021-05-09T19:32:19+02:00<\/span><h4 class=\"entry-title\"><a href=\"https:\/\/www.atus-koeflach.at\/2019\/atus-koeflach-kommt-stark-zurueck\/\">ATUS K\u00f6flach kommt stark zur\u00fcck!<\/a><\/h4><p class=\"meta\"><span class=\"vcard\" style=\"display: none;\"><span class=\"fn\"><a href=\"https:\/\/www.atus-koeflach.at\/2019\/author\/daniel-krauthackl\/\" title=\"Beitr\u00e4ge von Daniel Krauthackl\" rel=\"author\">Daniel Krauthackl<\/a><\/span><\/span><span class=\"updated\" style=\"display:none;\">2021-05-09T19:32:19+02:00<\/span><span>Mai 9th, 2021<\/span><span class=\"fusion-inline-sep\">|<\/span><\/p><p> Unter Einhaltung aller Corona-Schutzma\u00dfnahmen kam k\u00fcrzlich der \u201eCome Back Stronger Cup 2021\u201c der Kunstturnerinnen in Graz zur Austragung. Trotz der durch die Pandemie eingeschr\u00e4nkten Trainingsm\u00f6glichkeiten erbrachten [...]<\/p><\/div><\/article><article class=\"post fusion-column column col col-lg-12 col-md-12 col-sm-12\"><div class=\"fusion-flexslider fusion-flexslider-loading flexslider floated-slideshow flexslider-hover-type-zoomin\"><ul class=\"slides\"><li><a href=\"https:\/\/www.atus-koeflach.at\/2019\/atus-koeflach-turnen-freut-sich-ueber-neue-oeft-uebungsleiterin\/\" aria-label=\"ATUS K\u00f6flach Turnen freut sich \u00fcber neue \u00d6FT-\u00dcbungsleiterin\" class=\"hover-type-zoomin\"><img loading=\"lazy\" decoding=\"async\" width=\"177\" height=\"142\" src=\"data:image\/svg+xml,%3Csvg%20xmlns%3D%27http%3A%2F%2Fwww.w3.org%2F2000%2Fsvg%27%20width%3D%27177%27%20height%3D%27142%27%20viewBox%3D%270%200%20177%20142%27%3E%3Crect%20width%3D%27177%27%20height%3D%27142%27%20fill-opacity%3D%220%22%2F%3E%3C%2Fsvg%3E\" data-orig-src=\"https:\/\/www.atus-koeflach.at\/2019\/wp-content\/uploads\/2021\/05\/almer-177x142.jpeg\" class=\"lazyload attachment-portfolio-five size-portfolio-five\" alt=\"\" \/><\/a><\/li><\/ul><\/div><div class=\"recent-posts-content\"><span class=\"vcard\" style=\"display: none;\"><span class=\"fn\"><a href=\"https:\/\/www.atus-koeflach.at\/2019\/author\/daniel-krauthackl\/\" title=\"Beitr\u00e4ge von Daniel Krauthackl\" rel=\"author\">Daniel Krauthackl<\/a><\/span><\/span><span class=\"updated\" style=\"display:none;\">2021-05-04T13:49:27+02:00<\/span><h4 class=\"entry-title\"><a href=\"https:\/\/www.atus-koeflach.at\/2019\/atus-koeflach-turnen-freut-sich-ueber-neue-oeft-uebungsleiterin\/\">ATUS K\u00f6flach Turnen freut sich  \u00fcber neue \u00d6FT-\u00dcbungsleiterin<\/a><\/h4><p class=\"meta\"><span class=\"vcard\" style=\"display: none;\"><span class=\"fn\"><a href=\"https:\/\/www.atus-koeflach.at\/2019\/author\/daniel-krauthackl\/\" title=\"Beitr\u00e4ge von Daniel Krauthackl\" rel=\"author\">Daniel Krauthackl<\/a><\/span><\/span><span class=\"updated\" style=\"display:none;\">2021-05-04T13:49:27+02:00<\/span><span>Mai 3rd, 2021<\/span><span class=\"fusion-inline-sep\">|<\/span><\/p><p>Wieder eine Erfolgsmeldung f\u00fcr den ATUS K\u00f6flach Turnen. Nachdem der Sportverein aus der Thermen- und Lipizzanerstadt vom \u00d6sterreichischem Fachverband Turnen k\u00fcrzlich mit dem \u00d6FT-G\u00fctesiegel mit Sternen ausgezeichnet [...]<\/p><\/div><\/article><article class=\"post fusion-column column col col-lg-12 col-md-12 col-sm-12\"><div class=\"fusion-flexslider fusion-flexslider-loading flexslider floated-slideshow flexslider-hover-type-zoomin\"><ul class=\"slides\"><li><a href=\"https:\/\/www.atus-koeflach.at\/2019\/alle-fuenfe-fuer-den-atus-koeflach\/\" aria-label=\"Alle F\u00fcnfe f\u00fcr den ATUS K\u00f6flach!\" class=\"hover-type-zoomin\"><img loading=\"lazy\" decoding=\"async\" width=\"177\" height=\"142\" src=\"data:image\/svg+xml,%3Csvg%20xmlns%3D%27http%3A%2F%2Fwww.w3.org%2F2000%2Fsvg%27%20width%3D%27177%27%20height%3D%27142%27%20viewBox%3D%270%200%20177%20142%27%3E%3Crect%20width%3D%27177%27%20height%3D%27142%27%20fill-opacity%3D%220%22%2F%3E%3C%2Fsvg%3E\" data-orig-src=\"https:\/\/www.atus-koeflach.at\/2019\/wp-content\/uploads\/2021\/04\/guetesiegel2021-177x142.jpg\" class=\"lazyload attachment-portfolio-five size-portfolio-five\" alt=\"\" \/><\/a><\/li><li><a href=\"https:\/\/www.atus-koeflach.at\/2019\/alle-fuenfe-fuer-den-atus-koeflach\/\" aria-label=\"Alle F\u00fcnfe f\u00fcr den ATUS K\u00f6flach!\" class=\"hover-type-zoomin\"><img loading=\"lazy\" decoding=\"async\" width=\"177\" height=\"142\" src=\"data:image\/svg+xml,%3Csvg%20xmlns%3D%27http%3A%2F%2Fwww.w3.org%2F2000%2Fsvg%27%20width%3D%27177%27%20height%3D%27142%27%20viewBox%3D%270%200%20177%20142%27%3E%3Crect%20width%3D%27177%27%20height%3D%27142%27%20fill-opacity%3D%220%22%2F%3E%3C%2Fsvg%3E\" data-orig-src=\"https:\/\/www.atus-koeflach.at\/2019\/wp-content\/uploads\/2021\/04\/urkunde_tvg2021_5sternelogo-004-177x142.jpg\" class=\"lazyload attachment-portfolio-five size-portfolio-five\" alt=\"\" \/><\/a><\/li><\/ul><\/div><div class=\"recent-posts-content\"><span class=\"vcard\" style=\"display: none;\"><span class=\"fn\"><a href=\"https:\/\/www.atus-koeflach.at\/2019\/author\/daniel-krauthackl\/\" title=\"Beitr\u00e4ge von Daniel Krauthackl\" rel=\"author\">Daniel Krauthackl<\/a><\/span><\/span><span class=\"updated\" style=\"display:none;\">2021-04-19T20:56:46+02:00<\/span><h4 class=\"entry-title\"><a href=\"https:\/\/www.atus-koeflach.at\/2019\/alle-fuenfe-fuer-den-atus-koeflach\/\">Alle F\u00fcnfe f\u00fcr den ATUS K\u00f6flach!<\/a><\/h4><p class=\"meta\"><span class=\"vcard\" style=\"display: none;\"><span class=\"fn\"><a href=\"https:\/\/www.atus-koeflach.at\/2019\/author\/daniel-krauthackl\/\" title=\"Beitr\u00e4ge von Daniel Krauthackl\" rel=\"author\">Daniel Krauthackl<\/a><\/span><\/span><span class=\"updated\" style=\"display:none;\">2021-04-19T20:56:46+02:00<\/span><span>April 19th, 2021<\/span><span class=\"fusion-inline-sep\">|<\/span><\/p><p>Mit dem \u00d6FT-G\u00fctesiegel vergibt der \u00d6sterreichische Fachverband Turnen eine besondere Auszeichnung an seine engagiertesten und erfolgreichen Vereine. Je nach Performance des Vereines kann das Siegel bis zu [...]<\/p><\/div><\/article><article class=\"post fusion-column column col col-lg-12 col-md-12 col-sm-12\"><div class=\"fusion-flexslider fusion-flexslider-loading flexslider floated-slideshow flexslider-hover-type-zoomin\"><ul class=\"slides\"><li><a href=\"https:\/\/www.atus-koeflach.at\/2019\/rueckenfit-mit-christa\/\" aria-label=\"Video -&gt;R\u00fcckenfit mit Christa\" class=\"hover-type-zoomin\"><img loading=\"lazy\" decoding=\"async\" width=\"177\" height=\"142\" src=\"data:image\/svg+xml,%3Csvg%20xmlns%3D%27http%3A%2F%2Fwww.w3.org%2F2000%2Fsvg%27%20width%3D%27177%27%20height%3D%27142%27%20viewBox%3D%270%200%20177%20142%27%3E%3Crect%20width%3D%27177%27%20height%3D%27142%27%20fill-opacity%3D%220%22%2F%3E%3C%2Fsvg%3E\" data-orig-src=\"https:\/\/www.atus-koeflach.at\/2019\/wp-content\/uploads\/2020\/12\/christa-177x142.jpg\" class=\"lazyload attachment-portfolio-five size-portfolio-five\" alt=\"\" \/><\/a><\/li><\/ul><\/div><div class=\"recent-posts-content\"><span class=\"vcard\" style=\"display: none;\"><span class=\"fn\"><a href=\"https:\/\/www.atus-koeflach.at\/2019\/author\/karin\/\" title=\"Beitr\u00e4ge von Karin Krauthackl\" rel=\"author\">Karin Krauthackl<\/a><\/span><\/span><span class=\"updated\" style=\"display:none;\">2020-12-11T11:24:20+01:00<\/span><h4 class=\"entry-title\"><a href=\"https:\/\/www.atus-koeflach.at\/2019\/rueckenfit-mit-christa\/\">Video ->R\u00fcckenfit mit Christa<\/a><\/h4><p class=\"meta\"><span class=\"vcard\" style=\"display: none;\"><span class=\"fn\"><a href=\"https:\/\/www.atus-koeflach.at\/2019\/author\/karin\/\" title=\"Beitr\u00e4ge von Karin Krauthackl\" rel=\"author\">Karin Krauthackl<\/a><\/span><\/span><span class=\"updated\" style=\"display:none;\">2020-12-11T11:24:20+01:00<\/span><span>Dezember 10th, 2020<\/span><span class=\"fusion-inline-sep\">|<\/span><\/p><p> Viel Spa\u00df beim Mitmachten!     <\/p><\/div><\/article><article class=\"post fusion-column column col col-lg-12 col-md-12 col-sm-12\"><div class=\"fusion-flexslider fusion-flexslider-loading flexslider floated-slideshow flexslider-hover-type-zoomin\"><ul class=\"slides\"><li><a href=\"https:\/\/www.atus-koeflach.at\/2019\/internet-statt-turnparkett-waehrend-des-lockdowns\/\" aria-label=\"Internet statt Turnparkett w\u00e4hrend des Lockdowns\" class=\"hover-type-zoomin\"><img loading=\"lazy\" decoding=\"async\" width=\"177\" height=\"142\" src=\"data:image\/svg+xml,%3Csvg%20xmlns%3D%27http%3A%2F%2Fwww.w3.org%2F2000%2Fsvg%27%20width%3D%27177%27%20height%3D%27142%27%20viewBox%3D%270%200%20177%20142%27%3E%3Crect%20width%3D%27177%27%20height%3D%27142%27%20fill-opacity%3D%220%22%2F%3E%3C%2Fsvg%3E\" data-orig-src=\"https:\/\/www.atus-koeflach.at\/2019\/wp-content\/uploads\/2020\/12\/20201120_173114-177x142.jpg\" class=\"lazyload attachment-portfolio-five size-portfolio-five\" alt=\"\" \/><\/a><\/li><\/ul><\/div><div class=\"recent-posts-content\"><span class=\"vcard\" style=\"display: none;\"><span class=\"fn\"><a href=\"https:\/\/www.atus-koeflach.at\/2019\/author\/karin\/\" title=\"Beitr\u00e4ge von Karin Krauthackl\" rel=\"author\">Karin Krauthackl<\/a><\/span><\/span><span class=\"updated\" style=\"display:none;\">2020-12-10T17:58:26+01:00<\/span><h4 class=\"entry-title\"><a href=\"https:\/\/www.atus-koeflach.at\/2019\/internet-statt-turnparkett-waehrend-des-lockdowns\/\">Internet statt Turnparkett  w\u00e4hrend des Lockdowns<\/a><\/h4><p class=\"meta\"><span class=\"vcard\" style=\"display: none;\"><span class=\"fn\"><a href=\"https:\/\/www.atus-koeflach.at\/2019\/author\/karin\/\" title=\"Beitr\u00e4ge von Karin Krauthackl\" rel=\"author\">Karin Krauthackl<\/a><\/span><\/span><span class=\"updated\" style=\"display:none;\">2020-12-10T17:58:26+01:00<\/span><span>Dezember 10th, 2020<\/span><span class=\"fusion-inline-sep\">|<\/span><\/p><p> K\u00d6FLACH. Nicht unterkriegen l\u00e4sst sich der ATUS K\u00f6flach von Corona und Lockdown. Die Turnaktivit\u00e4ten wanderten vom Parkett ins Internet. So kommen die Sch\u00fctzlinge der leistungsorientierten Sparten [...]<\/p><\/div><\/article><article class=\"post fusion-column column col col-lg-12 col-md-12 col-sm-12\"><div class=\"fusion-flexslider fusion-flexslider-loading flexslider floated-slideshow flexslider-hover-type-zoomin\"><ul class=\"slides\"><li><a href=\"https:\/\/www.atus-koeflach.at\/2019\/kompletter-lockdown-hallensport-ab-3-11-wieder-verboten\/\" aria-label=\"Kompletter Lockdown: Hallensport ab 3.11. wieder verboten!\" class=\"hover-type-zoomin\"><img loading=\"lazy\" decoding=\"async\" width=\"177\" height=\"142\" src=\"data:image\/svg+xml,%3Csvg%20xmlns%3D%27http%3A%2F%2Fwww.w3.org%2F2000%2Fsvg%27%20width%3D%27177%27%20height%3D%27142%27%20viewBox%3D%270%200%20177%20142%27%3E%3Crect%20width%3D%27177%27%20height%3D%27142%27%20fill-opacity%3D%220%22%2F%3E%3C%2Fsvg%3E\" data-orig-src=\"https:\/\/www.atus-koeflach.at\/2019\/wp-content\/uploads\/2020\/11\/lockdown-2-177x142.jpg\" class=\"lazyload attachment-portfolio-five size-portfolio-five\" alt=\"\" \/><\/a><\/li><\/ul><\/div><div class=\"recent-posts-content\"><span class=\"vcard\" style=\"display: none;\"><span class=\"fn\"><a href=\"https:\/\/www.atus-koeflach.at\/2019\/author\/daniel-krauthackl\/\" title=\"Beitr\u00e4ge von Daniel Krauthackl\" rel=\"author\">Daniel Krauthackl<\/a><\/span><\/span><span class=\"updated\" style=\"display:none;\">2020-11-01T15:39:02+01:00<\/span><h4 class=\"entry-title\"><a href=\"https:\/\/www.atus-koeflach.at\/2019\/kompletter-lockdown-hallensport-ab-3-11-wieder-verboten\/\">Kompletter Lockdown: Hallensport ab 3.11. wieder verboten!<\/a><\/h4><p class=\"meta\"><span class=\"vcard\" style=\"display: none;\"><span class=\"fn\"><a href=\"https:\/\/www.atus-koeflach.at\/2019\/author\/daniel-krauthackl\/\" title=\"Beitr\u00e4ge von Daniel Krauthackl\" rel=\"author\">Daniel Krauthackl<\/a><\/span><\/span><span class=\"updated\" style=\"display:none;\">2020-11-01T15:39:02+01:00<\/span><span>November 1st, 2020<\/span><span class=\"fusion-inline-sep\">|<\/span><\/p><p>Liebe Vereinsmitglieder! Aufgrund der neuen COVID-19-Ma\u00dfnahmenverordnung von der Regierung m\u00fcssen wir leider wieder unseren Turnbetrieb bis vorerst Ende November einstellen. Das Betreten von Indoor-Sportst\u00e4tten zur Sportaus\u00fcbung ist [...]<\/p><\/div><\/article><article class=\"post fusion-column column col col-lg-12 col-md-12 col-sm-12\"><div class=\"fusion-flexslider fusion-flexslider-loading flexslider floated-slideshow flexslider-hover-type-zoomin\"><ul class=\"slides\"><li><a href=\"https:\/\/www.atus-koeflach.at\/2019\/ueberraschendes-aber-verdientes-doppelgold-fuer-den-atus-durch-leonie-und-lilian-lamperter\/\" aria-label=\"\u00dcberraschendes, aber verdientes \u201eDoppelgold\u201c f\u00fcr den ATUS durch Leonie und Lilian Lamperter\" class=\"hover-type-zoomin\"><img loading=\"lazy\" decoding=\"async\" width=\"177\" height=\"142\" src=\"data:image\/svg+xml,%3Csvg%20xmlns%3D%27http%3A%2F%2Fwww.w3.org%2F2000%2Fsvg%27%20width%3D%27177%27%20height%3D%27142%27%20viewBox%3D%270%200%20177%20142%27%3E%3Crect%20width%3D%27177%27%20height%3D%27142%27%20fill-opacity%3D%220%22%2F%3E%3C%2Fsvg%3E\" data-orig-src=\"https:\/\/www.atus-koeflach.at\/2019\/wp-content\/uploads\/2020\/10\/titel-1-177x142.jpg\" class=\"lazyload attachment-portfolio-five size-portfolio-five\" alt=\"\" \/><\/a><\/li><\/ul><\/div><div class=\"recent-posts-content\"><span class=\"vcard\" style=\"display: none;\"><span class=\"fn\"><a href=\"https:\/\/www.atus-koeflach.at\/2019\/author\/daniel-krauthackl\/\" title=\"Beitr\u00e4ge von Daniel Krauthackl\" rel=\"author\">Daniel Krauthackl<\/a><\/span><\/span><span class=\"updated\" style=\"display:none;\">2020-10-14T19:52:04+02:00<\/span><h4 class=\"entry-title\"><a href=\"https:\/\/www.atus-koeflach.at\/2019\/ueberraschendes-aber-verdientes-doppelgold-fuer-den-atus-durch-leonie-und-lilian-lamperter\/\">\u00dcberraschendes, aber verdientes \u201eDoppelgold\u201c f\u00fcr den ATUS durch Leonie und Lilian Lamperter<\/a><\/h4><p class=\"meta\"><span class=\"vcard\" style=\"display: none;\"><span class=\"fn\"><a href=\"https:\/\/www.atus-koeflach.at\/2019\/author\/daniel-krauthackl\/\" title=\"Beitr\u00e4ge von Daniel Krauthackl\" rel=\"author\">Daniel Krauthackl<\/a><\/span><\/span><span class=\"updated\" style=\"display:none;\">2020-10-14T19:52:04+02:00<\/span><span>Oktober 13th, 2020<\/span><span class=\"fusion-inline-sep\">|<\/span><\/p><p> Gleich mit zwei Landesmeistertiteln wurde unser Mut, nach sechsj\u00e4hriger Pause wieder Kunstturnluft zu schnuppern, belohnt. Unsere ATUS K\u00f6flach Sch\u00fctzlinge Lilian und Leonie Lamperter holten v\u00f6llig \u00fcberraschend [...]<\/p><\/div><\/article><article class=\"post fusion-column column col col-lg-12 col-md-12 col-sm-12\"><div class=\"fusion-flexslider fusion-flexslider-loading flexslider floated-slideshow flexslider-hover-type-zoomin\"><ul class=\"slides\"><li><a href=\"https:\/\/www.atus-koeflach.at\/2019\/die-corona-regeln-fuer-den-turn-sport-im-herbst\/\" aria-label=\"Schulbeginn ist Turnbeginn: Die Corona-Regeln f\u00fcr den Turnsport !\" class=\"hover-type-zoomin\"><img loading=\"lazy\" decoding=\"async\" width=\"177\" height=\"142\" src=\"data:image\/svg+xml,%3Csvg%20xmlns%3D%27http%3A%2F%2Fwww.w3.org%2F2000%2Fsvg%27%20width%3D%27177%27%20height%3D%27142%27%20viewBox%3D%270%200%20177%20142%27%3E%3Crect%20width%3D%27177%27%20height%3D%27142%27%20fill-opacity%3D%220%22%2F%3E%3C%2Fsvg%3E\" data-orig-src=\"https:\/\/www.atus-koeflach.at\/2019\/wp-content\/uploads\/2020\/09\/2012_0x0-177x142.jpg\" class=\"lazyload attachment-portfolio-five size-portfolio-five\" alt=\"\" \/><\/a><\/li><\/ul><\/div><div class=\"recent-posts-content\"><span class=\"vcard\" style=\"display: none;\"><span class=\"fn\"><a href=\"https:\/\/www.atus-koeflach.at\/2019\/author\/daniel-krauthackl\/\" title=\"Beitr\u00e4ge von Daniel Krauthackl\" rel=\"author\">Daniel Krauthackl<\/a><\/span><\/span><span class=\"updated\" style=\"display:none;\">2020-09-13T20:05:34+02:00<\/span><h4 class=\"entry-title\"><a href=\"https:\/\/www.atus-koeflach.at\/2019\/die-corona-regeln-fuer-den-turn-sport-im-herbst\/\">Schulbeginn ist Turnbeginn: Die Corona-Regeln f\u00fcr den Turnsport !<\/a><\/h4><p class=\"meta\"><span class=\"vcard\" style=\"display: none;\"><span class=\"fn\"><a href=\"https:\/\/www.atus-koeflach.at\/2019\/author\/daniel-krauthackl\/\" title=\"Beitr\u00e4ge von Daniel Krauthackl\" rel=\"author\">Daniel Krauthackl<\/a><\/span><\/span><span class=\"updated\" style=\"display:none;\">2020-09-13T20:05:34+02:00<\/span><span>September 13th, 2020<\/span><span class=\"fusion-inline-sep\">|<\/span><\/p><p>DIE GESUNDHEIT GEHT IMMER VOR! SYMPTOME: Personen, die Symptome aufweisen oder sich krank f\u00fchlen, d\u00fcrfen am Sportbetrieb nicht teilnehmen. Nur, wer in eigener Selbstbeurteilung vollst\u00e4ndig frei von [...]<\/p><\/div><\/article><article class=\"post fusion-column column col col-lg-12 col-md-12 col-sm-12\"><div class=\"fusion-flexslider fusion-flexslider-loading flexslider floated-slideshow flexslider-hover-type-zoomin\"><ul class=\"slides\"><li><a href=\"https:\/\/www.atus-koeflach.at\/2019\/schnupperstunde-zwergerl\/\" aria-label=\"Schnupperstunde &#8211; Zwergerl\" class=\"hover-type-zoomin\"><img loading=\"lazy\" decoding=\"async\" width=\"177\" height=\"142\" src=\"data:image\/svg+xml,%3Csvg%20xmlns%3D%27http%3A%2F%2Fwww.w3.org%2F2000%2Fsvg%27%20width%3D%27177%27%20height%3D%27142%27%20viewBox%3D%270%200%20177%20142%27%3E%3Crect%20width%3D%27177%27%20height%3D%27142%27%20fill-opacity%3D%220%22%2F%3E%3C%2Fsvg%3E\" data-orig-src=\"https:\/\/www.atus-koeflach.at\/2019\/wp-content\/uploads\/2020\/07\/zwergerl-SoZeit-20-177x142.jpg\" class=\"lazyload attachment-portfolio-five size-portfolio-five\" alt=\"\" \/><\/a><\/li><\/ul><\/div><div class=\"recent-posts-content\"><span class=\"vcard\" style=\"display: none;\"><span class=\"fn\"><a href=\"https:\/\/www.atus-koeflach.at\/2019\/author\/daniel-krauthackl\/\" title=\"Beitr\u00e4ge von Daniel Krauthackl\" rel=\"author\">Daniel Krauthackl<\/a><\/span><\/span><span class=\"updated\" style=\"display:none;\">2020-08-01T09:31:04+02:00<\/span><h4 class=\"entry-title\"><a href=\"https:\/\/www.atus-koeflach.at\/2019\/schnupperstunde-zwergerl\/\">Schnupperstunde &#8211; Zwergerl<\/a><\/h4><p class=\"meta\"><span class=\"vcard\" style=\"display: none;\"><span class=\"fn\"><a href=\"https:\/\/www.atus-koeflach.at\/2019\/author\/daniel-krauthackl\/\" title=\"Beitr\u00e4ge von Daniel Krauthackl\" rel=\"author\">Daniel Krauthackl<\/a><\/span><\/span><span class=\"updated\" style=\"display:none;\">2020-08-01T09:31:04+02:00<\/span><span>Juli 27th, 2020<\/span><span class=\"fusion-inline-sep\">|<\/span><\/p><p>Erste Erfahrungen sammeln und entdecken sowie Grundfertigkeiten wie rollen, balancieren, klettern, schwingen, h\u00fcpfen, springen uvm. festigen. \u00a0 Ort: Bewegungsraum der NMS K\u00f6flach, Schulstra\u00dfe 7, 8580 K\u00f6flach Zeit: [...]<\/p><\/div><\/article><article class=\"post fusion-column column col col-lg-12 col-md-12 col-sm-12\"><div class=\"fusion-flexslider fusion-flexslider-loading flexslider floated-slideshow flexslider-hover-type-zoomin\"><ul class=\"slides\"><li><a href=\"https:\/\/www.atus-koeflach.at\/2019\/schnupperstunde-showtanz\/\" aria-label=\"Schnupperstunde &#8211; Showtanz\" class=\"hover-type-zoomin\"><img loading=\"lazy\" decoding=\"async\" width=\"177\" height=\"142\" src=\"data:image\/svg+xml,%3Csvg%20xmlns%3D%27http%3A%2F%2Fwww.w3.org%2F2000%2Fsvg%27%20width%3D%27177%27%20height%3D%27142%27%20viewBox%3D%270%200%20177%20142%27%3E%3Crect%20width%3D%27177%27%20height%3D%27142%27%20fill-opacity%3D%220%22%2F%3E%3C%2Fsvg%3E\" data-orig-src=\"https:\/\/www.atus-koeflach.at\/2019\/wp-content\/uploads\/2020\/07\/shutterstock_135763082-kopie-177x142.jpg\" class=\"lazyload attachment-portfolio-five size-portfolio-five\" alt=\"\" \/><\/a><\/li><\/ul><\/div><div class=\"recent-posts-content\"><span class=\"vcard\" style=\"display: none;\"><span class=\"fn\"><a href=\"https:\/\/www.atus-koeflach.at\/2019\/author\/daniel-krauthackl\/\" title=\"Beitr\u00e4ge von Daniel Krauthackl\" rel=\"author\">Daniel Krauthackl<\/a><\/span><\/span><span class=\"updated\" style=\"display:none;\">2020-07-27T10:04:00+02:00<\/span><h4 class=\"entry-title\"><a href=\"https:\/\/www.atus-koeflach.at\/2019\/schnupperstunde-showtanz\/\">Schnupperstunde &#8211; Showtanz<\/a><\/h4><p class=\"meta\"><span class=\"vcard\" style=\"display: none;\"><span class=\"fn\"><a href=\"https:\/\/www.atus-koeflach.at\/2019\/author\/daniel-krauthackl\/\" title=\"Beitr\u00e4ge von Daniel Krauthackl\" rel=\"author\">Daniel Krauthackl<\/a><\/span><\/span><span class=\"updated\" style=\"display:none;\">2020-07-27T10:04:00+02:00<\/span><span>Juli 27th, 2020<\/span><span class=\"fusion-inline-sep\">|<\/span><\/p><p>Tanzen? Das macht gro\u00dfen Spa\u00df! Falls du dich gerne zur Musik bewegst, gute Musik magst und gerne in einer Gruppe tanzen m\u00f6chtest, ist dieser Showtanzschnupper-Kurs ideal f\u00fcr [...]<\/p><\/div><\/article><article class=\"post fusion-column column col col-lg-12 col-md-12 col-sm-12\"><div class=\"fusion-flexslider fusion-flexslider-loading flexslider floated-slideshow flexslider-hover-type-zoomin\"><ul class=\"slides\"><li><a href=\"https:\/\/www.atus-koeflach.at\/2019\/schnupperstunde-rhythmische-gymnastik\/\" aria-label=\"Schnupperstunde &#8211; Rhythmische Gymnastik\" class=\"hover-type-zoomin\"><img loading=\"lazy\" decoding=\"async\" width=\"177\" height=\"142\" src=\"data:image\/svg+xml,%3Csvg%20xmlns%3D%27http%3A%2F%2Fwww.w3.org%2F2000%2Fsvg%27%20width%3D%27177%27%20height%3D%27142%27%20viewBox%3D%270%200%20177%20142%27%3E%3Crect%20width%3D%27177%27%20height%3D%27142%27%20fill-opacity%3D%220%22%2F%3E%3C%2Fsvg%3E\" data-orig-src=\"https:\/\/www.atus-koeflach.at\/2019\/wp-content\/uploads\/2020\/07\/shutterstock_1384220174-177x142.jpg\" class=\"lazyload attachment-portfolio-five size-portfolio-five\" alt=\"\" \/><\/a><\/li><\/ul><\/div><div class=\"recent-posts-content\"><span class=\"vcard\" style=\"display: none;\"><span class=\"fn\"><a href=\"https:\/\/www.atus-koeflach.at\/2019\/author\/daniel-krauthackl\/\" title=\"Beitr\u00e4ge von Daniel Krauthackl\" rel=\"author\">Daniel Krauthackl<\/a><\/span><\/span><span class=\"updated\" style=\"display:none;\">2020-07-27T09:53:47+02:00<\/span><h4 class=\"entry-title\"><a href=\"https:\/\/www.atus-koeflach.at\/2019\/schnupperstunde-rhythmische-gymnastik\/\">Schnupperstunde &#8211; Rhythmische Gymnastik<\/a><\/h4><p class=\"meta\"><span class=\"vcard\" style=\"display: none;\"><span class=\"fn\"><a href=\"https:\/\/www.atus-koeflach.at\/2019\/author\/daniel-krauthackl\/\" title=\"Beitr\u00e4ge von Daniel Krauthackl\" rel=\"author\">Daniel Krauthackl<\/a><\/span><\/span><span class=\"updated\" style=\"display:none;\">2020-07-27T09:53:47+02:00<\/span><span>Juli 27th, 2020<\/span><span class=\"fusion-inline-sep\">|<\/span><\/p><p>\u00a0\u00c4sthetische Bewegung mit Music und Ger\u00e4te, wie Seil, Reifen oder Ball. Aber zuerst lernen wir die k\u00f6rpertechnischen Elemente durch viel Ballett, Tanzen, Spiele und Spa\u00df! \u00a0 Ort: [...]<\/p><\/div><\/article><article class=\"post fusion-column column col col-lg-12 col-md-12 col-sm-12\"><div class=\"fusion-flexslider fusion-flexslider-loading flexslider floated-slideshow flexslider-hover-type-zoomin\"><ul class=\"slides\"><li><a href=\"https:\/\/www.atus-koeflach.at\/2019\/schnupperstunde-geraetturnen\/\" aria-label=\"Schnupperstunde &#8211; Ger\u00e4tturnen\" class=\"hover-type-zoomin\"><img loading=\"lazy\" decoding=\"async\" width=\"177\" height=\"142\" src=\"data:image\/svg+xml,%3Csvg%20xmlns%3D%27http%3A%2F%2Fwww.w3.org%2F2000%2Fsvg%27%20width%3D%27177%27%20height%3D%27142%27%20viewBox%3D%270%200%20177%20142%27%3E%3Crect%20width%3D%27177%27%20height%3D%27142%27%20fill-opacity%3D%220%22%2F%3E%3C%2Fsvg%3E\" data-orig-src=\"https:\/\/www.atus-koeflach.at\/2019\/wp-content\/uploads\/2020\/07\/Abenteuerturnen20-177x142.jpg\" class=\"lazyload attachment-portfolio-five size-portfolio-five\" alt=\"\" \/><\/a><\/li><\/ul><\/div><div class=\"recent-posts-content\"><span class=\"vcard\" style=\"display: none;\"><span class=\"fn\"><a href=\"https:\/\/www.atus-koeflach.at\/2019\/author\/daniel-krauthackl\/\" title=\"Beitr\u00e4ge von Daniel Krauthackl\" rel=\"author\">Daniel Krauthackl<\/a><\/span><\/span><span class=\"updated\" style=\"display:none;\">2020-07-27T09:55:38+02:00<\/span><h4 class=\"entry-title\"><a href=\"https:\/\/www.atus-koeflach.at\/2019\/schnupperstunde-geraetturnen\/\">Schnupperstunde &#8211; Ger\u00e4tturnen<\/a><\/h4><p class=\"meta\"><span class=\"vcard\" style=\"display: none;\"><span class=\"fn\"><a href=\"https:\/\/www.atus-koeflach.at\/2019\/author\/daniel-krauthackl\/\" title=\"Beitr\u00e4ge von Daniel Krauthackl\" rel=\"author\">Daniel Krauthackl<\/a><\/span><\/span><span class=\"updated\" style=\"display:none;\">2020-07-27T09:55:38+02:00<\/span><span>Juli 27th, 2020<\/span><span class=\"fusion-inline-sep\">|<\/span><\/p><p>Ger\u00e4tturnen? Ein Abenteuer das gro\u00dfen Spa\u00df macht! Lerne verschiedene Bewegungsabl\u00e4ufe an Turnger\u00e4ten wie Trampolin, Reck, Boden, Airtrack, Schwebebalken ... \u00a0kennen. Ort: Turnsaal der NMS K\u00f6flach, Schulstra\u00dfe 7, [...]<\/p><\/div><\/article><article class=\"post fusion-column column col col-lg-12 col-md-12 col-sm-12\"><div class=\"fusion-flexslider fusion-flexslider-loading flexslider floated-slideshow flexslider-hover-type-zoomin\"><ul class=\"slides\"><li><a href=\"https:\/\/www.atus-koeflach.at\/2019\/wir-suchen-dich\/\" aria-label=\"Wir suchen dich!\" class=\"hover-type-zoomin\"><img loading=\"lazy\" decoding=\"async\" width=\"177\" height=\"142\" src=\"data:image\/svg+xml,%3Csvg%20xmlns%3D%27http%3A%2F%2Fwww.w3.org%2F2000%2Fsvg%27%20width%3D%27177%27%20height%3D%27142%27%20viewBox%3D%270%200%20177%20142%27%3E%3Crect%20width%3D%27177%27%20height%3D%27142%27%20fill-opacity%3D%220%22%2F%3E%3C%2Fsvg%3E\" data-orig-src=\"https:\/\/www.atus-koeflach.at\/2019\/wp-content\/uploads\/2020\/05\/ATUS-K\u00f6flach-Kinderbild-177x142.jpg\" class=\"lazyload attachment-portfolio-five size-portfolio-five\" alt=\"\" \/><\/a><\/li><\/ul><\/div><div class=\"recent-posts-content\"><span class=\"vcard\" style=\"display: none;\"><span class=\"fn\"><a href=\"https:\/\/www.atus-koeflach.at\/2019\/author\/daniel-krauthackl\/\" title=\"Beitr\u00e4ge von Daniel Krauthackl\" rel=\"author\">Daniel Krauthackl<\/a><\/span><\/span><span class=\"updated\" style=\"display:none;\">2020-06-19T08:01:16+02:00<\/span><h4 class=\"entry-title\"><a href=\"https:\/\/www.atus-koeflach.at\/2019\/wir-suchen-dich\/\">Wir suchen dich!<\/a><\/h4><p class=\"meta\"><span class=\"vcard\" style=\"display: none;\"><span class=\"fn\"><a href=\"https:\/\/www.atus-koeflach.at\/2019\/author\/daniel-krauthackl\/\" title=\"Beitr\u00e4ge von Daniel Krauthackl\" rel=\"author\">Daniel Krauthackl<\/a><\/span><\/span><span class=\"updated\" style=\"display:none;\">2020-06-19T08:01:16+02:00<\/span><span>Juni 19th, 2020<\/span><span class=\"fusion-inline-sep\">|<\/span><\/p><p>Du arbeitest gerne mit Kindern und Jugendlichen? Du liebst Sport und insbesondere Turnen? Dann bist du bei uns richtig! Wir verst\u00e4rken unser Team und suchen engagierte und [...]<\/p><\/div><\/article><article class=\"post fusion-column column col col-lg-12 col-md-12 col-sm-12\"><div class=\"fusion-flexslider fusion-flexslider-loading flexslider floated-slideshow flexslider-hover-type-zoomin\"><ul class=\"slides\"><li><a href=\"https:\/\/www.atus-koeflach.at\/2019\/kein-turnbetrieb-vor-den-sommerferien\/\" aria-label=\"Kein Turnbetrieb vor den Sommerferien!\" class=\"hover-type-zoomin\"><img loading=\"lazy\" decoding=\"async\" width=\"177\" height=\"142\" src=\"data:image\/svg+xml,%3Csvg%20xmlns%3D%27http%3A%2F%2Fwww.w3.org%2F2000%2Fsvg%27%20width%3D%27177%27%20height%3D%27142%27%20viewBox%3D%270%200%20177%20142%27%3E%3Crect%20width%3D%27177%27%20height%3D%27142%27%20fill-opacity%3D%220%22%2F%3E%3C%2Fsvg%3E\" data-orig-src=\"https:\/\/www.atus-koeflach.at\/2019\/wp-content\/uploads\/2020\/05\/ATUS-K\u00f6flach-Kinderbild-177x142.jpg\" class=\"lazyload attachment-portfolio-five size-portfolio-five\" alt=\"\" \/><\/a><\/li><\/ul><\/div><div class=\"recent-posts-content\"><span class=\"vcard\" style=\"display: none;\"><span class=\"fn\"><a href=\"https:\/\/www.atus-koeflach.at\/2019\/author\/daniel-krauthackl\/\" title=\"Beitr\u00e4ge von Daniel Krauthackl\" rel=\"author\">Daniel Krauthackl<\/a><\/span><\/span><span class=\"updated\" style=\"display:none;\">2020-06-02T16:55:29+02:00<\/span><h4 class=\"entry-title\"><a href=\"https:\/\/www.atus-koeflach.at\/2019\/kein-turnbetrieb-vor-den-sommerferien\/\">Kein Turnbetrieb vor den Sommerferien!<\/a><\/h4><p class=\"meta\"><span class=\"vcard\" style=\"display: none;\"><span class=\"fn\"><a href=\"https:\/\/www.atus-koeflach.at\/2019\/author\/daniel-krauthackl\/\" title=\"Beitr\u00e4ge von Daniel Krauthackl\" rel=\"author\">Daniel Krauthackl<\/a><\/span><\/span><span class=\"updated\" style=\"display:none;\">2020-06-02T16:55:29+02:00<\/span><span>Mai 30th, 2020<\/span><span class=\"fusion-inline-sep\">|<\/span><\/p><p>Liebe Mitglieder, liebe Turnerinnen und Turner! Kein Turnbetrieb vor den Sommerferien! \u00a0Aufgrund der aktuellen Corona-Krise findet vor den Sommerferien \u201ekein Turnbetrieb\u201c mehr in den Turnhallen statt. Ein [...]<\/p><\/div><\/article><article class=\"post fusion-column column col col-lg-12 col-md-12 col-sm-12\"><div class=\"fusion-flexslider fusion-flexslider-loading flexslider floated-slideshow flexslider-hover-type-zoomin\"><ul class=\"slides\"><li><a href=\"https:\/\/www.atus-koeflach.at\/2019\/einstellung-des-turnbetriebes-bis-auf-widerruf\/\" aria-label=\"Einstellung des Turnbetriebes bis auf Widerruf\" class=\"hover-type-zoomin\"><img loading=\"lazy\" decoding=\"async\" width=\"177\" height=\"142\" src=\"data:image\/svg+xml,%3Csvg%20xmlns%3D%27http%3A%2F%2Fwww.w3.org%2F2000%2Fsvg%27%20width%3D%27177%27%20height%3D%27142%27%20viewBox%3D%270%200%20177%20142%27%3E%3Crect%20width%3D%27177%27%20height%3D%27142%27%20fill-opacity%3D%220%22%2F%3E%3C%2Fsvg%3E\" data-orig-src=\"https:\/\/www.atus-koeflach.at\/2019\/wp-content\/uploads\/2020\/03\/service3-177x142.png\" class=\"lazyload attachment-portfolio-five size-portfolio-five\" alt=\"\" \/><\/a><\/li><\/ul><\/div><div class=\"recent-posts-content\"><span class=\"vcard\" style=\"display: none;\"><span class=\"fn\"><a href=\"https:\/\/www.atus-koeflach.at\/2019\/author\/daniel-krauthackl\/\" title=\"Beitr\u00e4ge von Daniel Krauthackl\" rel=\"author\">Daniel Krauthackl<\/a><\/span><\/span><span class=\"updated\" style=\"display:none;\">2020-06-02T21:04:03+02:00<\/span><h4 class=\"entry-title\"><a href=\"https:\/\/www.atus-koeflach.at\/2019\/einstellung-des-turnbetriebes-bis-auf-widerruf\/\">Einstellung des Turnbetriebes bis auf Widerruf<\/a><\/h4><p class=\"meta\"><span class=\"vcard\" style=\"display: none;\"><span class=\"fn\"><a href=\"https:\/\/www.atus-koeflach.at\/2019\/author\/daniel-krauthackl\/\" title=\"Beitr\u00e4ge von Daniel Krauthackl\" rel=\"author\">Daniel Krauthackl<\/a><\/span><\/span><span class=\"updated\" style=\"display:none;\">2020-06-02T21:04:03+02:00<\/span><span>M\u00e4rz 12th, 2020<\/span><span class=\"fusion-inline-sep\">|<\/span><\/p><p>  Liebe Mitglieder, liebe Eltern, liebe Kinder! Aufgrund der Informationslage betreffend Corona-Virus haben wir uns zur sofortigen Einstellung des Turnbetriebes entschlossen. Ein Grund ist auch, dass [...]<\/p><\/div><\/article><article class=\"post fusion-column column col col-lg-12 col-md-12 col-sm-12\"><div class=\"fusion-flexslider fusion-flexslider-loading flexslider floated-slideshow flexslider-hover-type-zoomin\"><ul class=\"slides\"><li><a href=\"https:\/\/www.atus-koeflach.at\/2019\/zirkusreifes-weihnachtsschauturnen-des-atus-koeflach\/\" aria-label=\"Zirkusreifes Weihnachtsschauturnen des ATUS K\u00f6flach\" class=\"hover-type-zoomin\"><img loading=\"lazy\" decoding=\"async\" width=\"177\" height=\"142\" src=\"data:image\/svg+xml,%3Csvg%20xmlns%3D%27http%3A%2F%2Fwww.w3.org%2F2000%2Fsvg%27%20width%3D%27177%27%20height%3D%27142%27%20viewBox%3D%270%200%20177%20142%27%3E%3Crect%20width%3D%27177%27%20height%3D%27142%27%20fill-opacity%3D%220%22%2F%3E%3C%2Fsvg%3E\" data-orig-src=\"https:\/\/www.atus-koeflach.at\/2019\/wp-content\/uploads\/2019\/12\/1-IMG_5360-177x142.jpg\" class=\"lazyload attachment-portfolio-five size-portfolio-five\" alt=\"\" \/><\/a><\/li><\/ul><\/div><div class=\"recent-posts-content\"><span class=\"vcard\" style=\"display: none;\"><span class=\"fn\"><a href=\"https:\/\/www.atus-koeflach.at\/2019\/author\/daniel-krauthackl\/\" title=\"Beitr\u00e4ge von Daniel Krauthackl\" rel=\"author\">Daniel Krauthackl<\/a><\/span><\/span><span class=\"updated\" style=\"display:none;\">2019-12-18T16:08:57+01:00<\/span><h4 class=\"entry-title\"><a href=\"https:\/\/www.atus-koeflach.at\/2019\/zirkusreifes-weihnachtsschauturnen-des-atus-koeflach\/\">Zirkusreifes Weihnachtsschauturnen des ATUS K\u00f6flach<\/a><\/h4><p class=\"meta\"><span class=\"vcard\" style=\"display: none;\"><span class=\"fn\"><a href=\"https:\/\/www.atus-koeflach.at\/2019\/author\/daniel-krauthackl\/\" title=\"Beitr\u00e4ge von Daniel Krauthackl\" rel=\"author\">Daniel Krauthackl<\/a><\/span><\/span><span class=\"updated\" style=\"display:none;\">2019-12-18T16:08:57+01:00<\/span><span>Dezember 18th, 2019<\/span><span class=\"fusion-inline-sep\">|<\/span><\/p><p> K\u00d6FLACH. Rund 150 Turnerinnen und Turner im Alter von 3 bis 70 Jahren zeigten unter dem \u201eMotto\u201c Zirkus ein fantastisches Akrobatik- und Showprogramm. Vor den von [...]<\/p><\/div><\/article><article class=\"post fusion-column column col col-lg-12 col-md-12 col-sm-12\"><div class=\"fusion-flexslider fusion-flexslider-loading flexslider floated-slideshow flexslider-hover-type-zoomin\"><ul class=\"slides\"><li><a href=\"https:\/\/www.atus-koeflach.at\/2019\/atus-koeflach-mit-guten-leistungen-in-ried\/\" aria-label=\"ATUS K\u00f6flach mit guten Leistungen in Ried\" class=\"hover-type-zoomin\"><img loading=\"lazy\" decoding=\"async\" width=\"177\" height=\"142\" src=\"data:image\/svg+xml,%3Csvg%20xmlns%3D%27http%3A%2F%2Fwww.w3.org%2F2000%2Fsvg%27%20width%3D%27177%27%20height%3D%27142%27%20viewBox%3D%270%200%20177%20142%27%3E%3Crect%20width%3D%27177%27%20height%3D%27142%27%20fill-opacity%3D%220%22%2F%3E%3C%2Fsvg%3E\" data-orig-src=\"https:\/\/www.atus-koeflach.at\/2019\/wp-content\/uploads\/2019\/11\/IMG_20191116_155506-177x142.jpg\" class=\"lazyload attachment-portfolio-five size-portfolio-five\" alt=\"\" \/><\/a><\/li><\/ul><\/div><div class=\"recent-posts-content\"><span class=\"vcard\" style=\"display: none;\"><span class=\"fn\"><a href=\"https:\/\/www.atus-koeflach.at\/2019\/author\/daniel-krauthackl\/\" title=\"Beitr\u00e4ge von Daniel Krauthackl\" rel=\"author\">Daniel Krauthackl<\/a><\/span><\/span><span class=\"updated\" style=\"display:none;\">2019-12-07T10:06:50+01:00<\/span><h4 class=\"entry-title\"><a href=\"https:\/\/www.atus-koeflach.at\/2019\/atus-koeflach-mit-guten-leistungen-in-ried\/\">ATUS K\u00f6flach mit guten Leistungen in Ried<\/a><\/h4><p class=\"meta\"><span class=\"vcard\" style=\"display: none;\"><span class=\"fn\"><a href=\"https:\/\/www.atus-koeflach.at\/2019\/author\/daniel-krauthackl\/\" title=\"Beitr\u00e4ge von Daniel Krauthackl\" rel=\"author\">Daniel Krauthackl<\/a><\/span><\/span><span class=\"updated\" style=\"display:none;\">2019-12-07T10:06:50+01:00<\/span><span>November 21st, 2019<\/span><span class=\"fusion-inline-sep\">|<\/span><\/p><p> 800 Turnerinnen und Turner in 200 Mannschaften traten k\u00fcrzlich bei der 10. \u00d6sterreichischen Turn10 Meisterschaft in Ried im Innkreis an. Zum H\u00f6hepunkt des Wettkampfjahres reisten auch [...]<\/p><\/div><\/article><article class=\"post fusion-column column col col-lg-12 col-md-12 col-sm-12\"><div class=\"fusion-flexslider fusion-flexslider-loading flexslider floated-slideshow flexslider-hover-type-zoomin\"><ul class=\"slides\"><li><a href=\"https:\/\/www.atus-koeflach.at\/2019\/voller-erfolg-bei-den-grazer-stadtmeisteschaften\/\" aria-label=\"Voller Erfolg bei den Grazer Stadtmeisteschaften\" class=\"hover-type-zoomin\"><img loading=\"lazy\" decoding=\"async\" width=\"177\" height=\"142\" src=\"data:image\/svg+xml,%3Csvg%20xmlns%3D%27http%3A%2F%2Fwww.w3.org%2F2000%2Fsvg%27%20width%3D%27177%27%20height%3D%27142%27%20viewBox%3D%270%200%20177%20142%27%3E%3Crect%20width%3D%27177%27%20height%3D%27142%27%20fill-opacity%3D%220%22%2F%3E%3C%2Fsvg%3E\" data-orig-src=\"https:\/\/www.atus-koeflach.at\/2019\/wp-content\/uploads\/2019\/11\/DSC_7644-177x142.jpg\" class=\"lazyload attachment-portfolio-five size-portfolio-five\" alt=\"\" \/><\/a><\/li><\/ul><\/div><div class=\"recent-posts-content\"><span class=\"vcard\" style=\"display: none;\"><span class=\"fn\"><a href=\"https:\/\/www.atus-koeflach.at\/2019\/author\/karin\/\" title=\"Beitr\u00e4ge von Karin Krauthackl\" rel=\"author\">Karin Krauthackl<\/a><\/span><\/span><span class=\"updated\" style=\"display:none;\">2019-11-05T20:52:20+01:00<\/span><h4 class=\"entry-title\"><a href=\"https:\/\/www.atus-koeflach.at\/2019\/voller-erfolg-bei-den-grazer-stadtmeisteschaften\/\">Voller Erfolg bei den Grazer Stadtmeisteschaften<\/a><\/h4><p class=\"meta\"><span class=\"vcard\" style=\"display: none;\"><span class=\"fn\"><a href=\"https:\/\/www.atus-koeflach.at\/2019\/author\/karin\/\" title=\"Beitr\u00e4ge von Karin Krauthackl\" rel=\"author\">Karin Krauthackl<\/a><\/span><\/span><span class=\"updated\" style=\"display:none;\">2019-11-05T20:52:20+01:00<\/span><span>November 4th, 2019<\/span><span class=\"fusion-inline-sep\">|<\/span><\/p><p> Ein Dutzend Medaillen f\u00fcr den ATUS K\u00f6flach-Turnen Mit 6 x Gold, 3 x Silber und 3 x Bronze kehrten die Turnerinnen und Turner des ATUS K\u00f6flach [...]<\/p><\/div><\/article><article class=\"post fusion-column column col col-lg-12 col-md-12 col-sm-12\"><div class=\"fusion-flexslider fusion-flexslider-loading flexslider floated-slideshow flexslider-hover-type-zoomin\"><ul class=\"slides\"><li><a href=\"https:\/\/www.atus-koeflach.at\/2019\/schnuppertag-beim-atus-koeflach\/\" aria-label=\"Schnuppertag beim &#8222;ATUS K\u00f6flach&#8220;\" class=\"hover-type-zoomin\"><img loading=\"lazy\" decoding=\"async\" width=\"177\" height=\"142\" src=\"data:image\/svg+xml,%3Csvg%20xmlns%3D%27http%3A%2F%2Fwww.w3.org%2F2000%2Fsvg%27%20width%3D%27177%27%20height%3D%27142%27%20viewBox%3D%270%200%20177%20142%27%3E%3Crect%20width%3D%27177%27%20height%3D%27142%27%20fill-opacity%3D%220%22%2F%3E%3C%2Fsvg%3E\" data-orig-src=\"https:\/\/www.atus-koeflach.at\/2019\/wp-content\/uploads\/2019\/09\/schnuppertraining-2019-collage-177x142.jpg\" class=\"lazyload attachment-portfolio-five size-portfolio-five\" alt=\"\" \/><\/a><\/li><\/ul><\/div><div class=\"recent-posts-content\"><span class=\"vcard\" style=\"display: none;\"><span class=\"fn\"><a href=\"https:\/\/www.atus-koeflach.at\/2019\/author\/karin\/\" title=\"Beitr\u00e4ge von Karin Krauthackl\" rel=\"author\">Karin Krauthackl<\/a><\/span><\/span><span class=\"updated\" style=\"display:none;\">2019-09-08T13:47:32+02:00<\/span><h4 class=\"entry-title\"><a href=\"https:\/\/www.atus-koeflach.at\/2019\/schnuppertag-beim-atus-koeflach\/\">Schnuppertag beim &#8222;ATUS K\u00f6flach&#8220;<\/a><\/h4><p class=\"meta\"><span class=\"vcard\" style=\"display: none;\"><span class=\"fn\"><a href=\"https:\/\/www.atus-koeflach.at\/2019\/author\/karin\/\" title=\"Beitr\u00e4ge von Karin Krauthackl\" rel=\"author\">Karin Krauthackl<\/a><\/span><\/span><span class=\"updated\" style=\"display:none;\">2019-09-08T13:47:32+02:00<\/span><span>September 7th, 2019<\/span><span class=\"fusion-inline-sep\">|<\/span><\/p><p> Impressionen vom \u201eSchnuppertag\u201c am 6.9.2019 im Turnsaal der NMS K\u00f6flach. Im Zuge der \u201eK\u00f6flacher Sommerferienzeit\u201c und \u201eTag der offenen T\u00fcr\u201c beim ATUS K\u00f6flach gab f\u00fcr alle [...]<\/p><\/div><\/article><article class=\"post fusion-column column col col-lg-12 col-md-12 col-sm-12\"><div class=\"fusion-flexslider fusion-flexslider-loading flexslider floated-slideshow flexslider-hover-type-zoomin\"><ul class=\"slides\"><li><a href=\"https:\/\/www.atus-koeflach.at\/2019\/tag-der-vereine-am-31-8-2019\/\" aria-label=\"Tag der Vereine am 31.8.2019\" class=\"hover-type-zoomin\"><img loading=\"lazy\" decoding=\"async\" width=\"177\" height=\"142\" src=\"data:image\/svg+xml,%3Csvg%20xmlns%3D%27http%3A%2F%2Fwww.w3.org%2F2000%2Fsvg%27%20width%3D%27177%27%20height%3D%27142%27%20viewBox%3D%270%200%20177%20142%27%3E%3Crect%20width%3D%27177%27%20height%3D%27142%27%20fill-opacity%3D%220%22%2F%3E%3C%2Fsvg%3E\" data-orig-src=\"https:\/\/www.atus-koeflach.at\/2019\/wp-content\/uploads\/2019\/09\/Collage-Homepage-177x142.jpg\" class=\"lazyload attachment-portfolio-five size-portfolio-five\" alt=\"\" \/><\/a><\/li><\/ul><\/div><div class=\"recent-posts-content\"><span class=\"vcard\" style=\"display: none;\"><span class=\"fn\"><a href=\"https:\/\/www.atus-koeflach.at\/2019\/author\/karin\/\" title=\"Beitr\u00e4ge von Karin Krauthackl\" rel=\"author\">Karin Krauthackl<\/a><\/span><\/span><span class=\"updated\" style=\"display:none;\">2019-09-07T13:30:45+02:00<\/span><h4 class=\"entry-title\"><a href=\"https:\/\/www.atus-koeflach.at\/2019\/tag-der-vereine-am-31-8-2019\/\">Tag der Vereine am 31.8.2019<\/a><\/h4><p class=\"meta\"><span class=\"vcard\" style=\"display: none;\"><span class=\"fn\"><a href=\"https:\/\/www.atus-koeflach.at\/2019\/author\/karin\/\" title=\"Beitr\u00e4ge von Karin Krauthackl\" rel=\"author\">Karin Krauthackl<\/a><\/span><\/span><span class=\"updated\" style=\"display:none;\">2019-09-07T13:30:45+02:00<\/span><span>September 7th, 2019<\/span><span class=\"fusion-inline-sep\">|<\/span><\/p><p> Impressionen vom \"Tag der Vereine\" am 31.8.2019 in der Innenstadt K\u00f6flach. \u2026 die Turnkinder des ATUS K\u00f6flach beeindruckten das Publikum wiedermal mit herausragenden turnerischen und akrobatischen [...]<\/p><\/div><\/article><article class=\"post fusion-column column col col-lg-12 col-md-12 col-sm-12\"><div class=\"fusion-flexslider fusion-flexslider-loading flexslider floated-slideshow flexslider-hover-type-zoomin\"><ul class=\"slides\"><li><a href=\"https:\/\/www.atus-koeflach.at\/2019\/spass-und-muskelkater-beim-turncamp\/\" aria-label=\"Spa\u00df und Muskelkater beim Turncamp!\" class=\"hover-type-zoomin\"><img loading=\"lazy\" decoding=\"async\" width=\"177\" height=\"142\" src=\"data:image\/svg+xml,%3Csvg%20xmlns%3D%27http%3A%2F%2Fwww.w3.org%2F2000%2Fsvg%27%20width%3D%27177%27%20height%3D%27142%27%20viewBox%3D%270%200%20177%20142%27%3E%3Crect%20width%3D%27177%27%20height%3D%27142%27%20fill-opacity%3D%220%22%2F%3E%3C%2Fsvg%3E\" data-orig-src=\"https:\/\/www.atus-koeflach.at\/2019\/wp-content\/uploads\/2019\/07\/IMG_20190724_092700-177x142.jpg\" class=\"lazyload attachment-portfolio-five size-portfolio-five\" alt=\"\" \/><\/a><\/li><\/ul><\/div><div class=\"recent-posts-content\"><span class=\"vcard\" style=\"display: none;\"><span class=\"fn\"><a href=\"https:\/\/www.atus-koeflach.at\/2019\/author\/karin\/\" title=\"Beitr\u00e4ge von Karin Krauthackl\" rel=\"author\">Karin Krauthackl<\/a><\/span><\/span><span class=\"updated\" style=\"display:none;\">2019-07-31T08:34:23+02:00<\/span><h4 class=\"entry-title\"><a href=\"https:\/\/www.atus-koeflach.at\/2019\/spass-und-muskelkater-beim-turncamp\/\">Spa\u00df und Muskelkater beim Turncamp!<\/a><\/h4><p class=\"meta\"><span class=\"vcard\" style=\"display: none;\"><span class=\"fn\"><a href=\"https:\/\/www.atus-koeflach.at\/2019\/author\/karin\/\" title=\"Beitr\u00e4ge von Karin Krauthackl\" rel=\"author\">Karin Krauthackl<\/a><\/span><\/span><span class=\"updated\" style=\"display:none;\">2019-07-31T08:34:23+02:00<\/span><span>Juli 29th, 2019<\/span><span class=\"fusion-inline-sep\">|<\/span><\/p><p> Da in den Sommermonaten kein Turntraining im Turnsaal der NMS stattfinden kann, haben sich kurzerhand 5 turnbegeisterte M\u00e4dchen vom Turnverein ATUS K\u00f6flach entschlossen am Turncamp (22 [...]<\/p><\/div><\/article><article class=\"post fusion-column column col col-lg-12 col-md-12 col-sm-12\"><div class=\"fusion-flexslider fusion-flexslider-loading flexslider floated-slideshow flexslider-hover-type-zoomin\"><ul class=\"slides\"><li><a href=\"https:\/\/www.atus-koeflach.at\/2019\/abschlusswandern-der-gymanstikgruppen\/\" aria-label=\"Abschlusswandern der Gymnastikgruppen\" class=\"hover-type-zoomin\"><img loading=\"lazy\" decoding=\"async\" width=\"177\" height=\"142\" src=\"data:image\/svg+xml,%3Csvg%20xmlns%3D%27http%3A%2F%2Fwww.w3.org%2F2000%2Fsvg%27%20width%3D%27177%27%20height%3D%27142%27%20viewBox%3D%270%200%20177%20142%27%3E%3Crect%20width%3D%27177%27%20height%3D%27142%27%20fill-opacity%3D%220%22%2F%3E%3C%2Fsvg%3E\" data-orig-src=\"https:\/\/www.atus-koeflach.at\/2019\/wp-content\/uploads\/2019\/07\/IMG_20190725_120829-177x142.jpg\" class=\"lazyload attachment-portfolio-five size-portfolio-five\" alt=\"\" \/><\/a><\/li><\/ul><\/div><div class=\"recent-posts-content\"><span class=\"vcard\" style=\"display: none;\"><span class=\"fn\"><a href=\"https:\/\/www.atus-koeflach.at\/2019\/author\/karin\/\" title=\"Beitr\u00e4ge von Karin Krauthackl\" rel=\"author\">Karin Krauthackl<\/a><\/span><\/span><span class=\"updated\" style=\"display:none;\">2019-07-29T21:08:41+02:00<\/span><h4 class=\"entry-title\"><a href=\"https:\/\/www.atus-koeflach.at\/2019\/abschlusswandern-der-gymanstikgruppen\/\">Abschlusswandern der Gymnastikgruppen<\/a><\/h4><p class=\"meta\"><span class=\"vcard\" style=\"display: none;\"><span class=\"fn\"><a href=\"https:\/\/www.atus-koeflach.at\/2019\/author\/karin\/\" title=\"Beitr\u00e4ge von Karin Krauthackl\" rel=\"author\">Karin Krauthackl<\/a><\/span><\/span><span class=\"updated\" style=\"display:none;\">2019-07-29T21:08:41+02:00<\/span><span>Juli 25th, 2019<\/span><span class=\"fusion-inline-sep\">|<\/span><\/p><p> Bei herrlichem Sonnenschein und guter Laune machte die Gymnastikgruppe von Michi Bernsteiner zum Turnabschluss am Donnerstag, 25. Juli 2019 einen Wanderausflug zur Terenbachh\u00fctte. Startpunkt war das [...]<\/p><\/div><\/article><article class=\"post fusion-column column col col-lg-12 col-md-12 col-sm-12\"><div class=\"fusion-flexslider fusion-flexslider-loading flexslider floated-slideshow flexslider-hover-type-zoomin\"><ul class=\"slides\"><li><a href=\"https:\/\/www.atus-koeflach.at\/2019\/abschlussturnen-zwergerl-und-kleinkinderturnen\/\" aria-label=\"Abschlussturnen Zwergerl- und Kleinkinderturnen\" class=\"hover-type-zoomin\"><img loading=\"lazy\" decoding=\"async\" width=\"177\" height=\"142\" src=\"data:image\/svg+xml,%3Csvg%20xmlns%3D%27http%3A%2F%2Fwww.w3.org%2F2000%2Fsvg%27%20width%3D%27177%27%20height%3D%27142%27%20viewBox%3D%270%200%20177%20142%27%3E%3Crect%20width%3D%27177%27%20height%3D%27142%27%20fill-opacity%3D%220%22%2F%3E%3C%2Fsvg%3E\" data-orig-src=\"https:\/\/www.atus-koeflach.at\/2019\/wp-content\/uploads\/2019\/06\/IMG-20190628-WA0000-177x142.jpg\" class=\"lazyload attachment-portfolio-five size-portfolio-five\" alt=\"\" \/><\/a><\/li><li><a href=\"https:\/\/www.atus-koeflach.at\/2019\/abschlussturnen-zwergerl-und-kleinkinderturnen\/\" aria-label=\"Abschlussturnen Zwergerl- und Kleinkinderturnen\" class=\"hover-type-zoomin\"><img loading=\"lazy\" decoding=\"async\" width=\"177\" height=\"142\" src=\"data:image\/svg+xml,%3Csvg%20xmlns%3D%27http%3A%2F%2Fwww.w3.org%2F2000%2Fsvg%27%20width%3D%27177%27%20height%3D%27142%27%20viewBox%3D%270%200%20177%20142%27%3E%3Crect%20width%3D%27177%27%20height%3D%27142%27%20fill-opacity%3D%220%22%2F%3E%3C%2Fsvg%3E\" data-orig-src=\"https:\/\/www.atus-koeflach.at\/2019\/wp-content\/uploads\/2019\/06\/IMG-20190628-WA0047-177x142.jpg\" class=\"lazyload attachment-portfolio-five size-portfolio-five\" alt=\"\" \/><\/a><\/li><\/ul><\/div><div class=\"recent-posts-content\"><span class=\"vcard\" style=\"display: none;\"><span class=\"fn\"><a href=\"https:\/\/www.atus-koeflach.at\/2019\/author\/karin\/\" title=\"Beitr\u00e4ge von Karin Krauthackl\" rel=\"author\">Karin Krauthackl<\/a><\/span><\/span><span class=\"updated\" style=\"display:none;\">2019-06-29T10:39:54+02:00<\/span><h4 class=\"entry-title\"><a href=\"https:\/\/www.atus-koeflach.at\/2019\/abschlussturnen-zwergerl-und-kleinkinderturnen\/\">Abschlussturnen Zwergerl- und Kleinkinderturnen<\/a><\/h4><p class=\"meta\"><span class=\"vcard\" style=\"display: none;\"><span class=\"fn\"><a href=\"https:\/\/www.atus-koeflach.at\/2019\/author\/karin\/\" title=\"Beitr\u00e4ge von Karin Krauthackl\" rel=\"author\">Karin Krauthackl<\/a><\/span><\/span><span class=\"updated\" style=\"display:none;\">2019-06-29T10:39:54+02:00<\/span><span>Juni 29th, 2019<\/span><span class=\"fusion-inline-sep\">|<\/span><\/p><p> Ein lustiges Abschlussturnen mit Spiel und Spa\u00df gab es am Freitag, 28.6.19 mit unseren Zwergerl und Kleinkindern im Turnsaal der NMS K\u00f6flach. Wir freuen uns, dass [...]<\/p><\/div><\/article><article class=\"post fusion-column column col col-lg-12 col-md-12 col-sm-12\"><div class=\"fusion-flexslider fusion-flexslider-loading flexslider floated-slideshow flexslider-hover-type-zoomin\"><ul class=\"slides\"><li><a href=\"https:\/\/www.atus-koeflach.at\/2019\/turnabschluss-ein-erlebnis-im-motorikpark\/\" aria-label=\"Turnabschluss &#8211; ein Erlebnis im Motorikpark\" class=\"hover-type-zoomin\"><img loading=\"lazy\" decoding=\"async\" width=\"177\" height=\"142\" src=\"data:image\/svg+xml,%3Csvg%20xmlns%3D%27http%3A%2F%2Fwww.w3.org%2F2000%2Fsvg%27%20width%3D%27177%27%20height%3D%27142%27%20viewBox%3D%270%200%20177%20142%27%3E%3Crect%20width%3D%27177%27%20height%3D%27142%27%20fill-opacity%3D%220%22%2F%3E%3C%2Fsvg%3E\" data-orig-src=\"https:\/\/www.atus-koeflach.at\/2019\/wp-content\/uploads\/2019\/06\/IMG_20190627_172331-177x142.jpg\" class=\"lazyload attachment-portfolio-five size-portfolio-five\" alt=\"\" \/><\/a><\/li><li><a href=\"https:\/\/www.atus-koeflach.at\/2019\/turnabschluss-ein-erlebnis-im-motorikpark\/\" aria-label=\"Turnabschluss &#8211; ein Erlebnis im Motorikpark\" class=\"hover-type-zoomin\"><img loading=\"lazy\" decoding=\"async\" width=\"177\" height=\"142\" src=\"data:image\/svg+xml,%3Csvg%20xmlns%3D%27http%3A%2F%2Fwww.w3.org%2F2000%2Fsvg%27%20width%3D%27177%27%20height%3D%27142%27%20viewBox%3D%270%200%20177%20142%27%3E%3Crect%20width%3D%27177%27%20height%3D%27142%27%20fill-opacity%3D%220%22%2F%3E%3C%2Fsvg%3E\" data-orig-src=\"https:\/\/www.atus-koeflach.at\/2019\/wp-content\/uploads\/2019\/06\/IMG_20190627_170732-177x142.jpg\" class=\"lazyload attachment-portfolio-five size-portfolio-five\" alt=\"\" \/><\/a><\/li><\/ul><\/div><div class=\"recent-posts-content\"><span class=\"vcard\" style=\"display: none;\"><span class=\"fn\"><a href=\"https:\/\/www.atus-koeflach.at\/2019\/author\/karin\/\" title=\"Beitr\u00e4ge von Karin Krauthackl\" rel=\"author\">Karin Krauthackl<\/a><\/span><\/span><span class=\"updated\" style=\"display:none;\">2019-06-29T10:32:56+02:00<\/span><h4 class=\"entry-title\"><a href=\"https:\/\/www.atus-koeflach.at\/2019\/turnabschluss-ein-erlebnis-im-motorikpark\/\">Turnabschluss &#8211; ein Erlebnis im Motorikpark<\/a><\/h4><p class=\"meta\"><span class=\"vcard\" style=\"display: none;\"><span class=\"fn\"><a href=\"https:\/\/www.atus-koeflach.at\/2019\/author\/karin\/\" title=\"Beitr\u00e4ge von Karin Krauthackl\" rel=\"author\">Karin Krauthackl<\/a><\/span><\/span><span class=\"updated\" style=\"display:none;\">2019-06-29T10:32:56+02:00<\/span><span>Juni 27th, 2019<\/span><span class=\"fusion-inline-sep\">|<\/span><\/p><p> Als das pers\u00f6nliche Highlight unserer Turnkinder galt der Besuch des Motorikparks in K\u00f6flach. Trotz Temperaturnen \u00fcber 30 Grad Celsius erfreuten sich die Turnkinder am neuen K\u00f6flacher [...]<\/p><\/div><\/article><article class=\"post fusion-column column col col-lg-12 col-md-12 col-sm-12\"><div class=\"fusion-flexslider fusion-flexslider-loading flexslider floated-slideshow flexslider-hover-type-zoomin\"><ul class=\"slides\"><li><a href=\"https:\/\/www.atus-koeflach.at\/2019\/erfolgsserie-des-atus-koeflach-turnen-haelt-an-6-x-gold-1-x-silber-und-3-x-bronze-in-wien\/\" aria-label=\"Erfolgsserie des ATUS K\u00f6flach Turnen h\u00e4lt an: 6 x Gold, 1 x Silber und 3 x Bronze in Wien.\" class=\"hover-type-zoomin\"><img loading=\"lazy\" decoding=\"async\" width=\"177\" height=\"142\" src=\"data:image\/svg+xml,%3Csvg%20xmlns%3D%27http%3A%2F%2Fwww.w3.org%2F2000%2Fsvg%27%20width%3D%27177%27%20height%3D%27142%27%20viewBox%3D%270%200%20177%20142%27%3E%3Crect%20width%3D%27177%27%20height%3D%27142%27%20fill-opacity%3D%220%22%2F%3E%3C%2Fsvg%3E\" data-orig-src=\"https:\/\/www.atus-koeflach.at\/2019\/wp-content\/uploads\/2019\/05\/ASKOE_BM_2019-43-177x142.jpg\" class=\"lazyload attachment-portfolio-five size-portfolio-five\" alt=\"\" \/><\/a><\/li><li><a href=\"https:\/\/www.atus-koeflach.at\/2019\/erfolgsserie-des-atus-koeflach-turnen-haelt-an-6-x-gold-1-x-silber-und-3-x-bronze-in-wien\/\" aria-label=\"Erfolgsserie des ATUS K\u00f6flach Turnen h\u00e4lt an: 6 x Gold, 1 x Silber und 3 x Bronze in Wien.\" class=\"hover-type-zoomin\"><img loading=\"lazy\" decoding=\"async\" width=\"177\" height=\"142\" src=\"data:image\/svg+xml,%3Csvg%20xmlns%3D%27http%3A%2F%2Fwww.w3.org%2F2000%2Fsvg%27%20width%3D%27177%27%20height%3D%27142%27%20viewBox%3D%270%200%20177%20142%27%3E%3Crect%20width%3D%27177%27%20height%3D%27142%27%20fill-opacity%3D%220%22%2F%3E%3C%2Fsvg%3E\" data-orig-src=\"https:\/\/www.atus-koeflach.at\/2019\/wp-content\/uploads\/2019\/05\/ASKOE_BM_2019-21-177x142.jpg\" class=\"lazyload attachment-portfolio-five size-portfolio-five\" alt=\"\" \/><\/a><\/li><li><a href=\"https:\/\/www.atus-koeflach.at\/2019\/erfolgsserie-des-atus-koeflach-turnen-haelt-an-6-x-gold-1-x-silber-und-3-x-bronze-in-wien\/\" aria-label=\"Erfolgsserie des ATUS K\u00f6flach Turnen h\u00e4lt an: 6 x Gold, 1 x Silber und 3 x Bronze in Wien.\" class=\"hover-type-zoomin\"><img loading=\"lazy\" decoding=\"async\" width=\"177\" height=\"142\" src=\"data:image\/svg+xml,%3Csvg%20xmlns%3D%27http%3A%2F%2Fwww.w3.org%2F2000%2Fsvg%27%20width%3D%27177%27%20height%3D%27142%27%20viewBox%3D%270%200%20177%20142%27%3E%3Crect%20width%3D%27177%27%20height%3D%27142%27%20fill-opacity%3D%220%22%2F%3E%3C%2Fsvg%3E\" data-orig-src=\"https:\/\/www.atus-koeflach.at\/2019\/wp-content\/uploads\/2019\/05\/ASKOE_BM_2019-20-177x142.jpg\" class=\"lazyload attachment-portfolio-five size-portfolio-five\" alt=\"\" \/><\/a><\/li><\/ul><\/div><div class=\"recent-posts-content\"><span class=\"vcard\" style=\"display: none;\"><span class=\"fn\"><a href=\"https:\/\/www.atus-koeflach.at\/2019\/author\/karin\/\" title=\"Beitr\u00e4ge von Karin Krauthackl\" rel=\"author\">Karin Krauthackl<\/a><\/span><\/span><span class=\"updated\" style=\"display:none;\">2019-05-20T16:05:20+02:00<\/span><h4 class=\"entry-title\"><a href=\"https:\/\/www.atus-koeflach.at\/2019\/erfolgsserie-des-atus-koeflach-turnen-haelt-an-6-x-gold-1-x-silber-und-3-x-bronze-in-wien\/\">Erfolgsserie des ATUS K\u00f6flach Turnen h\u00e4lt an: 6 x Gold, 1 x Silber und 3 x Bronze in Wien.<\/a><\/h4><p class=\"meta\"><span class=\"vcard\" style=\"display: none;\"><span class=\"fn\"><a href=\"https:\/\/www.atus-koeflach.at\/2019\/author\/karin\/\" title=\"Beitr\u00e4ge von Karin Krauthackl\" rel=\"author\">Karin Krauthackl<\/a><\/span><\/span><span class=\"updated\" style=\"display:none;\">2019-05-20T16:05:20+02:00<\/span><span>Mai 16th, 2019<\/span><span class=\"fusion-inline-sep\">|<\/span><\/p><p> Mit \u201eschwerem Gep\u00e4ck\u201c trat die Delegation des ATUS K\u00f6flach Turnen k\u00fcrzlich die Heimreise von den ASK\u00d6 Bundesmeisterschaften in Turn 10 an. Schlie\u00dflich musste einiges an Edelmetall [...]<\/p><\/div><\/article><article class=\"post fusion-column column col col-lg-12 col-md-12 col-sm-12\"><div class=\"fusion-flexslider fusion-flexslider-loading flexslider floated-slideshow flexslider-hover-type-zoomin\"><ul class=\"slides\"><li><a href=\"https:\/\/www.atus-koeflach.at\/2019\/turn10-steirische-landesmeisterschaft-2019\/\" aria-label=\"Turn10: Steirische Landesmeisterschaft 2019\" class=\"hover-type-zoomin\"><img loading=\"lazy\" decoding=\"async\" width=\"177\" height=\"142\" src=\"data:image\/svg+xml,%3Csvg%20xmlns%3D%27http%3A%2F%2Fwww.w3.org%2F2000%2Fsvg%27%20width%3D%27177%27%20height%3D%27142%27%20viewBox%3D%270%200%20177%20142%27%3E%3Crect%20width%3D%27177%27%20height%3D%27142%27%20fill-opacity%3D%220%22%2F%3E%3C%2Fsvg%3E\" data-orig-src=\"https:\/\/www.atus-koeflach.at\/2019\/wp-content\/uploads\/2019\/05\/titel-177x142.jpg\" class=\"lazyload attachment-portfolio-five size-portfolio-five\" alt=\"\" \/><\/a><\/li><\/ul><\/div><div class=\"recent-posts-content\"><span class=\"vcard\" style=\"display: none;\"><span class=\"fn\"><a href=\"https:\/\/www.atus-koeflach.at\/2019\/author\/daniel-krauthackl\/\" title=\"Beitr\u00e4ge von Daniel Krauthackl\" rel=\"author\">Daniel Krauthackl<\/a><\/span><\/span><span class=\"updated\" style=\"display:none;\">2019-05-04T12:00:36+02:00<\/span><h4 class=\"entry-title\"><a href=\"https:\/\/www.atus-koeflach.at\/2019\/turn10-steirische-landesmeisterschaft-2019\/\">Turn10: Steirische Landesmeisterschaft 2019<\/a><\/h4><p class=\"meta\"><span class=\"vcard\" style=\"display: none;\"><span class=\"fn\"><a href=\"https:\/\/www.atus-koeflach.at\/2019\/author\/daniel-krauthackl\/\" title=\"Beitr\u00e4ge von Daniel Krauthackl\" rel=\"author\">Daniel Krauthackl<\/a><\/span><\/span><span class=\"updated\" style=\"display:none;\">2019-05-04T12:00:36+02:00<\/span><span>Mai 1st, 2019<\/span><span class=\"fusion-inline-sep\">|<\/span><\/p><p> K\u00f6flacher Turnerinnen und Turner auf Erfolgswelle - 9 Medaillen im Mannschafts- und Einzelbewerb bei der Steirischer Turn10 Meisterschaft  Auf einer Erfolgswelle schwimmt derzeit der ATUS [...]<\/p><\/div><\/article><article class=\"post fusion-column column col col-lg-12 col-md-12 col-sm-12\"><div class=\"fusion-flexslider fusion-flexslider-loading flexslider floated-slideshow flexslider-hover-type-zoomin\"><ul class=\"slides\"><li><a href=\"https:\/\/www.atus-koeflach.at\/2019\/180-junge-talente-beeindruckten-bei-turnwettbewerb\/\" aria-label=\"1. K\u00f6flacher Turn10 Cup voller Erfolg\" class=\"hover-type-zoomin\"><img loading=\"lazy\" decoding=\"async\" width=\"177\" height=\"142\" src=\"data:image\/svg+xml,%3Csvg%20xmlns%3D%27http%3A%2F%2Fwww.w3.org%2F2000%2Fsvg%27%20width%3D%27177%27%20height%3D%27142%27%20viewBox%3D%270%200%20177%20142%27%3E%3Crect%20width%3D%27177%27%20height%3D%27142%27%20fill-opacity%3D%220%22%2F%3E%3C%2Fsvg%3E\" data-orig-src=\"https:\/\/www.atus-koeflach.at\/2019\/wp-content\/uploads\/2019\/04\/header-177x142.jpg\" class=\"lazyload attachment-portfolio-five size-portfolio-five\" alt=\"\" \/><\/a><\/li><li><a href=\"https:\/\/www.atus-koeflach.at\/2019\/180-junge-talente-beeindruckten-bei-turnwettbewerb\/\" aria-label=\"1. K\u00f6flacher Turn10 Cup voller Erfolg\" class=\"hover-type-zoomin\"><img loading=\"lazy\" decoding=\"async\" width=\"177\" height=\"142\" src=\"data:image\/svg+xml,%3Csvg%20xmlns%3D%27http%3A%2F%2Fwww.w3.org%2F2000%2Fsvg%27%20width%3D%27177%27%20height%3D%27142%27%20viewBox%3D%270%200%20177%20142%27%3E%3Crect%20width%3D%27177%27%20height%3D%27142%27%20fill-opacity%3D%220%22%2F%3E%3C%2Fsvg%3E\" data-orig-src=\"https:\/\/www.atus-koeflach.at\/2019\/wp-content\/uploads\/2019\/04\/0529-177x142.jpg\" class=\"lazyload attachment-portfolio-five size-portfolio-five\" alt=\"\" \/><\/a><\/li><\/ul><\/div><div class=\"recent-posts-content\"><span class=\"vcard\" style=\"display: none;\"><span class=\"fn\"><a href=\"https:\/\/www.atus-koeflach.at\/2019\/author\/daniel-krauthackl\/\" title=\"Beitr\u00e4ge von Daniel Krauthackl\" rel=\"author\">Daniel Krauthackl<\/a><\/span><\/span><span class=\"updated\" style=\"display:none;\">2019-05-04T11:58:36+02:00<\/span><h4 class=\"entry-title\"><a href=\"https:\/\/www.atus-koeflach.at\/2019\/180-junge-talente-beeindruckten-bei-turnwettbewerb\/\">1. K\u00f6flacher Turn10 Cup voller Erfolg<\/a><\/h4><p class=\"meta\"><span class=\"vcard\" style=\"display: none;\"><span class=\"fn\"><a href=\"https:\/\/www.atus-koeflach.at\/2019\/author\/daniel-krauthackl\/\" title=\"Beitr\u00e4ge von Daniel Krauthackl\" rel=\"author\">Daniel Krauthackl<\/a><\/span><\/span><span class=\"updated\" style=\"display:none;\">2019-05-04T11:58:36+02:00<\/span><span>April 10th, 2019<\/span><span class=\"fusion-inline-sep\">|<\/span><\/p><p>Hervorragend organisierte Veranstaltung mit Top-Ergebnissen f\u00fcr den ATUS K\u00f6flach Turnen Ausgezeichnet vorbereitet vom ATUS K\u00f6flach Turnen ging k\u00fcrzlich der \u201e1. K\u00f6flacher Turn10 Cup\u201c in der Thermen- und [...]<\/p><\/div><\/article><article class=\"post fusion-column column col col-lg-12 col-md-12 col-sm-12\"><div class=\"recent-posts-content\"><span class=\"vcard\" style=\"display: none;\"><span class=\"fn\"><a href=\"https:\/\/www.atus-koeflach.at\/2019\/author\/karin\/\" title=\"Beitr\u00e4ge von Karin Krauthackl\" rel=\"author\">Karin Krauthackl<\/a><\/span><\/span><span class=\"updated\" style=\"display:none;\">2019-07-29T21:07:32+02:00<\/span><h4 class=\"entry-title\"><a href=\"https:\/\/www.atus-koeflach.at\/2019\/atus-koeflach-jahreshauptversammlung-18-2-2019\/\">ATUS K\u00f6flach: Jahreshauptversammlung 18.2.2019<\/a><\/h4><p class=\"meta\"><span class=\"vcard\" style=\"display: none;\"><span class=\"fn\"><a href=\"https:\/\/www.atus-koeflach.at\/2019\/author\/karin\/\" title=\"Beitr\u00e4ge von Karin Krauthackl\" rel=\"author\">Karin Krauthackl<\/a><\/span><\/span><span class=\"updated\" style=\"display:none;\">2019-07-29T21:07:32+02:00<\/span><span>Februar 18th, 2019<\/span><span class=\"fusion-inline-sep\">|<\/span><\/p><p>Am 18. Februar 2019 fand die Jahreshauptversammlung des Turnvereines ATUS K\u00f6flachs statt, die im Zeichen der Neu- bzw. Wiederwahl des Vorstandes und kleinerer Statuten\u00e4nderung stand. Auch diesmal [...]<\/p><\/div><\/article><article class=\"post fusion-column column col col-lg-12 col-md-12 col-sm-12\"><div class=\"fusion-flexslider fusion-flexslider-loading flexslider floated-slideshow flexslider-hover-type-zoomin\"><ul class=\"slides\"><li><a href=\"https:\/\/www.atus-koeflach.at\/2019\/wattens-war-eine-reise-wert\/\" aria-label=\"Wattens war eine Reise wert\" class=\"hover-type-zoomin\"><img loading=\"lazy\" decoding=\"async\" width=\"177\" height=\"142\" src=\"data:image\/svg+xml,%3Csvg%20xmlns%3D%27http%3A%2F%2Fwww.w3.org%2F2000%2Fsvg%27%20width%3D%27177%27%20height%3D%27142%27%20viewBox%3D%270%200%20177%20142%27%3E%3Crect%20width%3D%27177%27%20height%3D%27142%27%20fill-opacity%3D%220%22%2F%3E%3C%2Fsvg%3E\" data-orig-src=\"https:\/\/www.atus-koeflach.at\/2019\/wp-content\/uploads\/2019\/04\/IMG_20181117_142845-177x142.jpg\" class=\"lazyload attachment-portfolio-five size-portfolio-five\" alt=\"\" \/><\/a><\/li><\/ul><\/div><div class=\"recent-posts-content\"><span class=\"vcard\" style=\"display: none;\"><span class=\"fn\"><a href=\"https:\/\/www.atus-koeflach.at\/2019\/author\/daniel-krauthackl\/\" title=\"Beitr\u00e4ge von Daniel Krauthackl\" rel=\"author\">Daniel Krauthackl<\/a><\/span><\/span><span class=\"updated\" style=\"display:none;\">2019-04-22T14:12:41+02:00<\/span><h4 class=\"entry-title\"><a href=\"https:\/\/www.atus-koeflach.at\/2019\/wattens-war-eine-reise-wert\/\">Wattens war eine Reise wert<\/a><\/h4><p class=\"meta\"><span class=\"vcard\" style=\"display: none;\"><span class=\"fn\"><a href=\"https:\/\/www.atus-koeflach.at\/2019\/author\/daniel-krauthackl\/\" title=\"Beitr\u00e4ge von Daniel Krauthackl\" rel=\"author\">Daniel Krauthackl<\/a><\/span><\/span><span class=\"updated\" style=\"display:none;\">2019-04-22T14:12:41+02:00<\/span><span>November 22nd, 2018<\/span><span class=\"fusion-inline-sep\">|<\/span><\/p><p> Gegen die starke Konkurrenz von mehr als 600 Teilnehmern aus 80 Vereinen konnten die Turnerinnen und Turner des ATUS K\u00f6flach bei der \u00d6sterreichischen \u201eTurn10\u201c-Meisterschaft in Wattens\/Tirol [...]<\/p><\/div><\/article><article class=\"post fusion-column column col col-lg-12 col-md-12 col-sm-12\"><div class=\"fusion-flexslider fusion-flexslider-loading flexslider floated-slideshow flexslider-hover-type-zoomin\"><ul class=\"slides\"><li><a href=\"https:\/\/www.atus-koeflach.at\/2019\/1-grazer-stadtmeisterschaft-turn10\/\" aria-label=\"1. Grazer Stadtmeisterschaft Turn10\" class=\"hover-type-zoomin\"><img loading=\"lazy\" decoding=\"async\" width=\"177\" height=\"142\" src=\"data:image\/svg+xml,%3Csvg%20xmlns%3D%27http%3A%2F%2Fwww.w3.org%2F2000%2Fsvg%27%20width%3D%27177%27%20height%3D%27142%27%20viewBox%3D%270%200%20177%20142%27%3E%3Crect%20width%3D%27177%27%20height%3D%27142%27%20fill-opacity%3D%220%22%2F%3E%3C%2Fsvg%3E\" data-orig-src=\"https:\/\/www.atus-koeflach.at\/2019\/wp-content\/uploads\/2018\/11\/IMG_20181104_125257-177x142.jpg\" class=\"lazyload attachment-portfolio-five size-portfolio-five\" alt=\"\" \/><\/a><\/li><\/ul><\/div><div class=\"recent-posts-content\"><span class=\"vcard\" style=\"display: none;\"><span class=\"fn\"><a href=\"https:\/\/www.atus-koeflach.at\/2019\/author\/daniel-krauthackl\/\" title=\"Beitr\u00e4ge von Daniel Krauthackl\" rel=\"author\">Daniel Krauthackl<\/a><\/span><\/span><span class=\"updated\" style=\"display:none;\">2019-04-22T14:19:38+02:00<\/span><h4 class=\"entry-title\"><a href=\"https:\/\/www.atus-koeflach.at\/2019\/1-grazer-stadtmeisterschaft-turn10\/\">1. Grazer Stadtmeisterschaft Turn10<\/a><\/h4><p class=\"meta\"><span class=\"vcard\" style=\"display: none;\"><span class=\"fn\"><a href=\"https:\/\/www.atus-koeflach.at\/2019\/author\/daniel-krauthackl\/\" title=\"Beitr\u00e4ge von Daniel Krauthackl\" rel=\"author\">Daniel Krauthackl<\/a><\/span><\/span><span class=\"updated\" style=\"display:none;\">2019-04-22T14:19:38+02:00<\/span><span>November 6th, 2018<\/span><span class=\"fusion-inline-sep\">|<\/span><\/p><p>Die Wettkampfsaison des ATUS K\u00f6flach-Turnen hat wieder mit Erfolg begonnen 2 x Gold, 2 x Silber und 2 x Bronze! Trotz eingeschr\u00e4nkten Trainingsbedingungen haben wir uns entschlossen, [...]<\/p><\/div><\/article><article class=\"post fusion-column column col col-lg-12 col-md-12 col-sm-12\"><div class=\"fusion-flexslider fusion-flexslider-loading flexslider floated-slideshow flexslider-hover-type-zoomin\"><ul class=\"slides\"><li><a href=\"https:\/\/www.atus-koeflach.at\/2019\/silberne-verdienstzeichen-fuer-karin-konrad-krauthackl\/\" aria-label=\"Silberne Verdienstzeichen f\u00fcr Karin Konrad-Krauthackl\" class=\"hover-type-zoomin\"><img loading=\"lazy\" decoding=\"async\" width=\"177\" height=\"142\" src=\"data:image\/svg+xml,%3Csvg%20xmlns%3D%27http%3A%2F%2Fwww.w3.org%2F2000%2Fsvg%27%20width%3D%27177%27%20height%3D%27142%27%20viewBox%3D%270%200%20177%20142%27%3E%3Crect%20width%3D%27177%27%20height%3D%27142%27%20fill-opacity%3D%220%22%2F%3E%3C%2Fsvg%3E\" data-orig-src=\"https:\/\/www.atus-koeflach.at\/2019\/wp-content\/uploads\/2018\/05\/title-177x142.jpg\" class=\"lazyload attachment-portfolio-five size-portfolio-five\" alt=\"\" \/><\/a><\/li><\/ul><\/div><div class=\"recent-posts-content\"><span class=\"vcard\" style=\"display: none;\"><span class=\"fn\"><a href=\"https:\/\/www.atus-koeflach.at\/2019\/author\/daniel-krauthackl\/\" title=\"Beitr\u00e4ge von Daniel Krauthackl\" rel=\"author\">Daniel Krauthackl<\/a><\/span><\/span><span class=\"updated\" style=\"display:none;\">2019-05-04T11:52:08+02:00<\/span><h4 class=\"entry-title\"><a href=\"https:\/\/www.atus-koeflach.at\/2019\/silberne-verdienstzeichen-fuer-karin-konrad-krauthackl\/\">Silberne Verdienstzeichen f\u00fcr Karin Konrad-Krauthackl<\/a><\/h4><p class=\"meta\"><span class=\"vcard\" style=\"display: none;\"><span class=\"fn\"><a href=\"https:\/\/www.atus-koeflach.at\/2019\/author\/daniel-krauthackl\/\" title=\"Beitr\u00e4ge von Daniel Krauthackl\" rel=\"author\">Daniel Krauthackl<\/a><\/span><\/span><span class=\"updated\" style=\"display:none;\">2019-05-04T11:52:08+02:00<\/span><span>Mai 12th, 2018<\/span><span class=\"fusion-inline-sep\">|<\/span><\/p><p> Silberne Verdienstzeichen der Republik \u00d6sterreich f\u00fcr Karin Konrad-Krauthackl Eine gro\u00dfe Ehre wird unserer Obfrau, Karin Konrad-Krauthackl, am 13. April 2018 in St. Veit\/Glan zuteil: Sie erh\u00e4lt [...]<\/p><\/div><\/article><article class=\"post fusion-column column col col-lg-12 col-md-12 col-sm-12\"><div class=\"fusion-flexslider fusion-flexslider-loading flexslider floated-slideshow flexslider-hover-type-zoomin\"><ul class=\"slides\"><li><a href=\"https:\/\/www.atus-koeflach.at\/2019\/turn10-steirische-landesmeisterschaft-2018\/\" aria-label=\"Turn10: Steirische Landesmeisterschaft 2018\" class=\"hover-type-zoomin\"><img loading=\"lazy\" decoding=\"async\" width=\"177\" height=\"142\" src=\"data:image\/svg+xml,%3Csvg%20xmlns%3D%27http%3A%2F%2Fwww.w3.org%2F2000%2Fsvg%27%20width%3D%27177%27%20height%3D%27142%27%20viewBox%3D%270%200%20177%20142%27%3E%3Crect%20width%3D%27177%27%20height%3D%27142%27%20fill-opacity%3D%220%22%2F%3E%3C%2Fsvg%3E\" data-orig-src=\"https:\/\/www.atus-koeflach.at\/2019\/wp-content\/uploads\/2018\/04\/IMG-20180501-WA0017-e1555935126506-177x142.jpg\" class=\"lazyload attachment-portfolio-five size-portfolio-five\" alt=\"\" \/><\/a><\/li><\/ul><\/div><div class=\"recent-posts-content\"><span class=\"vcard\" style=\"display: none;\"><span class=\"fn\"><a href=\"https:\/\/www.atus-koeflach.at\/2019\/author\/daniel-krauthackl\/\" title=\"Beitr\u00e4ge von Daniel Krauthackl\" rel=\"author\">Daniel Krauthackl<\/a><\/span><\/span><span class=\"updated\" style=\"display:none;\">2019-04-22T14:12:45+02:00<\/span><h4 class=\"entry-title\"><a href=\"https:\/\/www.atus-koeflach.at\/2019\/turn10-steirische-landesmeisterschaft-2018\/\">Turn10: Steirische Landesmeisterschaft 2018<\/a><\/h4><p class=\"meta\"><span class=\"vcard\" style=\"display: none;\"><span class=\"fn\"><a href=\"https:\/\/www.atus-koeflach.at\/2019\/author\/daniel-krauthackl\/\" title=\"Beitr\u00e4ge von Daniel Krauthackl\" rel=\"author\">Daniel Krauthackl<\/a><\/span><\/span><span class=\"updated\" style=\"display:none;\">2019-04-22T14:12:45+02:00<\/span><span>April 28th, 2018<\/span><span class=\"fusion-inline-sep\">|<\/span><\/p><p> Anna Pl\u00f6bst holt wieder den \"Steirischen Turn10 Landesmeistertitel 2018\" nach K\u00f6flach Und wieder hat es der ATUS K\u00f6flach geschafft und holt mit Anna Pl\u00f6bst den 3. [...]<\/p><\/div><\/article><article class=\"post fusion-column column col col-lg-12 col-md-12 col-sm-12\"><div class=\"recent-posts-content\"><span class=\"vcard\" style=\"display: none;\"><span class=\"fn\"><a href=\"https:\/\/www.atus-koeflach.at\/2019\/author\/daniel-krauthackl\/\" title=\"Beitr\u00e4ge von Daniel Krauthackl\" rel=\"author\">Daniel Krauthackl<\/a><\/span><\/span><span class=\"updated\" style=\"display:none;\">2019-04-14T22:19:33+02:00<\/span><h4 class=\"entry-title\"><a href=\"https:\/\/www.atus-koeflach.at\/2019\/girls-cup-2018-in-kindberg\/\">Girls Cup 2018 in Kindberg<\/a><\/h4><p class=\"meta\"><span class=\"vcard\" style=\"display: none;\"><span class=\"fn\"><a href=\"https:\/\/www.atus-koeflach.at\/2019\/author\/daniel-krauthackl\/\" title=\"Beitr\u00e4ge von Daniel Krauthackl\" rel=\"author\">Daniel Krauthackl<\/a><\/span><\/span><span class=\"updated\" style=\"display:none;\">2019-04-14T22:19:33+02:00<\/span><span>M\u00e4rz 24th, 2018<\/span><span class=\"fusion-inline-sep\">|<\/span><\/p><p>Erfolgreicher Start in die Wettkampfsaison Turnerinnen des ATUS K\u00f6flach erturnten 1x Gold, 2x Silber und 2x Bronze im Teambewerb sowie 2x Gold,2 x Silber und 2x Bronze [...]<\/p><\/div><\/article><\/section><\/div><\/div><\/div><div class=\"fusion-layout-column fusion_builder_column fusion-builder-column-2 fusion_builder_column_1_4 1_4 fusion-flex-column\" style=\"--awb-bg-size:cover;--awb-width-large:25%;--awb-margin-top-large:0px;--awb-spacing-right-large:7.68%;--awb-margin-bottom-large:20px;--awb-spacing-left-large:3.84%;--awb-width-medium:100%;--awb-spacing-right-medium:1.92%;--awb-spacing-left-medium:1.92%;--awb-width-small:100%;--awb-spacing-right-small:1.92%;--awb-spacing-left-small:1.92%;\"><div class=\"fusion-column-wrapper fusion-column-has-shadow fusion-flex-justify-content-flex-start fusion-content-layout-column\"><div class=\"fusion-widget-area awb-widget-area-element fusion-widget-area-1 fusion-content-widget-area\" style=\"--awb-title-size:14px;--awb-title-color:#3b4251;--awb-padding:0px 0px 0px 0px;\"><section id=\"search-2\" class=\"widget widget_search\">\t\t<form role=\"search\" class=\"searchform fusion-search-form  fusion-search-form-classic\" method=\"get\" action=\"https:\/\/www.atus-koeflach.at\/2019\/\">\n\t\t\t<div class=\"fusion-search-form-content\">\n\n\t\t\t\t\n\t\t\t\t<div class=\"fusion-search-field search-field\">\n\t\t\t\t\t<label><span class=\"screen-reader-text\">Suche nach:<\/span>\n\t\t\t\t\t\t\t\t\t\t\t\t\t<input type=\"search\" value=\"\" name=\"s\" class=\"s\" placeholder=\"Suchen...\" required aria-required=\"true\" aria-label=\"Suchen...\"\/>\n\t\t\t\t\t\t\t\t\t\t\t<\/label>\n\t\t\t\t<\/div>\n\t\t\t\t<div class=\"fusion-search-button search-button\">\n\t\t\t\t\t<input type=\"submit\" class=\"fusion-search-submit searchsubmit\" aria-label=\"Suche\" value=\"&#xf002;\" \/>\n\t\t\t\t\t\t\t\t\t<\/div>\n\n\t\t\t\t\n\t\t\t<\/div>\n\n\n\t\t\t\n\t\t<\/form>\n\t\t<\/section><section id=\"archives-2\" class=\"widget widget_archive\"><div class=\"heading\"><h4 class=\"widget-title\">Archiv<\/h4><\/div>\n\t\t\t<ul>\n\t\t\t\t\t<li><a href='https:\/\/www.atus-koeflach.at\/2019\/2026\/02\/'>Februar 2026<\/a><\/li>\n\t<li><a href='https:\/\/www.atus-koeflach.at\/2019\/2025\/11\/'>November 2025<\/a><\/li>\n\t<li><a href='https:\/\/www.atus-koeflach.at\/2019\/2025\/08\/'>August 2025<\/a><\/li>\n\t<li><a href='https:\/\/www.atus-koeflach.at\/2019\/2025\/07\/'>Juli 2025<\/a><\/li>\n\t<li><a href='https:\/\/www.atus-koeflach.at\/2019\/2025\/06\/'>Juni 2025<\/a><\/li>\n\t<li><a href='https:\/\/www.atus-koeflach.at\/2019\/2025\/05\/'>Mai 2025<\/a><\/li>\n\t<li><a href='https:\/\/www.atus-koeflach.at\/2019\/2025\/04\/'>April 2025<\/a><\/li>\n\t<li><a href='https:\/\/www.atus-koeflach.at\/2019\/2025\/03\/'>M\u00e4rz 2025<\/a><\/li>\n\t<li><a href='https:\/\/www.atus-koeflach.at\/2019\/2024\/12\/'>Dezember 2024<\/a><\/li>\n\t<li><a href='https:\/\/www.atus-koeflach.at\/2019\/2024\/11\/'>November 2024<\/a><\/li>\n\t<li><a href='https:\/\/www.atus-koeflach.at\/2019\/2024\/09\/'>September 2024<\/a><\/li>\n\t<li><a href='https:\/\/www.atus-koeflach.at\/2019\/2024\/08\/'>August 2024<\/a><\/li>\n\t<li><a href='https:\/\/www.atus-koeflach.at\/2019\/2024\/06\/'>Juni 2024<\/a><\/li>\n\t<li><a href='https:\/\/www.atus-koeflach.at\/2019\/2024\/05\/'>Mai 2024<\/a><\/li>\n\t<li><a href='https:\/\/www.atus-koeflach.at\/2019\/2024\/04\/'>April 2024<\/a><\/li>\n\t<li><a href='https:\/\/www.atus-koeflach.at\/2019\/2024\/02\/'>Februar 2024<\/a><\/li>\n\t<li><a href='https:\/\/www.atus-koeflach.at\/2019\/2023\/12\/'>Dezember 2023<\/a><\/li>\n\t<li><a href='https:\/\/www.atus-koeflach.at\/2019\/2023\/11\/'>November 2023<\/a><\/li>\n\t<li><a href='https:\/\/www.atus-koeflach.at\/2019\/2023\/10\/'>Oktober 2023<\/a><\/li>\n\t<li><a href='https:\/\/www.atus-koeflach.at\/2019\/2023\/09\/'>September 2023<\/a><\/li>\n\t<li><a href='https:\/\/www.atus-koeflach.at\/2019\/2023\/07\/'>Juli 2023<\/a><\/li>\n\t<li><a href='https:\/\/www.atus-koeflach.at\/2019\/2023\/05\/'>Mai 2023<\/a><\/li>\n\t<li><a href='https:\/\/www.atus-koeflach.at\/2019\/2023\/04\/'>April 2023<\/a><\/li>\n\t<li><a href='https:\/\/www.atus-koeflach.at\/2019\/2023\/02\/'>Februar 2023<\/a><\/li>\n\t<li><a href='https:\/\/www.atus-koeflach.at\/2019\/2022\/12\/'>Dezember 2022<\/a><\/li>\n\t<li><a href='https:\/\/www.atus-koeflach.at\/2019\/2022\/10\/'>Oktober 2022<\/a><\/li>\n\t<li><a href='https:\/\/www.atus-koeflach.at\/2019\/2022\/09\/'>September 2022<\/a><\/li>\n\t<li><a href='https:\/\/www.atus-koeflach.at\/2019\/2022\/08\/'>August 2022<\/a><\/li>\n\t<li><a href='https:\/\/www.atus-koeflach.at\/2019\/2022\/07\/'>Juli 2022<\/a><\/li>\n\t<li><a href='https:\/\/www.atus-koeflach.at\/2019\/2022\/06\/'>Juni 2022<\/a><\/li>\n\t<li><a href='https:\/\/www.atus-koeflach.at\/2019\/2022\/05\/'>Mai 2022<\/a><\/li>\n\t<li><a href='https:\/\/www.atus-koeflach.at\/2019\/2022\/03\/'>M\u00e4rz 2022<\/a><\/li>\n\t<li><a href='https:\/\/www.atus-koeflach.at\/2019\/2021\/12\/'>Dezember 2021<\/a><\/li>\n\t<li><a href='https:\/\/www.atus-koeflach.at\/2019\/2021\/11\/'>November 2021<\/a><\/li>\n\t<li><a href='https:\/\/www.atus-koeflach.at\/2019\/2021\/10\/'>Oktober 2021<\/a><\/li>\n\t<li><a href='https:\/\/www.atus-koeflach.at\/2019\/2021\/09\/'>September 2021<\/a><\/li>\n\t<li><a href='https:\/\/www.atus-koeflach.at\/2019\/2021\/08\/'>August 2021<\/a><\/li>\n\t<li><a href='https:\/\/www.atus-koeflach.at\/2019\/2021\/05\/'>Mai 2021<\/a><\/li>\n\t<li><a href='https:\/\/www.atus-koeflach.at\/2019\/2021\/04\/'>April 2021<\/a><\/li>\n\t<li><a href='https:\/\/www.atus-koeflach.at\/2019\/2020\/12\/'>Dezember 2020<\/a><\/li>\n\t<li><a href='https:\/\/www.atus-koeflach.at\/2019\/2020\/11\/'>November 2020<\/a><\/li>\n\t<li><a href='https:\/\/www.atus-koeflach.at\/2019\/2020\/10\/'>Oktober 2020<\/a><\/li>\n\t<li><a href='https:\/\/www.atus-koeflach.at\/2019\/2020\/09\/'>September 2020<\/a><\/li>\n\t<li><a href='https:\/\/www.atus-koeflach.at\/2019\/2020\/07\/'>Juli 2020<\/a><\/li>\n\t<li><a href='https:\/\/www.atus-koeflach.at\/2019\/2020\/06\/'>Juni 2020<\/a><\/li>\n\t<li><a href='https:\/\/www.atus-koeflach.at\/2019\/2020\/05\/'>Mai 2020<\/a><\/li>\n\t<li><a href='https:\/\/www.atus-koeflach.at\/2019\/2020\/03\/'>M\u00e4rz 2020<\/a><\/li>\n\t<li><a href='https:\/\/www.atus-koeflach.at\/2019\/2019\/12\/'>Dezember 2019<\/a><\/li>\n\t<li><a href='https:\/\/www.atus-koeflach.at\/2019\/2019\/11\/'>November 2019<\/a><\/li>\n\t<li><a href='https:\/\/www.atus-koeflach.at\/2019\/2019\/09\/'>September 2019<\/a><\/li>\n\t<li><a href='https:\/\/www.atus-koeflach.at\/2019\/2019\/07\/'>Juli 2019<\/a><\/li>\n\t<li><a href='https:\/\/www.atus-koeflach.at\/2019\/2019\/06\/'>Juni 2019<\/a><\/li>\n\t<li><a href='https:\/\/www.atus-koeflach.at\/2019\/2019\/05\/'>Mai 2019<\/a><\/li>\n\t<li><a href='https:\/\/www.atus-koeflach.at\/2019\/2019\/04\/'>April 2019<\/a><\/li>\n\t<li><a href='https:\/\/www.atus-koeflach.at\/2019\/2019\/02\/'>Februar 2019<\/a><\/li>\n\t<li><a href='https:\/\/www.atus-koeflach.at\/2019\/2018\/11\/'>November 2018<\/a><\/li>\n\t<li><a href='https:\/\/www.atus-koeflach.at\/2019\/2018\/05\/'>Mai 2018<\/a><\/li>\n\t<li><a href='https:\/\/www.atus-koeflach.at\/2019\/2018\/04\/'>April 2018<\/a><\/li>\n\t<li><a href='https:\/\/www.atus-koeflach.at\/2019\/2018\/03\/'>M\u00e4rz 2018<\/a><\/li>\n\t\t\t<\/ul>\n\n\t\t\t<\/section><section id=\"categories-2\" class=\"widget widget_categories\"><div class=\"heading\"><h4 class=\"widget-title\">Kategorien<\/h4><\/div>\n\t\t\t<ul>\n\t\t\t\t\t<li class=\"cat-item cat-item-117\"><a href=\"https:\/\/www.atus-koeflach.at\/2019\/category\/2026\/\">2026<\/a>\n<\/li>\n\t<li class=\"cat-item cat-item-1\"><a href=\"https:\/\/www.atus-koeflach.at\/2019\/category\/allgemein\/\">Allgemein<\/a>\n<\/li>\n\t<li class=\"cat-item cat-item-113\"><a href=\"https:\/\/www.atus-koeflach.at\/2019\/category\/ausbildung-kurs\/\">Ausbildung Kurs<\/a>\n<\/li>\n\t<li class=\"cat-item cat-item-106\"><a href=\"https:\/\/www.atus-koeflach.at\/2019\/category\/lehrgang\/\">Lehrgang<\/a>\n<\/li>\n\t<li class=\"cat-item cat-item-24\"><a href=\"https:\/\/www.atus-koeflach.at\/2019\/category\/meisterschaften\/\">Meisterschaften<\/a>\n<\/li>\n\t<li class=\"cat-item cat-item-108\"><a href=\"https:\/\/www.atus-koeflach.at\/2019\/category\/turncamp\/\">Turncamp<\/a>\n<\/li>\n\t\t\t<\/ul>\n\n\t\t\t<\/section><div class=\"fusion-additional-widget-content\"><\/div><\/div><\/div><\/div><\/div><\/div>\n","protected":false},"excerpt":{"rendered":"","protected":false},"author":1,"featured_media":0,"parent":0,"menu_order":0,"comment_status":"closed","ping_status":"open","template":"100-width.php","meta":{"footnotes":""},"class_list":["post-929","page","type-page","status-publish","hentry"],"yoast_head":"<!-- This site is optimized with the Yoast SEO plugin v27.5 - https:\/\/yoast.com\/product\/yoast-seo-wordpress\/ -->\n<title>News - Atus K\u00f6flach Turnen<\/title>\n<meta name=\"robots\" content=\"index, follow, max-snippet:-1, max-image-preview:large, max-video-preview:-1\" \/>\n<link rel=\"canonical\" href=\"https:\/\/www.atus-koeflach.at\/2019\/news\/\" \/>\n<meta property=\"og:locale\" content=\"de_DE\" \/>\n<meta property=\"og:type\" content=\"article\" \/>\n<meta property=\"og:title\" content=\"News - Atus K\u00f6flach Turnen\" \/>\n<meta property=\"og:url\" content=\"https:\/\/www.atus-koeflach.at\/2019\/news\/\" \/>\n<meta property=\"og:site_name\" content=\"Atus K\u00f6flach Turnen\" \/>\n<meta property=\"article:modified_time\" content=\"2019-04-15T17:29:34+00:00\" \/>\n<meta name=\"twitter:card\" content=\"summary_large_image\" \/>\n<meta name=\"twitter:label1\" content=\"Gesch\u00e4tzte Lesezeit\" \/>\n\t<meta name=\"twitter:data1\" content=\"3\u00a0Minuten\" \/>\n<script type=\"application\/ld+json\" class=\"yoast-schema-graph\">{\"@context\":\"https:\\\/\\\/schema.org\",\"@graph\":[{\"@type\":\"WebPage\",\"@id\":\"https:\\\/\\\/www.atus-koeflach.at\\\/2019\\\/news\\\/\",\"url\":\"https:\\\/\\\/www.atus-koeflach.at\\\/2019\\\/news\\\/\",\"name\":\"News - Atus K\u00f6flach Turnen\",\"isPartOf\":{\"@id\":\"https:\\\/\\\/www.atus-koeflach.at\\\/2019\\\/#website\"},\"datePublished\":\"2015-07-02T15:44:56+00:00\",\"dateModified\":\"2019-04-15T17:29:34+00:00\",\"breadcrumb\":{\"@id\":\"https:\\\/\\\/www.atus-koeflach.at\\\/2019\\\/news\\\/#breadcrumb\"},\"inLanguage\":\"de\",\"potentialAction\":[{\"@type\":\"ReadAction\",\"target\":[\"https:\\\/\\\/www.atus-koeflach.at\\\/2019\\\/news\\\/\"]}]},{\"@type\":\"BreadcrumbList\",\"@id\":\"https:\\\/\\\/www.atus-koeflach.at\\\/2019\\\/news\\\/#breadcrumb\",\"itemListElement\":[{\"@type\":\"ListItem\",\"position\":1,\"name\":\"Startseite\",\"item\":\"https:\\\/\\\/www.atus-koeflach.at\\\/2019\\\/\"},{\"@type\":\"ListItem\",\"position\":2,\"name\":\"News\"}]},{\"@type\":\"WebSite\",\"@id\":\"https:\\\/\\\/www.atus-koeflach.at\\\/2019\\\/#website\",\"url\":\"https:\\\/\\\/www.atus-koeflach.at\\\/2019\\\/\",\"name\":\"Atus K\u00f6flach Turnen\",\"description\":\"Turnen aus Leidenschaft\",\"publisher\":{\"@id\":\"https:\\\/\\\/www.atus-koeflach.at\\\/2019\\\/#\\\/schema\\\/person\\\/2a0a0f461c0626e22207dcef881c6d39\"},\"potentialAction\":[{\"@type\":\"SearchAction\",\"target\":{\"@type\":\"EntryPoint\",\"urlTemplate\":\"https:\\\/\\\/www.atus-koeflach.at\\\/2019\\\/?s={search_term_string}\"},\"query-input\":{\"@type\":\"PropertyValueSpecification\",\"valueRequired\":true,\"valueName\":\"search_term_string\"}}],\"inLanguage\":\"de\"},{\"@type\":[\"Person\",\"Organization\"],\"@id\":\"https:\\\/\\\/www.atus-koeflach.at\\\/2019\\\/#\\\/schema\\\/person\\\/2a0a0f461c0626e22207dcef881c6d39\",\"name\":\"Karin Krauthackl\",\"image\":{\"@type\":\"ImageObject\",\"inLanguage\":\"de\",\"@id\":\"https:\\\/\\\/secure.gravatar.com\\\/avatar\\\/ddec361b0ce7ed2674e2dda6d7dc52407fc06784890258909b75daeb085c27b7?s=96&d=mm&r=g\",\"url\":\"https:\\\/\\\/secure.gravatar.com\\\/avatar\\\/ddec361b0ce7ed2674e2dda6d7dc52407fc06784890258909b75daeb085c27b7?s=96&d=mm&r=g\",\"contentUrl\":\"https:\\\/\\\/secure.gravatar.com\\\/avatar\\\/ddec361b0ce7ed2674e2dda6d7dc52407fc06784890258909b75daeb085c27b7?s=96&d=mm&r=g\",\"caption\":\"Karin Krauthackl\"},\"logo\":{\"@id\":\"https:\\\/\\\/secure.gravatar.com\\\/avatar\\\/ddec361b0ce7ed2674e2dda6d7dc52407fc06784890258909b75daeb085c27b7?s=96&d=mm&r=g\"}}]}<\/script>\n<!-- \/ Yoast SEO plugin. -->","yoast_head_json":{"title":"News - Atus K\u00f6flach Turnen","robots":{"index":"index","follow":"follow","max-snippet":"max-snippet:-1","max-image-preview":"max-image-preview:large","max-video-preview":"max-video-preview:-1"},"canonical":"https:\/\/www.atus-koeflach.at\/2019\/news\/","og_locale":"de_DE","og_type":"article","og_title":"News - Atus K\u00f6flach Turnen","og_url":"https:\/\/www.atus-koeflach.at\/2019\/news\/","og_site_name":"Atus K\u00f6flach Turnen","article_modified_time":"2019-04-15T17:29:34+00:00","twitter_card":"summary_large_image","twitter_misc":{"Gesch\u00e4tzte Lesezeit":"3\u00a0Minuten"},"schema":{"@context":"https:\/\/schema.org","@graph":[{"@type":"WebPage","@id":"https:\/\/www.atus-koeflach.at\/2019\/news\/","url":"https:\/\/www.atus-koeflach.at\/2019\/news\/","name":"News - Atus K\u00f6flach Turnen","isPartOf":{"@id":"https:\/\/www.atus-koeflach.at\/2019\/#website"},"datePublished":"2015-07-02T15:44:56+00:00","dateModified":"2019-04-15T17:29:34+00:00","breadcrumb":{"@id":"https:\/\/www.atus-koeflach.at\/2019\/news\/#breadcrumb"},"inLanguage":"de","potentialAction":[{"@type":"ReadAction","target":["https:\/\/www.atus-koeflach.at\/2019\/news\/"]}]},{"@type":"BreadcrumbList","@id":"https:\/\/www.atus-koeflach.at\/2019\/news\/#breadcrumb","itemListElement":[{"@type":"ListItem","position":1,"name":"Startseite","item":"https:\/\/www.atus-koeflach.at\/2019\/"},{"@type":"ListItem","position":2,"name":"News"}]},{"@type":"WebSite","@id":"https:\/\/www.atus-koeflach.at\/2019\/#website","url":"https:\/\/www.atus-koeflach.at\/2019\/","name":"Atus K\u00f6flach Turnen","description":"Turnen aus Leidenschaft","publisher":{"@id":"https:\/\/www.atus-koeflach.at\/2019\/#\/schema\/person\/2a0a0f461c0626e22207dcef881c6d39"},"potentialAction":[{"@type":"SearchAction","target":{"@type":"EntryPoint","urlTemplate":"https:\/\/www.atus-koeflach.at\/2019\/?s={search_term_string}"},"query-input":{"@type":"PropertyValueSpecification","valueRequired":true,"valueName":"search_term_string"}}],"inLanguage":"de"},{"@type":["Person","Organization"],"@id":"https:\/\/www.atus-koeflach.at\/2019\/#\/schema\/person\/2a0a0f461c0626e22207dcef881c6d39","name":"Karin Krauthackl","image":{"@type":"ImageObject","inLanguage":"de","@id":"https:\/\/secure.gravatar.com\/avatar\/ddec361b0ce7ed2674e2dda6d7dc52407fc06784890258909b75daeb085c27b7?s=96&d=mm&r=g","url":"https:\/\/secure.gravatar.com\/avatar\/ddec361b0ce7ed2674e2dda6d7dc52407fc06784890258909b75daeb085c27b7?s=96&d=mm&r=g","contentUrl":"https:\/\/secure.gravatar.com\/avatar\/ddec361b0ce7ed2674e2dda6d7dc52407fc06784890258909b75daeb085c27b7?s=96&d=mm&r=g","caption":"Karin Krauthackl"},"logo":{"@id":"https:\/\/secure.gravatar.com\/avatar\/ddec361b0ce7ed2674e2dda6d7dc52407fc06784890258909b75daeb085c27b7?s=96&d=mm&r=g"}}]}},"_links":{"self":[{"href":"https:\/\/www.atus-koeflach.at\/2019\/wp-json\/wp\/v2\/pages\/929","targetHints":{"allow":["GET"]}}],"collection":[{"href":"https:\/\/www.atus-koeflach.at\/2019\/wp-json\/wp\/v2\/pages"}],"about":[{"href":"https:\/\/www.atus-koeflach.at\/2019\/wp-json\/wp\/v2\/types\/page"}],"author":[{"embeddable":true,"href":"https:\/\/www.atus-koeflach.at\/2019\/wp-json\/wp\/v2\/users\/1"}],"replies":[{"embeddable":true,"href":"https:\/\/www.atus-koeflach.at\/2019\/wp-json\/wp\/v2\/comments?post=929"}],"version-history":[{"count":0,"href":"https:\/\/www.atus-koeflach.at\/2019\/wp-json\/wp\/v2\/pages\/929\/revisions"}],"wp:attachment":[{"href":"https:\/\/www.atus-koeflach.at\/2019\/wp-json\/wp\/v2\/media?parent=929"}],"curies":[{"name":"wp","href":"https:\/\/api.w.org\/{rel}","templated":true}]}}