{"id":1091,"date":"2019-04-10T22:09:52","date_gmt":"2019-04-10T20:09:52","guid":{"rendered":"http:\/\/www.atus-koeflach.at\/2019\/?page_id=1091"},"modified":"2025-08-14T22:23:39","modified_gmt":"2025-08-14T20:23:39","slug":"angebot-fuer-schulkinder","status":"publish","type":"page","link":"https:\/\/www.atus-koeflach.at\/2019\/angebot-fuer-schulkinder\/","title":{"rendered":"Angebot f\u00fcr Schulkinder"},"content":{"rendered":"<p><div class=\"fusion-fullwidth fullwidth-box fusion-builder-row-1 fusion-flex-container has-pattern-background has-mask-background nonhundred-percent-fullwidth non-hundred-percent-height-scrolling\" style=\"--awb-border-radius-top-left:0px;--awb-border-radius-top-right:0px;--awb-border-radius-bottom-right:0px;--awb-border-radius-bottom-left:0px;--awb-flex-wrap:wrap;\" ><div class=\"fusion-builder-row fusion-row fusion-flex-align-items-flex-start fusion-flex-content-wrap\" style=\"max-width:1216.8px;margin-left: calc(-4% \/ 2 );margin-right: calc(-4% \/ 2 );\"><div class=\"fusion-layout-column fusion_builder_column fusion-builder-column-0 fusion_builder_column_1_1 1_1 fusion-flex-column\" style=\"--awb-bg-size:cover;--awb-width-large:100%;--awb-margin-top-large:0px;--awb-spacing-right-large:1.92%;--awb-margin-bottom-large:20px;--awb-spacing-left-large:1.92%;--awb-width-medium:100%;--awb-spacing-right-medium:1.92%;--awb-spacing-left-medium:1.92%;--awb-width-small:100%;--awb-spacing-right-small:1.92%;--awb-spacing-left-small:1.92%;\"><div class=\"fusion-column-wrapper fusion-column-has-shadow fusion-flex-justify-content-flex-start fusion-content-layout-column\"><div class=\"fusion-title title fusion-title-1 fusion-title-center fusion-title-text fusion-title-size-one\" style=\"--awb-margin-top-small:0px;--awb-margin-right-small:0px;--awb-margin-bottom-small:20px;--awb-margin-left-small:0px;\"><div class=\"title-sep-container title-sep-container-left\"><div class=\"title-sep sep-single sep-solid\" style=\"border-color:#e0dede;\"><\/div><\/div><span class=\"awb-title-spacer\"><\/span><h1 class=\"fusion-title-heading title-heading-center\" style=\"margin:0;\">Angebot f\u00fcr Schulkinder<\/h1><span class=\"awb-title-spacer\"><\/span><div class=\"title-sep-container title-sep-container-right\"><div class=\"title-sep sep-single sep-solid\" style=\"border-color:#e0dede;\"><\/div><\/div><\/div><\/div><\/div><\/div><\/div><div class=\"fusion-fullwidth fullwidth-box fusion-builder-row-2 fusion-flex-container has-pattern-background has-mask-background nonhundred-percent-fullwidth non-hundred-percent-height-scrolling\" style=\"--awb-border-radius-top-left:0px;--awb-border-radius-top-right:0px;--awb-border-radius-bottom-right:0px;--awb-border-radius-bottom-left:0px;--awb-flex-wrap:wrap;\" ><div class=\"fusion-builder-row fusion-row fusion-flex-align-items-flex-start fusion-flex-content-wrap\" style=\"max-width:1216.8px;margin-left: calc(-4% \/ 2 );margin-right: calc(-4% \/ 2 );\"><div class=\"fusion-layout-column fusion_builder_column fusion-builder-column-1 fusion_builder_column_1_1 1_1 fusion-flex-column\" style=\"--awb-bg-size:cover;--awb-width-large:100%;--awb-margin-top-large:0px;--awb-spacing-right-large:1.92%;--awb-margin-bottom-large:20px;--awb-spacing-left-large:1.92%;--awb-width-medium:100%;--awb-spacing-right-medium:1.92%;--awb-spacing-left-medium:1.92%;--awb-width-small:100%;--awb-spacing-right-small:1.92%;--awb-spacing-left-small:1.92%;\"><div class=\"fusion-column-wrapper fusion-column-has-shadow fusion-flex-justify-content-flex-start fusion-content-layout-column\"><div class=\"fusion-title title fusion-title-2 fusion-title-text fusion-title-size-one\" style=\"--awb-margin-top-small:0px;--awb-margin-right-small:0px;--awb-margin-bottom-small:20px;--awb-margin-left-small:0px;\"><div class=\"title-sep-container title-sep-container-left fusion-no-large-visibility fusion-no-medium-visibility fusion-no-small-visibility\"><div class=\"title-sep sep- sep-solid\" style=\"border-color:#e0dede;\"><\/div><\/div><span class=\"awb-title-spacer fusion-no-large-visibility fusion-no-medium-visibility fusion-no-small-visibility\"><\/span><h1 class=\"fusion-title-heading title-heading-left\" style=\"margin:0;\"><h1><strong>Abenteuer (Ger\u00e4t) turnen\u00a0<\/strong><\/h1><\/h1><span class=\"awb-title-spacer\"><\/span><div class=\"title-sep-container title-sep-container-right\"><div class=\"title-sep sep- sep-solid\" style=\"border-color:#e0dede;\"><\/div><\/div><\/div><div class=\"fusion-text fusion-text-1\"><p>Modernes Ger\u00e4tturnen ist eine attraktive Freizeitaktivit\u00e4t f\u00fcr alle, die eine Anzahl toller Bewegungserlebnisse, pr\u00e4gender K\u00f6rpererfahrungen und viel positive Motivation bereith\u00e4lt. Turnen macht Spa\u00df und ist heute ein bunter Mix aus Schwung und Dynamik (ohne Wettk\u00e4mpfe).<\/p>\n<\/div><\/div><\/div><div class=\"fusion-layout-column fusion_builder_column fusion-builder-column-2 fusion_builder_column_1_4 1_4 fusion-flex-column\" style=\"--awb-bg-size:cover;--awb-width-large:25%;--awb-margin-top-large:0px;--awb-spacing-right-large:7.68%;--awb-margin-bottom-large:20px;--awb-spacing-left-large:7.68%;--awb-width-medium:100%;--awb-spacing-right-medium:1.92%;--awb-spacing-left-medium:1.92%;--awb-width-small:100%;--awb-spacing-right-small:1.92%;--awb-spacing-left-small:1.92%;\"><div class=\"fusion-column-wrapper fusion-column-has-shadow fusion-flex-justify-content-flex-start fusion-content-layout-column\"><div class=\"fusion-image-element \" style=\"--awb-caption-title-font-family:var(--h2_typography-font-family);--awb-caption-title-font-weight:var(--h2_typography-font-weight);--awb-caption-title-font-style:var(--h2_typography-font-style);--awb-caption-title-size:var(--h2_typography-font-size);--awb-caption-title-transform:var(--h2_typography-text-transform);--awb-caption-title-line-height:var(--h2_typography-line-height);--awb-caption-title-letter-spacing:var(--h2_typography-letter-spacing);\"><span class=\" fusion-imageframe imageframe-none imageframe-1 hover-type-none\"><img decoding=\"async\" width=\"300\" height=\"146\" title=\"20210729_150137\" src=\"https:\/\/www.atus-koeflach.at\/2019\/wp-content\/uploads\/2021\/08\/20210729_150137-scaled.jpg\" data-orig-src=\"https:\/\/www.atus-koeflach.at\/2019\/wp-content\/uploads\/2021\/08\/20210729_150137-300x146.jpg\" alt class=\"lazyload img-responsive wp-image-2678\" srcset=\"data:image\/svg+xml,%3Csvg%20xmlns%3D%27http%3A%2F%2Fwww.w3.org%2F2000%2Fsvg%27%20width%3D%272560%27%20height%3D%271243%27%20viewBox%3D%270%200%202560%201243%27%3E%3Crect%20width%3D%272560%27%20height%3D%271243%27%20fill-opacity%3D%220%22%2F%3E%3C%2Fsvg%3E\" data-srcset=\"https:\/\/www.atus-koeflach.at\/2019\/wp-content\/uploads\/2021\/08\/20210729_150137-200x97.jpg 200w, https:\/\/www.atus-koeflach.at\/2019\/wp-content\/uploads\/2021\/08\/20210729_150137-400x194.jpg 400w, https:\/\/www.atus-koeflach.at\/2019\/wp-content\/uploads\/2021\/08\/20210729_150137-600x291.jpg 600w, https:\/\/www.atus-koeflach.at\/2019\/wp-content\/uploads\/2021\/08\/20210729_150137-800x389.jpg 800w, https:\/\/www.atus-koeflach.at\/2019\/wp-content\/uploads\/2021\/08\/20210729_150137-1200x583.jpg 1200w\" data-sizes=\"auto\" data-orig-sizes=\"(max-width: 1024px) 100vw, (max-width: 850px) 100vw, 400px\" \/><\/span><\/div><\/div><\/div><div class=\"fusion-layout-column fusion_builder_column fusion-builder-column-3 fusion_builder_column_3_4 3_4 fusion-flex-column\" style=\"--awb-bg-size:cover;--awb-width-large:75%;--awb-margin-top-large:0px;--awb-spacing-right-large:2.56%;--awb-margin-bottom-large:20px;--awb-spacing-left-large:2.56%;--awb-width-medium:100%;--awb-spacing-right-medium:1.92%;--awb-spacing-left-medium:1.92%;--awb-width-small:100%;--awb-spacing-right-small:1.92%;--awb-spacing-left-small:1.92%;\"><div class=\"fusion-column-wrapper fusion-column-has-shadow fusion-flex-justify-content-flex-start fusion-content-layout-column\">\n<div class=\"table-1\">\n<table width=\"100%\">\n<tbody>\n<tr>\n<td align=\"left\">Altersgruppe:<\/td>\n<td align=\"left\">Schulkinder ab 6 Jahren gemischt<\/td>\n<\/tr>\n<tr>\n<td align=\"left\">Zeit:<\/td>\n<td align=\"left\">Montag: 16:00 \u2013 17:00 (Beginn: Mo. 22. Sept. 2025)<\/td>\n<\/tr>\n<tr>\n<td align=\"left\">Ort:<\/td>\n<td align=\"left\">Bewegungsraum MS K\u00f6flach<\/td>\n<\/tr>\n<tr>\n<td align=\"left\">Zeitraum:<\/td>\n<td align=\"left\">Herbst- und Fr\u00fchjahrskurs\u00a0 je 14 Einheiten<\/td>\n<\/tr>\n<tr>\n<td align=\"left\">Kosten:<\/td>\n<td align=\"left\">\u20ac 60,- pro Kurs oder Bildungsscheck<\/p>\n<p>Info: Christa Messner Tel. 0677\/ 621 83\u00a0 228)<\/p>\n<h3 style=\"text-align: center; text-color: black important;\"><strong><span style=\"color: #000000;\"><a style=\"color: #000000;\" href=\"https:\/\/www.atus-koeflach.at\/2019\/anmeldeformular\/\"> Anmeldung nur f\u00fcr das Schuljahr 2025\/2026<\/a><\/span><\/strong><\/h3>\n<\/td>\n<\/tr>\n<\/tbody>\n<\/table>\n<\/div>\n<\/div><\/div><\/div><\/div><div class=\"fusion-fullwidth fullwidth-box fusion-builder-row-3 fusion-flex-container has-pattern-background has-mask-background nonhundred-percent-fullwidth non-hundred-percent-height-scrolling\" style=\"--awb-border-radius-top-left:0px;--awb-border-radius-top-right:0px;--awb-border-radius-bottom-right:0px;--awb-border-radius-bottom-left:0px;--awb-flex-wrap:wrap;\" ><div class=\"fusion-builder-row fusion-row fusion-flex-align-items-flex-start fusion-flex-content-wrap\" style=\"max-width:1216.8px;margin-left: calc(-4% \/ 2 );margin-right: calc(-4% \/ 2 );\"><div class=\"fusion-layout-column fusion_builder_column fusion-builder-column-4 fusion_builder_column_1_1 1_1 fusion-flex-column\" style=\"--awb-bg-size:cover;--awb-width-large:100%;--awb-margin-top-large:0px;--awb-spacing-right-large:1.92%;--awb-margin-bottom-large:20px;--awb-spacing-left-large:1.92%;--awb-width-medium:100%;--awb-spacing-right-medium:1.92%;--awb-spacing-left-medium:1.92%;--awb-width-small:100%;--awb-spacing-right-small:1.92%;--awb-spacing-left-small:1.92%;\"><div class=\"fusion-column-wrapper fusion-column-has-shadow fusion-flex-justify-content-flex-start fusion-content-layout-column\"><div class=\"fusion-title title fusion-title-3 fusion-title-text fusion-title-size-one\" style=\"--awb-margin-top-small:0px;--awb-margin-right-small:0px;--awb-margin-bottom-small:20px;--awb-margin-left-small:0px;\"><div class=\"title-sep-container title-sep-container-left fusion-no-large-visibility fusion-no-medium-visibility fusion-no-small-visibility\"><div class=\"title-sep sep- sep-solid\" style=\"border-color:#e0dede;\"><\/div><\/div><span class=\"awb-title-spacer fusion-no-large-visibility fusion-no-medium-visibility fusion-no-small-visibility\"><\/span><h1 class=\"fusion-title-heading title-heading-left\" style=\"margin:0;\"><h1><strong>\u201eTurn10\u201c Ger\u00e4tturnen\u00a0 &#8211; ohne Wettk\u00e4mpfe<\/strong><\/h1><\/h1><span class=\"awb-title-spacer\"><\/span><div class=\"title-sep-container title-sep-container-right\"><div class=\"title-sep sep- sep-solid\" style=\"border-color:#e0dede;\"><\/div><\/div><\/div><div class=\"fusion-text fusion-text-2\"><p>Wenn du das Ger\u00e4tturnen in seiner besten Form erleben m\u00f6chtest, dann ist unser \u201eTurn10\u201c-Angebot genau das Richtige f\u00fcr dich!\u00a0 Bei \u201eTurn10\u201c geht es darum, die Freude am Turnen zu entdecken und zu entfalten. Der Name sagt es bereits: Du kannst bis zu 10\u00a0 Teile an einem Ger\u00e4t (darunter Boden, Sprung, Reck, Minitrampolin und Schwebebalken\/Barren) erlernen.<\/p>\n<p>Unser Programm l\u00e4dt neugierige Kinder ab Schulalter ein, sich dem \u201eTurn10\u201c-Erlebnis anzuschlie\u00dfen. Hier kannst du dich k\u00f6rperlich bewegen, neue Freundschaften schlie\u00dfen und dein Selbstvertrauen st\u00e4rken \u2013 alles in einer unterst\u00fctzenden Umgebung ohne den Druck von Wettk\u00e4mpfen.<\/p>\n<\/div><\/div><\/div><div class=\"fusion-layout-column fusion_builder_column fusion-builder-column-5 fusion_builder_column_1_4 1_4 fusion-flex-column\" style=\"--awb-bg-size:cover;--awb-width-large:25%;--awb-margin-top-large:0px;--awb-spacing-right-large:7.68%;--awb-margin-bottom-large:20px;--awb-spacing-left-large:7.68%;--awb-width-medium:100%;--awb-spacing-right-medium:1.92%;--awb-spacing-left-medium:1.92%;--awb-width-small:100%;--awb-spacing-right-small:1.92%;--awb-spacing-left-small:1.92%;\"><div class=\"fusion-column-wrapper fusion-column-has-shadow fusion-flex-justify-content-flex-start fusion-content-layout-column\"><div class=\"fusion-image-element \" style=\"--awb-caption-title-font-family:var(--h2_typography-font-family);--awb-caption-title-font-weight:var(--h2_typography-font-weight);--awb-caption-title-font-style:var(--h2_typography-font-style);--awb-caption-title-size:var(--h2_typography-font-size);--awb-caption-title-transform:var(--h2_typography-text-transform);--awb-caption-title-line-height:var(--h2_typography-line-height);--awb-caption-title-letter-spacing:var(--h2_typography-letter-spacing);\"><span class=\" fusion-imageframe imageframe-none imageframe-2 hover-type-none\"><img fetchpriority=\"high\" fetchpriority=\"high\" decoding=\"async\" width=\"180\" height=\"300\" title=\"IMG-20190627-WA0018\" src=\"https:\/\/www.atus-koeflach.at\/2019\/wp-content\/uploads\/2019\/06\/IMG-20190627-WA0018-1.jpg\" data-orig-src=\"https:\/\/www.atus-koeflach.at\/2019\/wp-content\/uploads\/2019\/06\/IMG-20190627-WA0018-1-180x300.jpg\" alt class=\"lazyload img-responsive wp-image-1755\" srcset=\"data:image\/svg+xml,%3Csvg%20xmlns%3D%27http%3A%2F%2Fwww.w3.org%2F2000%2Fsvg%27%20width%3D%27960%27%20height%3D%271600%27%20viewBox%3D%270%200%20960%201600%27%3E%3Crect%20width%3D%27960%27%20height%3D%271600%27%20fill-opacity%3D%220%22%2F%3E%3C%2Fsvg%3E\" data-srcset=\"https:\/\/www.atus-koeflach.at\/2019\/wp-content\/uploads\/2019\/06\/IMG-20190627-WA0018-1-200x333.jpg 200w, https:\/\/www.atus-koeflach.at\/2019\/wp-content\/uploads\/2019\/06\/IMG-20190627-WA0018-1-400x667.jpg 400w, https:\/\/www.atus-koeflach.at\/2019\/wp-content\/uploads\/2019\/06\/IMG-20190627-WA0018-1-600x1000.jpg 600w, https:\/\/www.atus-koeflach.at\/2019\/wp-content\/uploads\/2019\/06\/IMG-20190627-WA0018-1-800x1333.jpg 800w, https:\/\/www.atus-koeflach.at\/2019\/wp-content\/uploads\/2019\/06\/IMG-20190627-WA0018-1.jpg 960w\" data-sizes=\"auto\" data-orig-sizes=\"(max-width: 1024px) 100vw, (max-width: 850px) 100vw, 400px\" \/><\/span><\/div><\/div><\/div><div class=\"fusion-layout-column fusion_builder_column fusion-builder-column-6 fusion_builder_column_3_4 3_4 fusion-flex-column\" style=\"--awb-bg-size:cover;--awb-width-large:75%;--awb-margin-top-large:0px;--awb-spacing-right-large:2.56%;--awb-margin-bottom-large:20px;--awb-spacing-left-large:2.56%;--awb-width-medium:100%;--awb-spacing-right-medium:1.92%;--awb-spacing-left-medium:1.92%;--awb-width-small:100%;--awb-spacing-right-small:1.92%;--awb-spacing-left-small:1.92%;\"><div class=\"fusion-column-wrapper fusion-column-has-shadow fusion-flex-justify-content-flex-start fusion-content-layout-column\">\n<div class=\"table-1\">\n<table width=\"100%\">\n<tbody>\n<tr>\n<td align=\"left\">Altersgruppe:<\/td>\n<td align=\"left\">Schulkinder ab 6 Jahren gemischt<\/td>\n<\/tr>\n<tr>\n<td align=\"left\">Zeit:<\/td>\n<td align=\"left\">Gruppe 1: Mittwoch: 15:30 \u2013 16:50 (Kosten \u20ac 180,00 Jahresbeitrag)<\/td>\n<\/tr>\n<tr>\n<td align=\"left\"><\/td>\n<td align=\"left\">Gruppe 2: Mittwoch: 16:30 \u2013 17:30 (Kosten \u20ac 180,00 Jahresbeitrag)<\/td>\n<\/tr>\n<tr>\n<td align=\"left\"><\/td>\n<td align=\"left\">Gruppe 3 (NEUE Mitglieder): Freitag: 17:00 \u2013 17:50 (Kosten: \u20ac 160,00 Jahresbeitrag)<\/p>\n<h3 style=\"text-align: center; text-color: black important;\"><strong><span style=\"color: #000000;\"><a style=\"color: #000000;\" href=\"https:\/\/www.atus-koeflach.at\/2019\/anmeldeformular\/\"> Anmeldung nur f\u00fcr Neumitglieder der Gruppe 3 f\u00fcr das Schuljahr 2025\/2026<\/a><\/span><\/strong><\/h3>\n<\/td>\n<\/tr>\n<tr>\n<td align=\"left\">Ort:<\/td>\n<td align=\"left\">Bewegungsraum \/Turnsaal\u00a0 MS K\u00f6flach<\/td>\n<\/tr>\n<tr>\n<td align=\"left\">Zeitraum:<\/td>\n<td align=\"left\">Schuljahr\u00a0 (Beginn: Mi. 10. Sep. 2025 bzw. Fr. 12. Sept. 2025)<\/td>\n<\/tr>\n<tr>\n<td align=\"left\">Kosten:<\/td>\n<td align=\"left\"><strong>siehe oben<\/strong><\/td>\n<\/tr>\n<\/tbody>\n<\/table>\n<\/div>\n<\/div><\/div><\/div><\/div>\n<\/p>\n","protected":false},"excerpt":{"rendered":"","protected":false},"author":1,"featured_media":0,"parent":0,"menu_order":0,"comment_status":"closed","ping_status":"closed","template":"","meta":{"footnotes":""},"class_list":["post-1091","page","type-page","status-publish","hentry"],"yoast_head":"<!-- This site is optimized with the Yoast SEO plugin v27.5 - https:\/\/yoast.com\/product\/yoast-seo-wordpress\/ -->\n<title>Angebot f\u00fcr Schulkinder - Atus K\u00f6flach Turnen<\/title>\n<meta name=\"robots\" content=\"index, follow, max-snippet:-1, max-image-preview:large, max-video-preview:-1\" \/>\n<link rel=\"canonical\" href=\"https:\/\/www.atus-koeflach.at\/2019\/angebot-fuer-schulkinder\/\" \/>\n<meta property=\"og:locale\" content=\"de_DE\" \/>\n<meta property=\"og:type\" content=\"article\" \/>\n<meta property=\"og:title\" content=\"Angebot f\u00fcr Schulkinder - Atus K\u00f6flach Turnen\" \/>\n<meta property=\"og:url\" content=\"https:\/\/www.atus-koeflach.at\/2019\/angebot-fuer-schulkinder\/\" \/>\n<meta property=\"og:site_name\" content=\"Atus K\u00f6flach Turnen\" \/>\n<meta property=\"article:modified_time\" content=\"2025-08-14T20:23:39+00:00\" \/>\n<meta name=\"twitter:card\" content=\"summary_large_image\" \/>\n<meta name=\"twitter:label1\" content=\"Gesch\u00e4tzte Lesezeit\" \/>\n\t<meta name=\"twitter:data1\" content=\"3\u00a0Minuten\" \/>\n<script type=\"application\/ld+json\" class=\"yoast-schema-graph\">{\"@context\":\"https:\\\/\\\/schema.org\",\"@graph\":[{\"@type\":\"WebPage\",\"@id\":\"https:\\\/\\\/www.atus-koeflach.at\\\/2019\\\/angebot-fuer-schulkinder\\\/\",\"url\":\"https:\\\/\\\/www.atus-koeflach.at\\\/2019\\\/angebot-fuer-schulkinder\\\/\",\"name\":\"Angebot f\u00fcr Schulkinder - Atus K\u00f6flach Turnen\",\"isPartOf\":{\"@id\":\"https:\\\/\\\/www.atus-koeflach.at\\\/2019\\\/#website\"},\"datePublished\":\"2019-04-10T20:09:52+00:00\",\"dateModified\":\"2025-08-14T20:23:39+00:00\",\"breadcrumb\":{\"@id\":\"https:\\\/\\\/www.atus-koeflach.at\\\/2019\\\/angebot-fuer-schulkinder\\\/#breadcrumb\"},\"inLanguage\":\"de\",\"potentialAction\":[{\"@type\":\"ReadAction\",\"target\":[\"https:\\\/\\\/www.atus-koeflach.at\\\/2019\\\/angebot-fuer-schulkinder\\\/\"]}]},{\"@type\":\"BreadcrumbList\",\"@id\":\"https:\\\/\\\/www.atus-koeflach.at\\\/2019\\\/angebot-fuer-schulkinder\\\/#breadcrumb\",\"itemListElement\":[{\"@type\":\"ListItem\",\"position\":1,\"name\":\"Startseite\",\"item\":\"https:\\\/\\\/www.atus-koeflach.at\\\/2019\\\/\"},{\"@type\":\"ListItem\",\"position\":2,\"name\":\"Angebot f\u00fcr Schulkinder\"}]},{\"@type\":\"WebSite\",\"@id\":\"https:\\\/\\\/www.atus-koeflach.at\\\/2019\\\/#website\",\"url\":\"https:\\\/\\\/www.atus-koeflach.at\\\/2019\\\/\",\"name\":\"Atus K\u00f6flach Turnen\",\"description\":\"Turnen aus Leidenschaft\",\"publisher\":{\"@id\":\"https:\\\/\\\/www.atus-koeflach.at\\\/2019\\\/#\\\/schema\\\/person\\\/2a0a0f461c0626e22207dcef881c6d39\"},\"potentialAction\":[{\"@type\":\"SearchAction\",\"target\":{\"@type\":\"EntryPoint\",\"urlTemplate\":\"https:\\\/\\\/www.atus-koeflach.at\\\/2019\\\/?s={search_term_string}\"},\"query-input\":{\"@type\":\"PropertyValueSpecification\",\"valueRequired\":true,\"valueName\":\"search_term_string\"}}],\"inLanguage\":\"de\"},{\"@type\":[\"Person\",\"Organization\"],\"@id\":\"https:\\\/\\\/www.atus-koeflach.at\\\/2019\\\/#\\\/schema\\\/person\\\/2a0a0f461c0626e22207dcef881c6d39\",\"name\":\"Karin Krauthackl\",\"image\":{\"@type\":\"ImageObject\",\"inLanguage\":\"de\",\"@id\":\"https:\\\/\\\/secure.gravatar.com\\\/avatar\\\/ddec361b0ce7ed2674e2dda6d7dc52407fc06784890258909b75daeb085c27b7?s=96&d=mm&r=g\",\"url\":\"https:\\\/\\\/secure.gravatar.com\\\/avatar\\\/ddec361b0ce7ed2674e2dda6d7dc52407fc06784890258909b75daeb085c27b7?s=96&d=mm&r=g\",\"contentUrl\":\"https:\\\/\\\/secure.gravatar.com\\\/avatar\\\/ddec361b0ce7ed2674e2dda6d7dc52407fc06784890258909b75daeb085c27b7?s=96&d=mm&r=g\",\"caption\":\"Karin Krauthackl\"},\"logo\":{\"@id\":\"https:\\\/\\\/secure.gravatar.com\\\/avatar\\\/ddec361b0ce7ed2674e2dda6d7dc52407fc06784890258909b75daeb085c27b7?s=96&d=mm&r=g\"}}]}<\/script>\n<!-- \/ Yoast SEO plugin. -->","yoast_head_json":{"title":"Angebot f\u00fcr Schulkinder - Atus K\u00f6flach Turnen","robots":{"index":"index","follow":"follow","max-snippet":"max-snippet:-1","max-image-preview":"max-image-preview:large","max-video-preview":"max-video-preview:-1"},"canonical":"https:\/\/www.atus-koeflach.at\/2019\/angebot-fuer-schulkinder\/","og_locale":"de_DE","og_type":"article","og_title":"Angebot f\u00fcr Schulkinder - Atus K\u00f6flach Turnen","og_url":"https:\/\/www.atus-koeflach.at\/2019\/angebot-fuer-schulkinder\/","og_site_name":"Atus K\u00f6flach Turnen","article_modified_time":"2025-08-14T20:23:39+00:00","twitter_card":"summary_large_image","twitter_misc":{"Gesch\u00e4tzte Lesezeit":"3\u00a0Minuten"},"schema":{"@context":"https:\/\/schema.org","@graph":[{"@type":"WebPage","@id":"https:\/\/www.atus-koeflach.at\/2019\/angebot-fuer-schulkinder\/","url":"https:\/\/www.atus-koeflach.at\/2019\/angebot-fuer-schulkinder\/","name":"Angebot f\u00fcr Schulkinder - Atus K\u00f6flach Turnen","isPartOf":{"@id":"https:\/\/www.atus-koeflach.at\/2019\/#website"},"datePublished":"2019-04-10T20:09:52+00:00","dateModified":"2025-08-14T20:23:39+00:00","breadcrumb":{"@id":"https:\/\/www.atus-koeflach.at\/2019\/angebot-fuer-schulkinder\/#breadcrumb"},"inLanguage":"de","potentialAction":[{"@type":"ReadAction","target":["https:\/\/www.atus-koeflach.at\/2019\/angebot-fuer-schulkinder\/"]}]},{"@type":"BreadcrumbList","@id":"https:\/\/www.atus-koeflach.at\/2019\/angebot-fuer-schulkinder\/#breadcrumb","itemListElement":[{"@type":"ListItem","position":1,"name":"Startseite","item":"https:\/\/www.atus-koeflach.at\/2019\/"},{"@type":"ListItem","position":2,"name":"Angebot f\u00fcr Schulkinder"}]},{"@type":"WebSite","@id":"https:\/\/www.atus-koeflach.at\/2019\/#website","url":"https:\/\/www.atus-koeflach.at\/2019\/","name":"Atus K\u00f6flach Turnen","description":"Turnen aus Leidenschaft","publisher":{"@id":"https:\/\/www.atus-koeflach.at\/2019\/#\/schema\/person\/2a0a0f461c0626e22207dcef881c6d39"},"potentialAction":[{"@type":"SearchAction","target":{"@type":"EntryPoint","urlTemplate":"https:\/\/www.atus-koeflach.at\/2019\/?s={search_term_string}"},"query-input":{"@type":"PropertyValueSpecification","valueRequired":true,"valueName":"search_term_string"}}],"inLanguage":"de"},{"@type":["Person","Organization"],"@id":"https:\/\/www.atus-koeflach.at\/2019\/#\/schema\/person\/2a0a0f461c0626e22207dcef881c6d39","name":"Karin Krauthackl","image":{"@type":"ImageObject","inLanguage":"de","@id":"https:\/\/secure.gravatar.com\/avatar\/ddec361b0ce7ed2674e2dda6d7dc52407fc06784890258909b75daeb085c27b7?s=96&d=mm&r=g","url":"https:\/\/secure.gravatar.com\/avatar\/ddec361b0ce7ed2674e2dda6d7dc52407fc06784890258909b75daeb085c27b7?s=96&d=mm&r=g","contentUrl":"https:\/\/secure.gravatar.com\/avatar\/ddec361b0ce7ed2674e2dda6d7dc52407fc06784890258909b75daeb085c27b7?s=96&d=mm&r=g","caption":"Karin Krauthackl"},"logo":{"@id":"https:\/\/secure.gravatar.com\/avatar\/ddec361b0ce7ed2674e2dda6d7dc52407fc06784890258909b75daeb085c27b7?s=96&d=mm&r=g"}}]}},"_links":{"self":[{"href":"https:\/\/www.atus-koeflach.at\/2019\/wp-json\/wp\/v2\/pages\/1091","targetHints":{"allow":["GET"]}}],"collection":[{"href":"https:\/\/www.atus-koeflach.at\/2019\/wp-json\/wp\/v2\/pages"}],"about":[{"href":"https:\/\/www.atus-koeflach.at\/2019\/wp-json\/wp\/v2\/types\/page"}],"author":[{"embeddable":true,"href":"https:\/\/www.atus-koeflach.at\/2019\/wp-json\/wp\/v2\/users\/1"}],"replies":[{"embeddable":true,"href":"https:\/\/www.atus-koeflach.at\/2019\/wp-json\/wp\/v2\/comments?post=1091"}],"version-history":[{"count":7,"href":"https:\/\/www.atus-koeflach.at\/2019\/wp-json\/wp\/v2\/pages\/1091\/revisions"}],"predecessor-version":[{"id":4206,"href":"https:\/\/www.atus-koeflach.at\/2019\/wp-json\/wp\/v2\/pages\/1091\/revisions\/4206"}],"wp:attachment":[{"href":"https:\/\/www.atus-koeflach.at\/2019\/wp-json\/wp\/v2\/media?parent=1091"}],"curies":[{"name":"wp","href":"https:\/\/api.w.org\/{rel}","templated":true}]}}