{"id":1089,"date":"2019-04-10T22:09:27","date_gmt":"2019-04-10T20:09:27","guid":{"rendered":"http:\/\/www.atus-koeflach.at\/2019\/?page_id=1089"},"modified":"2025-09-05T16:54:07","modified_gmt":"2025-09-05T14:54:07","slug":"angebot-fuer-erwachsene","status":"publish","type":"page","link":"https:\/\/www.atus-koeflach.at\/2019\/angebot-fuer-erwachsene\/","title":{"rendered":"Fitness und Gesundheitsport"},"content":{"rendered":"<p><div class=\"fusion-fullwidth fullwidth-box fusion-builder-row-1 fusion-flex-container nonhundred-percent-fullwidth non-hundred-percent-height-scrolling\" style=\"--awb-border-radius-top-left:0px;--awb-border-radius-top-right:0px;--awb-border-radius-bottom-right:0px;--awb-border-radius-bottom-left:0px;--awb-flex-wrap:wrap;\" ><div class=\"fusion-builder-row fusion-row fusion-flex-align-items-flex-start fusion-flex-content-wrap\" style=\"max-width:1216.8px;margin-left: calc(-4% \/ 2 );margin-right: calc(-4% \/ 2 );\"><div class=\"fusion-layout-column fusion_builder_column fusion-builder-column-0 fusion_builder_column_1_1 1_1 fusion-flex-column\" style=\"--awb-bg-size:cover;--awb-width-large:100%;--awb-margin-top-large:0px;--awb-spacing-right-large:1.92%;--awb-margin-bottom-large:20px;--awb-spacing-left-large:1.92%;--awb-width-medium:100%;--awb-spacing-right-medium:1.92%;--awb-spacing-left-medium:1.92%;--awb-width-small:100%;--awb-spacing-right-small:1.92%;--awb-spacing-left-small:1.92%;\"><div class=\"fusion-column-wrapper fusion-column-has-shadow fusion-flex-justify-content-flex-start fusion-content-layout-column\"><div class=\"fusion-title title fusion-title-1 fusion-title-center fusion-title-text fusion-title-size-one\" style=\"--awb-margin-top-small:0px;--awb-margin-right-small:0px;--awb-margin-bottom-small:20px;--awb-margin-left-small:0px;\"><div class=\"title-sep-container title-sep-container-left\"><div class=\"title-sep sep-single sep-solid\" style=\"border-color:#e0dede;\"><\/div><\/div><span class=\"awb-title-spacer\"><\/span><h1 class=\"fusion-title-heading title-heading-center\" style=\"margin:0;\">Fitness und Gesundheitsport<\/h1><span class=\"awb-title-spacer\"><\/span><div class=\"title-sep-container title-sep-container-right\"><div class=\"title-sep sep-single sep-solid\" style=\"border-color:#e0dede;\"><\/div><\/div><\/div><\/div><\/div><\/div><\/div><div class=\"fusion-fullwidth fullwidth-box fusion-builder-row-2 fusion-flex-container nonhundred-percent-fullwidth non-hundred-percent-height-scrolling\" style=\"--awb-border-radius-top-left:0px;--awb-border-radius-top-right:0px;--awb-border-radius-bottom-right:0px;--awb-border-radius-bottom-left:0px;--awb-flex-wrap:wrap;\" ><div class=\"fusion-builder-row fusion-row fusion-flex-align-items-flex-start fusion-flex-content-wrap\" style=\"max-width:1216.8px;margin-left: calc(-4% \/ 2 );margin-right: calc(-4% \/ 2 );\"><div class=\"fusion-layout-column fusion_builder_column fusion-builder-column-1 fusion_builder_column_1_1 1_1 fusion-flex-column\" style=\"--awb-bg-size:cover;--awb-width-large:100%;--awb-margin-top-large:0px;--awb-spacing-right-large:1.92%;--awb-margin-bottom-large:20px;--awb-spacing-left-large:1.92%;--awb-width-medium:100%;--awb-spacing-right-medium:1.92%;--awb-spacing-left-medium:1.92%;--awb-width-small:100%;--awb-spacing-right-small:1.92%;--awb-spacing-left-small:1.92%;\"><div class=\"fusion-column-wrapper fusion-column-has-shadow fusion-flex-justify-content-flex-start fusion-content-layout-column\"><div class=\"fusion-title title fusion-title-2 fusion-title-text fusion-title-size-one\" style=\"--awb-margin-top-small:0px;--awb-margin-right-small:0px;--awb-margin-bottom-small:20px;--awb-margin-left-small:0px;\"><div class=\"title-sep-container title-sep-container-left fusion-no-large-visibility fusion-no-medium-visibility fusion-no-small-visibility\"><div class=\"title-sep sep- sep-solid\" style=\"border-color:#e0dede;\"><\/div><\/div><span class=\"awb-title-spacer fusion-no-large-visibility fusion-no-medium-visibility fusion-no-small-visibility\"><\/span><h1 class=\"fusion-title-heading title-heading-left\" style=\"margin:0;\"><h1>Gesundheitsgymnastik am Morgen mit Michi<\/h1><\/h1><span class=\"awb-title-spacer\"><\/span><div class=\"title-sep-container title-sep-container-right\"><div class=\"title-sep sep- sep-solid\" style=\"border-color:#e0dede;\"><\/div><\/div><\/div><div class=\"fusion-text fusion-text-1\"><p>Bei der Gesundheitsgymnastik am Morgen mobilisieren wir sanft unbeweglich gewordene K\u00f6rperpartien und kr\u00e4ftigen und dehnen vernachl\u00e4ssigte Muskelgruppen. Ziel: mehr Wohlbefinden durch eine verbesserte Beweglichkeit und K\u00f6rperhaltung.<\/p>\n<\/div><\/div><\/div><div class=\"fusion-layout-column fusion_builder_column fusion-builder-column-2 fusion_builder_column_1_4 1_4 fusion-flex-column\" style=\"--awb-bg-size:cover;--awb-width-large:25%;--awb-margin-top-large:0px;--awb-spacing-right-large:7.68%;--awb-margin-bottom-large:20px;--awb-spacing-left-large:7.68%;--awb-width-medium:100%;--awb-spacing-right-medium:1.92%;--awb-spacing-left-medium:1.92%;--awb-width-small:100%;--awb-spacing-right-small:1.92%;--awb-spacing-left-small:1.92%;\"><div class=\"fusion-column-wrapper fusion-column-has-shadow fusion-flex-justify-content-flex-start fusion-content-layout-column\"><div class=\"fusion-image-element \" style=\"--awb-caption-title-font-family:var(--h2_typography-font-family);--awb-caption-title-font-weight:var(--h2_typography-font-weight);--awb-caption-title-font-style:var(--h2_typography-font-style);--awb-caption-title-size:var(--h2_typography-font-size);--awb-caption-title-transform:var(--h2_typography-text-transform);--awb-caption-title-line-height:var(--h2_typography-line-height);--awb-caption-title-letter-spacing:var(--h2_typography-letter-spacing);\"><span class=\" fusion-imageframe imageframe-none imageframe-1 hover-type-none\"><img fetchpriority=\"high\" fetchpriority=\"high\" decoding=\"async\" width=\"400\" height=\"225\" title=\"20180517_180224\" src=\"https:\/\/www.atus-koeflach.at\/2019\/wp-content\/uploads\/2019\/04\/20180517_180224.jpg\" data-orig-src=\"http:\/\/www.atus-koeflach.at\/2019\/wp-content\/uploads\/2019\/04\/20180517_180224-400x225.jpg\" alt class=\"lazyload img-responsive wp-image-1379\" srcset=\"data:image\/svg+xml,%3Csvg%20xmlns%3D%27http%3A%2F%2Fwww.w3.org%2F2000%2Fsvg%27%20width%3D%271600%27%20height%3D%27900%27%20viewBox%3D%270%200%201600%20900%27%3E%3Crect%20width%3D%271600%27%20height%3D%27900%27%20fill-opacity%3D%220%22%2F%3E%3C%2Fsvg%3E\" data-srcset=\"https:\/\/www.atus-koeflach.at\/2019\/wp-content\/uploads\/2019\/04\/20180517_180224-200x113.jpg 200w, https:\/\/www.atus-koeflach.at\/2019\/wp-content\/uploads\/2019\/04\/20180517_180224-400x225.jpg 400w, https:\/\/www.atus-koeflach.at\/2019\/wp-content\/uploads\/2019\/04\/20180517_180224-600x338.jpg 600w, https:\/\/www.atus-koeflach.at\/2019\/wp-content\/uploads\/2019\/04\/20180517_180224-800x450.jpg 800w, https:\/\/www.atus-koeflach.at\/2019\/wp-content\/uploads\/2019\/04\/20180517_180224-1200x675.jpg 1200w, https:\/\/www.atus-koeflach.at\/2019\/wp-content\/uploads\/2019\/04\/20180517_180224.jpg 1600w\" data-sizes=\"auto\" data-orig-sizes=\"(max-width: 1024px) 100vw, (max-width: 850px) 100vw, 400px\" \/><\/span><\/div><\/div><\/div><div class=\"fusion-layout-column fusion_builder_column fusion-builder-column-3 fusion_builder_column_3_4 3_4 fusion-flex-column\" style=\"--awb-bg-size:cover;--awb-width-large:75%;--awb-margin-top-large:0px;--awb-spacing-right-large:2.56%;--awb-margin-bottom-large:20px;--awb-spacing-left-large:2.56%;--awb-width-medium:100%;--awb-spacing-right-medium:1.92%;--awb-spacing-left-medium:1.92%;--awb-width-small:100%;--awb-spacing-right-small:1.92%;--awb-spacing-left-small:1.92%;\"><div class=\"fusion-column-wrapper fusion-column-has-shadow fusion-flex-justify-content-flex-start fusion-content-layout-column\">\n<div class=\"table-1\">\n<table width=\"100%\">\n<tbody>\n<tr>\n<td align=\"left\">Altersgruppe:<\/td>\n<td align=\"left\">Erwachsene, Senioren und Junggebliebene gemischt sowie Personen mit eingeschr\u00e4nkter Beweglichkeit<\/td>\n<\/tr>\n<tr>\n<td align=\"left\">Zeit:<\/td>\n<td align=\"left\">Dienstag: 08:30 \u2013 09:30 Uhr<\/td>\n<\/tr>\n<tr>\n<td align=\"left\">Ort:<\/td>\n<td align=\"left\">Volksheimkeller, Alter Rathausplatz 2, 8580 K\u00f6flach<\/td>\n<\/tr>\n<tr>\n<td align=\"left\">Zeitraum:<\/td>\n<td align=\"left\">Herbst- und Fr\u00fchjahrskurs<\/td>\n<\/tr>\n<tr>\n<td align=\"left\">Kosten:<\/td>\n<td align=\"left\">60 \u20ac pro Kurs \/ 11 Einheiten \/ Beginn 23. Sept. 2025<\/td>\n<\/tr>\n<tr>\n<td align=\"left\">Vorturner:<\/td>\n<td align=\"left\">Michaela Bernsteiner<br \/>\nTel. 0650\/501 97 18, \u00dcbungsleiterin<br \/>\nMail: michaela.bernsteiner@gmx.net<strong><a href=\"https:\/\/www.atus-koeflach.at\/2019\/anmeldeformular\/\">Zur Anmeldung f\u00fcr das Schuljahr 2025\/2026<\/a><\/strong><\/td>\n<\/tr>\n<\/tbody>\n<\/table>\n<\/div>\n<\/div><\/div><\/div><\/div><div class=\"fusion-fullwidth fullwidth-box fusion-builder-row-3 fusion-flex-container nonhundred-percent-fullwidth non-hundred-percent-height-scrolling\" style=\"--awb-border-radius-top-left:0px;--awb-border-radius-top-right:0px;--awb-border-radius-bottom-right:0px;--awb-border-radius-bottom-left:0px;--awb-flex-wrap:wrap;\" ><div class=\"fusion-builder-row fusion-row fusion-flex-align-items-flex-start fusion-flex-content-wrap\" style=\"max-width:1216.8px;margin-left: calc(-4% \/ 2 );margin-right: calc(-4% \/ 2 );\"><div class=\"fusion-layout-column fusion_builder_column fusion-builder-column-4 fusion_builder_column_1_1 1_1 fusion-flex-column\" style=\"--awb-bg-size:cover;--awb-width-large:100%;--awb-margin-top-large:0px;--awb-spacing-right-large:1.92%;--awb-margin-bottom-large:20px;--awb-spacing-left-large:1.92%;--awb-width-medium:100%;--awb-spacing-right-medium:1.92%;--awb-spacing-left-medium:1.92%;--awb-width-small:100%;--awb-spacing-right-small:1.92%;--awb-spacing-left-small:1.92%;\"><div class=\"fusion-column-wrapper fusion-column-has-shadow fusion-flex-justify-content-flex-start fusion-content-layout-column\"><div class=\"fusion-title title fusion-title-3 fusion-title-text fusion-title-size-one\" style=\"--awb-margin-top-small:0px;--awb-margin-right-small:0px;--awb-margin-bottom-small:20px;--awb-margin-left-small:0px;\"><div class=\"title-sep-container title-sep-container-left fusion-no-large-visibility fusion-no-medium-visibility fusion-no-small-visibility\"><div class=\"title-sep sep- sep-solid\" style=\"border-color:#e0dede;\"><\/div><\/div><span class=\"awb-title-spacer fusion-no-large-visibility fusion-no-medium-visibility fusion-no-small-visibility\"><\/span><h1 class=\"fusion-title-heading title-heading-left\" style=\"margin:0;\"><h1>Sesselgymnastik f\u00fcr Senioren mit Michi<\/h1><\/h1><span class=\"awb-title-spacer\"><\/span><div class=\"title-sep-container title-sep-container-right\"><div class=\"title-sep sep- sep-solid\" style=\"border-color:#e0dede;\"><\/div><\/div><\/div><div class=\"fusion-text fusion-text-2\"><p>Durch sanfte \u00dcbungen kr\u00e4ftigen und dehnen wir den K\u00f6rper von Kopf bis Fu\u00df, wir verbessern die Koordination, Gleichgewicht und Stabilit\u00e4t. All dies auf und um den Sessel!<\/p>\n<\/div><\/div><\/div><div class=\"fusion-layout-column fusion_builder_column fusion-builder-column-5 fusion_builder_column_1_4 1_4 fusion-flex-column\" style=\"--awb-bg-size:cover;--awb-width-large:25%;--awb-margin-top-large:0px;--awb-spacing-right-large:7.68%;--awb-margin-bottom-large:20px;--awb-spacing-left-large:7.68%;--awb-width-medium:100%;--awb-spacing-right-medium:1.92%;--awb-spacing-left-medium:1.92%;--awb-width-small:100%;--awb-spacing-right-small:1.92%;--awb-spacing-left-small:1.92%;\"><div class=\"fusion-column-wrapper fusion-column-has-shadow fusion-flex-justify-content-flex-start fusion-content-layout-column\"><div class=\"fusion-image-element \" style=\"--awb-caption-title-font-family:var(--h2_typography-font-family);--awb-caption-title-font-weight:var(--h2_typography-font-weight);--awb-caption-title-font-style:var(--h2_typography-font-style);--awb-caption-title-size:var(--h2_typography-font-size);--awb-caption-title-transform:var(--h2_typography-text-transform);--awb-caption-title-line-height:var(--h2_typography-line-height);--awb-caption-title-letter-spacing:var(--h2_typography-letter-spacing);\"><span class=\" fusion-imageframe imageframe-none imageframe-2 hover-type-none\"><img loading=\"lazy\" decoding=\"async\" width=\"640\" height=\"480\" title=\"DSC03152\" src=\"https:\/\/www.atus-koeflach.at\/2019\/wp-content\/uploads\/2019\/04\/DSC03152.jpg\" data-orig-src=\"http:\/\/www.atus-koeflach.at\/2019\/wp-content\/uploads\/2019\/04\/DSC03152.jpg\" alt class=\"lazyload img-responsive wp-image-1188\" srcset=\"data:image\/svg+xml,%3Csvg%20xmlns%3D%27http%3A%2F%2Fwww.w3.org%2F2000%2Fsvg%27%20width%3D%27640%27%20height%3D%27480%27%20viewBox%3D%270%200%20640%20480%27%3E%3Crect%20width%3D%27640%27%20height%3D%27480%27%20fill-opacity%3D%220%22%2F%3E%3C%2Fsvg%3E\" data-srcset=\"https:\/\/www.atus-koeflach.at\/2019\/wp-content\/uploads\/2019\/04\/DSC03152-200x150.jpg 200w, https:\/\/www.atus-koeflach.at\/2019\/wp-content\/uploads\/2019\/04\/DSC03152-400x300.jpg 400w, https:\/\/www.atus-koeflach.at\/2019\/wp-content\/uploads\/2019\/04\/DSC03152-600x450.jpg 600w, https:\/\/www.atus-koeflach.at\/2019\/wp-content\/uploads\/2019\/04\/DSC03152.jpg 640w\" data-sizes=\"auto\" data-orig-sizes=\"(max-width: 1024px) 100vw, (max-width: 850px) 100vw, 400px\" \/><\/span><\/div><\/div><\/div><div class=\"fusion-layout-column fusion_builder_column fusion-builder-column-6 fusion_builder_column_3_4 3_4 fusion-flex-column\" style=\"--awb-bg-size:cover;--awb-width-large:75%;--awb-margin-top-large:0px;--awb-spacing-right-large:2.56%;--awb-margin-bottom-large:20px;--awb-spacing-left-large:2.56%;--awb-width-medium:100%;--awb-spacing-right-medium:1.92%;--awb-spacing-left-medium:1.92%;--awb-width-small:100%;--awb-spacing-right-small:1.92%;--awb-spacing-left-small:1.92%;\"><div class=\"fusion-column-wrapper fusion-column-has-shadow fusion-flex-justify-content-flex-start fusion-content-layout-column\">\n<div class=\"table-1\">\n<table width=\"100%\">\n<tbody>\n<tr>\n<td align=\"left\">Altersgruppe:<\/td>\n<td align=\"left\">Erwachsene, Senioren und Junggebliebene gemischt sowie Personen mit eingeschr\u00e4nkter Beweglichkeit<\/td>\n<\/tr>\n<tr>\n<td align=\"left\">Zeit:<\/td>\n<td align=\"left\">Dienstag,\u00a0 10:00 &#8211; 11:00 Uhr<\/td>\n<\/tr>\n<tr>\n<td align=\"left\">Ort:<\/td>\n<td align=\"left\">Volksheimkeller K\u00f6flach, Alter Rathausplatz 2, 8580 K\u00f6flach<\/td>\n<\/tr>\n<tr>\n<td align=\"left\">Zeitraum:<\/td>\n<td align=\"left\">Herbst- und Fr\u00fchjahrskurs<\/td>\n<\/tr>\n<tr>\n<td align=\"left\">Kosten:<\/td>\n<td align=\"left\">60 \u20ac pro Kurs \/ 11 Einheiten (Beginn 23. Sep. 2025)<\/td>\n<\/tr>\n<tr>\n<td align=\"left\">Vorturner:<\/td>\n<td align=\"left\">Michaela Bernsteiner<br \/>\nTel. 0650\/501 97 18, \u00dcbungsleiterin<br \/>\nMail: michaela.bernsteiner@gmx.net<strong><a href=\"https:\/\/www.atus-koeflach.at\/2019\/anmeldeformular\/\">Zur Anmeldung f\u00fcr das Schuljahr 2025\/2026<\/a><\/strong><\/td>\n<\/tr>\n<\/tbody>\n<\/table>\n<\/div>\n<\/div><\/div><\/div><\/div><div class=\"fusion-fullwidth fullwidth-box fusion-builder-row-4 fusion-flex-container nonhundred-percent-fullwidth non-hundred-percent-height-scrolling\" style=\"--awb-border-radius-top-left:0px;--awb-border-radius-top-right:0px;--awb-border-radius-bottom-right:0px;--awb-border-radius-bottom-left:0px;--awb-flex-wrap:wrap;\" ><div class=\"fusion-builder-row fusion-row fusion-flex-align-items-flex-start fusion-flex-content-wrap\" style=\"max-width:1216.8px;margin-left: calc(-4% \/ 2 );margin-right: calc(-4% \/ 2 );\"><div class=\"fusion-layout-column fusion_builder_column fusion-builder-column-7 fusion_builder_column_1_1 1_1 fusion-flex-column\" style=\"--awb-bg-size:cover;--awb-width-large:100%;--awb-margin-top-large:0px;--awb-spacing-right-large:1.92%;--awb-margin-bottom-large:20px;--awb-spacing-left-large:1.92%;--awb-width-medium:100%;--awb-spacing-right-medium:1.92%;--awb-spacing-left-medium:1.92%;--awb-width-small:100%;--awb-spacing-right-small:1.92%;--awb-spacing-left-small:1.92%;\"><div class=\"fusion-column-wrapper fusion-column-has-shadow fusion-flex-justify-content-flex-start fusion-content-layout-column\"><div class=\"fusion-title title fusion-title-4 fusion-title-text fusion-title-size-one\" style=\"--awb-margin-top-small:0px;--awb-margin-right-small:0px;--awb-margin-bottom-small:20px;--awb-margin-left-small:0px;\"><div class=\"title-sep-container title-sep-container-left fusion-no-large-visibility fusion-no-medium-visibility fusion-no-small-visibility\"><div class=\"title-sep sep- sep-solid\" style=\"border-color:#e0dede;\"><\/div><\/div><span class=\"awb-title-spacer fusion-no-large-visibility fusion-no-medium-visibility fusion-no-small-visibility\"><\/span><h1 class=\"fusion-title-heading title-heading-left\" style=\"margin:0;\"><h1>Spezielle Gesundheits- und Wirbels\u00e4ulengymnastik mit Michi<\/h1><\/h1><span class=\"awb-title-spacer\"><\/span><div class=\"title-sep-container title-sep-container-right\"><div class=\"title-sep sep- sep-solid\" style=\"border-color:#e0dede;\"><\/div><\/div><\/div><div class=\"fusion-text fusion-text-3\"><p>Abwechslungsreiches und wirbels\u00e4ulen-gerechte Gymnastik und Stretching-Programm. Verspannungen aufsp\u00fcren und l\u00f6sen, vernachl\u00e4ssigte Muskulatur kr\u00e4ftigen und dadurch ein lebendiges K\u00f6rperbewusstsein wieder gewinnen.<\/p>\n<\/div><\/div><\/div><div class=\"fusion-layout-column fusion_builder_column fusion-builder-column-8 fusion_builder_column_1_4 1_4 fusion-flex-column\" style=\"--awb-bg-size:cover;--awb-width-large:25%;--awb-margin-top-large:0px;--awb-spacing-right-large:7.68%;--awb-margin-bottom-large:20px;--awb-spacing-left-large:7.68%;--awb-width-medium:100%;--awb-spacing-right-medium:1.92%;--awb-spacing-left-medium:1.92%;--awb-width-small:100%;--awb-spacing-right-small:1.92%;--awb-spacing-left-small:1.92%;\"><div class=\"fusion-column-wrapper fusion-column-has-shadow fusion-flex-justify-content-flex-start fusion-content-layout-column\"><div class=\"fusion-image-element \" style=\"--awb-caption-title-font-family:var(--h2_typography-font-family);--awb-caption-title-font-weight:var(--h2_typography-font-weight);--awb-caption-title-font-style:var(--h2_typography-font-style);--awb-caption-title-size:var(--h2_typography-font-size);--awb-caption-title-transform:var(--h2_typography-text-transform);--awb-caption-title-line-height:var(--h2_typography-line-height);--awb-caption-title-letter-spacing:var(--h2_typography-letter-spacing);\"><span class=\" fusion-imageframe imageframe-none imageframe-3 hover-type-none\"><img loading=\"lazy\" decoding=\"async\" width=\"400\" height=\"225\" title=\"20180517_173850\" src=\"https:\/\/www.atus-koeflach.at\/2019\/wp-content\/uploads\/2019\/04\/20180517_173850.jpg\" data-orig-src=\"http:\/\/www.atus-koeflach.at\/2019\/wp-content\/uploads\/2019\/04\/20180517_173850-400x225.jpg\" alt class=\"lazyload img-responsive wp-image-1382\" srcset=\"data:image\/svg+xml,%3Csvg%20xmlns%3D%27http%3A%2F%2Fwww.w3.org%2F2000%2Fsvg%27%20width%3D%271600%27%20height%3D%27900%27%20viewBox%3D%270%200%201600%20900%27%3E%3Crect%20width%3D%271600%27%20height%3D%27900%27%20fill-opacity%3D%220%22%2F%3E%3C%2Fsvg%3E\" data-srcset=\"https:\/\/www.atus-koeflach.at\/2019\/wp-content\/uploads\/2019\/04\/20180517_173850-200x113.jpg 200w, https:\/\/www.atus-koeflach.at\/2019\/wp-content\/uploads\/2019\/04\/20180517_173850-400x225.jpg 400w, https:\/\/www.atus-koeflach.at\/2019\/wp-content\/uploads\/2019\/04\/20180517_173850-600x338.jpg 600w, https:\/\/www.atus-koeflach.at\/2019\/wp-content\/uploads\/2019\/04\/20180517_173850-800x450.jpg 800w, https:\/\/www.atus-koeflach.at\/2019\/wp-content\/uploads\/2019\/04\/20180517_173850-1200x675.jpg 1200w, https:\/\/www.atus-koeflach.at\/2019\/wp-content\/uploads\/2019\/04\/20180517_173850.jpg 1600w\" data-sizes=\"auto\" data-orig-sizes=\"(max-width: 1024px) 100vw, (max-width: 850px) 100vw, 400px\" \/><\/span><\/div><\/div><\/div><div class=\"fusion-layout-column fusion_builder_column fusion-builder-column-9 fusion_builder_column_3_4 3_4 fusion-flex-column\" style=\"--awb-bg-size:cover;--awb-width-large:75%;--awb-margin-top-large:0px;--awb-spacing-right-large:2.56%;--awb-margin-bottom-large:20px;--awb-spacing-left-large:2.56%;--awb-width-medium:100%;--awb-spacing-right-medium:1.92%;--awb-spacing-left-medium:1.92%;--awb-width-small:100%;--awb-spacing-right-small:1.92%;--awb-spacing-left-small:1.92%;\"><div class=\"fusion-column-wrapper fusion-column-has-shadow fusion-flex-justify-content-flex-start fusion-content-layout-column\">\n<div class=\"table-1\">\n<table width=\"100%\">\n<tbody>\n<tr>\n<td align=\"left\">Altersgruppe:<\/td>\n<td align=\"left\">Erwachsene, Senioren und Junggebliebene gemischt<\/td>\n<\/tr>\n<tr>\n<td align=\"left\">Zeit:<\/td>\n<td align=\"left\">Donnerstag, 16:30- 17:30 Uhr<\/td>\n<\/tr>\n<tr>\n<td align=\"left\">Ort:<\/td>\n<td align=\"left\">Turnsaal MS K\u00f6flach<\/td>\n<\/tr>\n<tr>\n<td align=\"left\">Zeitraum:<\/td>\n<td align=\"left\">Herbst- und Fr\u00fchjahrskurs<\/td>\n<\/tr>\n<tr>\n<td align=\"left\">Kosten:<\/td>\n<td align=\"left\">60 \u20ac pro Kurs \/ 11 Einheiten (Beginn 25.Sep. 2025)<\/td>\n<\/tr>\n<tr>\n<td align=\"left\">Vorturner:<\/td>\n<td align=\"left\">Michaela Bernsteiner<br \/>\nTel. 0650\/501 97 18, \u00dcbungsleiterin<br \/>\nMail: michaela.bernsteiner@gmx.net \u00a0<strong><a href=\"https:\/\/www.atus-koeflach.at\/2019\/anmeldeformular\/\">Zur Anmeldung f\u00fcr das Schuljahr 2025\/2026<\/a><\/strong><\/td>\n<\/tr>\n<\/tbody>\n<\/table>\n<\/div>\n<\/div><\/div><\/div><\/div><div class=\"fusion-fullwidth fullwidth-box fusion-builder-row-5 fusion-flex-container nonhundred-percent-fullwidth non-hundred-percent-height-scrolling\" style=\"--awb-border-radius-top-left:0px;--awb-border-radius-top-right:0px;--awb-border-radius-bottom-right:0px;--awb-border-radius-bottom-left:0px;--awb-flex-wrap:wrap;\" ><div class=\"fusion-builder-row fusion-row fusion-flex-align-items-flex-start fusion-flex-content-wrap\" style=\"max-width:1216.8px;margin-left: calc(-4% \/ 2 );margin-right: calc(-4% \/ 2 );\"><div class=\"fusion-layout-column fusion_builder_column fusion-builder-column-10 fusion_builder_column_1_1 1_1 fusion-flex-column\" style=\"--awb-bg-size:cover;--awb-width-large:100%;--awb-margin-top-large:0px;--awb-spacing-right-large:1.92%;--awb-margin-bottom-large:20px;--awb-spacing-left-large:1.92%;--awb-width-medium:100%;--awb-spacing-right-medium:1.92%;--awb-spacing-left-medium:1.92%;--awb-width-small:100%;--awb-spacing-right-small:1.92%;--awb-spacing-left-small:1.92%;\"><div class=\"fusion-column-wrapper fusion-column-has-shadow fusion-flex-justify-content-flex-start fusion-content-layout-column\"><div class=\"fusion-title title fusion-title-5 fusion-title-text fusion-title-size-one\" style=\"--awb-margin-top-small:0px;--awb-margin-right-small:0px;--awb-margin-bottom-small:20px;--awb-margin-left-small:0px;\"><div class=\"title-sep-container title-sep-container-left fusion-no-large-visibility fusion-no-medium-visibility fusion-no-small-visibility\"><div class=\"title-sep sep- sep-solid\" style=\"border-color:#e0dede;\"><\/div><\/div><span class=\"awb-title-spacer fusion-no-large-visibility fusion-no-medium-visibility fusion-no-small-visibility\"><\/span><h1 class=\"fusion-title-heading title-heading-left\" style=\"margin:0;\"><h1>Gesundheitsgymnastik mit Christa<\/h1><\/h1><span class=\"awb-title-spacer\"><\/span><div class=\"title-sep-container title-sep-container-right\"><div class=\"title-sep sep- sep-solid\" style=\"border-color:#e0dede;\"><\/div><\/div><\/div><div class=\"fusion-text fusion-text-4\"><p>Ein buntes Gymnastikprogramm zu angenehmer Musik. Wir m\u00f6chten einen Ausgleich zu einseitiger und mangelnder Bewegung schaffen und Herz-Kreislauf dabei anregen. Inhalte sind: Kr\u00e4ftigen, Dehnen, Mobilisieren, Koordinations- und Entspannungs\u00fcbungen. Die Freude an der Bewegung, der Teamgeist und das gemeinsame TUN stehen dabei im Vordergrund.<\/p>\n<\/div><\/div><\/div><div class=\"fusion-layout-column fusion_builder_column fusion-builder-column-11 fusion_builder_column_1_4 1_4 fusion-flex-column\" style=\"--awb-bg-size:cover;--awb-width-large:25%;--awb-margin-top-large:0px;--awb-spacing-right-large:7.68%;--awb-margin-bottom-large:20px;--awb-spacing-left-large:7.68%;--awb-width-medium:100%;--awb-spacing-right-medium:1.92%;--awb-spacing-left-medium:1.92%;--awb-width-small:100%;--awb-spacing-right-small:1.92%;--awb-spacing-left-small:1.92%;\"><div class=\"fusion-column-wrapper fusion-column-has-shadow fusion-flex-justify-content-flex-start fusion-content-layout-column\"><div class=\"fusion-image-element \" style=\"--awb-caption-title-font-family:var(--h2_typography-font-family);--awb-caption-title-font-weight:var(--h2_typography-font-weight);--awb-caption-title-font-style:var(--h2_typography-font-style);--awb-caption-title-size:var(--h2_typography-font-size);--awb-caption-title-transform:var(--h2_typography-text-transform);--awb-caption-title-line-height:var(--h2_typography-line-height);--awb-caption-title-letter-spacing:var(--h2_typography-letter-spacing);\"><span class=\" fusion-imageframe imageframe-none imageframe-4 hover-type-none\"><img loading=\"lazy\" loading=\"lazy\" decoding=\"async\" width=\"400\" height=\"267\" title=\"SVA Jackpot\" src=\"https:\/\/www.atus-koeflach.at\/2019\/wp-content\/uploads\/2019\/08\/SVA_Jackpot_Kraftakt-in-der-Gruppe-besser-bew\u00e4ltigbar-c-Harald-Tauderer-Photography.jpg\" data-orig-src=\"http:\/\/www.atus-koeflach.at\/2019\/wp-content\/uploads\/2019\/08\/SVA_Jackpot_Kraftakt-in-der-Gruppe-besser-bew\u00e4ltigbar-c-Harald-Tauderer-Photography-400x267.jpg\" alt class=\"lazyload img-responsive wp-image-1972\" srcset=\"data:image\/svg+xml,%3Csvg%20xmlns%3D%27http%3A%2F%2Fwww.w3.org%2F2000%2Fsvg%27%20width%3D%272953%27%20height%3D%271969%27%20viewBox%3D%270%200%202953%201969%27%3E%3Crect%20width%3D%272953%27%20height%3D%271969%27%20fill-opacity%3D%220%22%2F%3E%3C%2Fsvg%3E\" data-srcset=\"https:\/\/www.atus-koeflach.at\/2019\/wp-content\/uploads\/2019\/08\/SVA_Jackpot_Kraftakt-in-der-Gruppe-besser-bew\u00e4ltigbar-c-Harald-Tauderer-Photography-200x133.jpg 200w, https:\/\/www.atus-koeflach.at\/2019\/wp-content\/uploads\/2019\/08\/SVA_Jackpot_Kraftakt-in-der-Gruppe-besser-bew\u00e4ltigbar-c-Harald-Tauderer-Photography-400x267.jpg 400w, https:\/\/www.atus-koeflach.at\/2019\/wp-content\/uploads\/2019\/08\/SVA_Jackpot_Kraftakt-in-der-Gruppe-besser-bew\u00e4ltigbar-c-Harald-Tauderer-Photography-600x400.jpg 600w, https:\/\/www.atus-koeflach.at\/2019\/wp-content\/uploads\/2019\/08\/SVA_Jackpot_Kraftakt-in-der-Gruppe-besser-bew\u00e4ltigbar-c-Harald-Tauderer-Photography-800x533.jpg 800w, https:\/\/www.atus-koeflach.at\/2019\/wp-content\/uploads\/2019\/08\/SVA_Jackpot_Kraftakt-in-der-Gruppe-besser-bew\u00e4ltigbar-c-Harald-Tauderer-Photography-1200x800.jpg 1200w, https:\/\/www.atus-koeflach.at\/2019\/wp-content\/uploads\/2019\/08\/SVA_Jackpot_Kraftakt-in-der-Gruppe-besser-bew\u00e4ltigbar-c-Harald-Tauderer-Photography.jpg 2953w\" data-sizes=\"auto\" data-orig-sizes=\"(max-width: 1024px) 100vw, (max-width: 850px) 100vw, 400px\" \/><\/span><\/div><\/div><\/div><div class=\"fusion-layout-column fusion_builder_column fusion-builder-column-12 fusion_builder_column_3_4 3_4 fusion-flex-column\" style=\"--awb-bg-size:cover;--awb-width-large:75%;--awb-margin-top-large:0px;--awb-spacing-right-large:2.56%;--awb-margin-bottom-large:20px;--awb-spacing-left-large:2.56%;--awb-width-medium:100%;--awb-spacing-right-medium:1.92%;--awb-spacing-left-medium:1.92%;--awb-width-small:100%;--awb-spacing-right-small:1.92%;--awb-spacing-left-small:1.92%;\"><div class=\"fusion-column-wrapper fusion-column-has-shadow fusion-flex-justify-content-flex-start fusion-content-layout-column\">\n<div class=\"table-1\">\n<table width=\"100%\">\n<tbody>\n<tr>\n<td align=\"left\">Altersgruppe:<\/td>\n<td align=\"left\">Jugendliche, Erwachsene, Junggebliebene gemischt<\/td>\n<\/tr>\n<tr>\n<td align=\"left\">Zeit:<\/td>\n<td align=\"left\">Dienstag: 18.00 &#8211; 19.00 Uhr<\/td>\n<\/tr>\n<tr>\n<td align=\"left\">Ort:<\/td>\n<td align=\"left\">MS K\u00f6flach, Schulstra\u00dfe 7<\/td>\n<\/tr>\n<tr>\n<td align=\"left\">Zeitraum:<\/td>\n<td align=\"left\">Schuljahr Beginn: 09. Sept. 2025<\/td>\n<\/tr>\n<tr>\n<td align=\"left\">Kosten:<\/td>\n<td align=\"left\">\u20ac 140,00 Jahresmitgliedsbeitrag<\/td>\n<\/tr>\n<tr>\n<td align=\"left\">Vorturner:<\/td>\n<td align=\"left\">Christa Messner, \u00dcbungsleiterin<br \/>\nTel. 0677\/ 621 83 228<strong><a href=\"https:\/\/www.atus-koeflach.at\/2019\/anmeldeformular\/\">Zur Anmeldung f\u00fcr das Schuljahr 2025\/2026<\/a><\/strong><\/td>\n<\/tr>\n<\/tbody>\n<\/table>\n<\/div>\n<\/div><\/div><\/div><\/div><div class=\"fusion-fullwidth fullwidth-box fusion-builder-row-6 fusion-flex-container nonhundred-percent-fullwidth non-hundred-percent-height-scrolling\" style=\"--awb-border-radius-top-left:0px;--awb-border-radius-top-right:0px;--awb-border-radius-bottom-right:0px;--awb-border-radius-bottom-left:0px;--awb-flex-wrap:wrap;\" ><div class=\"fusion-builder-row fusion-row fusion-flex-align-items-flex-start fusion-flex-content-wrap\" style=\"max-width:1216.8px;margin-left: calc(-4% \/ 2 );margin-right: calc(-4% \/ 2 );\"><div class=\"fusion-layout-column fusion_builder_column fusion-builder-column-13 fusion_builder_column_1_1 1_1 fusion-flex-column\" style=\"--awb-bg-size:cover;--awb-width-large:100%;--awb-margin-top-large:0px;--awb-spacing-right-large:1.92%;--awb-margin-bottom-large:20px;--awb-spacing-left-large:1.92%;--awb-width-medium:100%;--awb-spacing-right-medium:1.92%;--awb-spacing-left-medium:1.92%;--awb-width-small:100%;--awb-spacing-right-small:1.92%;--awb-spacing-left-small:1.92%;\"><div class=\"fusion-column-wrapper fusion-column-has-shadow fusion-flex-justify-content-flex-start fusion-content-layout-column\"><div class=\"fusion-title title fusion-title-6 fusion-title-text fusion-title-size-one\" style=\"--awb-margin-top-small:0px;--awb-margin-right-small:0px;--awb-margin-bottom-small:20px;--awb-margin-left-small:0px;\"><div class=\"title-sep-container title-sep-container-left fusion-no-large-visibility fusion-no-medium-visibility fusion-no-small-visibility\"><div class=\"title-sep sep- sep-solid\" style=\"border-color:#e0dede;\"><\/div><\/div><span class=\"awb-title-spacer fusion-no-large-visibility fusion-no-medium-visibility fusion-no-small-visibility\"><\/span><h1 class=\"fusion-title-heading title-heading-left\" style=\"margin:0;\"><h1>Rhythmische Fitnessgymnastik mit Karin<\/h1><\/h1><span class=\"awb-title-spacer\"><\/span><div class=\"title-sep-container title-sep-container-right\"><div class=\"title-sep sep- sep-solid\" style=\"border-color:#e0dede;\"><\/div><\/div><\/div><div class=\"fusion-text fusion-text-5\"><p>Bring Bewegung in dein Leben und steigere die k\u00f6rperliche Fitness zu rhythmischer Musik!<\/p>\n<p>Unser Programm ist f\u00fcr alle (Anf\u00e4nger und Fortgeschrittene)\u00a0 geeignet, mit Scherpunkt Bau-Bein-Po hilft, die Kraftausdauer zu verbessern und Gelenke beweglich zu halten. Durch Aufw\u00e4rmen mit einfachen Schrittkombinationen sowie gezielte \u00dcbungen zur Straffung und Kr\u00e4ftigung der Problemzonen tragen wir zur Verbesserung der Gesamtk\u00f6permuskulatur bei und somit wird das ganzheitliche Wohlbefinden gesteigert.<\/p>\n<\/div><\/div><\/div><div class=\"fusion-layout-column fusion_builder_column fusion-builder-column-14 fusion_builder_column_1_4 1_4 fusion-flex-column\" style=\"--awb-bg-size:cover;--awb-width-large:25%;--awb-margin-top-large:0px;--awb-spacing-right-large:7.68%;--awb-margin-bottom-large:20px;--awb-spacing-left-large:7.68%;--awb-width-medium:100%;--awb-spacing-right-medium:1.92%;--awb-spacing-left-medium:1.92%;--awb-width-small:100%;--awb-spacing-right-small:1.92%;--awb-spacing-left-small:1.92%;\"><div class=\"fusion-column-wrapper fusion-column-has-shadow fusion-flex-justify-content-flex-start fusion-content-layout-column\"><div class=\"fusion-image-element \" style=\"--awb-caption-title-font-family:var(--h2_typography-font-family);--awb-caption-title-font-weight:var(--h2_typography-font-weight);--awb-caption-title-font-style:var(--h2_typography-font-style);--awb-caption-title-size:var(--h2_typography-font-size);--awb-caption-title-transform:var(--h2_typography-text-transform);--awb-caption-title-line-height:var(--h2_typography-line-height);--awb-caption-title-letter-spacing:var(--h2_typography-letter-spacing);\"><span class=\" fusion-imageframe imageframe-none imageframe-5 hover-type-none\"><img loading=\"lazy\" loading=\"lazy\" decoding=\"async\" width=\"300\" height=\"135\" title=\"Fitgym Karin 2022\" src=\"https:\/\/www.atus-koeflach.at\/2019\/wp-content\/uploads\/2023\/08\/Fitgym-Karin-2022.jpg\" data-orig-src=\"https:\/\/www.atus-koeflach.at\/2019\/wp-content\/uploads\/2023\/08\/Fitgym-Karin-2022-300x135.jpg\" alt class=\"lazyload img-responsive wp-image-3461\" srcset=\"data:image\/svg+xml,%3Csvg%20xmlns%3D%27http%3A%2F%2Fwww.w3.org%2F2000%2Fsvg%27%20width%3D%272016%27%20height%3D%27908%27%20viewBox%3D%270%200%202016%20908%27%3E%3Crect%20width%3D%272016%27%20height%3D%27908%27%20fill-opacity%3D%220%22%2F%3E%3C%2Fsvg%3E\" data-srcset=\"https:\/\/www.atus-koeflach.at\/2019\/wp-content\/uploads\/2023\/08\/Fitgym-Karin-2022-200x90.jpg 200w, https:\/\/www.atus-koeflach.at\/2019\/wp-content\/uploads\/2023\/08\/Fitgym-Karin-2022-400x180.jpg 400w, https:\/\/www.atus-koeflach.at\/2019\/wp-content\/uploads\/2023\/08\/Fitgym-Karin-2022-600x270.jpg 600w, https:\/\/www.atus-koeflach.at\/2019\/wp-content\/uploads\/2023\/08\/Fitgym-Karin-2022-800x360.jpg 800w, https:\/\/www.atus-koeflach.at\/2019\/wp-content\/uploads\/2023\/08\/Fitgym-Karin-2022-1200x540.jpg 1200w\" data-sizes=\"auto\" data-orig-sizes=\"(max-width: 1024px) 100vw, (max-width: 850px) 100vw, 400px\" \/><\/span><\/div><\/div><\/div><div class=\"fusion-layout-column fusion_builder_column fusion-builder-column-15 fusion_builder_column_3_4 3_4 fusion-flex-column\" style=\"--awb-bg-size:cover;--awb-width-large:75%;--awb-margin-top-large:0px;--awb-spacing-right-large:2.56%;--awb-margin-bottom-large:20px;--awb-spacing-left-large:2.56%;--awb-width-medium:100%;--awb-spacing-right-medium:1.92%;--awb-spacing-left-medium:1.92%;--awb-width-small:100%;--awb-spacing-right-small:1.92%;--awb-spacing-left-small:1.92%;\"><div class=\"fusion-column-wrapper fusion-column-has-shadow fusion-flex-justify-content-flex-start fusion-content-layout-column\">\n<div class=\"table-1\">\n<table width=\"100%\">\n<tbody>\n<tr>\n<td align=\"left\">Altersgruppe:<\/td>\n<td align=\"left\">Jugendliche, Erwachsene, Junggebliebene<\/td>\n<\/tr>\n<tr>\n<td align=\"left\">Zeit:<\/td>\n<td align=\"left\">Donnerstag, 19:00 &#8211; 20:00<\/td>\n<\/tr>\n<tr>\n<td align=\"left\">Ort:<\/td>\n<td align=\"left\">Bewegungsraum MS K\u00f6flach<\/td>\n<\/tr>\n<tr>\n<td align=\"left\">Zeitraum:<\/td>\n<td align=\"left\">Herbst- und Fr\u00fchjahrskurs \/ 11 Einheiten<\/td>\n<\/tr>\n<tr>\n<td align=\"left\">Kosten:<\/td>\n<td align=\"left\">60 \u20ac pro Kurs oder AK &#8211; Bildungsscheck<\/td>\n<\/tr>\n<tr>\n<td align=\"left\">Vorturner:<\/td>\n<td align=\"left\">Karin Konrad-Krauthackl, staatlich gepr\u00fcfte Lehrwartin<br \/>\nTel. 0680\/ 210 56 55<br \/>\nInfo und Anmeldung: karin@krauthackl.at<\/td>\n<\/tr>\n<\/tbody>\n<\/table>\n<\/div>\n<\/div><\/div><\/div><\/div><\/p>\n","protected":false},"excerpt":{"rendered":"","protected":false},"author":1,"featured_media":0,"parent":0,"menu_order":0,"comment_status":"closed","ping_status":"closed","template":"","meta":{"footnotes":""},"class_list":["post-1089","page","type-page","status-publish","hentry"],"yoast_head":"<!-- This site is optimized with the Yoast SEO plugin v27.5 - https:\/\/yoast.com\/product\/yoast-seo-wordpress\/ -->\n<title>Fitness und Gesundheitsport - Atus K\u00f6flach Turnen<\/title>\n<meta name=\"robots\" content=\"index, follow, max-snippet:-1, max-image-preview:large, max-video-preview:-1\" \/>\n<link rel=\"canonical\" href=\"https:\/\/www.atus-koeflach.at\/2019\/angebot-fuer-erwachsene\/\" \/>\n<meta property=\"og:locale\" content=\"de_DE\" \/>\n<meta property=\"og:type\" content=\"article\" \/>\n<meta property=\"og:title\" content=\"Fitness und Gesundheitsport - Atus K\u00f6flach Turnen\" \/>\n<meta property=\"og:url\" content=\"https:\/\/www.atus-koeflach.at\/2019\/angebot-fuer-erwachsene\/\" \/>\n<meta property=\"og:site_name\" content=\"Atus K\u00f6flach Turnen\" \/>\n<meta property=\"article:modified_time\" content=\"2025-09-05T14:54:07+00:00\" \/>\n<meta name=\"twitter:card\" content=\"summary_large_image\" \/>\n<meta name=\"twitter:label1\" content=\"Gesch\u00e4tzte Lesezeit\" \/>\n\t<meta name=\"twitter:data1\" content=\"4\u00a0Minuten\" \/>\n<script type=\"application\/ld+json\" class=\"yoast-schema-graph\">{\"@context\":\"https:\\\/\\\/schema.org\",\"@graph\":[{\"@type\":\"WebPage\",\"@id\":\"https:\\\/\\\/www.atus-koeflach.at\\\/2019\\\/angebot-fuer-erwachsene\\\/\",\"url\":\"https:\\\/\\\/www.atus-koeflach.at\\\/2019\\\/angebot-fuer-erwachsene\\\/\",\"name\":\"Fitness und Gesundheitsport - Atus K\u00f6flach Turnen\",\"isPartOf\":{\"@id\":\"https:\\\/\\\/www.atus-koeflach.at\\\/2019\\\/#website\"},\"datePublished\":\"2019-04-10T20:09:27+00:00\",\"dateModified\":\"2025-09-05T14:54:07+00:00\",\"breadcrumb\":{\"@id\":\"https:\\\/\\\/www.atus-koeflach.at\\\/2019\\\/angebot-fuer-erwachsene\\\/#breadcrumb\"},\"inLanguage\":\"de\",\"potentialAction\":[{\"@type\":\"ReadAction\",\"target\":[\"https:\\\/\\\/www.atus-koeflach.at\\\/2019\\\/angebot-fuer-erwachsene\\\/\"]}]},{\"@type\":\"BreadcrumbList\",\"@id\":\"https:\\\/\\\/www.atus-koeflach.at\\\/2019\\\/angebot-fuer-erwachsene\\\/#breadcrumb\",\"itemListElement\":[{\"@type\":\"ListItem\",\"position\":1,\"name\":\"Startseite\",\"item\":\"https:\\\/\\\/www.atus-koeflach.at\\\/2019\\\/\"},{\"@type\":\"ListItem\",\"position\":2,\"name\":\"Fitness und Gesundheitsport\"}]},{\"@type\":\"WebSite\",\"@id\":\"https:\\\/\\\/www.atus-koeflach.at\\\/2019\\\/#website\",\"url\":\"https:\\\/\\\/www.atus-koeflach.at\\\/2019\\\/\",\"name\":\"Atus K\u00f6flach Turnen\",\"description\":\"Turnen aus Leidenschaft\",\"publisher\":{\"@id\":\"https:\\\/\\\/www.atus-koeflach.at\\\/2019\\\/#\\\/schema\\\/person\\\/2a0a0f461c0626e22207dcef881c6d39\"},\"potentialAction\":[{\"@type\":\"SearchAction\",\"target\":{\"@type\":\"EntryPoint\",\"urlTemplate\":\"https:\\\/\\\/www.atus-koeflach.at\\\/2019\\\/?s={search_term_string}\"},\"query-input\":{\"@type\":\"PropertyValueSpecification\",\"valueRequired\":true,\"valueName\":\"search_term_string\"}}],\"inLanguage\":\"de\"},{\"@type\":[\"Person\",\"Organization\"],\"@id\":\"https:\\\/\\\/www.atus-koeflach.at\\\/2019\\\/#\\\/schema\\\/person\\\/2a0a0f461c0626e22207dcef881c6d39\",\"name\":\"Karin Krauthackl\",\"image\":{\"@type\":\"ImageObject\",\"inLanguage\":\"de\",\"@id\":\"https:\\\/\\\/secure.gravatar.com\\\/avatar\\\/ddec361b0ce7ed2674e2dda6d7dc52407fc06784890258909b75daeb085c27b7?s=96&d=mm&r=g\",\"url\":\"https:\\\/\\\/secure.gravatar.com\\\/avatar\\\/ddec361b0ce7ed2674e2dda6d7dc52407fc06784890258909b75daeb085c27b7?s=96&d=mm&r=g\",\"contentUrl\":\"https:\\\/\\\/secure.gravatar.com\\\/avatar\\\/ddec361b0ce7ed2674e2dda6d7dc52407fc06784890258909b75daeb085c27b7?s=96&d=mm&r=g\",\"caption\":\"Karin Krauthackl\"},\"logo\":{\"@id\":\"https:\\\/\\\/secure.gravatar.com\\\/avatar\\\/ddec361b0ce7ed2674e2dda6d7dc52407fc06784890258909b75daeb085c27b7?s=96&d=mm&r=g\"}}]}<\/script>\n<!-- \/ Yoast SEO plugin. -->","yoast_head_json":{"title":"Fitness und Gesundheitsport - Atus K\u00f6flach Turnen","robots":{"index":"index","follow":"follow","max-snippet":"max-snippet:-1","max-image-preview":"max-image-preview:large","max-video-preview":"max-video-preview:-1"},"canonical":"https:\/\/www.atus-koeflach.at\/2019\/angebot-fuer-erwachsene\/","og_locale":"de_DE","og_type":"article","og_title":"Fitness und Gesundheitsport - Atus K\u00f6flach Turnen","og_url":"https:\/\/www.atus-koeflach.at\/2019\/angebot-fuer-erwachsene\/","og_site_name":"Atus K\u00f6flach Turnen","article_modified_time":"2025-09-05T14:54:07+00:00","twitter_card":"summary_large_image","twitter_misc":{"Gesch\u00e4tzte Lesezeit":"4\u00a0Minuten"},"schema":{"@context":"https:\/\/schema.org","@graph":[{"@type":"WebPage","@id":"https:\/\/www.atus-koeflach.at\/2019\/angebot-fuer-erwachsene\/","url":"https:\/\/www.atus-koeflach.at\/2019\/angebot-fuer-erwachsene\/","name":"Fitness und Gesundheitsport - Atus K\u00f6flach Turnen","isPartOf":{"@id":"https:\/\/www.atus-koeflach.at\/2019\/#website"},"datePublished":"2019-04-10T20:09:27+00:00","dateModified":"2025-09-05T14:54:07+00:00","breadcrumb":{"@id":"https:\/\/www.atus-koeflach.at\/2019\/angebot-fuer-erwachsene\/#breadcrumb"},"inLanguage":"de","potentialAction":[{"@type":"ReadAction","target":["https:\/\/www.atus-koeflach.at\/2019\/angebot-fuer-erwachsene\/"]}]},{"@type":"BreadcrumbList","@id":"https:\/\/www.atus-koeflach.at\/2019\/angebot-fuer-erwachsene\/#breadcrumb","itemListElement":[{"@type":"ListItem","position":1,"name":"Startseite","item":"https:\/\/www.atus-koeflach.at\/2019\/"},{"@type":"ListItem","position":2,"name":"Fitness und Gesundheitsport"}]},{"@type":"WebSite","@id":"https:\/\/www.atus-koeflach.at\/2019\/#website","url":"https:\/\/www.atus-koeflach.at\/2019\/","name":"Atus K\u00f6flach Turnen","description":"Turnen aus Leidenschaft","publisher":{"@id":"https:\/\/www.atus-koeflach.at\/2019\/#\/schema\/person\/2a0a0f461c0626e22207dcef881c6d39"},"potentialAction":[{"@type":"SearchAction","target":{"@type":"EntryPoint","urlTemplate":"https:\/\/www.atus-koeflach.at\/2019\/?s={search_term_string}"},"query-input":{"@type":"PropertyValueSpecification","valueRequired":true,"valueName":"search_term_string"}}],"inLanguage":"de"},{"@type":["Person","Organization"],"@id":"https:\/\/www.atus-koeflach.at\/2019\/#\/schema\/person\/2a0a0f461c0626e22207dcef881c6d39","name":"Karin Krauthackl","image":{"@type":"ImageObject","inLanguage":"de","@id":"https:\/\/secure.gravatar.com\/avatar\/ddec361b0ce7ed2674e2dda6d7dc52407fc06784890258909b75daeb085c27b7?s=96&d=mm&r=g","url":"https:\/\/secure.gravatar.com\/avatar\/ddec361b0ce7ed2674e2dda6d7dc52407fc06784890258909b75daeb085c27b7?s=96&d=mm&r=g","contentUrl":"https:\/\/secure.gravatar.com\/avatar\/ddec361b0ce7ed2674e2dda6d7dc52407fc06784890258909b75daeb085c27b7?s=96&d=mm&r=g","caption":"Karin Krauthackl"},"logo":{"@id":"https:\/\/secure.gravatar.com\/avatar\/ddec361b0ce7ed2674e2dda6d7dc52407fc06784890258909b75daeb085c27b7?s=96&d=mm&r=g"}}]}},"_links":{"self":[{"href":"https:\/\/www.atus-koeflach.at\/2019\/wp-json\/wp\/v2\/pages\/1089","targetHints":{"allow":["GET"]}}],"collection":[{"href":"https:\/\/www.atus-koeflach.at\/2019\/wp-json\/wp\/v2\/pages"}],"about":[{"href":"https:\/\/www.atus-koeflach.at\/2019\/wp-json\/wp\/v2\/types\/page"}],"author":[{"embeddable":true,"href":"https:\/\/www.atus-koeflach.at\/2019\/wp-json\/wp\/v2\/users\/1"}],"replies":[{"embeddable":true,"href":"https:\/\/www.atus-koeflach.at\/2019\/wp-json\/wp\/v2\/comments?post=1089"}],"version-history":[{"count":17,"href":"https:\/\/www.atus-koeflach.at\/2019\/wp-json\/wp\/v2\/pages\/1089\/revisions"}],"predecessor-version":[{"id":4235,"href":"https:\/\/www.atus-koeflach.at\/2019\/wp-json\/wp\/v2\/pages\/1089\/revisions\/4235"}],"wp:attachment":[{"href":"https:\/\/www.atus-koeflach.at\/2019\/wp-json\/wp\/v2\/media?parent=1089"}],"curies":[{"name":"wp","href":"https:\/\/api.w.org\/{rel}","templated":true}]}}